{"id":6893,"date":"2019-05-09T11:41:17","date_gmt":"2019-05-09T09:41:17","guid":{"rendered":"https:\/\/lossoldaditosdeplomo.com\/?page_id=6893"},"modified":"2023-11-18T20:14:46","modified_gmt":"2023-11-18T18:14:46","slug":"coleccion-labayen-de-craig-dickson-escocia","status":"publish","type":"page","link":"https:\/\/lossoldaditosdeplomo.com\/index.php\/coleccion-labayen-de-craig-dickson-escocia\/","title":{"rendered":"Colecci\u00f3n Labayen, CRAIG DICKSON"},"content":{"rendered":"\n<p>Se ha puesto en contacto con nosotros desde Escocia otro gran coleccionista de figuras de Ram\u00f3n Labayen, su colecci\u00f3n consta de m\u00e1s de 250 figuras del maestro estando algunas de ellas en fase de restauraci\u00f3n.<\/p>\n\n\n\n<p>Para nosotros es una gran alegr\u00eda ver como desde distintos rincones del mundo se interesan por nuestra p\u00e1gina y sobre todo el ver como participan mostrando sus colecciones que como todos sabemos cuestan mucho tiempo, dinero y sobre todo paciencia el conseguirlas.<\/p>\n\n\n\n<p>Sin m\u00e1s pre\u00e1mbulos y con un gran agradecimiento a Craig Dickson paso a mostraros su colecci\u00f3n.<\/p>\n\n\n\n<figure class=\"wp-block-gallery has-nested-images columns-default is-cropped wp-block-gallery-1 is-layout-flex wp-block-gallery-is-layout-flex\"><\/figure>\n\n\n\n<figure class=\"wp-block-image\"><a href=\"https:\/\/lossoldaditosdeplomo.com\/wp-content\/uploads\/2019\/05\/estado-mayor-1-1.jpg\"><img loading=\"lazy\" decoding=\"async\" width=\"800\" height=\"600\" src=\"https:\/\/lossoldaditosdeplomo.com\/wp-content\/uploads\/2019\/05\/estado-mayor-1-1.jpg\" alt=\"\" class=\"wp-image-6894\" srcset=\"https:\/\/lossoldaditosdeplomo.com\/wp-content\/uploads\/2019\/05\/estado-mayor-1-1.jpg 800w, https:\/\/lossoldaditosdeplomo.com\/wp-content\/uploads\/2019\/05\/estado-mayor-1-1-300x225.jpg 300w, https:\/\/lossoldaditosdeplomo.com\/wp-content\/uploads\/2019\/05\/estado-mayor-1-1-768x576.jpg 768w, https:\/\/lossoldaditosdeplomo.com\/wp-content\/uploads\/2019\/05\/estado-mayor-1-1-1200x900.jpg 1200w\" sizes=\"auto, (max-width: 800px) 85vw, 800px\" \/><\/a><figcaption class=\"wp-element-caption\"> Serie 1: Estado Mayor Napole\u00f3nico, estas figuras est\u00e1n pintadas y firmadas por Arturo.<\/figcaption><\/figure>\n\n\n\n<figure class=\"wp-block-image\"><a href=\"https:\/\/lossoldaditosdeplomo.com\/wp-content\/uploads\/2019\/05\/generales-y-ayudantes-de-campo.jpg\"><img loading=\"lazy\" decoding=\"async\" width=\"800\" height=\"600\" src=\"https:\/\/lossoldaditosdeplomo.com\/wp-content\/uploads\/2019\/05\/generales-y-ayudantes-de-campo.jpg\" alt=\"\" class=\"wp-image-6992\" srcset=\"https:\/\/lossoldaditosdeplomo.com\/wp-content\/uploads\/2019\/05\/generales-y-ayudantes-de-campo.jpg 800w, https:\/\/lossoldaditosdeplomo.com\/wp-content\/uploads\/2019\/05\/generales-y-ayudantes-de-campo-300x225.jpg 300w, https:\/\/lossoldaditosdeplomo.com\/wp-content\/uploads\/2019\/05\/generales-y-ayudantes-de-campo-768x576.jpg 768w, https:\/\/lossoldaditosdeplomo.com\/wp-content\/uploads\/2019\/05\/generales-y-ayudantes-de-campo-1200x900.jpg 1200w\" sizes=\"auto, (max-width: 800px) 85vw, 800px\" \/><\/a><figcaption class=\"wp-element-caption\">Serie 1: Generales y Ayudantes de Campo<\/figcaption><\/figure>\n\n\n\n<figure class=\"wp-block-image\"><a href=\"https:\/\/lossoldaditosdeplomo.com\/wp-content\/uploads\/2019\/05\/generales-2.jpg\"><img loading=\"lazy\" decoding=\"async\" width=\"800\" height=\"600\" src=\"https:\/\/lossoldaditosdeplomo.com\/wp-content\/uploads\/2019\/05\/generales-2.jpg\" alt=\"\" class=\"wp-image-6995\" srcset=\"https:\/\/lossoldaditosdeplomo.com\/wp-content\/uploads\/2019\/05\/generales-2.jpg 800w, https:\/\/lossoldaditosdeplomo.com\/wp-content\/uploads\/2019\/05\/generales-2-300x225.jpg 300w, https:\/\/lossoldaditosdeplomo.com\/wp-content\/uploads\/2019\/05\/generales-2-768x576.jpg 768w, https:\/\/lossoldaditosdeplomo.com\/wp-content\/uploads\/2019\/05\/generales-2-1200x900.jpg 1200w\" sizes=\"auto, (max-width: 800px) 85vw, 800px\" \/><\/a><figcaption class=\"wp-element-caption\">Series 1: Generales<\/figcaption><\/figure>\n\n\n\n<figure class=\"wp-block-gallery has-nested-images columns-1 is-cropped wp-block-gallery-2 is-layout-flex wp-block-gallery-is-layout-flex\">\n<figure class=\"wp-block-image size-large\"><a href=\"https:\/\/lossoldaditosdeplomo.com\/wp-content\/uploads\/2019\/05\/Chouard-1.jpg\"><img loading=\"lazy\" decoding=\"async\" width=\"800\" height=\"600\" data-id=\"6895\" src=\"https:\/\/lossoldaditosdeplomo.com\/wp-content\/uploads\/2019\/05\/Chouard-1.jpg\" alt=\"\" class=\"wp-image-6895\" srcset=\"https:\/\/lossoldaditosdeplomo.com\/wp-content\/uploads\/2019\/05\/Chouard-1.jpg 800w, https:\/\/lossoldaditosdeplomo.com\/wp-content\/uploads\/2019\/05\/Chouard-1-300x225.jpg 300w, https:\/\/lossoldaditosdeplomo.com\/wp-content\/uploads\/2019\/05\/Chouard-1-768x576.jpg 768w, https:\/\/lossoldaditosdeplomo.com\/wp-content\/uploads\/2019\/05\/Chouard-1-1200x900.jpg 1200w\" sizes=\"auto, (max-width: 800px) 85vw, 800px\" \/><\/a><figcaption class=\"wp-element-caption\">General Chouard<br> General de Carabineros<\/figcaption><\/figure>\n\n\n\n<figure class=\"wp-block-image size-large\"><a href=\"https:\/\/lossoldaditosdeplomo.com\/wp-content\/uploads\/2019\/05\/dhautpoul.jpg\"><img loading=\"lazy\" decoding=\"async\" width=\"800\" height=\"600\" data-id=\"6896\" src=\"https:\/\/lossoldaditosdeplomo.com\/wp-content\/uploads\/2019\/05\/dhautpoul.jpg\" alt=\"\" class=\"wp-image-6896\" srcset=\"https:\/\/lossoldaditosdeplomo.com\/wp-content\/uploads\/2019\/05\/dhautpoul.jpg 800w, https:\/\/lossoldaditosdeplomo.com\/wp-content\/uploads\/2019\/05\/dhautpoul-300x225.jpg 300w, https:\/\/lossoldaditosdeplomo.com\/wp-content\/uploads\/2019\/05\/dhautpoul-768x576.jpg 768w, https:\/\/lossoldaditosdeplomo.com\/wp-content\/uploads\/2019\/05\/dhautpoul-1200x900.jpg 1200w\" sizes=\"auto, (max-width: 800px) 85vw, 800px\" \/><\/a><figcaption class=\"wp-element-caption\">General d\u2019 Hautpoul <br> General de Coraceros<\/figcaption><\/figure>\n\n\n\n<figure class=\"wp-block-image size-large\"><a href=\"https:\/\/lossoldaditosdeplomo.com\/wp-content\/uploads\/2019\/05\/Gouvion.jpg\"><img loading=\"lazy\" decoding=\"async\" width=\"800\" height=\"600\" data-id=\"6897\" src=\"https:\/\/lossoldaditosdeplomo.com\/wp-content\/uploads\/2019\/05\/Gouvion.jpg\" alt=\"\" class=\"wp-image-6897\" srcset=\"https:\/\/lossoldaditosdeplomo.com\/wp-content\/uploads\/2019\/05\/Gouvion.jpg 800w, https:\/\/lossoldaditosdeplomo.com\/wp-content\/uploads\/2019\/05\/Gouvion-300x225.jpg 300w, https:\/\/lossoldaditosdeplomo.com\/wp-content\/uploads\/2019\/05\/Gouvion-768x576.jpg 768w, https:\/\/lossoldaditosdeplomo.com\/wp-content\/uploads\/2019\/05\/Gouvion-1200x900.jpg 1200w\" sizes=\"auto, (max-width: 800px) 85vw, 800px\" \/><\/a><figcaption class=\"wp-element-caption\"> Mariscal Gouvion St. Cyr<br>Coronel General de Coraceros<\/figcaption><\/figure>\n\n\n\n<figure class=\"wp-block-image size-large\"><a href=\"https:\/\/lossoldaditosdeplomo.com\/wp-content\/uploads\/2019\/05\/mariscal-Berthier.jpg\"><img loading=\"lazy\" decoding=\"async\" width=\"800\" height=\"600\" data-id=\"6901\" src=\"https:\/\/lossoldaditosdeplomo.com\/wp-content\/uploads\/2019\/05\/mariscal-Berthier.jpg\" alt=\"\" class=\"wp-image-6901\" srcset=\"https:\/\/lossoldaditosdeplomo.com\/wp-content\/uploads\/2019\/05\/mariscal-Berthier.jpg 800w, https:\/\/lossoldaditosdeplomo.com\/wp-content\/uploads\/2019\/05\/mariscal-Berthier-300x225.jpg 300w, https:\/\/lossoldaditosdeplomo.com\/wp-content\/uploads\/2019\/05\/mariscal-Berthier-768x576.jpg 768w, https:\/\/lossoldaditosdeplomo.com\/wp-content\/uploads\/2019\/05\/mariscal-Berthier-1200x900.jpg 1200w\" sizes=\"auto, (max-width: 800px) 85vw, 800px\" \/><\/a><figcaption class=\"wp-element-caption\">Mariscal Bertier<br>Uniforme de Gala de Artiller\u00eda<\/figcaption><\/figure>\n\n\n\n<figure class=\"wp-block-image size-large\"><a href=\"https:\/\/lossoldaditosdeplomo.com\/wp-content\/uploads\/2019\/05\/mariscal-D-Ornano.jpg\"><img loading=\"lazy\" decoding=\"async\" width=\"800\" height=\"600\" data-id=\"6902\" src=\"https:\/\/lossoldaditosdeplomo.com\/wp-content\/uploads\/2019\/05\/mariscal-D-Ornano.jpg\" alt=\"\" class=\"wp-image-6902\" srcset=\"https:\/\/lossoldaditosdeplomo.com\/wp-content\/uploads\/2019\/05\/mariscal-D-Ornano.jpg 800w, https:\/\/lossoldaditosdeplomo.com\/wp-content\/uploads\/2019\/05\/mariscal-D-Ornano-300x225.jpg 300w, https:\/\/lossoldaditosdeplomo.com\/wp-content\/uploads\/2019\/05\/mariscal-D-Ornano-768x576.jpg 768w, https:\/\/lossoldaditosdeplomo.com\/wp-content\/uploads\/2019\/05\/mariscal-D-Ornano-1200x900.jpg 1200w\" sizes=\"auto, (max-width: 800px) 85vw, 800px\" \/><\/a><figcaption class=\"wp-element-caption\">General Conde d\u2019Ornano<br>Coronel de Dragones<\/figcaption><\/figure>\n\n\n\n<figure class=\"wp-block-image size-large\"><a href=\"https:\/\/lossoldaditosdeplomo.com\/wp-content\/uploads\/2019\/05\/mariscal-Kleber.jpg\"><img loading=\"lazy\" decoding=\"async\" width=\"800\" height=\"600\" data-id=\"6903\" src=\"https:\/\/lossoldaditosdeplomo.com\/wp-content\/uploads\/2019\/05\/mariscal-Kleber.jpg\" alt=\"\" class=\"wp-image-6903\" srcset=\"https:\/\/lossoldaditosdeplomo.com\/wp-content\/uploads\/2019\/05\/mariscal-Kleber.jpg 800w, https:\/\/lossoldaditosdeplomo.com\/wp-content\/uploads\/2019\/05\/mariscal-Kleber-300x225.jpg 300w, https:\/\/lossoldaditosdeplomo.com\/wp-content\/uploads\/2019\/05\/mariscal-Kleber-768x576.jpg 768w, https:\/\/lossoldaditosdeplomo.com\/wp-content\/uploads\/2019\/05\/mariscal-Kleber-1200x900.jpg 1200w\" sizes=\"auto, (max-width: 800px) 85vw, 800px\" \/><\/a><figcaption class=\"wp-element-caption\">General Kleber  1800<br>Campa\u00f1a de Egipto<\/figcaption><\/figure>\n\n\n\n<figure class=\"wp-block-image size-large\"><a href=\"https:\/\/lossoldaditosdeplomo.com\/wp-content\/uploads\/2019\/05\/mariscal-mortier.jpg\"><img loading=\"lazy\" decoding=\"async\" width=\"800\" height=\"600\" data-id=\"6906\" src=\"https:\/\/lossoldaditosdeplomo.com\/wp-content\/uploads\/2019\/05\/mariscal-mortier.jpg\" alt=\"\" class=\"wp-image-6906\" srcset=\"https:\/\/lossoldaditosdeplomo.com\/wp-content\/uploads\/2019\/05\/mariscal-mortier.jpg 800w, https:\/\/lossoldaditosdeplomo.com\/wp-content\/uploads\/2019\/05\/mariscal-mortier-300x225.jpg 300w, https:\/\/lossoldaditosdeplomo.com\/wp-content\/uploads\/2019\/05\/mariscal-mortier-768x576.jpg 768w, https:\/\/lossoldaditosdeplomo.com\/wp-content\/uploads\/2019\/05\/mariscal-mortier-1200x900.jpg 1200w\" sizes=\"auto, (max-width: 800px) 85vw, 800px\" \/><\/a><figcaption class=\"wp-element-caption\">Mariscal Mortier  <br>Uniforme de H\u00fasares<\/figcaption><\/figure>\n\n\n\n<figure class=\"wp-block-image size-large\"><a href=\"https:\/\/lossoldaditosdeplomo.com\/wp-content\/uploads\/2019\/05\/Mariscal-Murat.jpg\"><img loading=\"lazy\" decoding=\"async\" width=\"800\" height=\"600\" data-id=\"6907\" src=\"https:\/\/lossoldaditosdeplomo.com\/wp-content\/uploads\/2019\/05\/Mariscal-Murat.jpg\" alt=\"\" class=\"wp-image-6907\" srcset=\"https:\/\/lossoldaditosdeplomo.com\/wp-content\/uploads\/2019\/05\/Mariscal-Murat.jpg 800w, https:\/\/lossoldaditosdeplomo.com\/wp-content\/uploads\/2019\/05\/Mariscal-Murat-300x225.jpg 300w, https:\/\/lossoldaditosdeplomo.com\/wp-content\/uploads\/2019\/05\/Mariscal-Murat-768x576.jpg 768w, https:\/\/lossoldaditosdeplomo.com\/wp-content\/uploads\/2019\/05\/Mariscal-Murat-1200x900.jpg 1200w\" sizes=\"auto, (max-width: 800px) 85vw, 800px\" \/><\/a><figcaption class=\"wp-element-caption\">Joaqu\u00edn Murat<br>Rey de N\u00e1poles<\/figcaption><\/figure>\n\n\n\n<figure class=\"wp-block-image size-large\"><a href=\"https:\/\/lossoldaditosdeplomo.com\/wp-content\/uploads\/2019\/05\/Mariscal-Poniatowski.jpg\"><img loading=\"lazy\" decoding=\"async\" width=\"800\" height=\"600\" data-id=\"6908\" src=\"https:\/\/lossoldaditosdeplomo.com\/wp-content\/uploads\/2019\/05\/Mariscal-Poniatowski.jpg\" alt=\"\" class=\"wp-image-6908\" srcset=\"https:\/\/lossoldaditosdeplomo.com\/wp-content\/uploads\/2019\/05\/Mariscal-Poniatowski.jpg 800w, https:\/\/lossoldaditosdeplomo.com\/wp-content\/uploads\/2019\/05\/Mariscal-Poniatowski-300x225.jpg 300w, https:\/\/lossoldaditosdeplomo.com\/wp-content\/uploads\/2019\/05\/Mariscal-Poniatowski-768x576.jpg 768w, https:\/\/lossoldaditosdeplomo.com\/wp-content\/uploads\/2019\/05\/Mariscal-Poniatowski-1200x900.jpg 1200w\" sizes=\"auto, (max-width: 800px) 85vw, 800px\" \/><\/a><figcaption class=\"wp-element-caption\">Mariscal Pr\u00edncipe  J.Poniatowski.<br>Uniforme Gran Ducado de Varsovia<\/figcaption><\/figure>\n\n\n\n<figure class=\"wp-block-image size-large\"><a href=\"https:\/\/lossoldaditosdeplomo.com\/wp-content\/uploads\/2019\/05\/davout-1.jpg\"><img loading=\"lazy\" decoding=\"async\" width=\"800\" height=\"600\" data-id=\"6920\" src=\"https:\/\/lossoldaditosdeplomo.com\/wp-content\/uploads\/2019\/05\/davout-1.jpg\" alt=\"\" class=\"wp-image-6920\" srcset=\"https:\/\/lossoldaditosdeplomo.com\/wp-content\/uploads\/2019\/05\/davout-1.jpg 800w, https:\/\/lossoldaditosdeplomo.com\/wp-content\/uploads\/2019\/05\/davout-1-300x225.jpg 300w, https:\/\/lossoldaditosdeplomo.com\/wp-content\/uploads\/2019\/05\/davout-1-768x576.jpg 768w, https:\/\/lossoldaditosdeplomo.com\/wp-content\/uploads\/2019\/05\/davout-1-1200x900.jpg 1200w\" sizes=\"auto, (max-width: 800px) 85vw, 800px\" \/><\/a><figcaption class=\"wp-element-caption\">Mariscal Davout<br>Coronel General de gradaneros de la Guardia<\/figcaption><\/figure>\n\n\n\n<figure class=\"wp-block-image size-large\"><a href=\"https:\/\/lossoldaditosdeplomo.com\/wp-content\/uploads\/2019\/05\/audante-d-campo.jpg\"><img loading=\"lazy\" decoding=\"async\" width=\"800\" height=\"600\" data-id=\"6921\" src=\"https:\/\/lossoldaditosdeplomo.com\/wp-content\/uploads\/2019\/05\/audante-d-campo.jpg\" alt=\"\" class=\"wp-image-6921\" srcset=\"https:\/\/lossoldaditosdeplomo.com\/wp-content\/uploads\/2019\/05\/audante-d-campo.jpg 800w, https:\/\/lossoldaditosdeplomo.com\/wp-content\/uploads\/2019\/05\/audante-d-campo-300x225.jpg 300w, https:\/\/lossoldaditosdeplomo.com\/wp-content\/uploads\/2019\/05\/audante-d-campo-768x576.jpg 768w, https:\/\/lossoldaditosdeplomo.com\/wp-content\/uploads\/2019\/05\/audante-d-campo-1200x900.jpg 1200w\" sizes=\"auto, (max-width: 800px) 85vw, 800px\" \/><\/a><figcaption class=\"wp-element-caption\">Ayudante de Campo<\/figcaption><\/figure>\n\n\n\n<figure class=\"wp-block-image size-large\"><a href=\"https:\/\/lossoldaditosdeplomo.com\/wp-content\/uploads\/2019\/05\/de-livron.jpg\"><img loading=\"lazy\" decoding=\"async\" width=\"800\" height=\"600\" data-id=\"6922\" src=\"https:\/\/lossoldaditosdeplomo.com\/wp-content\/uploads\/2019\/05\/de-livron.jpg\" alt=\"\" class=\"wp-image-6922\" srcset=\"https:\/\/lossoldaditosdeplomo.com\/wp-content\/uploads\/2019\/05\/de-livron.jpg 800w, https:\/\/lossoldaditosdeplomo.com\/wp-content\/uploads\/2019\/05\/de-livron-300x225.jpg 300w, https:\/\/lossoldaditosdeplomo.com\/wp-content\/uploads\/2019\/05\/de-livron-768x576.jpg 768w, https:\/\/lossoldaditosdeplomo.com\/wp-content\/uploads\/2019\/05\/de-livron-1200x900.jpg 1200w\" sizes=\"auto, (max-width: 800px) 85vw, 800px\" \/><\/a><figcaption class=\"wp-element-caption\">De Livron<\/figcaption><\/figure>\n\n\n\n<figure class=\"wp-block-image size-large\"><a href=\"https:\/\/lossoldaditosdeplomo.com\/wp-content\/uploads\/2019\/05\/macdonald.jpg\"><img loading=\"lazy\" decoding=\"async\" width=\"800\" height=\"600\" data-id=\"6923\" src=\"https:\/\/lossoldaditosdeplomo.com\/wp-content\/uploads\/2019\/05\/macdonald.jpg\" alt=\"\" class=\"wp-image-6923\" srcset=\"https:\/\/lossoldaditosdeplomo.com\/wp-content\/uploads\/2019\/05\/macdonald.jpg 800w, https:\/\/lossoldaditosdeplomo.com\/wp-content\/uploads\/2019\/05\/macdonald-300x225.jpg 300w, https:\/\/lossoldaditosdeplomo.com\/wp-content\/uploads\/2019\/05\/macdonald-768x576.jpg 768w, https:\/\/lossoldaditosdeplomo.com\/wp-content\/uploads\/2019\/05\/macdonald-1200x900.jpg 1200w\" sizes=\"auto, (max-width: 800px) 85vw, 800px\" \/><\/a><figcaption class=\"wp-element-caption\">Mariscal Mac Donald<\/figcaption><\/figure>\n\n\n\n<figure class=\"wp-block-image size-large\"><a href=\"https:\/\/lossoldaditosdeplomo.com\/wp-content\/uploads\/2019\/05\/dhilliers.jpg\"><img loading=\"lazy\" decoding=\"async\" width=\"800\" height=\"600\" data-id=\"6924\" src=\"https:\/\/lossoldaditosdeplomo.com\/wp-content\/uploads\/2019\/05\/dhilliers.jpg\" alt=\"\" class=\"wp-image-6924\" srcset=\"https:\/\/lossoldaditosdeplomo.com\/wp-content\/uploads\/2019\/05\/dhilliers.jpg 800w, https:\/\/lossoldaditosdeplomo.com\/wp-content\/uploads\/2019\/05\/dhilliers-300x225.jpg 300w, https:\/\/lossoldaditosdeplomo.com\/wp-content\/uploads\/2019\/05\/dhilliers-768x576.jpg 768w, https:\/\/lossoldaditosdeplomo.com\/wp-content\/uploads\/2019\/05\/dhilliers-1200x900.jpg 1200w\" sizes=\"auto, (max-width: 800px) 85vw, 800px\" \/><\/a><figcaption class=\"wp-element-caption\">General d\u2019Hilliers<br>Coronel General de Dragones<\/figcaption><\/figure>\n\n\n\n<figure class=\"wp-block-image size-large\"><a href=\"https:\/\/lossoldaditosdeplomo.com\/wp-content\/uploads\/2019\/05\/marulaz.jpg\"><img loading=\"lazy\" decoding=\"async\" width=\"800\" height=\"600\" data-id=\"6925\" src=\"https:\/\/lossoldaditosdeplomo.com\/wp-content\/uploads\/2019\/05\/marulaz.jpg\" alt=\"\" class=\"wp-image-6925\" srcset=\"https:\/\/lossoldaditosdeplomo.com\/wp-content\/uploads\/2019\/05\/marulaz.jpg 800w, https:\/\/lossoldaditosdeplomo.com\/wp-content\/uploads\/2019\/05\/marulaz-300x225.jpg 300w, https:\/\/lossoldaditosdeplomo.com\/wp-content\/uploads\/2019\/05\/marulaz-768x576.jpg 768w, https:\/\/lossoldaditosdeplomo.com\/wp-content\/uploads\/2019\/05\/marulaz-1200x900.jpg 1200w\" sizes=\"auto, (max-width: 800px) 85vw, 800px\" \/><\/a><figcaption class=\"wp-element-caption\">General Marulaz.<br>Uniforme de h\u00fasares<\/figcaption><\/figure>\n\n\n\n<figure class=\"wp-block-image size-large\"><a href=\"https:\/\/lossoldaditosdeplomo.com\/wp-content\/uploads\/2019\/05\/marulaz-r.jpg\"><img loading=\"lazy\" decoding=\"async\" width=\"800\" height=\"600\" data-id=\"6926\" src=\"https:\/\/lossoldaditosdeplomo.com\/wp-content\/uploads\/2019\/05\/marulaz-r.jpg\" alt=\"\" class=\"wp-image-6926\" srcset=\"https:\/\/lossoldaditosdeplomo.com\/wp-content\/uploads\/2019\/05\/marulaz-r.jpg 800w, https:\/\/lossoldaditosdeplomo.com\/wp-content\/uploads\/2019\/05\/marulaz-r-300x225.jpg 300w, https:\/\/lossoldaditosdeplomo.com\/wp-content\/uploads\/2019\/05\/marulaz-r-768x576.jpg 768w, https:\/\/lossoldaditosdeplomo.com\/wp-content\/uploads\/2019\/05\/marulaz-r-1200x900.jpg 1200w\" sizes=\"auto, (max-width: 800px) 85vw, 800px\" \/><\/a><figcaption class=\"wp-element-caption\">General Marulaz ( Restaurado)<\/figcaption><\/figure>\n\n\n\n<figure class=\"wp-block-image size-large\"><a href=\"https:\/\/lossoldaditosdeplomo.com\/wp-content\/uploads\/2019\/05\/cambronne.jpg\"><img loading=\"lazy\" decoding=\"async\" width=\"800\" height=\"600\" data-id=\"6927\" src=\"https:\/\/lossoldaditosdeplomo.com\/wp-content\/uploads\/2019\/05\/cambronne.jpg\" alt=\"\" class=\"wp-image-6927\" srcset=\"https:\/\/lossoldaditosdeplomo.com\/wp-content\/uploads\/2019\/05\/cambronne.jpg 800w, https:\/\/lossoldaditosdeplomo.com\/wp-content\/uploads\/2019\/05\/cambronne-300x225.jpg 300w, https:\/\/lossoldaditosdeplomo.com\/wp-content\/uploads\/2019\/05\/cambronne-768x576.jpg 768w, https:\/\/lossoldaditosdeplomo.com\/wp-content\/uploads\/2019\/05\/cambronne-1200x900.jpg 1200w\" sizes=\"auto, (max-width: 800px) 85vw, 800px\" \/><\/a><figcaption class=\"wp-element-caption\">Cambronne ( Restaurado)<\/figcaption><\/figure>\n\n\n\n<figure class=\"wp-block-image size-large\"><a href=\"https:\/\/lossoldaditosdeplomo.com\/wp-content\/uploads\/2019\/05\/napoleon-2.jpg\"><img loading=\"lazy\" decoding=\"async\" width=\"800\" height=\"600\" data-id=\"6929\" src=\"https:\/\/lossoldaditosdeplomo.com\/wp-content\/uploads\/2019\/05\/napoleon-2.jpg\" alt=\"\" class=\"wp-image-6929\" srcset=\"https:\/\/lossoldaditosdeplomo.com\/wp-content\/uploads\/2019\/05\/napoleon-2.jpg 800w, https:\/\/lossoldaditosdeplomo.com\/wp-content\/uploads\/2019\/05\/napoleon-2-300x225.jpg 300w, https:\/\/lossoldaditosdeplomo.com\/wp-content\/uploads\/2019\/05\/napoleon-2-768x576.jpg 768w, https:\/\/lossoldaditosdeplomo.com\/wp-content\/uploads\/2019\/05\/napoleon-2-1200x900.jpg 1200w\" sizes=\"auto, (max-width: 800px) 85vw, 800px\" \/><\/a><figcaption class=\"wp-element-caption\">Napole\u00f3n ( Restaurado)<\/figcaption><\/figure>\n\n\n\n<figure class=\"wp-block-image size-large\"><a href=\"https:\/\/lossoldaditosdeplomo.com\/wp-content\/uploads\/2019\/05\/larrey.jpg\"><img loading=\"lazy\" decoding=\"async\" width=\"800\" height=\"600\" data-id=\"6930\" src=\"https:\/\/lossoldaditosdeplomo.com\/wp-content\/uploads\/2019\/05\/larrey.jpg\" alt=\"\" class=\"wp-image-6930\" srcset=\"https:\/\/lossoldaditosdeplomo.com\/wp-content\/uploads\/2019\/05\/larrey.jpg 800w, https:\/\/lossoldaditosdeplomo.com\/wp-content\/uploads\/2019\/05\/larrey-300x225.jpg 300w, https:\/\/lossoldaditosdeplomo.com\/wp-content\/uploads\/2019\/05\/larrey-768x576.jpg 768w, https:\/\/lossoldaditosdeplomo.com\/wp-content\/uploads\/2019\/05\/larrey-1200x900.jpg 1200w\" sizes=\"auto, (max-width: 800px) 85vw, 800px\" \/><\/a><figcaption class=\"wp-element-caption\">Larrey (Restaurado)<\/figcaption><\/figure>\n\n\n\n<figure class=\"wp-block-image size-large\"><a href=\"https:\/\/lossoldaditosdeplomo.com\/wp-content\/uploads\/2019\/05\/lannes.jpg\"><img loading=\"lazy\" decoding=\"async\" width=\"800\" height=\"600\" data-id=\"6931\" src=\"https:\/\/lossoldaditosdeplomo.com\/wp-content\/uploads\/2019\/05\/lannes.jpg\" alt=\"\" class=\"wp-image-6931\" srcset=\"https:\/\/lossoldaditosdeplomo.com\/wp-content\/uploads\/2019\/05\/lannes.jpg 800w, https:\/\/lossoldaditosdeplomo.com\/wp-content\/uploads\/2019\/05\/lannes-300x225.jpg 300w, https:\/\/lossoldaditosdeplomo.com\/wp-content\/uploads\/2019\/05\/lannes-768x576.jpg 768w, https:\/\/lossoldaditosdeplomo.com\/wp-content\/uploads\/2019\/05\/lannes-1200x900.jpg 1200w\" sizes=\"auto, (max-width: 800px) 85vw, 800px\" \/><\/a><figcaption class=\"wp-element-caption\">Lannes ( Restaurado)<\/figcaption><\/figure>\n\n\n\n<figure class=\"wp-block-image size-large\"><a href=\"https:\/\/lossoldaditosdeplomo.com\/wp-content\/uploads\/2019\/05\/Lavauguyon-ADC-to-Murat.jpg\"><img loading=\"lazy\" decoding=\"async\" width=\"800\" height=\"600\" data-id=\"6933\" src=\"https:\/\/lossoldaditosdeplomo.com\/wp-content\/uploads\/2019\/05\/Lavauguyon-ADC-to-Murat.jpg\" alt=\"\" class=\"wp-image-6933\" srcset=\"https:\/\/lossoldaditosdeplomo.com\/wp-content\/uploads\/2019\/05\/Lavauguyon-ADC-to-Murat.jpg 800w, https:\/\/lossoldaditosdeplomo.com\/wp-content\/uploads\/2019\/05\/Lavauguyon-ADC-to-Murat-300x225.jpg 300w, https:\/\/lossoldaditosdeplomo.com\/wp-content\/uploads\/2019\/05\/Lavauguyon-ADC-to-Murat-768x576.jpg 768w, https:\/\/lossoldaditosdeplomo.com\/wp-content\/uploads\/2019\/05\/Lavauguyon-ADC-to-Murat-1200x900.jpg 1200w\" sizes=\"auto, (max-width: 800px) 85vw, 800px\" \/><\/a><figcaption class=\"wp-element-caption\">Lavauguyon ADC de Murat<\/figcaption><\/figure>\n\n\n\n<figure class=\"wp-block-image size-large\"><a href=\"https:\/\/lossoldaditosdeplomo.com\/wp-content\/uploads\/2019\/05\/Bruyeres-ADC-to-Berthier.jpg\"><img loading=\"lazy\" decoding=\"async\" width=\"800\" height=\"600\" data-id=\"6934\" src=\"https:\/\/lossoldaditosdeplomo.com\/wp-content\/uploads\/2019\/05\/Bruyeres-ADC-to-Berthier.jpg\" alt=\"\" class=\"wp-image-6934\" srcset=\"https:\/\/lossoldaditosdeplomo.com\/wp-content\/uploads\/2019\/05\/Bruyeres-ADC-to-Berthier.jpg 800w, https:\/\/lossoldaditosdeplomo.com\/wp-content\/uploads\/2019\/05\/Bruyeres-ADC-to-Berthier-300x225.jpg 300w, https:\/\/lossoldaditosdeplomo.com\/wp-content\/uploads\/2019\/05\/Bruyeres-ADC-to-Berthier-768x576.jpg 768w, https:\/\/lossoldaditosdeplomo.com\/wp-content\/uploads\/2019\/05\/Bruyeres-ADC-to-Berthier-1200x900.jpg 1200w\" sizes=\"auto, (max-width: 800px) 85vw, 800px\" \/><\/a><figcaption class=\"wp-element-caption\">Bruyeres ADC de  Berthier,<\/figcaption><\/figure>\n\n\n\n<figure class=\"wp-block-image size-large\"><a href=\"https:\/\/lossoldaditosdeplomo.com\/wp-content\/uploads\/2019\/05\/adc-de-general-de-division.jpg\"><img loading=\"lazy\" decoding=\"async\" width=\"800\" height=\"600\" data-id=\"6935\" src=\"https:\/\/lossoldaditosdeplomo.com\/wp-content\/uploads\/2019\/05\/adc-de-general-de-division.jpg\" alt=\"\" class=\"wp-image-6935\" srcset=\"https:\/\/lossoldaditosdeplomo.com\/wp-content\/uploads\/2019\/05\/adc-de-general-de-division.jpg 800w, https:\/\/lossoldaditosdeplomo.com\/wp-content\/uploads\/2019\/05\/adc-de-general-de-division-300x225.jpg 300w, https:\/\/lossoldaditosdeplomo.com\/wp-content\/uploads\/2019\/05\/adc-de-general-de-division-768x576.jpg 768w, https:\/\/lossoldaditosdeplomo.com\/wp-content\/uploads\/2019\/05\/adc-de-general-de-division-1200x900.jpg 1200w\" sizes=\"auto, (max-width: 800px) 85vw, 800px\" \/><\/a><figcaption class=\"wp-element-caption\">A.D.C. de General de Divisi\u00f3n<\/figcaption><\/figure>\n\n\n\n<figure class=\"wp-block-image size-large\"><a href=\"https:\/\/lossoldaditosdeplomo.com\/wp-content\/uploads\/2019\/05\/ordenanza.jpg\"><img loading=\"lazy\" decoding=\"async\" width=\"800\" height=\"600\" data-id=\"6936\" src=\"https:\/\/lossoldaditosdeplomo.com\/wp-content\/uploads\/2019\/05\/ordenanza.jpg\" alt=\"\" class=\"wp-image-6936\" srcset=\"https:\/\/lossoldaditosdeplomo.com\/wp-content\/uploads\/2019\/05\/ordenanza.jpg 800w, https:\/\/lossoldaditosdeplomo.com\/wp-content\/uploads\/2019\/05\/ordenanza-300x225.jpg 300w, https:\/\/lossoldaditosdeplomo.com\/wp-content\/uploads\/2019\/05\/ordenanza-768x576.jpg 768w, https:\/\/lossoldaditosdeplomo.com\/wp-content\/uploads\/2019\/05\/ordenanza-1200x900.jpg 1200w\" sizes=\"auto, (max-width: 800px) 85vw, 800px\" \/><\/a><figcaption class=\"wp-element-caption\">Oficial Ordenanza<\/figcaption><\/figure>\n\n\n\n<figure class=\"wp-block-image size-large\"><a href=\"https:\/\/lossoldaditosdeplomo.com\/wp-content\/uploads\/2019\/05\/exelman.jpg\"><img loading=\"lazy\" decoding=\"async\" width=\"800\" height=\"600\" data-id=\"6938\" src=\"https:\/\/lossoldaditosdeplomo.com\/wp-content\/uploads\/2019\/05\/exelman.jpg\" alt=\"\" class=\"wp-image-6938\" srcset=\"https:\/\/lossoldaditosdeplomo.com\/wp-content\/uploads\/2019\/05\/exelman.jpg 800w, https:\/\/lossoldaditosdeplomo.com\/wp-content\/uploads\/2019\/05\/exelman-300x225.jpg 300w, https:\/\/lossoldaditosdeplomo.com\/wp-content\/uploads\/2019\/05\/exelman-768x576.jpg 768w, https:\/\/lossoldaditosdeplomo.com\/wp-content\/uploads\/2019\/05\/exelman-1200x900.jpg 1200w\" sizes=\"auto, (max-width: 800px) 85vw, 800px\" \/><\/a><figcaption class=\"wp-element-caption\">General Exelmans<br>Uniforme de media gala<\/figcaption><\/figure>\n\n\n\n<figure class=\"wp-block-image size-large\"><a href=\"https:\/\/lossoldaditosdeplomo.com\/wp-content\/uploads\/2019\/05\/Captain-Mannes-ADC-Murat.jpg\"><img loading=\"lazy\" decoding=\"async\" width=\"800\" height=\"600\" data-id=\"6939\" src=\"https:\/\/lossoldaditosdeplomo.com\/wp-content\/uploads\/2019\/05\/Captain-Mannes-ADC-Murat.jpg\" alt=\"\" class=\"wp-image-6939\" srcset=\"https:\/\/lossoldaditosdeplomo.com\/wp-content\/uploads\/2019\/05\/Captain-Mannes-ADC-Murat.jpg 800w, https:\/\/lossoldaditosdeplomo.com\/wp-content\/uploads\/2019\/05\/Captain-Mannes-ADC-Murat-300x225.jpg 300w, https:\/\/lossoldaditosdeplomo.com\/wp-content\/uploads\/2019\/05\/Captain-Mannes-ADC-Murat-768x576.jpg 768w, https:\/\/lossoldaditosdeplomo.com\/wp-content\/uploads\/2019\/05\/Captain-Mannes-ADC-Murat-1200x900.jpg 1200w\" sizes=\"auto, (max-width: 800px) 85vw, 800px\" \/><\/a><figcaption class=\"wp-element-caption\">Capit\u00e1n Mannes <br>ADC de Murat<\/figcaption><\/figure>\n\n\n\n<figure class=\"wp-block-image size-large\"><a href=\"https:\/\/lossoldaditosdeplomo.com\/wp-content\/uploads\/2019\/05\/Guide-de-Bernadotte.jpg\"><img loading=\"lazy\" decoding=\"async\" width=\"800\" height=\"600\" data-id=\"6940\" src=\"https:\/\/lossoldaditosdeplomo.com\/wp-content\/uploads\/2019\/05\/Guide-de-Bernadotte.jpg\" alt=\"\" class=\"wp-image-6940\" srcset=\"https:\/\/lossoldaditosdeplomo.com\/wp-content\/uploads\/2019\/05\/Guide-de-Bernadotte.jpg 800w, https:\/\/lossoldaditosdeplomo.com\/wp-content\/uploads\/2019\/05\/Guide-de-Bernadotte-300x225.jpg 300w, https:\/\/lossoldaditosdeplomo.com\/wp-content\/uploads\/2019\/05\/Guide-de-Bernadotte-768x576.jpg 768w, https:\/\/lossoldaditosdeplomo.com\/wp-content\/uploads\/2019\/05\/Guide-de-Bernadotte-1200x900.jpg 1200w\" sizes=\"auto, (max-width: 800px) 85vw, 800px\" \/><\/a><figcaption class=\"wp-element-caption\">Guide de Bernadotte<\/figcaption><\/figure>\n\n\n\n<figure class=\"wp-block-image size-large\"><a href=\"https:\/\/lossoldaditosdeplomo.com\/wp-content\/uploads\/2019\/05\/ADC-Prince-Jerome.jpg\"><img loading=\"lazy\" decoding=\"async\" width=\"800\" height=\"600\" data-id=\"6942\" src=\"https:\/\/lossoldaditosdeplomo.com\/wp-content\/uploads\/2019\/05\/ADC-Prince-Jerome.jpg\" alt=\"\" class=\"wp-image-6942\" srcset=\"https:\/\/lossoldaditosdeplomo.com\/wp-content\/uploads\/2019\/05\/ADC-Prince-Jerome.jpg 800w, https:\/\/lossoldaditosdeplomo.com\/wp-content\/uploads\/2019\/05\/ADC-Prince-Jerome-300x225.jpg 300w, https:\/\/lossoldaditosdeplomo.com\/wp-content\/uploads\/2019\/05\/ADC-Prince-Jerome-768x576.jpg 768w, https:\/\/lossoldaditosdeplomo.com\/wp-content\/uploads\/2019\/05\/ADC-Prince-Jerome-1200x900.jpg 1200w\" sizes=\"auto, (max-width: 800px) 85vw, 800px\" \/><\/a><figcaption class=\"wp-element-caption\">A.D.C.del Pr\u00edncipe Jerome<\/figcaption><\/figure>\n\n\n\n<figure class=\"wp-block-image size-large\"><a href=\"https:\/\/lossoldaditosdeplomo.com\/wp-content\/uploads\/2019\/05\/ADC-Bernadotte.jpg\"><img loading=\"lazy\" decoding=\"async\" width=\"800\" height=\"600\" data-id=\"6943\" src=\"https:\/\/lossoldaditosdeplomo.com\/wp-content\/uploads\/2019\/05\/ADC-Bernadotte.jpg\" alt=\"\" class=\"wp-image-6943\" srcset=\"https:\/\/lossoldaditosdeplomo.com\/wp-content\/uploads\/2019\/05\/ADC-Bernadotte.jpg 800w, https:\/\/lossoldaditosdeplomo.com\/wp-content\/uploads\/2019\/05\/ADC-Bernadotte-300x225.jpg 300w, https:\/\/lossoldaditosdeplomo.com\/wp-content\/uploads\/2019\/05\/ADC-Bernadotte-768x576.jpg 768w, https:\/\/lossoldaditosdeplomo.com\/wp-content\/uploads\/2019\/05\/ADC-Bernadotte-1200x900.jpg 1200w\" sizes=\"auto, (max-width: 800px) 85vw, 800px\" \/><\/a><figcaption class=\"wp-element-caption\">ADC Bernadotte<\/figcaption><\/figure>\n\n\n\n<figure class=\"wp-block-image size-large\"><a href=\"https:\/\/lossoldaditosdeplomo.com\/wp-content\/uploads\/2019\/05\/adc-general-de-division.jpg\"><img loading=\"lazy\" decoding=\"async\" width=\"800\" height=\"600\" data-id=\"6945\" src=\"https:\/\/lossoldaditosdeplomo.com\/wp-content\/uploads\/2019\/05\/adc-general-de-division.jpg\" alt=\"\" class=\"wp-image-6945\" srcset=\"https:\/\/lossoldaditosdeplomo.com\/wp-content\/uploads\/2019\/05\/adc-general-de-division.jpg 800w, https:\/\/lossoldaditosdeplomo.com\/wp-content\/uploads\/2019\/05\/adc-general-de-division-300x225.jpg 300w, https:\/\/lossoldaditosdeplomo.com\/wp-content\/uploads\/2019\/05\/adc-general-de-division-768x576.jpg 768w, https:\/\/lossoldaditosdeplomo.com\/wp-content\/uploads\/2019\/05\/adc-general-de-division-1200x900.jpg 1200w\" sizes=\"auto, (max-width: 800px) 85vw, 800px\" \/><\/a><\/figure>\n\n\n\n<figure class=\"wp-block-image size-large\"><a href=\"https:\/\/lossoldaditosdeplomo.com\/wp-content\/uploads\/2019\/05\/Napoleon1.jpg\"><img loading=\"lazy\" decoding=\"async\" width=\"800\" height=\"600\" data-id=\"6947\" src=\"https:\/\/lossoldaditosdeplomo.com\/wp-content\/uploads\/2019\/05\/Napoleon1.jpg\" alt=\"\" class=\"wp-image-6947\" srcset=\"https:\/\/lossoldaditosdeplomo.com\/wp-content\/uploads\/2019\/05\/Napoleon1.jpg 800w, https:\/\/lossoldaditosdeplomo.com\/wp-content\/uploads\/2019\/05\/Napoleon1-300x225.jpg 300w, https:\/\/lossoldaditosdeplomo.com\/wp-content\/uploads\/2019\/05\/Napoleon1-768x576.jpg 768w, https:\/\/lossoldaditosdeplomo.com\/wp-content\/uploads\/2019\/05\/Napoleon1-1200x900.jpg 1200w\" sizes=\"auto, (max-width: 800px) 85vw, 800px\" \/><\/a><figcaption class=\"wp-element-caption\">Napole\u00f3n uniforme de Cazadores<\/figcaption><\/figure>\n\n\n\n<figure class=\"wp-block-image size-large\"><a href=\"https:\/\/lossoldaditosdeplomo.com\/wp-content\/uploads\/2019\/05\/Suchet.jpg\"><img loading=\"lazy\" decoding=\"async\" width=\"800\" height=\"600\" data-id=\"6949\" src=\"https:\/\/lossoldaditosdeplomo.com\/wp-content\/uploads\/2019\/05\/Suchet.jpg\" alt=\"\" class=\"wp-image-6949\" srcset=\"https:\/\/lossoldaditosdeplomo.com\/wp-content\/uploads\/2019\/05\/Suchet.jpg 800w, https:\/\/lossoldaditosdeplomo.com\/wp-content\/uploads\/2019\/05\/Suchet-300x225.jpg 300w, https:\/\/lossoldaditosdeplomo.com\/wp-content\/uploads\/2019\/05\/Suchet-768x576.jpg 768w, https:\/\/lossoldaditosdeplomo.com\/wp-content\/uploads\/2019\/05\/Suchet-1200x900.jpg 1200w\" sizes=\"auto, (max-width: 800px) 85vw, 800px\" \/><\/a><figcaption class=\"wp-element-caption\">Mariscal Suchet<br>Uniforme de campa\u00f1a<\/figcaption><\/figure>\n\n\n\n<figure class=\"wp-block-image size-large\"><a href=\"https:\/\/lossoldaditosdeplomo.com\/wp-content\/uploads\/2019\/05\/Bessieres-1.jpg\"><img loading=\"lazy\" decoding=\"async\" width=\"800\" height=\"600\" data-id=\"6951\" src=\"https:\/\/lossoldaditosdeplomo.com\/wp-content\/uploads\/2019\/05\/Bessieres-1.jpg\" alt=\"\" class=\"wp-image-6951\" srcset=\"https:\/\/lossoldaditosdeplomo.com\/wp-content\/uploads\/2019\/05\/Bessieres-1.jpg 800w, https:\/\/lossoldaditosdeplomo.com\/wp-content\/uploads\/2019\/05\/Bessieres-1-300x225.jpg 300w, https:\/\/lossoldaditosdeplomo.com\/wp-content\/uploads\/2019\/05\/Bessieres-1-768x576.jpg 768w, https:\/\/lossoldaditosdeplomo.com\/wp-content\/uploads\/2019\/05\/Bessieres-1-1200x900.jpg 1200w\" sizes=\"auto, (max-width: 800px) 85vw, 800px\" \/><\/a><figcaption class=\"wp-element-caption\"> Mariscal Bessieres<br>Coronel General de cazadores a pie de la Guardia<\/figcaption><\/figure>\n\n\n\n<figure class=\"wp-block-image size-large\"><a href=\"https:\/\/lossoldaditosdeplomo.com\/wp-content\/uploads\/2019\/05\/soult.jpg\"><img loading=\"lazy\" decoding=\"async\" width=\"800\" height=\"600\" data-id=\"6952\" src=\"https:\/\/lossoldaditosdeplomo.com\/wp-content\/uploads\/2019\/05\/soult.jpg\" alt=\"\" class=\"wp-image-6952\" srcset=\"https:\/\/lossoldaditosdeplomo.com\/wp-content\/uploads\/2019\/05\/soult.jpg 800w, https:\/\/lossoldaditosdeplomo.com\/wp-content\/uploads\/2019\/05\/soult-300x225.jpg 300w, https:\/\/lossoldaditosdeplomo.com\/wp-content\/uploads\/2019\/05\/soult-768x576.jpg 768w, https:\/\/lossoldaditosdeplomo.com\/wp-content\/uploads\/2019\/05\/soult-1200x900.jpg 1200w\" sizes=\"auto, (max-width: 800px) 85vw, 800px\" \/><\/a><figcaption class=\"wp-element-caption\">Mariscal Soult<\/figcaption><\/figure>\n\n\n\n<figure class=\"wp-block-image size-large\"><a href=\"https:\/\/lossoldaditosdeplomo.com\/wp-content\/uploads\/2019\/05\/colbert.jpg\"><img loading=\"lazy\" decoding=\"async\" width=\"800\" height=\"600\" data-id=\"6953\" src=\"https:\/\/lossoldaditosdeplomo.com\/wp-content\/uploads\/2019\/05\/colbert.jpg\" alt=\"\" class=\"wp-image-6953\" srcset=\"https:\/\/lossoldaditosdeplomo.com\/wp-content\/uploads\/2019\/05\/colbert.jpg 800w, https:\/\/lossoldaditosdeplomo.com\/wp-content\/uploads\/2019\/05\/colbert-300x225.jpg 300w, https:\/\/lossoldaditosdeplomo.com\/wp-content\/uploads\/2019\/05\/colbert-768x576.jpg 768w, https:\/\/lossoldaditosdeplomo.com\/wp-content\/uploads\/2019\/05\/colbert-1200x900.jpg 1200w\" sizes=\"auto, (max-width: 800px) 85vw, 800px\" \/><\/a><figcaption class=\"wp-element-caption\">General Colbert<br>Gala 2\u00ba Rgt. de Lanceros<\/figcaption><\/figure>\n\n\n\n<figure class=\"wp-block-image size-large\"><a href=\"https:\/\/lossoldaditosdeplomo.com\/wp-content\/uploads\/2019\/05\/daumesnil.jpg\"><img loading=\"lazy\" decoding=\"async\" width=\"800\" height=\"600\" data-id=\"6954\" src=\"https:\/\/lossoldaditosdeplomo.com\/wp-content\/uploads\/2019\/05\/daumesnil.jpg\" alt=\"\" class=\"wp-image-6954\" srcset=\"https:\/\/lossoldaditosdeplomo.com\/wp-content\/uploads\/2019\/05\/daumesnil.jpg 800w, https:\/\/lossoldaditosdeplomo.com\/wp-content\/uploads\/2019\/05\/daumesnil-300x225.jpg 300w, https:\/\/lossoldaditosdeplomo.com\/wp-content\/uploads\/2019\/05\/daumesnil-768x576.jpg 768w, https:\/\/lossoldaditosdeplomo.com\/wp-content\/uploads\/2019\/05\/daumesnil-1200x900.jpg 1200w\" sizes=\"auto, (max-width: 800px) 85vw, 800px\" \/><\/a><figcaption class=\"wp-element-caption\">General Daumesnil<br>Vincennes 1815<\/figcaption><\/figure>\n\n\n\n<figure class=\"wp-block-image size-large\"><a href=\"https:\/\/lossoldaditosdeplomo.com\/wp-content\/uploads\/2019\/05\/guides-of-mortier.jpg\"><img loading=\"lazy\" decoding=\"async\" width=\"800\" height=\"600\" data-id=\"6956\" src=\"https:\/\/lossoldaditosdeplomo.com\/wp-content\/uploads\/2019\/05\/guides-of-mortier.jpg\" alt=\"\" class=\"wp-image-6956\" srcset=\"https:\/\/lossoldaditosdeplomo.com\/wp-content\/uploads\/2019\/05\/guides-of-mortier.jpg 800w, https:\/\/lossoldaditosdeplomo.com\/wp-content\/uploads\/2019\/05\/guides-of-mortier-300x225.jpg 300w, https:\/\/lossoldaditosdeplomo.com\/wp-content\/uploads\/2019\/05\/guides-of-mortier-768x576.jpg 768w, https:\/\/lossoldaditosdeplomo.com\/wp-content\/uploads\/2019\/05\/guides-of-mortier-1200x900.jpg 1200w\" sizes=\"auto, (max-width: 800px) 85vw, 800px\" \/><\/a><figcaption class=\"wp-element-caption\">Guia del Mariscal Mortier<\/figcaption><\/figure>\n\n\n\n<figure class=\"wp-block-image size-large\"><a href=\"https:\/\/lossoldaditosdeplomo.com\/wp-content\/uploads\/2019\/05\/napoleon-1802.jpg\"><img loading=\"lazy\" decoding=\"async\" width=\"800\" height=\"600\" data-id=\"6957\" src=\"https:\/\/lossoldaditosdeplomo.com\/wp-content\/uploads\/2019\/05\/napoleon-1802.jpg\" alt=\"\" class=\"wp-image-6957\" srcset=\"https:\/\/lossoldaditosdeplomo.com\/wp-content\/uploads\/2019\/05\/napoleon-1802.jpg 800w, https:\/\/lossoldaditosdeplomo.com\/wp-content\/uploads\/2019\/05\/napoleon-1802-300x225.jpg 300w, https:\/\/lossoldaditosdeplomo.com\/wp-content\/uploads\/2019\/05\/napoleon-1802-768x576.jpg 768w, https:\/\/lossoldaditosdeplomo.com\/wp-content\/uploads\/2019\/05\/napoleon-1802-1200x900.jpg 1200w\" sizes=\"auto, (max-width: 800px) 85vw, 800px\" \/><\/a><figcaption class=\"wp-element-caption\">Napole\u00f3n 1802<\/figcaption><\/figure>\n\n\n\n<figure class=\"wp-block-image size-large\"><a href=\"https:\/\/lossoldaditosdeplomo.com\/wp-content\/uploads\/2019\/05\/adc-murat.jpg\"><img loading=\"lazy\" decoding=\"async\" width=\"800\" height=\"600\" data-id=\"6959\" src=\"https:\/\/lossoldaditosdeplomo.com\/wp-content\/uploads\/2019\/05\/adc-murat.jpg\" alt=\"\" class=\"wp-image-6959\" srcset=\"https:\/\/lossoldaditosdeplomo.com\/wp-content\/uploads\/2019\/05\/adc-murat.jpg 800w, https:\/\/lossoldaditosdeplomo.com\/wp-content\/uploads\/2019\/05\/adc-murat-300x225.jpg 300w, https:\/\/lossoldaditosdeplomo.com\/wp-content\/uploads\/2019\/05\/adc-murat-768x576.jpg 768w, https:\/\/lossoldaditosdeplomo.com\/wp-content\/uploads\/2019\/05\/adc-murat-1200x900.jpg 1200w\" sizes=\"auto, (max-width: 800px) 85vw, 800px\" \/><\/a><figcaption class=\"wp-element-caption\">Duque de Berg<br>A.D.C.  del General Murat<\/figcaption><\/figure>\n\n\n\n<figure class=\"wp-block-image size-large\"><a href=\"https:\/\/lossoldaditosdeplomo.com\/wp-content\/uploads\/2019\/05\/krasinski.jpg\"><img loading=\"lazy\" decoding=\"async\" width=\"800\" height=\"600\" data-id=\"6961\" src=\"https:\/\/lossoldaditosdeplomo.com\/wp-content\/uploads\/2019\/05\/krasinski.jpg\" alt=\"\" class=\"wp-image-6961\" srcset=\"https:\/\/lossoldaditosdeplomo.com\/wp-content\/uploads\/2019\/05\/krasinski.jpg 800w, https:\/\/lossoldaditosdeplomo.com\/wp-content\/uploads\/2019\/05\/krasinski-300x225.jpg 300w, https:\/\/lossoldaditosdeplomo.com\/wp-content\/uploads\/2019\/05\/krasinski-768x576.jpg 768w, https:\/\/lossoldaditosdeplomo.com\/wp-content\/uploads\/2019\/05\/krasinski-1200x900.jpg 1200w\" sizes=\"auto, (max-width: 800px) 85vw, 800px\" \/><\/a><figcaption class=\"wp-element-caption\">General Conde Krasinski<br>Uniforme 1.er  Rgto Lanceros<\/figcaption><\/figure>\n\n\n\n<figure class=\"wp-block-image size-large\"><a href=\"https:\/\/lossoldaditosdeplomo.com\/wp-content\/uploads\/2019\/05\/bernadotte.jpg\"><img loading=\"lazy\" decoding=\"async\" width=\"800\" height=\"600\" data-id=\"6963\" src=\"https:\/\/lossoldaditosdeplomo.com\/wp-content\/uploads\/2019\/05\/bernadotte.jpg\" alt=\"\" class=\"wp-image-6963\" srcset=\"https:\/\/lossoldaditosdeplomo.com\/wp-content\/uploads\/2019\/05\/bernadotte.jpg 800w, https:\/\/lossoldaditosdeplomo.com\/wp-content\/uploads\/2019\/05\/bernadotte-300x225.jpg 300w, https:\/\/lossoldaditosdeplomo.com\/wp-content\/uploads\/2019\/05\/bernadotte-768x576.jpg 768w, https:\/\/lossoldaditosdeplomo.com\/wp-content\/uploads\/2019\/05\/bernadotte-1200x900.jpg 1200w\" sizes=\"auto, (max-width: 800px) 85vw, 800px\" \/><\/a><figcaption class=\"wp-element-caption\">Mariscal Bernadotte<br>Uniforme de gala<\/figcaption><\/figure>\n\n\n\n<figure class=\"wp-block-image size-large\"><a href=\"https:\/\/lossoldaditosdeplomo.com\/wp-content\/uploads\/2019\/05\/murat.jpg\"><img loading=\"lazy\" decoding=\"async\" width=\"800\" height=\"600\" data-id=\"6966\" src=\"https:\/\/lossoldaditosdeplomo.com\/wp-content\/uploads\/2019\/05\/murat.jpg\" alt=\"\" class=\"wp-image-6966\" srcset=\"https:\/\/lossoldaditosdeplomo.com\/wp-content\/uploads\/2019\/05\/murat.jpg 800w, https:\/\/lossoldaditosdeplomo.com\/wp-content\/uploads\/2019\/05\/murat-300x225.jpg 300w, https:\/\/lossoldaditosdeplomo.com\/wp-content\/uploads\/2019\/05\/murat-768x576.jpg 768w, https:\/\/lossoldaditosdeplomo.com\/wp-content\/uploads\/2019\/05\/murat-1200x900.jpg 1200w\" sizes=\"auto, (max-width: 800px) 85vw, 800px\" \/><\/a><figcaption class=\"wp-element-caption\">General Murat<br>General de Caballer\u00eda Ligera<\/figcaption><\/figure>\n\n\n\n<figure class=\"wp-block-image size-large\"><a href=\"https:\/\/lossoldaditosdeplomo.com\/wp-content\/uploads\/2019\/05\/louis-bonaparte.jpg\"><img loading=\"lazy\" decoding=\"async\" width=\"800\" height=\"600\" data-id=\"6968\" src=\"https:\/\/lossoldaditosdeplomo.com\/wp-content\/uploads\/2019\/05\/louis-bonaparte.jpg\" alt=\"\" class=\"wp-image-6968\" srcset=\"https:\/\/lossoldaditosdeplomo.com\/wp-content\/uploads\/2019\/05\/louis-bonaparte.jpg 800w, https:\/\/lossoldaditosdeplomo.com\/wp-content\/uploads\/2019\/05\/louis-bonaparte-300x225.jpg 300w, https:\/\/lossoldaditosdeplomo.com\/wp-content\/uploads\/2019\/05\/louis-bonaparte-768x576.jpg 768w, https:\/\/lossoldaditosdeplomo.com\/wp-content\/uploads\/2019\/05\/louis-bonaparte-1200x900.jpg 1200w\" sizes=\"auto, (max-width: 800px) 85vw, 800px\" \/><\/a><figcaption class=\"wp-element-caption\">Principe Luis Bonaparte<br>CoronelGeneral de Carabineros 1805<\/figcaption><\/figure>\n\n\n\n<figure class=\"wp-block-image size-large\"><a href=\"https:\/\/lossoldaditosdeplomo.com\/wp-content\/uploads\/2019\/05\/ney.jpg\"><img loading=\"lazy\" decoding=\"async\" width=\"800\" height=\"600\" data-id=\"6969\" src=\"https:\/\/lossoldaditosdeplomo.com\/wp-content\/uploads\/2019\/05\/ney.jpg\" alt=\"\" class=\"wp-image-6969\" srcset=\"https:\/\/lossoldaditosdeplomo.com\/wp-content\/uploads\/2019\/05\/ney.jpg 800w, https:\/\/lossoldaditosdeplomo.com\/wp-content\/uploads\/2019\/05\/ney-300x225.jpg 300w, https:\/\/lossoldaditosdeplomo.com\/wp-content\/uploads\/2019\/05\/ney-768x576.jpg 768w, https:\/\/lossoldaditosdeplomo.com\/wp-content\/uploads\/2019\/05\/ney-1200x900.jpg 1200w\" sizes=\"auto, (max-width: 800px) 85vw, 800px\" \/><\/a><figcaption class=\"wp-element-caption\">Mariscal Ney, 1814<\/figcaption><\/figure>\n<\/figure>\n\n\n\n<!--nextpage-->\n\n\n\n<p class=\"has-text-align-center\" style=\"font-size:24px\">FIGURAS DE GALARRETA<\/p>\n\n\n\n<figure class=\"wp-block-image\"><a href=\"https:\/\/lossoldaditosdeplomo.com\/wp-content\/uploads\/2019\/05\/galarreta.jpg\"><img loading=\"lazy\" decoding=\"async\" width=\"800\" height=\"600\" src=\"https:\/\/lossoldaditosdeplomo.com\/wp-content\/uploads\/2019\/05\/galarreta.jpg\" alt=\"\" class=\"wp-image-6972\" srcset=\"https:\/\/lossoldaditosdeplomo.com\/wp-content\/uploads\/2019\/05\/galarreta.jpg 800w, https:\/\/lossoldaditosdeplomo.com\/wp-content\/uploads\/2019\/05\/galarreta-300x225.jpg 300w, https:\/\/lossoldaditosdeplomo.com\/wp-content\/uploads\/2019\/05\/galarreta-768x576.jpg 768w, https:\/\/lossoldaditosdeplomo.com\/wp-content\/uploads\/2019\/05\/galarreta-1200x900.jpg 1200w\" sizes=\"auto, (max-width: 800px) 85vw, 800px\" \/><\/a><figcaption class=\"wp-element-caption\">Magn\u00edficas figuras de Galarreta<\/figcaption><\/figure>\n\n\n\n<figure class=\"wp-block-gallery has-nested-images columns-1 is-cropped wp-block-gallery-3 is-layout-flex wp-block-gallery-is-layout-flex\">\n<figure class=\"wp-block-image size-large\"><a href=\"https:\/\/lossoldaditosdeplomo.com\/wp-content\/uploads\/2019\/05\/Galaretta-DrummerRegmt.du-Genie.jpg\"><img loading=\"lazy\" decoding=\"async\" width=\"800\" height=\"600\" data-id=\"7260\" src=\"https:\/\/lossoldaditosdeplomo.com\/wp-content\/uploads\/2019\/05\/Galaretta-DrummerRegmt.du-Genie.jpg\" alt=\"\" class=\"wp-image-7260\" srcset=\"https:\/\/lossoldaditosdeplomo.com\/wp-content\/uploads\/2019\/05\/Galaretta-DrummerRegmt.du-Genie.jpg 800w, https:\/\/lossoldaditosdeplomo.com\/wp-content\/uploads\/2019\/05\/Galaretta-DrummerRegmt.du-Genie-300x225.jpg 300w, https:\/\/lossoldaditosdeplomo.com\/wp-content\/uploads\/2019\/05\/Galaretta-DrummerRegmt.du-Genie-768x576.jpg 768w, https:\/\/lossoldaditosdeplomo.com\/wp-content\/uploads\/2019\/05\/Galaretta-DrummerRegmt.du-Genie-1200x900.jpg 1200w\" sizes=\"auto, (max-width: 800px) 85vw, 800px\" \/><\/a><figcaption class=\"wp-element-caption\">Tambor Regimiento de Ingenieros<\/figcaption><\/figure>\n\n\n\n<figure class=\"wp-block-image size-large\"><a href=\"https:\/\/lossoldaditosdeplomo.com\/wp-content\/uploads\/2019\/05\/Galaretta-MusicianRegmt-of-Grenadiers1810.jpg\"><img loading=\"lazy\" decoding=\"async\" width=\"800\" height=\"600\" data-id=\"7261\" src=\"https:\/\/lossoldaditosdeplomo.com\/wp-content\/uploads\/2019\/05\/Galaretta-MusicianRegmt-of-Grenadiers1810.jpg\" alt=\"\" class=\"wp-image-7261\" srcset=\"https:\/\/lossoldaditosdeplomo.com\/wp-content\/uploads\/2019\/05\/Galaretta-MusicianRegmt-of-Grenadiers1810.jpg 800w, https:\/\/lossoldaditosdeplomo.com\/wp-content\/uploads\/2019\/05\/Galaretta-MusicianRegmt-of-Grenadiers1810-300x225.jpg 300w, https:\/\/lossoldaditosdeplomo.com\/wp-content\/uploads\/2019\/05\/Galaretta-MusicianRegmt-of-Grenadiers1810-768x576.jpg 768w, https:\/\/lossoldaditosdeplomo.com\/wp-content\/uploads\/2019\/05\/Galaretta-MusicianRegmt-of-Grenadiers1810-1200x900.jpg 1200w\" sizes=\"auto, (max-width: 800px) 85vw, 800px\" \/><\/a><figcaption class=\"wp-element-caption\">M\u00fasico regimiento de granaderos, 1810<\/figcaption><\/figure>\n\n\n\n<figure class=\"wp-block-image size-large\"><a href=\"https:\/\/lossoldaditosdeplomo.com\/wp-content\/uploads\/2019\/05\/Galaretta-Mameluke1806.jpg\"><img loading=\"lazy\" decoding=\"async\" width=\"800\" height=\"600\" data-id=\"7262\" src=\"https:\/\/lossoldaditosdeplomo.com\/wp-content\/uploads\/2019\/05\/Galaretta-Mameluke1806.jpg\" alt=\"\" class=\"wp-image-7262\" srcset=\"https:\/\/lossoldaditosdeplomo.com\/wp-content\/uploads\/2019\/05\/Galaretta-Mameluke1806.jpg 800w, https:\/\/lossoldaditosdeplomo.com\/wp-content\/uploads\/2019\/05\/Galaretta-Mameluke1806-300x225.jpg 300w, https:\/\/lossoldaditosdeplomo.com\/wp-content\/uploads\/2019\/05\/Galaretta-Mameluke1806-768x576.jpg 768w, https:\/\/lossoldaditosdeplomo.com\/wp-content\/uploads\/2019\/05\/Galaretta-Mameluke1806-1200x900.jpg 1200w\" sizes=\"auto, (max-width: 800px) 85vw, 800px\" \/><\/a><figcaption class=\"wp-element-caption\">Mameluco, 1806<\/figcaption><\/figure>\n\n\n\n<figure class=\"wp-block-image size-large\"><a href=\"https:\/\/lossoldaditosdeplomo.com\/wp-content\/uploads\/2019\/05\/galarreta-Drum-Major-Regmtof-Fusiliers1810.jpg\"><img loading=\"lazy\" decoding=\"async\" width=\"800\" height=\"600\" data-id=\"7263\" src=\"https:\/\/lossoldaditosdeplomo.com\/wp-content\/uploads\/2019\/05\/galarreta-Drum-Major-Regmtof-Fusiliers1810.jpg\" alt=\"\" class=\"wp-image-7263\" srcset=\"https:\/\/lossoldaditosdeplomo.com\/wp-content\/uploads\/2019\/05\/galarreta-Drum-Major-Regmtof-Fusiliers1810.jpg 800w, https:\/\/lossoldaditosdeplomo.com\/wp-content\/uploads\/2019\/05\/galarreta-Drum-Major-Regmtof-Fusiliers1810-300x225.jpg 300w, https:\/\/lossoldaditosdeplomo.com\/wp-content\/uploads\/2019\/05\/galarreta-Drum-Major-Regmtof-Fusiliers1810-768x576.jpg 768w, https:\/\/lossoldaditosdeplomo.com\/wp-content\/uploads\/2019\/05\/galarreta-Drum-Major-Regmtof-Fusiliers1810-1200x900.jpg 1200w\" sizes=\"auto, (max-width: 800px) 85vw, 800px\" \/><\/a><figcaption class=\"wp-element-caption\">Tambor mayor regimiento de fusileros, 1810<\/figcaption><\/figure>\n\n\n\n<figure class=\"wp-block-image size-large\"><a href=\"https:\/\/lossoldaditosdeplomo.com\/wp-content\/uploads\/2019\/05\/galarreta-Drum-MajorLine-RegmtPrussia1807-Recibidos-x-.jpg\"><img loading=\"lazy\" decoding=\"async\" width=\"800\" height=\"600\" data-id=\"7264\" src=\"https:\/\/lossoldaditosdeplomo.com\/wp-content\/uploads\/2019\/05\/galarreta-Drum-MajorLine-RegmtPrussia1807-Recibidos-x-.jpg\" alt=\"\" class=\"wp-image-7264\" srcset=\"https:\/\/lossoldaditosdeplomo.com\/wp-content\/uploads\/2019\/05\/galarreta-Drum-MajorLine-RegmtPrussia1807-Recibidos-x-.jpg 800w, https:\/\/lossoldaditosdeplomo.com\/wp-content\/uploads\/2019\/05\/galarreta-Drum-MajorLine-RegmtPrussia1807-Recibidos-x--300x225.jpg 300w, https:\/\/lossoldaditosdeplomo.com\/wp-content\/uploads\/2019\/05\/galarreta-Drum-MajorLine-RegmtPrussia1807-Recibidos-x--768x576.jpg 768w, https:\/\/lossoldaditosdeplomo.com\/wp-content\/uploads\/2019\/05\/galarreta-Drum-MajorLine-RegmtPrussia1807-Recibidos-x--1200x900.jpg 1200w\" sizes=\"auto, (max-width: 800px) 85vw, 800px\" \/><\/a><figcaption class=\"wp-element-caption\">Tambor mayor regimiento de linea Prusiano, 1807<\/figcaption><\/figure>\n\n\n\n<figure class=\"wp-block-image size-large\"><a href=\"https:\/\/lossoldaditosdeplomo.com\/wp-content\/uploads\/2019\/05\/galarreta-Drum-MajorLine-Regmt1809-.jpg\"><img loading=\"lazy\" decoding=\"async\" width=\"800\" height=\"600\" data-id=\"7265\" src=\"https:\/\/lossoldaditosdeplomo.com\/wp-content\/uploads\/2019\/05\/galarreta-Drum-MajorLine-Regmt1809-.jpg\" alt=\"\" class=\"wp-image-7265\" srcset=\"https:\/\/lossoldaditosdeplomo.com\/wp-content\/uploads\/2019\/05\/galarreta-Drum-MajorLine-Regmt1809-.jpg 800w, https:\/\/lossoldaditosdeplomo.com\/wp-content\/uploads\/2019\/05\/galarreta-Drum-MajorLine-Regmt1809--300x225.jpg 300w, https:\/\/lossoldaditosdeplomo.com\/wp-content\/uploads\/2019\/05\/galarreta-Drum-MajorLine-Regmt1809--768x576.jpg 768w, https:\/\/lossoldaditosdeplomo.com\/wp-content\/uploads\/2019\/05\/galarreta-Drum-MajorLine-Regmt1809--1200x900.jpg 1200w\" sizes=\"auto, (max-width: 800px) 85vw, 800px\" \/><\/a><figcaption class=\"wp-element-caption\">Tambor mayor regimiento de l\u00ednea, 1809<\/figcaption><\/figure>\n\n\n\n<figure class=\"wp-block-image size-large\"><a href=\"https:\/\/lossoldaditosdeplomo.com\/wp-content\/uploads\/2019\/05\/galarreta-Tambor-Mayor-Infanteri\u0301a-de-li\u0301nea-Italia-1807.jpg\"><img loading=\"lazy\" decoding=\"async\" width=\"800\" height=\"600\" data-id=\"7268\" src=\"https:\/\/lossoldaditosdeplomo.com\/wp-content\/uploads\/2019\/05\/galarreta-Tambor-Mayor-Infanteri\u0301a-de-li\u0301nea-Italia-1807.jpg\" alt=\"\" class=\"wp-image-7268\" srcset=\"https:\/\/lossoldaditosdeplomo.com\/wp-content\/uploads\/2019\/05\/galarreta-Tambor-Mayor-Infanteri\u0301a-de-li\u0301nea-Italia-1807.jpg 800w, https:\/\/lossoldaditosdeplomo.com\/wp-content\/uploads\/2019\/05\/galarreta-Tambor-Mayor-Infanteri\u0301a-de-li\u0301nea-Italia-1807-300x225.jpg 300w, https:\/\/lossoldaditosdeplomo.com\/wp-content\/uploads\/2019\/05\/galarreta-Tambor-Mayor-Infanteri\u0301a-de-li\u0301nea-Italia-1807-768x576.jpg 768w, https:\/\/lossoldaditosdeplomo.com\/wp-content\/uploads\/2019\/05\/galarreta-Tambor-Mayor-Infanteri\u0301a-de-li\u0301nea-Italia-1807-1200x900.jpg 1200w\" sizes=\"auto, (max-width: 800px) 85vw, 800px\" \/><\/a><figcaption class=\"wp-element-caption\">Tambor mayor infanter\u00eda de l\u00ednea, Italia 1807<\/figcaption><\/figure>\n\n\n\n<figure class=\"wp-block-image size-large\"><a href=\"https:\/\/lossoldaditosdeplomo.com\/wp-content\/uploads\/2019\/05\/Galarreta-Tambor-Mayor-del-17\u00ba-Rgto.-Li\u0301nea-1809.jpg\"><img loading=\"lazy\" decoding=\"async\" width=\"800\" height=\"600\" data-id=\"7270\" src=\"https:\/\/lossoldaditosdeplomo.com\/wp-content\/uploads\/2019\/05\/Galarreta-Tambor-Mayor-del-17\u00ba-Rgto.-Li\u0301nea-1809.jpg\" alt=\"\" class=\"wp-image-7270\" srcset=\"https:\/\/lossoldaditosdeplomo.com\/wp-content\/uploads\/2019\/05\/Galarreta-Tambor-Mayor-del-17\u00ba-Rgto.-Li\u0301nea-1809.jpg 800w, https:\/\/lossoldaditosdeplomo.com\/wp-content\/uploads\/2019\/05\/Galarreta-Tambor-Mayor-del-17\u00ba-Rgto.-Li\u0301nea-1809-300x225.jpg 300w, https:\/\/lossoldaditosdeplomo.com\/wp-content\/uploads\/2019\/05\/Galarreta-Tambor-Mayor-del-17\u00ba-Rgto.-Li\u0301nea-1809-768x576.jpg 768w, https:\/\/lossoldaditosdeplomo.com\/wp-content\/uploads\/2019\/05\/Galarreta-Tambor-Mayor-del-17\u00ba-Rgto.-Li\u0301nea-1809-1200x900.jpg 1200w\" sizes=\"auto, (max-width: 800px) 85vw, 800px\" \/><\/a><figcaption class=\"wp-element-caption\">Tambor mayor del 17\u00ba regimiento de l\u00ednea, 1809<\/figcaption><\/figure>\n\n\n\n<figure class=\"wp-block-image size-large\"><a href=\"https:\/\/lossoldaditosdeplomo.com\/wp-content\/uploads\/2019\/05\/galarreta-Tambor-Mayor-Granaderos-a-pie-1806.jpg\"><img loading=\"lazy\" decoding=\"async\" width=\"800\" height=\"600\" data-id=\"7271\" src=\"https:\/\/lossoldaditosdeplomo.com\/wp-content\/uploads\/2019\/05\/galarreta-Tambor-Mayor-Granaderos-a-pie-1806.jpg\" alt=\"\" class=\"wp-image-7271\" srcset=\"https:\/\/lossoldaditosdeplomo.com\/wp-content\/uploads\/2019\/05\/galarreta-Tambor-Mayor-Granaderos-a-pie-1806.jpg 800w, https:\/\/lossoldaditosdeplomo.com\/wp-content\/uploads\/2019\/05\/galarreta-Tambor-Mayor-Granaderos-a-pie-1806-300x225.jpg 300w, https:\/\/lossoldaditosdeplomo.com\/wp-content\/uploads\/2019\/05\/galarreta-Tambor-Mayor-Granaderos-a-pie-1806-768x576.jpg 768w, https:\/\/lossoldaditosdeplomo.com\/wp-content\/uploads\/2019\/05\/galarreta-Tambor-Mayor-Granaderos-a-pie-1806-1200x900.jpg 1200w\" sizes=\"auto, (max-width: 800px) 85vw, 800px\" \/><\/a><figcaption class=\"wp-element-caption\">Tambor mayor de granaderos a pie, 1806<\/figcaption><\/figure>\n\n\n\n<figure class=\"wp-block-image size-large\"><a href=\"https:\/\/lossoldaditosdeplomo.com\/wp-content\/uploads\/2019\/05\/galarreta-Tambor-Mayor-Rgto.-Suizo.-1813.jpg\"><img loading=\"lazy\" decoding=\"async\" width=\"800\" height=\"600\" data-id=\"7273\" src=\"https:\/\/lossoldaditosdeplomo.com\/wp-content\/uploads\/2019\/05\/galarreta-Tambor-Mayor-Rgto.-Suizo.-1813.jpg\" alt=\"\" class=\"wp-image-7273\" srcset=\"https:\/\/lossoldaditosdeplomo.com\/wp-content\/uploads\/2019\/05\/galarreta-Tambor-Mayor-Rgto.-Suizo.-1813.jpg 800w, https:\/\/lossoldaditosdeplomo.com\/wp-content\/uploads\/2019\/05\/galarreta-Tambor-Mayor-Rgto.-Suizo.-1813-300x225.jpg 300w, https:\/\/lossoldaditosdeplomo.com\/wp-content\/uploads\/2019\/05\/galarreta-Tambor-Mayor-Rgto.-Suizo.-1813-768x576.jpg 768w, https:\/\/lossoldaditosdeplomo.com\/wp-content\/uploads\/2019\/05\/galarreta-Tambor-Mayor-Rgto.-Suizo.-1813-1200x900.jpg 1200w\" sizes=\"auto, (max-width: 800px) 85vw, 800px\" \/><\/a><figcaption class=\"wp-element-caption\">Tambor mayor regimiento Suizo, 1813<\/figcaption><\/figure>\n\n\n\n<figure class=\"wp-block-image size-large\"><a href=\"https:\/\/lossoldaditosdeplomo.com\/wp-content\/uploads\/2019\/05\/Galarreta-Tambor-Mayor-Rgto.-Li\u0301nea-1809.jpg\"><img loading=\"lazy\" decoding=\"async\" width=\"800\" height=\"600\" data-id=\"7275\" src=\"https:\/\/lossoldaditosdeplomo.com\/wp-content\/uploads\/2019\/05\/Galarreta-Tambor-Mayor-Rgto.-Li\u0301nea-1809.jpg\" alt=\"\" class=\"wp-image-7275\" srcset=\"https:\/\/lossoldaditosdeplomo.com\/wp-content\/uploads\/2019\/05\/Galarreta-Tambor-Mayor-Rgto.-Li\u0301nea-1809.jpg 800w, https:\/\/lossoldaditosdeplomo.com\/wp-content\/uploads\/2019\/05\/Galarreta-Tambor-Mayor-Rgto.-Li\u0301nea-1809-300x225.jpg 300w, https:\/\/lossoldaditosdeplomo.com\/wp-content\/uploads\/2019\/05\/Galarreta-Tambor-Mayor-Rgto.-Li\u0301nea-1809-768x576.jpg 768w, https:\/\/lossoldaditosdeplomo.com\/wp-content\/uploads\/2019\/05\/Galarreta-Tambor-Mayor-Rgto.-Li\u0301nea-1809-1200x900.jpg 1200w\" sizes=\"auto, (max-width: 800px) 85vw, 800px\" \/><\/a><figcaption class=\"wp-element-caption\">Tambor mayor regimiento de l\u00ednea 1809<\/figcaption><\/figure>\n\n\n\n<figure class=\"wp-block-image size-large\"><a href=\"https:\/\/lossoldaditosdeplomo.com\/wp-content\/uploads\/2019\/05\/galarreta-Drum-MajorLine-Regmt.1809.jpg\"><img loading=\"lazy\" decoding=\"async\" width=\"800\" height=\"600\" data-id=\"7276\" src=\"https:\/\/lossoldaditosdeplomo.com\/wp-content\/uploads\/2019\/05\/galarreta-Drum-MajorLine-Regmt.1809.jpg\" alt=\"\" class=\"wp-image-7276\" srcset=\"https:\/\/lossoldaditosdeplomo.com\/wp-content\/uploads\/2019\/05\/galarreta-Drum-MajorLine-Regmt.1809.jpg 800w, https:\/\/lossoldaditosdeplomo.com\/wp-content\/uploads\/2019\/05\/galarreta-Drum-MajorLine-Regmt.1809-300x225.jpg 300w, https:\/\/lossoldaditosdeplomo.com\/wp-content\/uploads\/2019\/05\/galarreta-Drum-MajorLine-Regmt.1809-768x576.jpg 768w, https:\/\/lossoldaditosdeplomo.com\/wp-content\/uploads\/2019\/05\/galarreta-Drum-MajorLine-Regmt.1809-1200x900.jpg 1200w\" sizes=\"auto, (max-width: 800px) 85vw, 800px\" \/><\/a><figcaption class=\"wp-element-caption\">Tambor mayor regoimiento de l\u00ednea 1809<\/figcaption><\/figure>\n\n\n\n<figure class=\"wp-block-image size-large\"><a href=\"https:\/\/lossoldaditosdeplomo.com\/wp-content\/uploads\/2019\/05\/galarretaDrum-Major-Siliakus3rd.Regmt_.-GrenadiersOld-Guard-Recibidos-x-.jpg\"><img loading=\"lazy\" decoding=\"async\" width=\"800\" height=\"600\" data-id=\"7278\" src=\"https:\/\/lossoldaditosdeplomo.com\/wp-content\/uploads\/2019\/05\/galarretaDrum-Major-Siliakus3rd.Regmt_.-GrenadiersOld-Guard-Recibidos-x-.jpg\" alt=\"\" class=\"wp-image-7278\" srcset=\"https:\/\/lossoldaditosdeplomo.com\/wp-content\/uploads\/2019\/05\/galarretaDrum-Major-Siliakus3rd.Regmt_.-GrenadiersOld-Guard-Recibidos-x-.jpg 800w, https:\/\/lossoldaditosdeplomo.com\/wp-content\/uploads\/2019\/05\/galarretaDrum-Major-Siliakus3rd.Regmt_.-GrenadiersOld-Guard-Recibidos-x--300x225.jpg 300w, https:\/\/lossoldaditosdeplomo.com\/wp-content\/uploads\/2019\/05\/galarretaDrum-Major-Siliakus3rd.Regmt_.-GrenadiersOld-Guard-Recibidos-x--768x576.jpg 768w, https:\/\/lossoldaditosdeplomo.com\/wp-content\/uploads\/2019\/05\/galarretaDrum-Major-Siliakus3rd.Regmt_.-GrenadiersOld-Guard-Recibidos-x--1200x900.jpg 1200w\" sizes=\"auto, (max-width: 800px) 85vw, 800px\" \/><\/a><figcaption class=\"wp-element-caption\">Tambor mayor &#8220;Siliakus&#8221; 3\u00ba Rgto. granaderos de la Vieja Guardia<\/figcaption><\/figure>\n\n\n\n<figure class=\"wp-block-image size-large\"><a href=\"https:\/\/lossoldaditosdeplomo.com\/wp-content\/uploads\/2019\/05\/Galarreta-Tambor-Mayor-Rgto.Li\u0301nea-1813.jpg\"><img loading=\"lazy\" decoding=\"async\" width=\"800\" height=\"600\" data-id=\"7280\" src=\"https:\/\/lossoldaditosdeplomo.com\/wp-content\/uploads\/2019\/05\/Galarreta-Tambor-Mayor-Rgto.Li\u0301nea-1813.jpg\" alt=\"\" class=\"wp-image-7280\" srcset=\"https:\/\/lossoldaditosdeplomo.com\/wp-content\/uploads\/2019\/05\/Galarreta-Tambor-Mayor-Rgto.Li\u0301nea-1813.jpg 800w, https:\/\/lossoldaditosdeplomo.com\/wp-content\/uploads\/2019\/05\/Galarreta-Tambor-Mayor-Rgto.Li\u0301nea-1813-300x225.jpg 300w, https:\/\/lossoldaditosdeplomo.com\/wp-content\/uploads\/2019\/05\/Galarreta-Tambor-Mayor-Rgto.Li\u0301nea-1813-768x576.jpg 768w, https:\/\/lossoldaditosdeplomo.com\/wp-content\/uploads\/2019\/05\/Galarreta-Tambor-Mayor-Rgto.Li\u0301nea-1813-1200x900.jpg 1200w\" sizes=\"auto, (max-width: 800px) 85vw, 800px\" \/><\/a><figcaption class=\"wp-element-caption\">Tambor mayor regimiento de l\u00ednea, 1813<\/figcaption><\/figure>\n<\/figure>\n\n\n\n<!--nextpage-->\n\n\n\n<p class=\"has-text-align-center\" style=\"font-size:24px\">SERIE 2:     Ej\u00e9rcito Franc\u00e9s 1800-1815 <\/p>\n\n\n\n<figure class=\"wp-block-image\"><a href=\"https:\/\/lossoldaditosdeplomo.com\/wp-content\/uploads\/2019\/05\/dragones.jpg\"><img loading=\"lazy\" decoding=\"async\" width=\"800\" height=\"600\" src=\"https:\/\/lossoldaditosdeplomo.com\/wp-content\/uploads\/2019\/05\/dragones.jpg\" alt=\"\" class=\"wp-image-6990\" srcset=\"https:\/\/lossoldaditosdeplomo.com\/wp-content\/uploads\/2019\/05\/dragones.jpg 800w, https:\/\/lossoldaditosdeplomo.com\/wp-content\/uploads\/2019\/05\/dragones-300x225.jpg 300w, https:\/\/lossoldaditosdeplomo.com\/wp-content\/uploads\/2019\/05\/dragones-768x576.jpg 768w, https:\/\/lossoldaditosdeplomo.com\/wp-content\/uploads\/2019\/05\/dragones-1200x900.jpg 1200w\" sizes=\"auto, (max-width: 800px) 85vw, 800px\" \/><\/a><\/figure>\n\n\n\n<p class=\"has-text-align-center\">2.1    GUARDIA IMPERIAL<\/p>\n\n\n\n<figure class=\"wp-block-gallery has-nested-images columns-1 is-cropped wp-block-gallery-4 is-layout-flex wp-block-gallery-is-layout-flex\">\n<figure class=\"wp-block-image size-large\"><a href=\"https:\/\/lossoldaditosdeplomo.com\/wp-content\/uploads\/2019\/05\/trompeta-de-la-guardia-imperial.jpg\"><img loading=\"lazy\" decoding=\"async\" width=\"800\" height=\"600\" data-id=\"6997\" src=\"https:\/\/lossoldaditosdeplomo.com\/wp-content\/uploads\/2019\/05\/trompeta-de-la-guardia-imperial.jpg\" alt=\"\" class=\"wp-image-6997\" srcset=\"https:\/\/lossoldaditosdeplomo.com\/wp-content\/uploads\/2019\/05\/trompeta-de-la-guardia-imperial.jpg 800w, https:\/\/lossoldaditosdeplomo.com\/wp-content\/uploads\/2019\/05\/trompeta-de-la-guardia-imperial-300x225.jpg 300w, https:\/\/lossoldaditosdeplomo.com\/wp-content\/uploads\/2019\/05\/trompeta-de-la-guardia-imperial-768x576.jpg 768w, https:\/\/lossoldaditosdeplomo.com\/wp-content\/uploads\/2019\/05\/trompeta-de-la-guardia-imperial-1200x900.jpg 1200w\" sizes=\"auto, (max-width: 800px) 85vw, 800px\" \/><\/a><figcaption class=\"wp-element-caption\">21-D  <br>Trompeta de la Guardia Imperial 1800-1815<\/figcaption><\/figure>\n\n\n\n<figure class=\"wp-block-image size-large\"><a href=\"https:\/\/lossoldaditosdeplomo.com\/wp-content\/uploads\/2019\/05\/21a-oficial-de-la-guradia-imperial-1806-.jpg\"><img loading=\"lazy\" decoding=\"async\" width=\"800\" height=\"600\" data-id=\"6999\" src=\"https:\/\/lossoldaditosdeplomo.com\/wp-content\/uploads\/2019\/05\/21a-oficial-de-la-guradia-imperial-1806-.jpg\" alt=\"\" class=\"wp-image-6999\" srcset=\"https:\/\/lossoldaditosdeplomo.com\/wp-content\/uploads\/2019\/05\/21a-oficial-de-la-guradia-imperial-1806-.jpg 800w, https:\/\/lossoldaditosdeplomo.com\/wp-content\/uploads\/2019\/05\/21a-oficial-de-la-guradia-imperial-1806--300x225.jpg 300w, https:\/\/lossoldaditosdeplomo.com\/wp-content\/uploads\/2019\/05\/21a-oficial-de-la-guradia-imperial-1806--768x576.jpg 768w, https:\/\/lossoldaditosdeplomo.com\/wp-content\/uploads\/2019\/05\/21a-oficial-de-la-guradia-imperial-1806--1200x900.jpg 1200w\" sizes=\"auto, (max-width: 800px) 85vw, 800px\" \/><\/a><figcaption class=\"wp-element-caption\">21-A<br>Oficial de la Guardia Imperial 1806<\/figcaption><\/figure>\n\n\n\n<figure class=\"wp-block-image size-large\"><a href=\"https:\/\/lossoldaditosdeplomo.com\/wp-content\/uploads\/2019\/05\/21b-Abanderado-de-la-Guardia-Imperial.jpg\"><img loading=\"lazy\" decoding=\"async\" width=\"800\" height=\"600\" data-id=\"7001\" src=\"https:\/\/lossoldaditosdeplomo.com\/wp-content\/uploads\/2019\/05\/21b-Abanderado-de-la-Guardia-Imperial.jpg\" alt=\"\" class=\"wp-image-7001\" srcset=\"https:\/\/lossoldaditosdeplomo.com\/wp-content\/uploads\/2019\/05\/21b-Abanderado-de-la-Guardia-Imperial.jpg 800w, https:\/\/lossoldaditosdeplomo.com\/wp-content\/uploads\/2019\/05\/21b-Abanderado-de-la-Guardia-Imperial-300x225.jpg 300w, https:\/\/lossoldaditosdeplomo.com\/wp-content\/uploads\/2019\/05\/21b-Abanderado-de-la-Guardia-Imperial-768x576.jpg 768w, https:\/\/lossoldaditosdeplomo.com\/wp-content\/uploads\/2019\/05\/21b-Abanderado-de-la-Guardia-Imperial-1200x900.jpg 1200w\" sizes=\"auto, (max-width: 800px) 85vw, 800px\" \/><\/a><figcaption class=\"wp-element-caption\">21-B<br>Abanderado de la Guardia Imperial<\/figcaption><\/figure>\n\n\n\n<figure class=\"wp-block-image size-large\"><a href=\"https:\/\/lossoldaditosdeplomo.com\/wp-content\/uploads\/2019\/05\/2-oficial-de-la-guardia-imperial.jpg\"><img loading=\"lazy\" decoding=\"async\" width=\"800\" height=\"600\" data-id=\"7003\" src=\"https:\/\/lossoldaditosdeplomo.com\/wp-content\/uploads\/2019\/05\/2-oficial-de-la-guardia-imperial.jpg\" alt=\"\" class=\"wp-image-7003\" srcset=\"https:\/\/lossoldaditosdeplomo.com\/wp-content\/uploads\/2019\/05\/2-oficial-de-la-guardia-imperial.jpg 800w, https:\/\/lossoldaditosdeplomo.com\/wp-content\/uploads\/2019\/05\/2-oficial-de-la-guardia-imperial-300x225.jpg 300w, https:\/\/lossoldaditosdeplomo.com\/wp-content\/uploads\/2019\/05\/2-oficial-de-la-guardia-imperial-768x576.jpg 768w, https:\/\/lossoldaditosdeplomo.com\/wp-content\/uploads\/2019\/05\/2-oficial-de-la-guardia-imperial-1200x900.jpg 1200w\" sizes=\"auto, (max-width: 800px) 85vw, 800px\" \/><\/a><figcaption class=\"wp-element-caption\">Oficial de Granaderos de la Guardia<\/figcaption><\/figure>\n\n\n\n<figure class=\"wp-block-image size-large\"><a href=\"https:\/\/lossoldaditosdeplomo.com\/wp-content\/uploads\/2019\/05\/oficial-de-granaderos.jpg\"><img loading=\"lazy\" decoding=\"async\" width=\"800\" height=\"600\" data-id=\"7005\" src=\"https:\/\/lossoldaditosdeplomo.com\/wp-content\/uploads\/2019\/05\/oficial-de-granaderos.jpg\" alt=\"\" class=\"wp-image-7005\" srcset=\"https:\/\/lossoldaditosdeplomo.com\/wp-content\/uploads\/2019\/05\/oficial-de-granaderos.jpg 800w, https:\/\/lossoldaditosdeplomo.com\/wp-content\/uploads\/2019\/05\/oficial-de-granaderos-300x225.jpg 300w, https:\/\/lossoldaditosdeplomo.com\/wp-content\/uploads\/2019\/05\/oficial-de-granaderos-768x576.jpg 768w, https:\/\/lossoldaditosdeplomo.com\/wp-content\/uploads\/2019\/05\/oficial-de-granaderos-1200x900.jpg 1200w\" sizes=\"auto, (max-width: 800px) 85vw, 800px\" \/><\/a><figcaption class=\"wp-element-caption\">Oficial de Granaderos <br><\/figcaption><\/figure>\n\n\n\n<figure class=\"wp-block-image size-large\"><a href=\"https:\/\/lossoldaditosdeplomo.com\/wp-content\/uploads\/2019\/05\/trompeta-de-granaderos.jpg\"><img loading=\"lazy\" decoding=\"async\" width=\"800\" height=\"600\" data-id=\"7006\" src=\"https:\/\/lossoldaditosdeplomo.com\/wp-content\/uploads\/2019\/05\/trompeta-de-granaderos.jpg\" alt=\"\" class=\"wp-image-7006\" srcset=\"https:\/\/lossoldaditosdeplomo.com\/wp-content\/uploads\/2019\/05\/trompeta-de-granaderos.jpg 800w, https:\/\/lossoldaditosdeplomo.com\/wp-content\/uploads\/2019\/05\/trompeta-de-granaderos-300x225.jpg 300w, https:\/\/lossoldaditosdeplomo.com\/wp-content\/uploads\/2019\/05\/trompeta-de-granaderos-768x576.jpg 768w, https:\/\/lossoldaditosdeplomo.com\/wp-content\/uploads\/2019\/05\/trompeta-de-granaderos-1200x900.jpg 1200w\" sizes=\"auto, (max-width: 800px) 85vw, 800px\" \/><\/a><figcaption class=\"wp-element-caption\">Trompeta de granaderos<\/figcaption><\/figure>\n<\/figure>\n\n\n\n<p class=\"has-text-align-center\">2.2    DRAGONES<\/p>\n\n\n\n<figure class=\"wp-block-gallery has-nested-images columns-1 is-cropped wp-block-gallery-5 is-layout-flex wp-block-gallery-is-layout-flex\">\n<figure class=\"wp-block-image size-large\"><a href=\"https:\/\/lossoldaditosdeplomo.com\/wp-content\/uploads\/2019\/05\/22-e-trompeta-de-dragones.jpg\"><img loading=\"lazy\" decoding=\"async\" width=\"800\" height=\"600\" data-id=\"7007\" src=\"https:\/\/lossoldaditosdeplomo.com\/wp-content\/uploads\/2019\/05\/22-e-trompeta-de-dragones.jpg\" alt=\"\" class=\"wp-image-7007\" srcset=\"https:\/\/lossoldaditosdeplomo.com\/wp-content\/uploads\/2019\/05\/22-e-trompeta-de-dragones.jpg 800w, https:\/\/lossoldaditosdeplomo.com\/wp-content\/uploads\/2019\/05\/22-e-trompeta-de-dragones-300x225.jpg 300w, https:\/\/lossoldaditosdeplomo.com\/wp-content\/uploads\/2019\/05\/22-e-trompeta-de-dragones-768x576.jpg 768w, https:\/\/lossoldaditosdeplomo.com\/wp-content\/uploads\/2019\/05\/22-e-trompeta-de-dragones-1200x900.jpg 1200w\" sizes=\"auto, (max-width: 800px) 85vw, 800px\" \/><\/a><figcaption class=\"wp-element-caption\">Trompeta de Dragones 22-e<\/figcaption><\/figure>\n\n\n\n<figure class=\"wp-block-image size-large\"><a href=\"https:\/\/lossoldaditosdeplomo.com\/wp-content\/uploads\/2019\/05\/22-A-Oficial-de-dragones-1806.jpg\"><img loading=\"lazy\" decoding=\"async\" width=\"800\" height=\"600\" data-id=\"7010\" src=\"https:\/\/lossoldaditosdeplomo.com\/wp-content\/uploads\/2019\/05\/22-A-Oficial-de-dragones-1806.jpg\" alt=\"\" class=\"wp-image-7010\" srcset=\"https:\/\/lossoldaditosdeplomo.com\/wp-content\/uploads\/2019\/05\/22-A-Oficial-de-dragones-1806.jpg 800w, https:\/\/lossoldaditosdeplomo.com\/wp-content\/uploads\/2019\/05\/22-A-Oficial-de-dragones-1806-300x225.jpg 300w, https:\/\/lossoldaditosdeplomo.com\/wp-content\/uploads\/2019\/05\/22-A-Oficial-de-dragones-1806-768x576.jpg 768w, https:\/\/lossoldaditosdeplomo.com\/wp-content\/uploads\/2019\/05\/22-A-Oficial-de-dragones-1806-1200x900.jpg 1200w\" sizes=\"auto, (max-width: 800px) 85vw, 800px\" \/><\/a><figcaption class=\"wp-element-caption\">Oficial de Dragones  22-a<\/figcaption><\/figure>\n\n\n\n<figure class=\"wp-block-image size-large\"><a href=\"https:\/\/lossoldaditosdeplomo.com\/wp-content\/uploads\/2019\/05\/22-c-soldado-de-dragones.jpg\"><img loading=\"lazy\" decoding=\"async\" width=\"800\" height=\"600\" data-id=\"7012\" src=\"https:\/\/lossoldaditosdeplomo.com\/wp-content\/uploads\/2019\/05\/22-c-soldado-de-dragones.jpg\" alt=\"\" class=\"wp-image-7012\" srcset=\"https:\/\/lossoldaditosdeplomo.com\/wp-content\/uploads\/2019\/05\/22-c-soldado-de-dragones.jpg 800w, https:\/\/lossoldaditosdeplomo.com\/wp-content\/uploads\/2019\/05\/22-c-soldado-de-dragones-300x225.jpg 300w, https:\/\/lossoldaditosdeplomo.com\/wp-content\/uploads\/2019\/05\/22-c-soldado-de-dragones-768x576.jpg 768w, https:\/\/lossoldaditosdeplomo.com\/wp-content\/uploads\/2019\/05\/22-c-soldado-de-dragones-1200x900.jpg 1200w\" sizes=\"auto, (max-width: 800px) 85vw, 800px\" \/><\/a><figcaption class=\"wp-element-caption\">Soldado de Dragones  22-c<\/figcaption><\/figure>\n\n\n\n<figure class=\"wp-block-image size-large\"><a href=\"https:\/\/lossoldaditosdeplomo.com\/wp-content\/uploads\/2019\/05\/22-c-soldado-de-dragones-en-traje-de-campan\u0303a.jpg\"><img loading=\"lazy\" decoding=\"async\" width=\"800\" height=\"600\" data-id=\"7014\" src=\"https:\/\/lossoldaditosdeplomo.com\/wp-content\/uploads\/2019\/05\/22-c-soldado-de-dragones-en-traje-de-campan\u0303a.jpg\" alt=\"\" class=\"wp-image-7014\" srcset=\"https:\/\/lossoldaditosdeplomo.com\/wp-content\/uploads\/2019\/05\/22-c-soldado-de-dragones-en-traje-de-campan\u0303a.jpg 800w, https:\/\/lossoldaditosdeplomo.com\/wp-content\/uploads\/2019\/05\/22-c-soldado-de-dragones-en-traje-de-campan\u0303a-300x225.jpg 300w, https:\/\/lossoldaditosdeplomo.com\/wp-content\/uploads\/2019\/05\/22-c-soldado-de-dragones-en-traje-de-campan\u0303a-768x576.jpg 768w, https:\/\/lossoldaditosdeplomo.com\/wp-content\/uploads\/2019\/05\/22-c-soldado-de-dragones-en-traje-de-campan\u0303a-1200x900.jpg 1200w\" sizes=\"auto, (max-width: 800px) 85vw, 800px\" \/><\/a><figcaption class=\"wp-element-caption\">Soldado de Dragones  22-c<\/figcaption><\/figure>\n\n\n\n<figure class=\"wp-block-image size-large\"><a href=\"https:\/\/lossoldaditosdeplomo.com\/wp-content\/uploads\/2019\/05\/22-b-abanderado-de-dragones.jpg\"><img loading=\"lazy\" decoding=\"async\" width=\"800\" height=\"600\" data-id=\"7015\" src=\"https:\/\/lossoldaditosdeplomo.com\/wp-content\/uploads\/2019\/05\/22-b-abanderado-de-dragones.jpg\" alt=\"\" class=\"wp-image-7015\" srcset=\"https:\/\/lossoldaditosdeplomo.com\/wp-content\/uploads\/2019\/05\/22-b-abanderado-de-dragones.jpg 800w, https:\/\/lossoldaditosdeplomo.com\/wp-content\/uploads\/2019\/05\/22-b-abanderado-de-dragones-300x225.jpg 300w, https:\/\/lossoldaditosdeplomo.com\/wp-content\/uploads\/2019\/05\/22-b-abanderado-de-dragones-768x576.jpg 768w, https:\/\/lossoldaditosdeplomo.com\/wp-content\/uploads\/2019\/05\/22-b-abanderado-de-dragones-1200x900.jpg 1200w\" sizes=\"auto, (max-width: 800px) 85vw, 800px\" \/><\/a><figcaption class=\"wp-element-caption\">Abanderado de Dragones  22-b<\/figcaption><\/figure>\n\n\n\n<figure class=\"wp-block-image size-large\"><a href=\"https:\/\/lossoldaditosdeplomo.com\/wp-content\/uploads\/2019\/05\/trompeta-de-dragones-1806.jpg\"><img loading=\"lazy\" decoding=\"async\" width=\"800\" height=\"600\" data-id=\"7017\" src=\"https:\/\/lossoldaditosdeplomo.com\/wp-content\/uploads\/2019\/05\/trompeta-de-dragones-1806.jpg\" alt=\"\" class=\"wp-image-7017\" srcset=\"https:\/\/lossoldaditosdeplomo.com\/wp-content\/uploads\/2019\/05\/trompeta-de-dragones-1806.jpg 800w, https:\/\/lossoldaditosdeplomo.com\/wp-content\/uploads\/2019\/05\/trompeta-de-dragones-1806-300x225.jpg 300w, https:\/\/lossoldaditosdeplomo.com\/wp-content\/uploads\/2019\/05\/trompeta-de-dragones-1806-768x576.jpg 768w, https:\/\/lossoldaditosdeplomo.com\/wp-content\/uploads\/2019\/05\/trompeta-de-dragones-1806-1200x900.jpg 1200w\" sizes=\"auto, (max-width: 800px) 85vw, 800px\" \/><\/a><figcaption class=\"wp-element-caption\">Trompeta de Dragones 1806<\/figcaption><\/figure>\n\n\n\n<figure class=\"wp-block-image size-large\"><a href=\"https:\/\/lossoldaditosdeplomo.com\/wp-content\/uploads\/2019\/05\/dragon-1806.jpg\"><img loading=\"lazy\" decoding=\"async\" width=\"800\" height=\"600\" data-id=\"7019\" src=\"https:\/\/lossoldaditosdeplomo.com\/wp-content\/uploads\/2019\/05\/dragon-1806.jpg\" alt=\"\" class=\"wp-image-7019\" srcset=\"https:\/\/lossoldaditosdeplomo.com\/wp-content\/uploads\/2019\/05\/dragon-1806.jpg 800w, https:\/\/lossoldaditosdeplomo.com\/wp-content\/uploads\/2019\/05\/dragon-1806-300x225.jpg 300w, https:\/\/lossoldaditosdeplomo.com\/wp-content\/uploads\/2019\/05\/dragon-1806-768x576.jpg 768w, https:\/\/lossoldaditosdeplomo.com\/wp-content\/uploads\/2019\/05\/dragon-1806-1200x900.jpg 1200w\" sizes=\"auto, (max-width: 800px) 85vw, 800px\" \/><\/a><figcaption class=\"wp-element-caption\">Drag\u00f3n 1806<\/figcaption><\/figure>\n\n\n\n<figure class=\"wp-block-image size-large\"><a href=\"https:\/\/lossoldaditosdeplomo.com\/wp-content\/uploads\/2019\/05\/trompeta-dragon-1806.jpg\"><img loading=\"lazy\" decoding=\"async\" width=\"800\" height=\"600\" data-id=\"7021\" src=\"https:\/\/lossoldaditosdeplomo.com\/wp-content\/uploads\/2019\/05\/trompeta-dragon-1806.jpg\" alt=\"\" class=\"wp-image-7021\" srcset=\"https:\/\/lossoldaditosdeplomo.com\/wp-content\/uploads\/2019\/05\/trompeta-dragon-1806.jpg 800w, https:\/\/lossoldaditosdeplomo.com\/wp-content\/uploads\/2019\/05\/trompeta-dragon-1806-300x225.jpg 300w, https:\/\/lossoldaditosdeplomo.com\/wp-content\/uploads\/2019\/05\/trompeta-dragon-1806-768x576.jpg 768w, https:\/\/lossoldaditosdeplomo.com\/wp-content\/uploads\/2019\/05\/trompeta-dragon-1806-1200x900.jpg 1200w\" sizes=\"auto, (max-width: 800px) 85vw, 800px\" \/><\/a><figcaption class=\"wp-element-caption\">Trompeta de Dragones 1806<\/figcaption><\/figure>\n\n\n\n<figure class=\"wp-block-image size-large\"><a href=\"https:\/\/lossoldaditosdeplomo.com\/wp-content\/uploads\/2019\/05\/sr-dragon-soldado.jpg\"><img loading=\"lazy\" decoding=\"async\" width=\"800\" height=\"600\" data-id=\"7024\" src=\"https:\/\/lossoldaditosdeplomo.com\/wp-content\/uploads\/2019\/05\/sr-dragon-soldado.jpg\" alt=\"\" class=\"wp-image-7024\" srcset=\"https:\/\/lossoldaditosdeplomo.com\/wp-content\/uploads\/2019\/05\/sr-dragon-soldado.jpg 800w, https:\/\/lossoldaditosdeplomo.com\/wp-content\/uploads\/2019\/05\/sr-dragon-soldado-300x225.jpg 300w, https:\/\/lossoldaditosdeplomo.com\/wp-content\/uploads\/2019\/05\/sr-dragon-soldado-768x576.jpg 768w, https:\/\/lossoldaditosdeplomo.com\/wp-content\/uploads\/2019\/05\/sr-dragon-soldado-1200x900.jpg 1200w\" sizes=\"auto, (max-width: 800px) 85vw, 800px\" \/><\/a><figcaption class=\"wp-element-caption\">Drag\u00f3n, Soldado<\/figcaption><\/figure>\n<\/figure>\n\n\n\n<p class=\"has-text-align-center\">2.3     LANCEROS<\/p>\n\n\n\n<figure class=\"wp-block-image\"><a href=\"https:\/\/lossoldaditosdeplomo.com\/wp-content\/uploads\/2019\/05\/lanceros.jpg\"><img loading=\"lazy\" decoding=\"async\" width=\"800\" height=\"600\" src=\"https:\/\/lossoldaditosdeplomo.com\/wp-content\/uploads\/2019\/05\/lanceros.jpg\" alt=\"\" class=\"wp-image-6988\" srcset=\"https:\/\/lossoldaditosdeplomo.com\/wp-content\/uploads\/2019\/05\/lanceros.jpg 800w, https:\/\/lossoldaditosdeplomo.com\/wp-content\/uploads\/2019\/05\/lanceros-300x225.jpg 300w, https:\/\/lossoldaditosdeplomo.com\/wp-content\/uploads\/2019\/05\/lanceros-768x576.jpg 768w, https:\/\/lossoldaditosdeplomo.com\/wp-content\/uploads\/2019\/05\/lanceros-1200x900.jpg 1200w\" sizes=\"auto, (max-width: 800px) 85vw, 800px\" \/><\/a><\/figure>\n\n\n\n<figure class=\"wp-block-gallery has-nested-images columns-1 is-cropped wp-block-gallery-6 is-layout-flex wp-block-gallery-is-layout-flex\">\n<figure class=\"wp-block-image size-large\"><a href=\"https:\/\/lossoldaditosdeplomo.com\/wp-content\/uploads\/2019\/05\/23-i-Lancero-Gala-1812.jpg\"><img loading=\"lazy\" decoding=\"async\" width=\"800\" height=\"600\" data-id=\"7026\" src=\"https:\/\/lossoldaditosdeplomo.com\/wp-content\/uploads\/2019\/05\/23-i-Lancero-Gala-1812.jpg\" alt=\"\" class=\"wp-image-7026\" srcset=\"https:\/\/lossoldaditosdeplomo.com\/wp-content\/uploads\/2019\/05\/23-i-Lancero-Gala-1812.jpg 800w, https:\/\/lossoldaditosdeplomo.com\/wp-content\/uploads\/2019\/05\/23-i-Lancero-Gala-1812-300x225.jpg 300w, https:\/\/lossoldaditosdeplomo.com\/wp-content\/uploads\/2019\/05\/23-i-Lancero-Gala-1812-768x576.jpg 768w, https:\/\/lossoldaditosdeplomo.com\/wp-content\/uploads\/2019\/05\/23-i-Lancero-Gala-1812-1200x900.jpg 1200w\" sizes=\"auto, (max-width: 800px) 85vw, 800px\" \/><\/a><figcaption class=\"wp-element-caption\">Lancero de Gala. 1812   23-i<\/figcaption><\/figure>\n\n\n\n<figure class=\"wp-block-image size-large\"><a href=\"https:\/\/lossoldaditosdeplomo.com\/wp-content\/uploads\/2019\/05\/23-A-oficial-del-1\u00ba-Rgto-Lanceros.jpg\"><img loading=\"lazy\" decoding=\"async\" width=\"800\" height=\"600\" data-id=\"7027\" src=\"https:\/\/lossoldaditosdeplomo.com\/wp-content\/uploads\/2019\/05\/23-A-oficial-del-1\u00ba-Rgto-Lanceros.jpg\" alt=\"\" class=\"wp-image-7027\" srcset=\"https:\/\/lossoldaditosdeplomo.com\/wp-content\/uploads\/2019\/05\/23-A-oficial-del-1\u00ba-Rgto-Lanceros.jpg 800w, https:\/\/lossoldaditosdeplomo.com\/wp-content\/uploads\/2019\/05\/23-A-oficial-del-1\u00ba-Rgto-Lanceros-300x225.jpg 300w, https:\/\/lossoldaditosdeplomo.com\/wp-content\/uploads\/2019\/05\/23-A-oficial-del-1\u00ba-Rgto-Lanceros-768x576.jpg 768w, https:\/\/lossoldaditosdeplomo.com\/wp-content\/uploads\/2019\/05\/23-A-oficial-del-1\u00ba-Rgto-Lanceros-1200x900.jpg 1200w\" sizes=\"auto, (max-width: 800px) 85vw, 800px\" \/><\/a><figcaption class=\"wp-element-caption\">Oficial del 1er Rgt. de Lanceros  23-a<\/figcaption><\/figure>\n\n\n\n<figure class=\"wp-block-image size-large\"><a href=\"https:\/\/lossoldaditosdeplomo.com\/wp-content\/uploads\/2019\/05\/23-H-Abanderado-lanceros.jpg\"><img loading=\"lazy\" decoding=\"async\" width=\"800\" height=\"600\" data-id=\"7028\" src=\"https:\/\/lossoldaditosdeplomo.com\/wp-content\/uploads\/2019\/05\/23-H-Abanderado-lanceros.jpg\" alt=\"\" class=\"wp-image-7028\" srcset=\"https:\/\/lossoldaditosdeplomo.com\/wp-content\/uploads\/2019\/05\/23-H-Abanderado-lanceros.jpg 800w, https:\/\/lossoldaditosdeplomo.com\/wp-content\/uploads\/2019\/05\/23-H-Abanderado-lanceros-300x225.jpg 300w, https:\/\/lossoldaditosdeplomo.com\/wp-content\/uploads\/2019\/05\/23-H-Abanderado-lanceros-768x576.jpg 768w, https:\/\/lossoldaditosdeplomo.com\/wp-content\/uploads\/2019\/05\/23-H-Abanderado-lanceros-1200x900.jpg 1200w\" sizes=\"auto, (max-width: 800px) 85vw, 800px\" \/><\/a><figcaption class=\"wp-element-caption\">Abanderado de Lanceros  23-h<\/figcaption><\/figure>\n\n\n\n<figure class=\"wp-block-image size-large\"><a href=\"https:\/\/lossoldaditosdeplomo.com\/wp-content\/uploads\/2019\/05\/23-g-Trompeta-de-gala-1808.jpg\"><img loading=\"lazy\" decoding=\"async\" width=\"800\" height=\"600\" data-id=\"7029\" src=\"https:\/\/lossoldaditosdeplomo.com\/wp-content\/uploads\/2019\/05\/23-g-Trompeta-de-gala-1808.jpg\" alt=\"\" class=\"wp-image-7029\" srcset=\"https:\/\/lossoldaditosdeplomo.com\/wp-content\/uploads\/2019\/05\/23-g-Trompeta-de-gala-1808.jpg 800w, https:\/\/lossoldaditosdeplomo.com\/wp-content\/uploads\/2019\/05\/23-g-Trompeta-de-gala-1808-300x225.jpg 300w, https:\/\/lossoldaditosdeplomo.com\/wp-content\/uploads\/2019\/05\/23-g-Trompeta-de-gala-1808-768x576.jpg 768w, https:\/\/lossoldaditosdeplomo.com\/wp-content\/uploads\/2019\/05\/23-g-Trompeta-de-gala-1808-1200x900.jpg 1200w\" sizes=\"auto, (max-width: 800px) 85vw, 800px\" \/><\/a><figcaption class=\"wp-element-caption\">Trompeta de gala, 1808  23-g<\/figcaption><\/figure>\n\n\n\n<figure class=\"wp-block-image size-large\"><a href=\"https:\/\/lossoldaditosdeplomo.com\/wp-content\/uploads\/2019\/05\/23-d-soldado-traje-campan\u0303a.jpg\"><img loading=\"lazy\" decoding=\"async\" width=\"800\" height=\"600\" data-id=\"7031\" src=\"https:\/\/lossoldaditosdeplomo.com\/wp-content\/uploads\/2019\/05\/23-d-soldado-traje-campan\u0303a.jpg\" alt=\"\" class=\"wp-image-7031\" srcset=\"https:\/\/lossoldaditosdeplomo.com\/wp-content\/uploads\/2019\/05\/23-d-soldado-traje-campan\u0303a.jpg 800w, https:\/\/lossoldaditosdeplomo.com\/wp-content\/uploads\/2019\/05\/23-d-soldado-traje-campan\u0303a-300x225.jpg 300w, https:\/\/lossoldaditosdeplomo.com\/wp-content\/uploads\/2019\/05\/23-d-soldado-traje-campan\u0303a-768x576.jpg 768w, https:\/\/lossoldaditosdeplomo.com\/wp-content\/uploads\/2019\/05\/23-d-soldado-traje-campan\u0303a-1200x900.jpg 1200w\" sizes=\"auto, (max-width: 800px) 85vw, 800px\" \/><\/a><figcaption class=\"wp-element-caption\">Soldado uniforme de campa\u00f1a  23-d<\/figcaption><\/figure>\n\n\n\n<figure class=\"wp-block-image size-large\"><a href=\"https:\/\/lossoldaditosdeplomo.com\/wp-content\/uploads\/2019\/05\/serie-1-22-General-Colbert.jpg\"><img loading=\"lazy\" decoding=\"async\" width=\"800\" height=\"600\" data-id=\"7033\" src=\"https:\/\/lossoldaditosdeplomo.com\/wp-content\/uploads\/2019\/05\/serie-1-22-General-Colbert.jpg\" alt=\"\" class=\"wp-image-7033\" srcset=\"https:\/\/lossoldaditosdeplomo.com\/wp-content\/uploads\/2019\/05\/serie-1-22-General-Colbert.jpg 800w, https:\/\/lossoldaditosdeplomo.com\/wp-content\/uploads\/2019\/05\/serie-1-22-General-Colbert-300x225.jpg 300w, https:\/\/lossoldaditosdeplomo.com\/wp-content\/uploads\/2019\/05\/serie-1-22-General-Colbert-768x576.jpg 768w, https:\/\/lossoldaditosdeplomo.com\/wp-content\/uploads\/2019\/05\/serie-1-22-General-Colbert-1200x900.jpg 1200w\" sizes=\"auto, (max-width: 800px) 85vw, 800px\" \/><\/a><figcaption class=\"wp-element-caption\">General Colbert , Serie1 -22<\/figcaption><\/figure>\n\n\n\n<figure class=\"wp-block-image size-large\"><a href=\"https:\/\/lossoldaditosdeplomo.com\/wp-content\/uploads\/2019\/05\/23-e-trompeta-Espan\u0303a-1812.jpg\"><img loading=\"lazy\" decoding=\"async\" width=\"800\" height=\"600\" data-id=\"7034\" src=\"https:\/\/lossoldaditosdeplomo.com\/wp-content\/uploads\/2019\/05\/23-e-trompeta-Espan\u0303a-1812.jpg\" alt=\"\" class=\"wp-image-7034\" srcset=\"https:\/\/lossoldaditosdeplomo.com\/wp-content\/uploads\/2019\/05\/23-e-trompeta-Espan\u0303a-1812.jpg 800w, https:\/\/lossoldaditosdeplomo.com\/wp-content\/uploads\/2019\/05\/23-e-trompeta-Espan\u0303a-1812-300x225.jpg 300w, https:\/\/lossoldaditosdeplomo.com\/wp-content\/uploads\/2019\/05\/23-e-trompeta-Espan\u0303a-1812-768x576.jpg 768w, https:\/\/lossoldaditosdeplomo.com\/wp-content\/uploads\/2019\/05\/23-e-trompeta-Espan\u0303a-1812-1200x900.jpg 1200w\" sizes=\"auto, (max-width: 800px) 85vw, 800px\" \/><\/a><figcaption class=\"wp-element-caption\">Trompeta, Espa\u00f1a 1812  23-e<\/figcaption><\/figure>\n\n\n\n<figure class=\"wp-block-image size-large\"><a href=\"https:\/\/lossoldaditosdeplomo.com\/wp-content\/uploads\/2019\/05\/23-c-Lancero-de-gala.jpg\"><img loading=\"lazy\" decoding=\"async\" width=\"800\" height=\"600\" data-id=\"7035\" src=\"https:\/\/lossoldaditosdeplomo.com\/wp-content\/uploads\/2019\/05\/23-c-Lancero-de-gala.jpg\" alt=\"\" class=\"wp-image-7035\" srcset=\"https:\/\/lossoldaditosdeplomo.com\/wp-content\/uploads\/2019\/05\/23-c-Lancero-de-gala.jpg 800w, https:\/\/lossoldaditosdeplomo.com\/wp-content\/uploads\/2019\/05\/23-c-Lancero-de-gala-300x225.jpg 300w, https:\/\/lossoldaditosdeplomo.com\/wp-content\/uploads\/2019\/05\/23-c-Lancero-de-gala-768x576.jpg 768w, https:\/\/lossoldaditosdeplomo.com\/wp-content\/uploads\/2019\/05\/23-c-Lancero-de-gala-1200x900.jpg 1200w\" sizes=\"auto, (max-width: 800px) 85vw, 800px\" \/><\/a><figcaption class=\"wp-element-caption\">Lancero de Gala  23-c<\/figcaption><\/figure>\n\n\n\n<figure class=\"wp-block-image size-large\"><a href=\"https:\/\/lossoldaditosdeplomo.com\/wp-content\/uploads\/2019\/05\/sr-lancero.jpg\"><img loading=\"lazy\" decoding=\"async\" width=\"800\" height=\"600\" data-id=\"7036\" src=\"https:\/\/lossoldaditosdeplomo.com\/wp-content\/uploads\/2019\/05\/sr-lancero.jpg\" alt=\"\" class=\"wp-image-7036\" srcset=\"https:\/\/lossoldaditosdeplomo.com\/wp-content\/uploads\/2019\/05\/sr-lancero.jpg 800w, https:\/\/lossoldaditosdeplomo.com\/wp-content\/uploads\/2019\/05\/sr-lancero-300x225.jpg 300w, https:\/\/lossoldaditosdeplomo.com\/wp-content\/uploads\/2019\/05\/sr-lancero-768x576.jpg 768w, https:\/\/lossoldaditosdeplomo.com\/wp-content\/uploads\/2019\/05\/sr-lancero-1200x900.jpg 1200w\" sizes=\"auto, (max-width: 800px) 85vw, 800px\" \/><\/a><figcaption class=\"wp-element-caption\">Lancero<\/figcaption><\/figure>\n\n\n\n<figure class=\"wp-block-image size-large\"><a href=\"https:\/\/lossoldaditosdeplomo.com\/wp-content\/uploads\/2019\/05\/sr-lancero-de-gala.jpg\"><img loading=\"lazy\" decoding=\"async\" width=\"800\" height=\"600\" data-id=\"7037\" src=\"https:\/\/lossoldaditosdeplomo.com\/wp-content\/uploads\/2019\/05\/sr-lancero-de-gala.jpg\" alt=\"\" class=\"wp-image-7037\" srcset=\"https:\/\/lossoldaditosdeplomo.com\/wp-content\/uploads\/2019\/05\/sr-lancero-de-gala.jpg 800w, https:\/\/lossoldaditosdeplomo.com\/wp-content\/uploads\/2019\/05\/sr-lancero-de-gala-300x225.jpg 300w, https:\/\/lossoldaditosdeplomo.com\/wp-content\/uploads\/2019\/05\/sr-lancero-de-gala-768x576.jpg 768w, https:\/\/lossoldaditosdeplomo.com\/wp-content\/uploads\/2019\/05\/sr-lancero-de-gala-1200x900.jpg 1200w\" sizes=\"auto, (max-width: 800px) 85vw, 800px\" \/><\/a><figcaption class=\"wp-element-caption\">Lancero de gala<\/figcaption><\/figure>\n\n\n\n<figure class=\"wp-block-image size-large\"><a href=\"https:\/\/lossoldaditosdeplomo.com\/wp-content\/uploads\/2019\/05\/sr-lancero-morado.jpg\"><img loading=\"lazy\" decoding=\"async\" width=\"800\" height=\"600\" data-id=\"7038\" src=\"https:\/\/lossoldaditosdeplomo.com\/wp-content\/uploads\/2019\/05\/sr-lancero-morado.jpg\" alt=\"\" class=\"wp-image-7038\" srcset=\"https:\/\/lossoldaditosdeplomo.com\/wp-content\/uploads\/2019\/05\/sr-lancero-morado.jpg 800w, https:\/\/lossoldaditosdeplomo.com\/wp-content\/uploads\/2019\/05\/sr-lancero-morado-300x225.jpg 300w, https:\/\/lossoldaditosdeplomo.com\/wp-content\/uploads\/2019\/05\/sr-lancero-morado-768x576.jpg 768w, https:\/\/lossoldaditosdeplomo.com\/wp-content\/uploads\/2019\/05\/sr-lancero-morado-1200x900.jpg 1200w\" sizes=\"auto, (max-width: 800px) 85vw, 800px\" \/><\/a><figcaption class=\"wp-element-caption\">Lancero morado<\/figcaption><\/figure>\n\n\n\n<figure class=\"wp-block-image size-large\"><a href=\"https:\/\/lossoldaditosdeplomo.com\/wp-content\/uploads\/2019\/05\/sr-lancero-rojo.jpg\"><img loading=\"lazy\" decoding=\"async\" width=\"800\" height=\"600\" data-id=\"7039\" src=\"https:\/\/lossoldaditosdeplomo.com\/wp-content\/uploads\/2019\/05\/sr-lancero-rojo.jpg\" alt=\"\" class=\"wp-image-7039\" srcset=\"https:\/\/lossoldaditosdeplomo.com\/wp-content\/uploads\/2019\/05\/sr-lancero-rojo.jpg 800w, https:\/\/lossoldaditosdeplomo.com\/wp-content\/uploads\/2019\/05\/sr-lancero-rojo-300x225.jpg 300w, https:\/\/lossoldaditosdeplomo.com\/wp-content\/uploads\/2019\/05\/sr-lancero-rojo-768x576.jpg 768w, https:\/\/lossoldaditosdeplomo.com\/wp-content\/uploads\/2019\/05\/sr-lancero-rojo-1200x900.jpg 1200w\" sizes=\"auto, (max-width: 800px) 85vw, 800px\" \/><\/a><figcaption class=\"wp-element-caption\">Lancero rojo<\/figcaption><\/figure>\n\n\n\n<figure class=\"wp-block-image size-large\"><a href=\"https:\/\/lossoldaditosdeplomo.com\/wp-content\/uploads\/2019\/05\/sr-oficial-de-lanceros.jpg\"><img loading=\"lazy\" decoding=\"async\" width=\"800\" height=\"600\" data-id=\"7040\" src=\"https:\/\/lossoldaditosdeplomo.com\/wp-content\/uploads\/2019\/05\/sr-oficial-de-lanceros.jpg\" alt=\"\" class=\"wp-image-7040\" srcset=\"https:\/\/lossoldaditosdeplomo.com\/wp-content\/uploads\/2019\/05\/sr-oficial-de-lanceros.jpg 800w, https:\/\/lossoldaditosdeplomo.com\/wp-content\/uploads\/2019\/05\/sr-oficial-de-lanceros-300x225.jpg 300w, https:\/\/lossoldaditosdeplomo.com\/wp-content\/uploads\/2019\/05\/sr-oficial-de-lanceros-768x576.jpg 768w, https:\/\/lossoldaditosdeplomo.com\/wp-content\/uploads\/2019\/05\/sr-oficial-de-lanceros-1200x900.jpg 1200w\" sizes=\"auto, (max-width: 800px) 85vw, 800px\" \/><\/a><figcaption class=\"wp-element-caption\">Oficial de lanceros<\/figcaption><\/figure>\n<\/figure>\n\n\n\n<p class=\"has-text-align-center\">2.4 CAZADORES A CABALLO<\/p>\n\n\n\n<figure class=\"wp-block-image\"><a href=\"https:\/\/lossoldaditosdeplomo.com\/wp-content\/uploads\/2019\/05\/cazadores-a-caballo.jpg\"><img loading=\"lazy\" decoding=\"async\" width=\"800\" height=\"600\" src=\"https:\/\/lossoldaditosdeplomo.com\/wp-content\/uploads\/2019\/05\/cazadores-a-caballo.jpg\" alt=\"\" class=\"wp-image-6986\" srcset=\"https:\/\/lossoldaditosdeplomo.com\/wp-content\/uploads\/2019\/05\/cazadores-a-caballo.jpg 800w, https:\/\/lossoldaditosdeplomo.com\/wp-content\/uploads\/2019\/05\/cazadores-a-caballo-300x225.jpg 300w, https:\/\/lossoldaditosdeplomo.com\/wp-content\/uploads\/2019\/05\/cazadores-a-caballo-768x576.jpg 768w, https:\/\/lossoldaditosdeplomo.com\/wp-content\/uploads\/2019\/05\/cazadores-a-caballo-1200x900.jpg 1200w\" sizes=\"auto, (max-width: 800px) 85vw, 800px\" \/><\/a><\/figure>\n\n\n\n<figure class=\"wp-block-gallery has-nested-images columns-1 is-cropped wp-block-gallery-7 is-layout-flex wp-block-gallery-is-layout-flex\">\n<figure class=\"wp-block-image size-large\"><a href=\"https:\/\/lossoldaditosdeplomo.com\/wp-content\/uploads\/2019\/05\/24-h-Cazador-a-caballo.jpg\"><img loading=\"lazy\" decoding=\"async\" width=\"800\" height=\"600\" data-id=\"7043\" src=\"https:\/\/lossoldaditosdeplomo.com\/wp-content\/uploads\/2019\/05\/24-h-Cazador-a-caballo.jpg\" alt=\"\" class=\"wp-image-7043\" srcset=\"https:\/\/lossoldaditosdeplomo.com\/wp-content\/uploads\/2019\/05\/24-h-Cazador-a-caballo.jpg 800w, https:\/\/lossoldaditosdeplomo.com\/wp-content\/uploads\/2019\/05\/24-h-Cazador-a-caballo-300x225.jpg 300w, https:\/\/lossoldaditosdeplomo.com\/wp-content\/uploads\/2019\/05\/24-h-Cazador-a-caballo-768x576.jpg 768w, https:\/\/lossoldaditosdeplomo.com\/wp-content\/uploads\/2019\/05\/24-h-Cazador-a-caballo-1200x900.jpg 1200w\" sizes=\"auto, (max-width: 800px) 85vw, 800px\" \/><\/a><figcaption class=\"wp-element-caption\">24-H<br>Trompeta uniforme de diario 1806<\/figcaption><\/figure>\n\n\n\n<figure class=\"wp-block-image size-large\"><a href=\"https:\/\/lossoldaditosdeplomo.com\/wp-content\/uploads\/2019\/05\/24-d-uniforme-de-diario.jpg\"><img loading=\"lazy\" decoding=\"async\" width=\"800\" height=\"600\" data-id=\"7044\" src=\"https:\/\/lossoldaditosdeplomo.com\/wp-content\/uploads\/2019\/05\/24-d-uniforme-de-diario.jpg\" alt=\"\" class=\"wp-image-7044\" srcset=\"https:\/\/lossoldaditosdeplomo.com\/wp-content\/uploads\/2019\/05\/24-d-uniforme-de-diario.jpg 800w, https:\/\/lossoldaditosdeplomo.com\/wp-content\/uploads\/2019\/05\/24-d-uniforme-de-diario-300x225.jpg 300w, https:\/\/lossoldaditosdeplomo.com\/wp-content\/uploads\/2019\/05\/24-d-uniforme-de-diario-768x576.jpg 768w, https:\/\/lossoldaditosdeplomo.com\/wp-content\/uploads\/2019\/05\/24-d-uniforme-de-diario-1200x900.jpg 1200w\" sizes=\"auto, (max-width: 800px) 85vw, 800px\" \/><\/a><figcaption class=\"wp-element-caption\">24-D<br>Soldado de diario<\/figcaption><\/figure>\n\n\n\n<figure class=\"wp-block-image size-large\"><a href=\"https:\/\/lossoldaditosdeplomo.com\/wp-content\/uploads\/2019\/05\/24-b-oficial-uniforme-de-diario.jpg\"><img loading=\"lazy\" decoding=\"async\" width=\"800\" height=\"600\" data-id=\"7045\" src=\"https:\/\/lossoldaditosdeplomo.com\/wp-content\/uploads\/2019\/05\/24-b-oficial-uniforme-de-diario.jpg\" alt=\"\" class=\"wp-image-7045\" srcset=\"https:\/\/lossoldaditosdeplomo.com\/wp-content\/uploads\/2019\/05\/24-b-oficial-uniforme-de-diario.jpg 800w, https:\/\/lossoldaditosdeplomo.com\/wp-content\/uploads\/2019\/05\/24-b-oficial-uniforme-de-diario-300x225.jpg 300w, https:\/\/lossoldaditosdeplomo.com\/wp-content\/uploads\/2019\/05\/24-b-oficial-uniforme-de-diario-768x576.jpg 768w, https:\/\/lossoldaditosdeplomo.com\/wp-content\/uploads\/2019\/05\/24-b-oficial-uniforme-de-diario-1200x900.jpg 1200w\" sizes=\"auto, (max-width: 800px) 85vw, 800px\" \/><\/a><figcaption class=\"wp-element-caption\">24-B<br>Oficial uniforme de diario<\/figcaption><\/figure>\n\n\n\n<figure class=\"wp-block-image size-large\"><a href=\"https:\/\/lossoldaditosdeplomo.com\/wp-content\/uploads\/2019\/05\/24-c-soldado-de-gala.jpg\"><img loading=\"lazy\" decoding=\"async\" width=\"800\" height=\"600\" data-id=\"7046\" src=\"https:\/\/lossoldaditosdeplomo.com\/wp-content\/uploads\/2019\/05\/24-c-soldado-de-gala.jpg\" alt=\"\" class=\"wp-image-7046\" srcset=\"https:\/\/lossoldaditosdeplomo.com\/wp-content\/uploads\/2019\/05\/24-c-soldado-de-gala.jpg 800w, https:\/\/lossoldaditosdeplomo.com\/wp-content\/uploads\/2019\/05\/24-c-soldado-de-gala-300x225.jpg 300w, https:\/\/lossoldaditosdeplomo.com\/wp-content\/uploads\/2019\/05\/24-c-soldado-de-gala-768x576.jpg 768w, https:\/\/lossoldaditosdeplomo.com\/wp-content\/uploads\/2019\/05\/24-c-soldado-de-gala-1200x900.jpg 1200w\" sizes=\"auto, (max-width: 800px) 85vw, 800px\" \/><\/a><figcaption class=\"wp-element-caption\">24-A<br>Oficial  de Gala<\/figcaption><\/figure>\n\n\n\n<figure class=\"wp-block-image size-large\"><a href=\"https:\/\/lossoldaditosdeplomo.com\/wp-content\/uploads\/2019\/05\/24-c-soldado-de-gala-a.jpg\"><img loading=\"lazy\" decoding=\"async\" width=\"800\" height=\"600\" data-id=\"7047\" src=\"https:\/\/lossoldaditosdeplomo.com\/wp-content\/uploads\/2019\/05\/24-c-soldado-de-gala-a.jpg\" alt=\"\" class=\"wp-image-7047\" srcset=\"https:\/\/lossoldaditosdeplomo.com\/wp-content\/uploads\/2019\/05\/24-c-soldado-de-gala-a.jpg 800w, https:\/\/lossoldaditosdeplomo.com\/wp-content\/uploads\/2019\/05\/24-c-soldado-de-gala-a-300x225.jpg 300w, https:\/\/lossoldaditosdeplomo.com\/wp-content\/uploads\/2019\/05\/24-c-soldado-de-gala-a-768x576.jpg 768w, https:\/\/lossoldaditosdeplomo.com\/wp-content\/uploads\/2019\/05\/24-c-soldado-de-gala-a-1200x900.jpg 1200w\" sizes=\"auto, (max-width: 800px) 85vw, 800px\" \/><\/a><figcaption class=\"wp-element-caption\">24-C<br>Soldado de Gala<\/figcaption><\/figure>\n\n\n\n<figure class=\"wp-block-image size-large\"><a href=\"https:\/\/lossoldaditosdeplomo.com\/wp-content\/uploads\/2019\/05\/sr-oficial-de-gala-cazador-a-caballo.jpg\"><img loading=\"lazy\" decoding=\"async\" width=\"800\" height=\"600\" data-id=\"7048\" src=\"https:\/\/lossoldaditosdeplomo.com\/wp-content\/uploads\/2019\/05\/sr-oficial-de-gala-cazador-a-caballo.jpg\" alt=\"\" class=\"wp-image-7048\" srcset=\"https:\/\/lossoldaditosdeplomo.com\/wp-content\/uploads\/2019\/05\/sr-oficial-de-gala-cazador-a-caballo.jpg 800w, https:\/\/lossoldaditosdeplomo.com\/wp-content\/uploads\/2019\/05\/sr-oficial-de-gala-cazador-a-caballo-300x225.jpg 300w, https:\/\/lossoldaditosdeplomo.com\/wp-content\/uploads\/2019\/05\/sr-oficial-de-gala-cazador-a-caballo-768x576.jpg 768w, https:\/\/lossoldaditosdeplomo.com\/wp-content\/uploads\/2019\/05\/sr-oficial-de-gala-cazador-a-caballo-1200x900.jpg 1200w\" sizes=\"auto, (max-width: 800px) 85vw, 800px\" \/><\/a><figcaption class=\"wp-element-caption\">s\/r<br>Oficial de gala<\/figcaption><\/figure>\n\n\n\n<figure class=\"wp-block-image size-large\"><a href=\"https:\/\/lossoldaditosdeplomo.com\/wp-content\/uploads\/2019\/05\/sr-trompeta-uniforme-diario-cazador-a-caballo.jpg\"><img loading=\"lazy\" decoding=\"async\" width=\"800\" height=\"600\" data-id=\"7049\" src=\"https:\/\/lossoldaditosdeplomo.com\/wp-content\/uploads\/2019\/05\/sr-trompeta-uniforme-diario-cazador-a-caballo.jpg\" alt=\"\" class=\"wp-image-7049\" srcset=\"https:\/\/lossoldaditosdeplomo.com\/wp-content\/uploads\/2019\/05\/sr-trompeta-uniforme-diario-cazador-a-caballo.jpg 800w, https:\/\/lossoldaditosdeplomo.com\/wp-content\/uploads\/2019\/05\/sr-trompeta-uniforme-diario-cazador-a-caballo-300x225.jpg 300w, https:\/\/lossoldaditosdeplomo.com\/wp-content\/uploads\/2019\/05\/sr-trompeta-uniforme-diario-cazador-a-caballo-768x576.jpg 768w, https:\/\/lossoldaditosdeplomo.com\/wp-content\/uploads\/2019\/05\/sr-trompeta-uniforme-diario-cazador-a-caballo-1200x900.jpg 1200w\" sizes=\"auto, (max-width: 800px) 85vw, 800px\" \/><\/a><figcaption class=\"wp-element-caption\">s\/r<br>Trompeta uniforme de diario 1806<\/figcaption><\/figure>\n\n\n\n<figure class=\"wp-block-image size-large\"><a href=\"https:\/\/lossoldaditosdeplomo.com\/wp-content\/uploads\/2019\/05\/cazador-a-caballo-soldado-de-diario.jpg\"><img loading=\"lazy\" decoding=\"async\" width=\"800\" height=\"600\" data-id=\"7050\" src=\"https:\/\/lossoldaditosdeplomo.com\/wp-content\/uploads\/2019\/05\/cazador-a-caballo-soldado-de-diario.jpg\" alt=\"\" class=\"wp-image-7050\" srcset=\"https:\/\/lossoldaditosdeplomo.com\/wp-content\/uploads\/2019\/05\/cazador-a-caballo-soldado-de-diario.jpg 800w, https:\/\/lossoldaditosdeplomo.com\/wp-content\/uploads\/2019\/05\/cazador-a-caballo-soldado-de-diario-300x225.jpg 300w, https:\/\/lossoldaditosdeplomo.com\/wp-content\/uploads\/2019\/05\/cazador-a-caballo-soldado-de-diario-768x576.jpg 768w, https:\/\/lossoldaditosdeplomo.com\/wp-content\/uploads\/2019\/05\/cazador-a-caballo-soldado-de-diario-1200x900.jpg 1200w\" sizes=\"auto, (max-width: 800px) 85vw, 800px\" \/><\/a><figcaption class=\"wp-element-caption\">s\/r<br>Soldado de diario<\/figcaption><\/figure>\n\n\n\n<figure class=\"wp-block-image size-large\"><a href=\"https:\/\/lossoldaditosdeplomo.com\/wp-content\/uploads\/2019\/05\/sr-trompeta-uniforme-de-diario-cazador-a-caballo.jpg\"><img loading=\"lazy\" decoding=\"async\" width=\"800\" height=\"600\" data-id=\"7051\" src=\"https:\/\/lossoldaditosdeplomo.com\/wp-content\/uploads\/2019\/05\/sr-trompeta-uniforme-de-diario-cazador-a-caballo.jpg\" alt=\"\" class=\"wp-image-7051\" srcset=\"https:\/\/lossoldaditosdeplomo.com\/wp-content\/uploads\/2019\/05\/sr-trompeta-uniforme-de-diario-cazador-a-caballo.jpg 800w, https:\/\/lossoldaditosdeplomo.com\/wp-content\/uploads\/2019\/05\/sr-trompeta-uniforme-de-diario-cazador-a-caballo-300x225.jpg 300w, https:\/\/lossoldaditosdeplomo.com\/wp-content\/uploads\/2019\/05\/sr-trompeta-uniforme-de-diario-cazador-a-caballo-768x576.jpg 768w, https:\/\/lossoldaditosdeplomo.com\/wp-content\/uploads\/2019\/05\/sr-trompeta-uniforme-de-diario-cazador-a-caballo-1200x900.jpg 1200w\" sizes=\"auto, (max-width: 800px) 85vw, 800px\" \/><\/a><figcaption class=\"wp-element-caption\">s\/r <br>Trompeta uniforme de diario 1806<\/figcaption><\/figure>\n\n\n\n<figure class=\"wp-block-image size-large\"><a href=\"https:\/\/lossoldaditosdeplomo.com\/wp-content\/uploads\/2019\/05\/husar-adc.jpg\"><img loading=\"lazy\" decoding=\"async\" width=\"800\" height=\"600\" data-id=\"7094\" src=\"https:\/\/lossoldaditosdeplomo.com\/wp-content\/uploads\/2019\/05\/husar-adc.jpg\" alt=\"\" class=\"wp-image-7094\" srcset=\"https:\/\/lossoldaditosdeplomo.com\/wp-content\/uploads\/2019\/05\/husar-adc.jpg 800w, https:\/\/lossoldaditosdeplomo.com\/wp-content\/uploads\/2019\/05\/husar-adc-300x225.jpg 300w, https:\/\/lossoldaditosdeplomo.com\/wp-content\/uploads\/2019\/05\/husar-adc-768x576.jpg 768w, https:\/\/lossoldaditosdeplomo.com\/wp-content\/uploads\/2019\/05\/husar-adc-1200x900.jpg 1200w\" sizes=\"auto, (max-width: 800px) 85vw, 800px\" \/><\/a><figcaption class=\"wp-element-caption\">s\/r<br>Oficial  \u00bfADC?<\/figcaption><\/figure>\n<\/figure>\n\n\n\n<p class=\"has-text-align-center\">2.5    ARTILLERIA A CABALLO<\/p>\n\n\n\n<figure class=\"wp-block-image\"><a href=\"https:\/\/lossoldaditosdeplomo.com\/wp-content\/uploads\/2019\/05\/artilleria-a-caballo.jpg\"><img loading=\"lazy\" decoding=\"async\" width=\"800\" height=\"600\" src=\"https:\/\/lossoldaditosdeplomo.com\/wp-content\/uploads\/2019\/05\/artilleria-a-caballo.jpg\" alt=\"\" class=\"wp-image-6985\" srcset=\"https:\/\/lossoldaditosdeplomo.com\/wp-content\/uploads\/2019\/05\/artilleria-a-caballo.jpg 800w, https:\/\/lossoldaditosdeplomo.com\/wp-content\/uploads\/2019\/05\/artilleria-a-caballo-300x225.jpg 300w, https:\/\/lossoldaditosdeplomo.com\/wp-content\/uploads\/2019\/05\/artilleria-a-caballo-768x576.jpg 768w, https:\/\/lossoldaditosdeplomo.com\/wp-content\/uploads\/2019\/05\/artilleria-a-caballo-1200x900.jpg 1200w\" sizes=\"auto, (max-width: 800px) 85vw, 800px\" \/><\/a><\/figure>\n\n\n\n<figure class=\"wp-block-gallery has-nested-images columns-1 is-cropped wp-block-gallery-8 is-layout-flex wp-block-gallery-is-layout-flex\">\n<figure class=\"wp-block-image size-large\"><a href=\"https:\/\/lossoldaditosdeplomo.com\/wp-content\/uploads\/2019\/05\/25-D-artillero-de-gala.jpg\"><img loading=\"lazy\" decoding=\"async\" width=\"800\" height=\"600\" data-id=\"7053\" src=\"https:\/\/lossoldaditosdeplomo.com\/wp-content\/uploads\/2019\/05\/25-D-artillero-de-gala.jpg\" alt=\"\" class=\"wp-image-7053\" srcset=\"https:\/\/lossoldaditosdeplomo.com\/wp-content\/uploads\/2019\/05\/25-D-artillero-de-gala.jpg 800w, https:\/\/lossoldaditosdeplomo.com\/wp-content\/uploads\/2019\/05\/25-D-artillero-de-gala-300x225.jpg 300w, https:\/\/lossoldaditosdeplomo.com\/wp-content\/uploads\/2019\/05\/25-D-artillero-de-gala-768x576.jpg 768w, https:\/\/lossoldaditosdeplomo.com\/wp-content\/uploads\/2019\/05\/25-D-artillero-de-gala-1200x900.jpg 1200w\" sizes=\"auto, (max-width: 800px) 85vw, 800px\" \/><\/a><figcaption class=\"wp-element-caption\">Artillero de gala  25-d<\/figcaption><\/figure>\n\n\n\n<figure class=\"wp-block-image size-large\"><a href=\"https:\/\/lossoldaditosdeplomo.com\/wp-content\/uploads\/2019\/05\/25-A-Oficial-de-gala-1806.jpg\"><img loading=\"lazy\" decoding=\"async\" width=\"800\" height=\"600\" data-id=\"7054\" src=\"https:\/\/lossoldaditosdeplomo.com\/wp-content\/uploads\/2019\/05\/25-A-Oficial-de-gala-1806.jpg\" alt=\"\" class=\"wp-image-7054\" srcset=\"https:\/\/lossoldaditosdeplomo.com\/wp-content\/uploads\/2019\/05\/25-A-Oficial-de-gala-1806.jpg 800w, https:\/\/lossoldaditosdeplomo.com\/wp-content\/uploads\/2019\/05\/25-A-Oficial-de-gala-1806-300x225.jpg 300w, https:\/\/lossoldaditosdeplomo.com\/wp-content\/uploads\/2019\/05\/25-A-Oficial-de-gala-1806-768x576.jpg 768w, https:\/\/lossoldaditosdeplomo.com\/wp-content\/uploads\/2019\/05\/25-A-Oficial-de-gala-1806-1200x900.jpg 1200w\" sizes=\"auto, (max-width: 800px) 85vw, 800px\" \/><\/a><figcaption class=\"wp-element-caption\">Oficial de gala, 1806  25-a<\/figcaption><\/figure>\n\n\n\n<figure class=\"wp-block-image size-large\"><a href=\"https:\/\/lossoldaditosdeplomo.com\/wp-content\/uploads\/2019\/05\/25-G-trompeta-de-campan\u0303a-1808.jpg\"><img loading=\"lazy\" decoding=\"async\" width=\"800\" height=\"600\" data-id=\"7056\" src=\"https:\/\/lossoldaditosdeplomo.com\/wp-content\/uploads\/2019\/05\/25-G-trompeta-de-campan\u0303a-1808.jpg\" alt=\"\" class=\"wp-image-7056\" srcset=\"https:\/\/lossoldaditosdeplomo.com\/wp-content\/uploads\/2019\/05\/25-G-trompeta-de-campan\u0303a-1808.jpg 800w, https:\/\/lossoldaditosdeplomo.com\/wp-content\/uploads\/2019\/05\/25-G-trompeta-de-campan\u0303a-1808-300x225.jpg 300w, https:\/\/lossoldaditosdeplomo.com\/wp-content\/uploads\/2019\/05\/25-G-trompeta-de-campan\u0303a-1808-768x576.jpg 768w, https:\/\/lossoldaditosdeplomo.com\/wp-content\/uploads\/2019\/05\/25-G-trompeta-de-campan\u0303a-1808-1200x900.jpg 1200w\" sizes=\"auto, (max-width: 800px) 85vw, 800px\" \/><\/a><figcaption class=\"wp-element-caption\">Trompeta de campa\u00f1a, 1808  25-g<\/figcaption><\/figure>\n\n\n\n<figure class=\"wp-block-image size-large\"><a href=\"https:\/\/lossoldaditosdeplomo.com\/wp-content\/uploads\/2019\/05\/25-g-trompeta-campan\u0303a-1808-b.jpg\"><img loading=\"lazy\" decoding=\"async\" width=\"800\" height=\"600\" data-id=\"7058\" src=\"https:\/\/lossoldaditosdeplomo.com\/wp-content\/uploads\/2019\/05\/25-g-trompeta-campan\u0303a-1808-b.jpg\" alt=\"\" class=\"wp-image-7058\" srcset=\"https:\/\/lossoldaditosdeplomo.com\/wp-content\/uploads\/2019\/05\/25-g-trompeta-campan\u0303a-1808-b.jpg 800w, https:\/\/lossoldaditosdeplomo.com\/wp-content\/uploads\/2019\/05\/25-g-trompeta-campan\u0303a-1808-b-300x225.jpg 300w, https:\/\/lossoldaditosdeplomo.com\/wp-content\/uploads\/2019\/05\/25-g-trompeta-campan\u0303a-1808-b-768x576.jpg 768w, https:\/\/lossoldaditosdeplomo.com\/wp-content\/uploads\/2019\/05\/25-g-trompeta-campan\u0303a-1808-b-1200x900.jpg 1200w\" sizes=\"auto, (max-width: 800px) 85vw, 800px\" \/><\/a><figcaption class=\"wp-element-caption\">Trompeta de campa\u00f1a, 1806  25-g<\/figcaption><\/figure>\n\n\n\n<figure class=\"wp-block-image size-large\"><a href=\"https:\/\/lossoldaditosdeplomo.com\/wp-content\/uploads\/2019\/05\/25-F-trompeta-de-gala-1808.jpg\"><img loading=\"lazy\" decoding=\"async\" width=\"800\" height=\"600\" data-id=\"7060\" src=\"https:\/\/lossoldaditosdeplomo.com\/wp-content\/uploads\/2019\/05\/25-F-trompeta-de-gala-1808.jpg\" alt=\"\" class=\"wp-image-7060\" srcset=\"https:\/\/lossoldaditosdeplomo.com\/wp-content\/uploads\/2019\/05\/25-F-trompeta-de-gala-1808.jpg 800w, https:\/\/lossoldaditosdeplomo.com\/wp-content\/uploads\/2019\/05\/25-F-trompeta-de-gala-1808-300x225.jpg 300w, https:\/\/lossoldaditosdeplomo.com\/wp-content\/uploads\/2019\/05\/25-F-trompeta-de-gala-1808-768x576.jpg 768w, https:\/\/lossoldaditosdeplomo.com\/wp-content\/uploads\/2019\/05\/25-F-trompeta-de-gala-1808-1200x900.jpg 1200w\" sizes=\"auto, (max-width: 800px) 85vw, 800px\" \/><\/a><figcaption class=\"wp-element-caption\">Trompeta de gala, 1808  25-f<\/figcaption><\/figure>\n\n\n\n<figure class=\"wp-block-image size-large\"><a href=\"https:\/\/lossoldaditosdeplomo.com\/wp-content\/uploads\/2019\/05\/artilleria-a-caballo-oficial.jpg\"><img loading=\"lazy\" decoding=\"async\" width=\"800\" height=\"600\" data-id=\"7062\" src=\"https:\/\/lossoldaditosdeplomo.com\/wp-content\/uploads\/2019\/05\/artilleria-a-caballo-oficial.jpg\" alt=\"\" class=\"wp-image-7062\" srcset=\"https:\/\/lossoldaditosdeplomo.com\/wp-content\/uploads\/2019\/05\/artilleria-a-caballo-oficial.jpg 800w, https:\/\/lossoldaditosdeplomo.com\/wp-content\/uploads\/2019\/05\/artilleria-a-caballo-oficial-300x225.jpg 300w, https:\/\/lossoldaditosdeplomo.com\/wp-content\/uploads\/2019\/05\/artilleria-a-caballo-oficial-768x576.jpg 768w, https:\/\/lossoldaditosdeplomo.com\/wp-content\/uploads\/2019\/05\/artilleria-a-caballo-oficial-1200x900.jpg 1200w\" sizes=\"auto, (max-width: 800px) 85vw, 800px\" \/><\/a><figcaption class=\"wp-element-caption\">Oficial de artiller\u00eda a caballo<\/figcaption><\/figure>\n\n\n\n<figure class=\"wp-block-image size-large\"><a href=\"https:\/\/lossoldaditosdeplomo.com\/wp-content\/uploads\/2019\/05\/25a-oficial-de-gala-2.jpg\"><img loading=\"lazy\" decoding=\"async\" width=\"800\" height=\"600\" data-id=\"7064\" src=\"https:\/\/lossoldaditosdeplomo.com\/wp-content\/uploads\/2019\/05\/25a-oficial-de-gala-2.jpg\" alt=\"\" class=\"wp-image-7064\" srcset=\"https:\/\/lossoldaditosdeplomo.com\/wp-content\/uploads\/2019\/05\/25a-oficial-de-gala-2.jpg 800w, https:\/\/lossoldaditosdeplomo.com\/wp-content\/uploads\/2019\/05\/25a-oficial-de-gala-2-300x225.jpg 300w, https:\/\/lossoldaditosdeplomo.com\/wp-content\/uploads\/2019\/05\/25a-oficial-de-gala-2-768x576.jpg 768w, https:\/\/lossoldaditosdeplomo.com\/wp-content\/uploads\/2019\/05\/25a-oficial-de-gala-2-1200x900.jpg 1200w\" sizes=\"auto, (max-width: 800px) 85vw, 800px\" \/><\/a><figcaption class=\"wp-element-caption\">Oficial de gala  25-a<\/figcaption><\/figure>\n\n\n\n<figure class=\"wp-block-image size-large\"><a href=\"https:\/\/lossoldaditosdeplomo.com\/wp-content\/uploads\/2019\/05\/25-e-artillero-campan\u0303a.jpg\"><img loading=\"lazy\" decoding=\"async\" width=\"800\" height=\"600\" data-id=\"7065\" src=\"https:\/\/lossoldaditosdeplomo.com\/wp-content\/uploads\/2019\/05\/25-e-artillero-campan\u0303a.jpg\" alt=\"\" class=\"wp-image-7065\" srcset=\"https:\/\/lossoldaditosdeplomo.com\/wp-content\/uploads\/2019\/05\/25-e-artillero-campan\u0303a.jpg 800w, https:\/\/lossoldaditosdeplomo.com\/wp-content\/uploads\/2019\/05\/25-e-artillero-campan\u0303a-300x225.jpg 300w, https:\/\/lossoldaditosdeplomo.com\/wp-content\/uploads\/2019\/05\/25-e-artillero-campan\u0303a-768x576.jpg 768w, https:\/\/lossoldaditosdeplomo.com\/wp-content\/uploads\/2019\/05\/25-e-artillero-campan\u0303a-1200x900.jpg 1200w\" sizes=\"auto, (max-width: 800px) 85vw, 800px\" \/><\/a><figcaption class=\"wp-element-caption\">Artillero de campa\u00f1a  25-e<\/figcaption><\/figure>\n\n\n\n<figure class=\"wp-block-image size-large\"><a href=\"https:\/\/lossoldaditosdeplomo.com\/wp-content\/uploads\/2019\/05\/sr-artillero-de-gala.jpg\"><img loading=\"lazy\" decoding=\"async\" width=\"800\" height=\"600\" data-id=\"7066\" src=\"https:\/\/lossoldaditosdeplomo.com\/wp-content\/uploads\/2019\/05\/sr-artillero-de-gala.jpg\" alt=\"\" class=\"wp-image-7066\" srcset=\"https:\/\/lossoldaditosdeplomo.com\/wp-content\/uploads\/2019\/05\/sr-artillero-de-gala.jpg 800w, https:\/\/lossoldaditosdeplomo.com\/wp-content\/uploads\/2019\/05\/sr-artillero-de-gala-300x225.jpg 300w, https:\/\/lossoldaditosdeplomo.com\/wp-content\/uploads\/2019\/05\/sr-artillero-de-gala-768x576.jpg 768w, https:\/\/lossoldaditosdeplomo.com\/wp-content\/uploads\/2019\/05\/sr-artillero-de-gala-1200x900.jpg 1200w\" sizes=\"auto, (max-width: 800px) 85vw, 800px\" \/><\/a><figcaption class=\"wp-element-caption\">Artillero de gala<\/figcaption><\/figure>\n<\/figure>\n\n\n\n<p class=\"has-text-align-center\">2.9  MARINOS DE LA GUARDIA IMPERIAL<\/p>\n\n\n\n<figure class=\"wp-block-image\"><a href=\"https:\/\/lossoldaditosdeplomo.com\/wp-content\/uploads\/2019\/05\/Marinos-de-la-guardia-imperial.jpg\"><img loading=\"lazy\" decoding=\"async\" width=\"800\" height=\"600\" src=\"https:\/\/lossoldaditosdeplomo.com\/wp-content\/uploads\/2019\/05\/Marinos-de-la-guardia-imperial.jpg\" alt=\"\" class=\"wp-image-6984\" srcset=\"https:\/\/lossoldaditosdeplomo.com\/wp-content\/uploads\/2019\/05\/Marinos-de-la-guardia-imperial.jpg 800w, https:\/\/lossoldaditosdeplomo.com\/wp-content\/uploads\/2019\/05\/Marinos-de-la-guardia-imperial-300x225.jpg 300w, https:\/\/lossoldaditosdeplomo.com\/wp-content\/uploads\/2019\/05\/Marinos-de-la-guardia-imperial-768x576.jpg 768w, https:\/\/lossoldaditosdeplomo.com\/wp-content\/uploads\/2019\/05\/Marinos-de-la-guardia-imperial-1200x900.jpg 1200w\" sizes=\"auto, (max-width: 800px) 85vw, 800px\" \/><\/a><figcaption class=\"wp-element-caption\">Completa colecci\u00f3n de Marinos de la Guardia Imperial ( Serie 2) y al frente un Oficial de Ingenieros junto con un Cazador a pie, ambos de la serie 2<\/figcaption><\/figure>\n\n\n\n<figure class=\"wp-block-gallery has-nested-images columns-1 is-cropped wp-block-gallery-9 is-layout-flex wp-block-gallery-is-layout-flex\">\n<figure class=\"wp-block-image size-large\"><a href=\"https:\/\/lossoldaditosdeplomo.com\/wp-content\/uploads\/2019\/05\/sr-marino-1811.jpg\"><img loading=\"lazy\" decoding=\"async\" width=\"800\" height=\"600\" data-id=\"7068\" src=\"https:\/\/lossoldaditosdeplomo.com\/wp-content\/uploads\/2019\/05\/sr-marino-1811.jpg\" alt=\"\" class=\"wp-image-7068\" srcset=\"https:\/\/lossoldaditosdeplomo.com\/wp-content\/uploads\/2019\/05\/sr-marino-1811.jpg 800w, https:\/\/lossoldaditosdeplomo.com\/wp-content\/uploads\/2019\/05\/sr-marino-1811-300x225.jpg 300w, https:\/\/lossoldaditosdeplomo.com\/wp-content\/uploads\/2019\/05\/sr-marino-1811-768x576.jpg 768w, https:\/\/lossoldaditosdeplomo.com\/wp-content\/uploads\/2019\/05\/sr-marino-1811-1200x900.jpg 1200w\" sizes=\"auto, (max-width: 800px) 85vw, 800px\" \/><\/a><figcaption class=\"wp-element-caption\">Marino, 1811<\/figcaption><\/figure>\n\n\n\n<figure class=\"wp-block-image size-large\"><a href=\"https:\/\/lossoldaditosdeplomo.com\/wp-content\/uploads\/2019\/05\/29-E-Abanderado-de-gala-1811.jpg\"><img loading=\"lazy\" decoding=\"async\" width=\"800\" height=\"600\" data-id=\"7069\" src=\"https:\/\/lossoldaditosdeplomo.com\/wp-content\/uploads\/2019\/05\/29-E-Abanderado-de-gala-1811.jpg\" alt=\"\" class=\"wp-image-7069\" srcset=\"https:\/\/lossoldaditosdeplomo.com\/wp-content\/uploads\/2019\/05\/29-E-Abanderado-de-gala-1811.jpg 800w, https:\/\/lossoldaditosdeplomo.com\/wp-content\/uploads\/2019\/05\/29-E-Abanderado-de-gala-1811-300x225.jpg 300w, https:\/\/lossoldaditosdeplomo.com\/wp-content\/uploads\/2019\/05\/29-E-Abanderado-de-gala-1811-768x576.jpg 768w, https:\/\/lossoldaditosdeplomo.com\/wp-content\/uploads\/2019\/05\/29-E-Abanderado-de-gala-1811-1200x900.jpg 1200w\" sizes=\"auto, (max-width: 800px) 85vw, 800px\" \/><\/a><figcaption class=\"wp-element-caption\">Abanderado de gala, 1811  29-e<\/figcaption><\/figure>\n\n\n\n<figure class=\"wp-block-image size-large\"><a href=\"https:\/\/lossoldaditosdeplomo.com\/wp-content\/uploads\/2019\/05\/29-C-Suboficial-de-gala-1811.jpg\"><img loading=\"lazy\" decoding=\"async\" width=\"800\" height=\"600\" data-id=\"7070\" src=\"https:\/\/lossoldaditosdeplomo.com\/wp-content\/uploads\/2019\/05\/29-C-Suboficial-de-gala-1811.jpg\" alt=\"\" class=\"wp-image-7070\" srcset=\"https:\/\/lossoldaditosdeplomo.com\/wp-content\/uploads\/2019\/05\/29-C-Suboficial-de-gala-1811.jpg 800w, https:\/\/lossoldaditosdeplomo.com\/wp-content\/uploads\/2019\/05\/29-C-Suboficial-de-gala-1811-300x225.jpg 300w, https:\/\/lossoldaditosdeplomo.com\/wp-content\/uploads\/2019\/05\/29-C-Suboficial-de-gala-1811-768x576.jpg 768w, https:\/\/lossoldaditosdeplomo.com\/wp-content\/uploads\/2019\/05\/29-C-Suboficial-de-gala-1811-1200x900.jpg 1200w\" sizes=\"auto, (max-width: 800px) 85vw, 800px\" \/><\/a><figcaption class=\"wp-element-caption\">Suboficial de gala, 1811  29-c<\/figcaption><\/figure>\n\n\n\n<figure class=\"wp-block-image size-large\"><a href=\"https:\/\/lossoldaditosdeplomo.com\/wp-content\/uploads\/2019\/05\/29-A-trompeta-gala-1811.jpg\"><img loading=\"lazy\" decoding=\"async\" width=\"800\" height=\"600\" data-id=\"7071\" src=\"https:\/\/lossoldaditosdeplomo.com\/wp-content\/uploads\/2019\/05\/29-A-trompeta-gala-1811.jpg\" alt=\"\" class=\"wp-image-7071\" srcset=\"https:\/\/lossoldaditosdeplomo.com\/wp-content\/uploads\/2019\/05\/29-A-trompeta-gala-1811.jpg 800w, https:\/\/lossoldaditosdeplomo.com\/wp-content\/uploads\/2019\/05\/29-A-trompeta-gala-1811-300x225.jpg 300w, https:\/\/lossoldaditosdeplomo.com\/wp-content\/uploads\/2019\/05\/29-A-trompeta-gala-1811-768x576.jpg 768w, https:\/\/lossoldaditosdeplomo.com\/wp-content\/uploads\/2019\/05\/29-A-trompeta-gala-1811-1200x900.jpg 1200w\" sizes=\"auto, (max-width: 800px) 85vw, 800px\" \/><\/a><figcaption class=\"wp-element-caption\">Trompeta de gala, 1811  29-a<\/figcaption><\/figure>\n\n\n\n<figure class=\"wp-block-image size-large\"><a href=\"https:\/\/lossoldaditosdeplomo.com\/wp-content\/uploads\/2019\/05\/29-B-tambor-de-gala-1811.jpg\"><img loading=\"lazy\" decoding=\"async\" width=\"800\" height=\"600\" data-id=\"7072\" src=\"https:\/\/lossoldaditosdeplomo.com\/wp-content\/uploads\/2019\/05\/29-B-tambor-de-gala-1811.jpg\" alt=\"\" class=\"wp-image-7072\" srcset=\"https:\/\/lossoldaditosdeplomo.com\/wp-content\/uploads\/2019\/05\/29-B-tambor-de-gala-1811.jpg 800w, https:\/\/lossoldaditosdeplomo.com\/wp-content\/uploads\/2019\/05\/29-B-tambor-de-gala-1811-300x225.jpg 300w, https:\/\/lossoldaditosdeplomo.com\/wp-content\/uploads\/2019\/05\/29-B-tambor-de-gala-1811-768x576.jpg 768w, https:\/\/lossoldaditosdeplomo.com\/wp-content\/uploads\/2019\/05\/29-B-tambor-de-gala-1811-1200x900.jpg 1200w\" sizes=\"auto, (max-width: 800px) 85vw, 800px\" \/><\/a><figcaption class=\"wp-element-caption\">Tambor de gala, 1811  29-b<\/figcaption><\/figure>\n\n\n\n<figure class=\"wp-block-image size-large\"><a href=\"https:\/\/lossoldaditosdeplomo.com\/wp-content\/uploads\/2019\/05\/sr-suboficial.jpg\"><img loading=\"lazy\" decoding=\"async\" width=\"800\" height=\"600\" data-id=\"7074\" src=\"https:\/\/lossoldaditosdeplomo.com\/wp-content\/uploads\/2019\/05\/sr-suboficial.jpg\" alt=\"\" class=\"wp-image-7074\" srcset=\"https:\/\/lossoldaditosdeplomo.com\/wp-content\/uploads\/2019\/05\/sr-suboficial.jpg 800w, https:\/\/lossoldaditosdeplomo.com\/wp-content\/uploads\/2019\/05\/sr-suboficial-300x225.jpg 300w, https:\/\/lossoldaditosdeplomo.com\/wp-content\/uploads\/2019\/05\/sr-suboficial-768x576.jpg 768w, https:\/\/lossoldaditosdeplomo.com\/wp-content\/uploads\/2019\/05\/sr-suboficial-1200x900.jpg 1200w\" sizes=\"auto, (max-width: 800px) 85vw, 800px\" \/><\/a><figcaption class=\"wp-element-caption\">Suboficial<\/figcaption><\/figure>\n\n\n\n<figure class=\"wp-block-image size-large\"><a href=\"https:\/\/lossoldaditosdeplomo.com\/wp-content\/uploads\/2019\/05\/29-f-Oficial-de-gala-1811.jpg\"><img loading=\"lazy\" decoding=\"async\" width=\"800\" height=\"600\" data-id=\"7076\" src=\"https:\/\/lossoldaditosdeplomo.com\/wp-content\/uploads\/2019\/05\/29-f-Oficial-de-gala-1811.jpg\" alt=\"\" class=\"wp-image-7076\" srcset=\"https:\/\/lossoldaditosdeplomo.com\/wp-content\/uploads\/2019\/05\/29-f-Oficial-de-gala-1811.jpg 800w, https:\/\/lossoldaditosdeplomo.com\/wp-content\/uploads\/2019\/05\/29-f-Oficial-de-gala-1811-300x225.jpg 300w, https:\/\/lossoldaditosdeplomo.com\/wp-content\/uploads\/2019\/05\/29-f-Oficial-de-gala-1811-768x576.jpg 768w, https:\/\/lossoldaditosdeplomo.com\/wp-content\/uploads\/2019\/05\/29-f-Oficial-de-gala-1811-1200x900.jpg 1200w\" sizes=\"auto, (max-width: 800px) 85vw, 800px\" \/><\/a><figcaption class=\"wp-element-caption\">Oficial de gala, 1811  29-f<\/figcaption><\/figure>\n\n\n\n<figure class=\"wp-block-image size-large\"><a href=\"https:\/\/lossoldaditosdeplomo.com\/wp-content\/uploads\/2019\/05\/28-A-oficial-de-ingenieros.jpg\"><img loading=\"lazy\" decoding=\"async\" width=\"800\" height=\"600\" data-id=\"7077\" src=\"https:\/\/lossoldaditosdeplomo.com\/wp-content\/uploads\/2019\/05\/28-A-oficial-de-ingenieros.jpg\" alt=\"\" class=\"wp-image-7077\" srcset=\"https:\/\/lossoldaditosdeplomo.com\/wp-content\/uploads\/2019\/05\/28-A-oficial-de-ingenieros.jpg 800w, https:\/\/lossoldaditosdeplomo.com\/wp-content\/uploads\/2019\/05\/28-A-oficial-de-ingenieros-300x225.jpg 300w, https:\/\/lossoldaditosdeplomo.com\/wp-content\/uploads\/2019\/05\/28-A-oficial-de-ingenieros-768x576.jpg 768w, https:\/\/lossoldaditosdeplomo.com\/wp-content\/uploads\/2019\/05\/28-A-oficial-de-ingenieros-1200x900.jpg 1200w\" sizes=\"auto, (max-width: 800px) 85vw, 800px\" \/><\/a><figcaption class=\"wp-element-caption\">Oficial de ingenieros  28-a<\/figcaption><\/figure>\n\n\n\n<figure class=\"wp-block-image size-large\"><a href=\"https:\/\/lossoldaditosdeplomo.com\/wp-content\/uploads\/2019\/05\/27-b-sunoficial-de-campan\u0303a-1815.jpg\"><img loading=\"lazy\" decoding=\"async\" width=\"800\" height=\"600\" data-id=\"7079\" src=\"https:\/\/lossoldaditosdeplomo.com\/wp-content\/uploads\/2019\/05\/27-b-sunoficial-de-campan\u0303a-1815.jpg\" alt=\"\" class=\"wp-image-7079\" srcset=\"https:\/\/lossoldaditosdeplomo.com\/wp-content\/uploads\/2019\/05\/27-b-sunoficial-de-campan\u0303a-1815.jpg 800w, https:\/\/lossoldaditosdeplomo.com\/wp-content\/uploads\/2019\/05\/27-b-sunoficial-de-campan\u0303a-1815-300x225.jpg 300w, https:\/\/lossoldaditosdeplomo.com\/wp-content\/uploads\/2019\/05\/27-b-sunoficial-de-campan\u0303a-1815-768x576.jpg 768w, https:\/\/lossoldaditosdeplomo.com\/wp-content\/uploads\/2019\/05\/27-b-sunoficial-de-campan\u0303a-1815-1200x900.jpg 1200w\" sizes=\"auto, (max-width: 800px) 85vw, 800px\" \/><\/a><figcaption class=\"wp-element-caption\">Suboficial de campa\u00f1a, 1815  27-b<\/figcaption><\/figure>\n<\/figure>\n\n\n\n<!--nextpage-->\n\n\n\n<p class=\"has-text-align-center\" style=\"font-size:24px\">SERIE 3:     Ej\u00e9rcito Franc\u00e9s 1800-1815<\/p>\n\n\n\n<p class=\"has-text-align-center\">3.1     H\u00daSARES<\/p>\n\n\n\n<figure class=\"wp-block-image\"><a href=\"https:\/\/lossoldaditosdeplomo.com\/wp-content\/uploads\/2019\/05\/H\u00fasares.jpg\"><img loading=\"lazy\" decoding=\"async\" width=\"800\" height=\"600\" src=\"https:\/\/lossoldaditosdeplomo.com\/wp-content\/uploads\/2019\/05\/Hu\u0301sares.jpg\" alt=\"\" class=\"wp-image-6983\" srcset=\"https:\/\/lossoldaditosdeplomo.com\/wp-content\/uploads\/2019\/05\/Hu\u0301sares.jpg 800w, https:\/\/lossoldaditosdeplomo.com\/wp-content\/uploads\/2019\/05\/Hu\u0301sares-300x225.jpg 300w, https:\/\/lossoldaditosdeplomo.com\/wp-content\/uploads\/2019\/05\/Hu\u0301sares-768x576.jpg 768w, https:\/\/lossoldaditosdeplomo.com\/wp-content\/uploads\/2019\/05\/Hu\u0301sares-1200x900.jpg 1200w\" sizes=\"auto, (max-width: 800px) 85vw, 800px\" \/><\/a><figcaption class=\"wp-element-caption\">Series 3<\/figcaption><\/figure>\n\n\n\n<figure class=\"wp-block-gallery has-nested-images columns-1 is-cropped wp-block-gallery-10 is-layout-flex wp-block-gallery-is-layout-flex\">\n<figure class=\"wp-block-image size-large\"><a href=\"https:\/\/lossoldaditosdeplomo.com\/wp-content\/uploads\/2019\/05\/31-F-abanderado-compan\u0303ias-de-li\u0301nea-Sako.jpg\"><img loading=\"lazy\" decoding=\"async\" width=\"800\" height=\"600\" data-id=\"7082\" src=\"https:\/\/lossoldaditosdeplomo.com\/wp-content\/uploads\/2019\/05\/31-F-abanderado-compan\u0303ias-de-li\u0301nea-Sako.jpg\" alt=\"\" class=\"wp-image-7082\" srcset=\"https:\/\/lossoldaditosdeplomo.com\/wp-content\/uploads\/2019\/05\/31-F-abanderado-compan\u0303ias-de-li\u0301nea-Sako.jpg 800w, https:\/\/lossoldaditosdeplomo.com\/wp-content\/uploads\/2019\/05\/31-F-abanderado-compan\u0303ias-de-li\u0301nea-Sako-300x225.jpg 300w, https:\/\/lossoldaditosdeplomo.com\/wp-content\/uploads\/2019\/05\/31-F-abanderado-compan\u0303ias-de-li\u0301nea-Sako-768x576.jpg 768w, https:\/\/lossoldaditosdeplomo.com\/wp-content\/uploads\/2019\/05\/31-F-abanderado-compan\u0303ias-de-li\u0301nea-Sako-1200x900.jpg 1200w\" sizes=\"auto, (max-width: 800px) 85vw, 800px\" \/><\/a><figcaption class=\"wp-element-caption\">Abanderado compa\u00f1\u00eda de l\u00ednea (Sako)  31-f<\/figcaption><\/figure>\n\n\n\n<figure class=\"wp-block-image size-large\"><a href=\"https:\/\/lossoldaditosdeplomo.com\/wp-content\/uploads\/2019\/05\/31-D-trompeta-compan\u0303ia-de-elite.jpg\"><img loading=\"lazy\" decoding=\"async\" width=\"800\" height=\"600\" data-id=\"7083\" src=\"https:\/\/lossoldaditosdeplomo.com\/wp-content\/uploads\/2019\/05\/31-D-trompeta-compan\u0303ia-de-elite.jpg\" alt=\"\" class=\"wp-image-7083\" srcset=\"https:\/\/lossoldaditosdeplomo.com\/wp-content\/uploads\/2019\/05\/31-D-trompeta-compan\u0303ia-de-elite.jpg 800w, https:\/\/lossoldaditosdeplomo.com\/wp-content\/uploads\/2019\/05\/31-D-trompeta-compan\u0303ia-de-elite-300x225.jpg 300w, https:\/\/lossoldaditosdeplomo.com\/wp-content\/uploads\/2019\/05\/31-D-trompeta-compan\u0303ia-de-elite-768x576.jpg 768w, https:\/\/lossoldaditosdeplomo.com\/wp-content\/uploads\/2019\/05\/31-D-trompeta-compan\u0303ia-de-elite-1200x900.jpg 1200w\" sizes=\"auto, (max-width: 800px) 85vw, 800px\" \/><\/a><figcaption class=\"wp-element-caption\">Trompeta compa\u00f1\u00eda de \u00e9lite  31-d<\/figcaption><\/figure>\n\n\n\n<figure class=\"wp-block-image size-large\"><a href=\"https:\/\/lossoldaditosdeplomo.com\/wp-content\/uploads\/2019\/05\/31-e-oficial-compan\u0303ia-de-elite-gala-Shako.jpg\"><img loading=\"lazy\" decoding=\"async\" width=\"800\" height=\"600\" data-id=\"7084\" src=\"https:\/\/lossoldaditosdeplomo.com\/wp-content\/uploads\/2019\/05\/31-e-oficial-compan\u0303ia-de-elite-gala-Shako.jpg\" alt=\"\" class=\"wp-image-7084\" srcset=\"https:\/\/lossoldaditosdeplomo.com\/wp-content\/uploads\/2019\/05\/31-e-oficial-compan\u0303ia-de-elite-gala-Shako.jpg 800w, https:\/\/lossoldaditosdeplomo.com\/wp-content\/uploads\/2019\/05\/31-e-oficial-compan\u0303ia-de-elite-gala-Shako-300x225.jpg 300w, https:\/\/lossoldaditosdeplomo.com\/wp-content\/uploads\/2019\/05\/31-e-oficial-compan\u0303ia-de-elite-gala-Shako-768x576.jpg 768w, https:\/\/lossoldaditosdeplomo.com\/wp-content\/uploads\/2019\/05\/31-e-oficial-compan\u0303ia-de-elite-gala-Shako-1200x900.jpg 1200w\" sizes=\"auto, (max-width: 800px) 85vw, 800px\" \/><\/a><figcaption class=\"wp-element-caption\">Oficial compa\u00f1\u00eda de \u00e9lite de gala (Sako)  31-e<\/figcaption><\/figure>\n\n\n\n<figure class=\"wp-block-image size-large\"><a href=\"https:\/\/lossoldaditosdeplomo.com\/wp-content\/uploads\/2019\/05\/31-e-abanderado-compan\u0303i\u0301a-de-linea-gala.jpg\"><img loading=\"lazy\" decoding=\"async\" width=\"800\" height=\"600\" data-id=\"7085\" src=\"https:\/\/lossoldaditosdeplomo.com\/wp-content\/uploads\/2019\/05\/31-e-abanderado-compan\u0303i\u0301a-de-linea-gala.jpg\" alt=\"\" class=\"wp-image-7085\" srcset=\"https:\/\/lossoldaditosdeplomo.com\/wp-content\/uploads\/2019\/05\/31-e-abanderado-compan\u0303i\u0301a-de-linea-gala.jpg 800w, https:\/\/lossoldaditosdeplomo.com\/wp-content\/uploads\/2019\/05\/31-e-abanderado-compan\u0303i\u0301a-de-linea-gala-300x225.jpg 300w, https:\/\/lossoldaditosdeplomo.com\/wp-content\/uploads\/2019\/05\/31-e-abanderado-compan\u0303i\u0301a-de-linea-gala-768x576.jpg 768w, https:\/\/lossoldaditosdeplomo.com\/wp-content\/uploads\/2019\/05\/31-e-abanderado-compan\u0303i\u0301a-de-linea-gala-1200x900.jpg 1200w\" sizes=\"auto, (max-width: 800px) 85vw, 800px\" \/><\/a><figcaption class=\"wp-element-caption\">Abanderado compa\u00f1\u00eda de l\u00ednea de gala  31-e<\/figcaption><\/figure>\n\n\n\n<figure class=\"wp-block-image size-large\"><a href=\"https:\/\/lossoldaditosdeplomo.com\/wp-content\/uploads\/2019\/05\/31-s-oficial-de-diario-1806.jpg\"><img loading=\"lazy\" decoding=\"async\" width=\"800\" height=\"600\" data-id=\"7086\" src=\"https:\/\/lossoldaditosdeplomo.com\/wp-content\/uploads\/2019\/05\/31-s-oficial-de-diario-1806.jpg\" alt=\"\" class=\"wp-image-7086\" srcset=\"https:\/\/lossoldaditosdeplomo.com\/wp-content\/uploads\/2019\/05\/31-s-oficial-de-diario-1806.jpg 800w, https:\/\/lossoldaditosdeplomo.com\/wp-content\/uploads\/2019\/05\/31-s-oficial-de-diario-1806-300x225.jpg 300w, https:\/\/lossoldaditosdeplomo.com\/wp-content\/uploads\/2019\/05\/31-s-oficial-de-diario-1806-768x576.jpg 768w, https:\/\/lossoldaditosdeplomo.com\/wp-content\/uploads\/2019\/05\/31-s-oficial-de-diario-1806-1200x900.jpg 1200w\" sizes=\"auto, (max-width: 800px) 85vw, 800px\" \/><\/a><figcaption class=\"wp-element-caption\">Oficial de diario, 1806  31-s<\/figcaption><\/figure>\n\n\n\n<figure class=\"wp-block-image size-large\"><a href=\"https:\/\/lossoldaditosdeplomo.com\/wp-content\/uploads\/2019\/05\/31-A-oficial-compan\u0303i\u0301a-de-elite.jpg\"><img loading=\"lazy\" decoding=\"async\" width=\"800\" height=\"600\" data-id=\"7088\" src=\"https:\/\/lossoldaditosdeplomo.com\/wp-content\/uploads\/2019\/05\/31-A-oficial-compan\u0303i\u0301a-de-elite.jpg\" alt=\"\" class=\"wp-image-7088\" srcset=\"https:\/\/lossoldaditosdeplomo.com\/wp-content\/uploads\/2019\/05\/31-A-oficial-compan\u0303i\u0301a-de-elite.jpg 800w, https:\/\/lossoldaditosdeplomo.com\/wp-content\/uploads\/2019\/05\/31-A-oficial-compan\u0303i\u0301a-de-elite-300x225.jpg 300w, https:\/\/lossoldaditosdeplomo.com\/wp-content\/uploads\/2019\/05\/31-A-oficial-compan\u0303i\u0301a-de-elite-768x576.jpg 768w, https:\/\/lossoldaditosdeplomo.com\/wp-content\/uploads\/2019\/05\/31-A-oficial-compan\u0303i\u0301a-de-elite-1200x900.jpg 1200w\" sizes=\"auto, (max-width: 800px) 85vw, 800px\" \/><\/a><figcaption class=\"wp-element-caption\">Oficial compa\u00f1\u00eda de \u00e9lite  31-a<\/figcaption><\/figure>\n\n\n\n<figure class=\"wp-block-image size-large\"><a href=\"https:\/\/lossoldaditosdeplomo.com\/wp-content\/uploads\/2019\/05\/31-D-trompeta-compan\u0303ia-de-elite-gala.jpg\"><img loading=\"lazy\" decoding=\"async\" width=\"800\" height=\"600\" data-id=\"7090\" src=\"https:\/\/lossoldaditosdeplomo.com\/wp-content\/uploads\/2019\/05\/31-D-trompeta-compan\u0303ia-de-elite-gala.jpg\" alt=\"\" class=\"wp-image-7090\" srcset=\"https:\/\/lossoldaditosdeplomo.com\/wp-content\/uploads\/2019\/05\/31-D-trompeta-compan\u0303ia-de-elite-gala.jpg 800w, https:\/\/lossoldaditosdeplomo.com\/wp-content\/uploads\/2019\/05\/31-D-trompeta-compan\u0303ia-de-elite-gala-300x225.jpg 300w, https:\/\/lossoldaditosdeplomo.com\/wp-content\/uploads\/2019\/05\/31-D-trompeta-compan\u0303ia-de-elite-gala-768x576.jpg 768w, https:\/\/lossoldaditosdeplomo.com\/wp-content\/uploads\/2019\/05\/31-D-trompeta-compan\u0303ia-de-elite-gala-1200x900.jpg 1200w\" sizes=\"auto, (max-width: 800px) 85vw, 800px\" \/><\/a><figcaption class=\"wp-element-caption\">Trompeta compa\u00f1\u00eda de \u00e9lite de gala  31-d<\/figcaption><\/figure>\n\n\n\n<figure class=\"wp-block-image size-large\"><a href=\"https:\/\/lossoldaditosdeplomo.com\/wp-content\/uploads\/2019\/05\/31-C-Soldado-compan\u0303ia-de-elite-gala-1806.jpg\"><img loading=\"lazy\" decoding=\"async\" width=\"800\" height=\"600\" data-id=\"7091\" src=\"https:\/\/lossoldaditosdeplomo.com\/wp-content\/uploads\/2019\/05\/31-C-Soldado-compan\u0303ia-de-elite-gala-1806.jpg\" alt=\"\" class=\"wp-image-7091\" srcset=\"https:\/\/lossoldaditosdeplomo.com\/wp-content\/uploads\/2019\/05\/31-C-Soldado-compan\u0303ia-de-elite-gala-1806.jpg 800w, https:\/\/lossoldaditosdeplomo.com\/wp-content\/uploads\/2019\/05\/31-C-Soldado-compan\u0303ia-de-elite-gala-1806-300x225.jpg 300w, https:\/\/lossoldaditosdeplomo.com\/wp-content\/uploads\/2019\/05\/31-C-Soldado-compan\u0303ia-de-elite-gala-1806-768x576.jpg 768w, https:\/\/lossoldaditosdeplomo.com\/wp-content\/uploads\/2019\/05\/31-C-Soldado-compan\u0303ia-de-elite-gala-1806-1200x900.jpg 1200w\" sizes=\"auto, (max-width: 800px) 85vw, 800px\" \/><\/a><figcaption class=\"wp-element-caption\">Soldado de compa\u00f1\u00eda de \u00e9lite de gala 1806  31-c<\/figcaption><\/figure>\n\n\n\n<figure class=\"wp-block-image size-large\"><a href=\"https:\/\/lossoldaditosdeplomo.com\/wp-content\/uploads\/2019\/05\/82-ASoldado-de-gala-1792Con-mirlito\u0301.jpg\"><img loading=\"lazy\" decoding=\"async\" width=\"800\" height=\"600\" data-id=\"7092\" src=\"https:\/\/lossoldaditosdeplomo.com\/wp-content\/uploads\/2019\/05\/82-ASoldado-de-gala-1792Con-mirlito\u0301.jpg\" alt=\"\" class=\"wp-image-7092\" srcset=\"https:\/\/lossoldaditosdeplomo.com\/wp-content\/uploads\/2019\/05\/82-ASoldado-de-gala-1792Con-mirlito\u0301.jpg 800w, https:\/\/lossoldaditosdeplomo.com\/wp-content\/uploads\/2019\/05\/82-ASoldado-de-gala-1792Con-mirlito\u0301-300x225.jpg 300w, https:\/\/lossoldaditosdeplomo.com\/wp-content\/uploads\/2019\/05\/82-ASoldado-de-gala-1792Con-mirlito\u0301-768x576.jpg 768w, https:\/\/lossoldaditosdeplomo.com\/wp-content\/uploads\/2019\/05\/82-ASoldado-de-gala-1792Con-mirlito\u0301-1200x900.jpg 1200w\" sizes=\"auto, (max-width: 800px) 85vw, 800px\" \/><\/a><figcaption class=\"wp-element-caption\">Soldado de gala, 1792  82-a<\/figcaption><\/figure>\n\n\n\n<figure class=\"wp-block-image size-large\"><a href=\"https:\/\/lossoldaditosdeplomo.com\/wp-content\/uploads\/2019\/05\/31-T-uniforme-de-campan\u0303a-soldado.jpg\"><img loading=\"lazy\" decoding=\"async\" width=\"800\" height=\"600\" data-id=\"7178\" src=\"https:\/\/lossoldaditosdeplomo.com\/wp-content\/uploads\/2019\/05\/31-T-uniforme-de-campan\u0303a-soldado.jpg\" alt=\"\" class=\"wp-image-7178\" srcset=\"https:\/\/lossoldaditosdeplomo.com\/wp-content\/uploads\/2019\/05\/31-T-uniforme-de-campan\u0303a-soldado.jpg 800w, https:\/\/lossoldaditosdeplomo.com\/wp-content\/uploads\/2019\/05\/31-T-uniforme-de-campan\u0303a-soldado-300x225.jpg 300w, https:\/\/lossoldaditosdeplomo.com\/wp-content\/uploads\/2019\/05\/31-T-uniforme-de-campan\u0303a-soldado-768x576.jpg 768w, https:\/\/lossoldaditosdeplomo.com\/wp-content\/uploads\/2019\/05\/31-T-uniforme-de-campan\u0303a-soldado-1200x900.jpg 1200w\" sizes=\"auto, (max-width: 800px) 85vw, 800px\" \/><\/a><figcaption class=\"wp-element-caption\">Soldado uniforme de campa\u00f1a  31-t<\/figcaption><\/figure>\n\n\n\n<figure class=\"wp-block-image size-large\"><a href=\"https:\/\/lossoldaditosdeplomo.com\/wp-content\/uploads\/2019\/05\/31-T-Trompeta-uniforme-de-campan\u0303a-1812JPG.jpg\"><img loading=\"lazy\" decoding=\"async\" width=\"800\" height=\"600\" data-id=\"7179\" src=\"https:\/\/lossoldaditosdeplomo.com\/wp-content\/uploads\/2019\/05\/31-T-Trompeta-uniforme-de-campan\u0303a-1812JPG.jpg\" alt=\"\" class=\"wp-image-7179\" srcset=\"https:\/\/lossoldaditosdeplomo.com\/wp-content\/uploads\/2019\/05\/31-T-Trompeta-uniforme-de-campan\u0303a-1812JPG.jpg 800w, https:\/\/lossoldaditosdeplomo.com\/wp-content\/uploads\/2019\/05\/31-T-Trompeta-uniforme-de-campan\u0303a-1812JPG-300x225.jpg 300w, https:\/\/lossoldaditosdeplomo.com\/wp-content\/uploads\/2019\/05\/31-T-Trompeta-uniforme-de-campan\u0303a-1812JPG-768x576.jpg 768w, https:\/\/lossoldaditosdeplomo.com\/wp-content\/uploads\/2019\/05\/31-T-Trompeta-uniforme-de-campan\u0303a-1812JPG-1200x900.jpg 1200w\" sizes=\"auto, (max-width: 800px) 85vw, 800px\" \/><\/a><figcaption class=\"wp-element-caption\">Trompeta uniforme de campa\u00f1a 1812<\/figcaption><\/figure>\n\n\n\n<figure class=\"wp-block-image size-large\"><a href=\"https:\/\/lossoldaditosdeplomo.com\/wp-content\/uploads\/2019\/05\/sr-husar-oficial.jpg\"><img loading=\"lazy\" decoding=\"async\" width=\"800\" height=\"600\" data-id=\"7181\" src=\"https:\/\/lossoldaditosdeplomo.com\/wp-content\/uploads\/2019\/05\/sr-husar-oficial.jpg\" alt=\"\" class=\"wp-image-7181\" srcset=\"https:\/\/lossoldaditosdeplomo.com\/wp-content\/uploads\/2019\/05\/sr-husar-oficial.jpg 800w, https:\/\/lossoldaditosdeplomo.com\/wp-content\/uploads\/2019\/05\/sr-husar-oficial-300x225.jpg 300w, https:\/\/lossoldaditosdeplomo.com\/wp-content\/uploads\/2019\/05\/sr-husar-oficial-768x576.jpg 768w, https:\/\/lossoldaditosdeplomo.com\/wp-content\/uploads\/2019\/05\/sr-husar-oficial-1200x900.jpg 1200w\" sizes=\"auto, (max-width: 800px) 85vw, 800px\" \/><\/a><figcaption class=\"wp-element-caption\">H\u00fasar oficial<\/figcaption><\/figure>\n\n\n\n<figure class=\"wp-block-image size-large\"><a href=\"https:\/\/lossoldaditosdeplomo.com\/wp-content\/uploads\/2019\/05\/sr-soldado-uniforme-de-campan\u0303a.jpg\"><img loading=\"lazy\" decoding=\"async\" width=\"800\" height=\"600\" data-id=\"7183\" src=\"https:\/\/lossoldaditosdeplomo.com\/wp-content\/uploads\/2019\/05\/sr-soldado-uniforme-de-campan\u0303a.jpg\" alt=\"\" class=\"wp-image-7183\" srcset=\"https:\/\/lossoldaditosdeplomo.com\/wp-content\/uploads\/2019\/05\/sr-soldado-uniforme-de-campan\u0303a.jpg 800w, https:\/\/lossoldaditosdeplomo.com\/wp-content\/uploads\/2019\/05\/sr-soldado-uniforme-de-campan\u0303a-300x225.jpg 300w, https:\/\/lossoldaditosdeplomo.com\/wp-content\/uploads\/2019\/05\/sr-soldado-uniforme-de-campan\u0303a-768x576.jpg 768w, https:\/\/lossoldaditosdeplomo.com\/wp-content\/uploads\/2019\/05\/sr-soldado-uniforme-de-campan\u0303a-1200x900.jpg 1200w\" sizes=\"auto, (max-width: 800px) 85vw, 800px\" \/><\/a><figcaption class=\"wp-element-caption\">Soldado uniforme de campa\u00f1a<\/figcaption><\/figure>\n\n\n\n<figure class=\"wp-block-image size-large\"><a href=\"https:\/\/lossoldaditosdeplomo.com\/wp-content\/uploads\/2019\/05\/31-I-s-r-Soldado-compan\u0303i\u0301a-e\u0301lite-uniforme-de-campan\u0303a.jpg\"><img loading=\"lazy\" decoding=\"async\" width=\"800\" height=\"600\" data-id=\"7184\" src=\"https:\/\/lossoldaditosdeplomo.com\/wp-content\/uploads\/2019\/05\/31-I-s-r-Soldado-compan\u0303i\u0301a-e\u0301lite-uniforme-de-campan\u0303a.jpg\" alt=\"\" class=\"wp-image-7184\" srcset=\"https:\/\/lossoldaditosdeplomo.com\/wp-content\/uploads\/2019\/05\/31-I-s-r-Soldado-compan\u0303i\u0301a-e\u0301lite-uniforme-de-campan\u0303a.jpg 800w, https:\/\/lossoldaditosdeplomo.com\/wp-content\/uploads\/2019\/05\/31-I-s-r-Soldado-compan\u0303i\u0301a-e\u0301lite-uniforme-de-campan\u0303a-300x225.jpg 300w, https:\/\/lossoldaditosdeplomo.com\/wp-content\/uploads\/2019\/05\/31-I-s-r-Soldado-compan\u0303i\u0301a-e\u0301lite-uniforme-de-campan\u0303a-768x576.jpg 768w, https:\/\/lossoldaditosdeplomo.com\/wp-content\/uploads\/2019\/05\/31-I-s-r-Soldado-compan\u0303i\u0301a-e\u0301lite-uniforme-de-campan\u0303a-1200x900.jpg 1200w\" sizes=\"auto, (max-width: 800px) 85vw, 800px\" \/><\/a><figcaption class=\"wp-element-caption\">Soldado compa\u00f1\u00eda de \u00e9lite de campa\u00f1a  31-i<\/figcaption><\/figure>\n\n\n\n<figure class=\"wp-block-image size-large\"><a href=\"https:\/\/lossoldaditosdeplomo.com\/wp-content\/uploads\/2019\/05\/111-C-husar-prusiano-.jpg\"><img loading=\"lazy\" decoding=\"async\" width=\"800\" height=\"600\" data-id=\"7185\" src=\"https:\/\/lossoldaditosdeplomo.com\/wp-content\/uploads\/2019\/05\/111-C-husar-prusiano-.jpg\" alt=\"\" class=\"wp-image-7185\" srcset=\"https:\/\/lossoldaditosdeplomo.com\/wp-content\/uploads\/2019\/05\/111-C-husar-prusiano-.jpg 800w, https:\/\/lossoldaditosdeplomo.com\/wp-content\/uploads\/2019\/05\/111-C-husar-prusiano--300x225.jpg 300w, https:\/\/lossoldaditosdeplomo.com\/wp-content\/uploads\/2019\/05\/111-C-husar-prusiano--768x576.jpg 768w, https:\/\/lossoldaditosdeplomo.com\/wp-content\/uploads\/2019\/05\/111-C-husar-prusiano--1200x900.jpg 1200w\" sizes=\"auto, (max-width: 800px) 85vw, 800px\" \/><\/a><figcaption class=\"wp-element-caption\">H\u00fasar prusiano  111-c<\/figcaption><\/figure>\n<\/figure>\n\n\n\n<p class=\"has-text-align-center\">3.2  CARABINEROS  3.3     CORACEROS<\/p>\n\n\n\n<figure class=\"wp-block-image\"><a href=\"https:\/\/lossoldaditosdeplomo.com\/wp-content\/uploads\/2019\/05\/coraceros-y-carabineros.jpg\"><img loading=\"lazy\" decoding=\"async\" width=\"800\" height=\"600\" src=\"https:\/\/lossoldaditosdeplomo.com\/wp-content\/uploads\/2019\/05\/coraceros-y-carabineros.jpg\" alt=\"\" class=\"wp-image-6982\" srcset=\"https:\/\/lossoldaditosdeplomo.com\/wp-content\/uploads\/2019\/05\/coraceros-y-carabineros.jpg 800w, https:\/\/lossoldaditosdeplomo.com\/wp-content\/uploads\/2019\/05\/coraceros-y-carabineros-300x225.jpg 300w, https:\/\/lossoldaditosdeplomo.com\/wp-content\/uploads\/2019\/05\/coraceros-y-carabineros-768x576.jpg 768w, https:\/\/lossoldaditosdeplomo.com\/wp-content\/uploads\/2019\/05\/coraceros-y-carabineros-1200x900.jpg 1200w\" sizes=\"auto, (max-width: 800px) 85vw, 800px\" \/><\/a><\/figure>\n\n\n\n<figure class=\"wp-block-gallery has-nested-images columns-1 is-cropped wp-block-gallery-11 is-layout-flex wp-block-gallery-is-layout-flex\">\n<figure class=\"wp-block-image size-large\"><a href=\"https:\/\/lossoldaditosdeplomo.com\/wp-content\/uploads\/2019\/05\/sr-general-de-carabineros.jpg\"><img loading=\"lazy\" decoding=\"async\" width=\"800\" height=\"600\" data-id=\"7158\" src=\"https:\/\/lossoldaditosdeplomo.com\/wp-content\/uploads\/2019\/05\/sr-general-de-carabineros.jpg\" alt=\"\" class=\"wp-image-7158\" srcset=\"https:\/\/lossoldaditosdeplomo.com\/wp-content\/uploads\/2019\/05\/sr-general-de-carabineros.jpg 800w, https:\/\/lossoldaditosdeplomo.com\/wp-content\/uploads\/2019\/05\/sr-general-de-carabineros-300x225.jpg 300w, https:\/\/lossoldaditosdeplomo.com\/wp-content\/uploads\/2019\/05\/sr-general-de-carabineros-768x576.jpg 768w, https:\/\/lossoldaditosdeplomo.com\/wp-content\/uploads\/2019\/05\/sr-general-de-carabineros-1200x900.jpg 1200w\" sizes=\"auto, (max-width: 800px) 85vw, 800px\" \/><\/a><figcaption class=\"wp-element-caption\">s\/r<br>General de Carabineros<\/figcaption><\/figure>\n\n\n\n<figure class=\"wp-block-image size-large\"><a href=\"https:\/\/lossoldaditosdeplomo.com\/wp-content\/uploads\/2019\/05\/sr-oficial-de-coraceros.jpg\"><img loading=\"lazy\" decoding=\"async\" width=\"800\" height=\"600\" data-id=\"7160\" src=\"https:\/\/lossoldaditosdeplomo.com\/wp-content\/uploads\/2019\/05\/sr-oficial-de-coraceros.jpg\" alt=\"\" class=\"wp-image-7160\" srcset=\"https:\/\/lossoldaditosdeplomo.com\/wp-content\/uploads\/2019\/05\/sr-oficial-de-coraceros.jpg 800w, https:\/\/lossoldaditosdeplomo.com\/wp-content\/uploads\/2019\/05\/sr-oficial-de-coraceros-300x225.jpg 300w, https:\/\/lossoldaditosdeplomo.com\/wp-content\/uploads\/2019\/05\/sr-oficial-de-coraceros-768x576.jpg 768w, https:\/\/lossoldaditosdeplomo.com\/wp-content\/uploads\/2019\/05\/sr-oficial-de-coraceros-1200x900.jpg 1200w\" sizes=\"auto, (max-width: 800px) 85vw, 800px\" \/><\/a><figcaption class=\"wp-element-caption\">s\/r<br>Oficial de Coraceros<\/figcaption><\/figure>\n\n\n\n<figure class=\"wp-block-image size-large\"><a href=\"https:\/\/lossoldaditosdeplomo.com\/wp-content\/uploads\/2019\/05\/32-E-soldado-de-gala-1812.jpg\"><img loading=\"lazy\" decoding=\"async\" width=\"800\" height=\"600\" data-id=\"7161\" src=\"https:\/\/lossoldaditosdeplomo.com\/wp-content\/uploads\/2019\/05\/32-E-soldado-de-gala-1812.jpg\" alt=\"\" class=\"wp-image-7161\" srcset=\"https:\/\/lossoldaditosdeplomo.com\/wp-content\/uploads\/2019\/05\/32-E-soldado-de-gala-1812.jpg 800w, https:\/\/lossoldaditosdeplomo.com\/wp-content\/uploads\/2019\/05\/32-E-soldado-de-gala-1812-300x225.jpg 300w, https:\/\/lossoldaditosdeplomo.com\/wp-content\/uploads\/2019\/05\/32-E-soldado-de-gala-1812-768x576.jpg 768w, https:\/\/lossoldaditosdeplomo.com\/wp-content\/uploads\/2019\/05\/32-E-soldado-de-gala-1812-1200x900.jpg 1200w\" sizes=\"auto, (max-width: 800px) 85vw, 800px\" \/><\/a><figcaption class=\"wp-element-caption\">32-E<br>Carabinero de gala 1812<\/figcaption><\/figure>\n\n\n\n<figure class=\"wp-block-image size-large\"><a href=\"https:\/\/lossoldaditosdeplomo.com\/wp-content\/uploads\/2019\/05\/sr-carabinero-de-gala-1812.jpg\"><img loading=\"lazy\" decoding=\"async\" width=\"800\" height=\"600\" data-id=\"7163\" src=\"https:\/\/lossoldaditosdeplomo.com\/wp-content\/uploads\/2019\/05\/sr-carabinero-de-gala-1812.jpg\" alt=\"\" class=\"wp-image-7163\" srcset=\"https:\/\/lossoldaditosdeplomo.com\/wp-content\/uploads\/2019\/05\/sr-carabinero-de-gala-1812.jpg 800w, https:\/\/lossoldaditosdeplomo.com\/wp-content\/uploads\/2019\/05\/sr-carabinero-de-gala-1812-300x225.jpg 300w, https:\/\/lossoldaditosdeplomo.com\/wp-content\/uploads\/2019\/05\/sr-carabinero-de-gala-1812-768x576.jpg 768w, https:\/\/lossoldaditosdeplomo.com\/wp-content\/uploads\/2019\/05\/sr-carabinero-de-gala-1812-1200x900.jpg 1200w\" sizes=\"auto, (max-width: 800px) 85vw, 800px\" \/><\/a><figcaption class=\"wp-element-caption\">s\/r<br>Carabinero de gala 1812<\/figcaption><\/figure>\n\n\n\n<figure class=\"wp-block-image size-large\"><a href=\"https:\/\/lossoldaditosdeplomo.com\/wp-content\/uploads\/2019\/05\/32-D-carabinero-trompeta-de-gala-1812.jpg\"><img loading=\"lazy\" decoding=\"async\" width=\"800\" height=\"600\" data-id=\"7164\" src=\"https:\/\/lossoldaditosdeplomo.com\/wp-content\/uploads\/2019\/05\/32-D-carabinero-trompeta-de-gala-1812.jpg\" alt=\"\" class=\"wp-image-7164\" srcset=\"https:\/\/lossoldaditosdeplomo.com\/wp-content\/uploads\/2019\/05\/32-D-carabinero-trompeta-de-gala-1812.jpg 800w, https:\/\/lossoldaditosdeplomo.com\/wp-content\/uploads\/2019\/05\/32-D-carabinero-trompeta-de-gala-1812-300x225.jpg 300w, https:\/\/lossoldaditosdeplomo.com\/wp-content\/uploads\/2019\/05\/32-D-carabinero-trompeta-de-gala-1812-768x576.jpg 768w, https:\/\/lossoldaditosdeplomo.com\/wp-content\/uploads\/2019\/05\/32-D-carabinero-trompeta-de-gala-1812-1200x900.jpg 1200w\" sizes=\"auto, (max-width: 800px) 85vw, 800px\" \/><\/a><figcaption class=\"wp-element-caption\">32-D<br>Trompeta carabineros 1812 ( Gala)<\/figcaption><\/figure>\n\n\n\n<figure class=\"wp-block-image size-large\"><a href=\"https:\/\/lossoldaditosdeplomo.com\/wp-content\/uploads\/2019\/05\/32-b-Abanderado-carabineros-gala-1812.jpg\"><img loading=\"lazy\" decoding=\"async\" width=\"800\" height=\"600\" data-id=\"7165\" src=\"https:\/\/lossoldaditosdeplomo.com\/wp-content\/uploads\/2019\/05\/32-b-Abanderado-carabineros-gala-1812.jpg\" alt=\"\" class=\"wp-image-7165\" srcset=\"https:\/\/lossoldaditosdeplomo.com\/wp-content\/uploads\/2019\/05\/32-b-Abanderado-carabineros-gala-1812.jpg 800w, https:\/\/lossoldaditosdeplomo.com\/wp-content\/uploads\/2019\/05\/32-b-Abanderado-carabineros-gala-1812-300x225.jpg 300w, https:\/\/lossoldaditosdeplomo.com\/wp-content\/uploads\/2019\/05\/32-b-Abanderado-carabineros-gala-1812-768x576.jpg 768w, https:\/\/lossoldaditosdeplomo.com\/wp-content\/uploads\/2019\/05\/32-b-Abanderado-carabineros-gala-1812-1200x900.jpg 1200w\" sizes=\"auto, (max-width: 800px) 85vw, 800px\" \/><\/a><figcaption class=\"wp-element-caption\">32-B<br>Abanderado carabineros, gala 1812<\/figcaption><\/figure>\n\n\n\n<figure class=\"wp-block-image size-large\"><a href=\"https:\/\/lossoldaditosdeplomo.com\/wp-content\/uploads\/2019\/05\/33-D-Coracero-de-gala.jpg\"><img loading=\"lazy\" decoding=\"async\" width=\"800\" height=\"600\" data-id=\"7167\" src=\"https:\/\/lossoldaditosdeplomo.com\/wp-content\/uploads\/2019\/05\/33-D-Coracero-de-gala.jpg\" alt=\"\" class=\"wp-image-7167\" srcset=\"https:\/\/lossoldaditosdeplomo.com\/wp-content\/uploads\/2019\/05\/33-D-Coracero-de-gala.jpg 800w, https:\/\/lossoldaditosdeplomo.com\/wp-content\/uploads\/2019\/05\/33-D-Coracero-de-gala-300x225.jpg 300w, https:\/\/lossoldaditosdeplomo.com\/wp-content\/uploads\/2019\/05\/33-D-Coracero-de-gala-768x576.jpg 768w, https:\/\/lossoldaditosdeplomo.com\/wp-content\/uploads\/2019\/05\/33-D-Coracero-de-gala-1200x900.jpg 1200w\" sizes=\"auto, (max-width: 800px) 85vw, 800px\" \/><\/a><figcaption class=\"wp-element-caption\">33-D<br>Caracero de gala<\/figcaption><\/figure>\n\n\n\n<figure class=\"wp-block-image size-large\"><a href=\"https:\/\/lossoldaditosdeplomo.com\/wp-content\/uploads\/2019\/05\/33-C-Abanderado-campan\u0303a-.jpg\"><img loading=\"lazy\" decoding=\"async\" width=\"800\" height=\"600\" data-id=\"7168\" src=\"https:\/\/lossoldaditosdeplomo.com\/wp-content\/uploads\/2019\/05\/33-C-Abanderado-campan\u0303a-.jpg\" alt=\"\" class=\"wp-image-7168\" srcset=\"https:\/\/lossoldaditosdeplomo.com\/wp-content\/uploads\/2019\/05\/33-C-Abanderado-campan\u0303a-.jpg 800w, https:\/\/lossoldaditosdeplomo.com\/wp-content\/uploads\/2019\/05\/33-C-Abanderado-campan\u0303a--300x225.jpg 300w, https:\/\/lossoldaditosdeplomo.com\/wp-content\/uploads\/2019\/05\/33-C-Abanderado-campan\u0303a--768x576.jpg 768w, https:\/\/lossoldaditosdeplomo.com\/wp-content\/uploads\/2019\/05\/33-C-Abanderado-campan\u0303a--1200x900.jpg 1200w\" sizes=\"auto, (max-width: 800px) 85vw, 800px\" \/><\/a><figcaption class=\"wp-element-caption\">Abanderado uniforme de campa\u00f1a   33-c<\/figcaption><\/figure>\n\n\n\n<figure class=\"wp-block-image size-large\"><a href=\"https:\/\/lossoldaditosdeplomo.com\/wp-content\/uploads\/2019\/05\/33-D-soldado-de-gala.jpg\"><img loading=\"lazy\" decoding=\"async\" width=\"800\" height=\"600\" data-id=\"7169\" src=\"https:\/\/lossoldaditosdeplomo.com\/wp-content\/uploads\/2019\/05\/33-D-soldado-de-gala.jpg\" alt=\"\" class=\"wp-image-7169\" srcset=\"https:\/\/lossoldaditosdeplomo.com\/wp-content\/uploads\/2019\/05\/33-D-soldado-de-gala.jpg 800w, https:\/\/lossoldaditosdeplomo.com\/wp-content\/uploads\/2019\/05\/33-D-soldado-de-gala-300x225.jpg 300w, https:\/\/lossoldaditosdeplomo.com\/wp-content\/uploads\/2019\/05\/33-D-soldado-de-gala-768x576.jpg 768w, https:\/\/lossoldaditosdeplomo.com\/wp-content\/uploads\/2019\/05\/33-D-soldado-de-gala-1200x900.jpg 1200w\" sizes=\"auto, (max-width: 800px) 85vw, 800px\" \/><\/a><figcaption class=\"wp-element-caption\">33-D<br>Coracero de Gala<\/figcaption><\/figure>\n\n\n\n<figure class=\"wp-block-image size-large\"><a href=\"https:\/\/lossoldaditosdeplomo.com\/wp-content\/uploads\/2019\/05\/36-D-guradia-de-paris-oficial-de-dragones.jpg\"><img loading=\"lazy\" decoding=\"async\" width=\"800\" height=\"600\" data-id=\"7170\" src=\"https:\/\/lossoldaditosdeplomo.com\/wp-content\/uploads\/2019\/05\/36-D-guradia-de-paris-oficial-de-dragones.jpg\" alt=\"\" class=\"wp-image-7170\" srcset=\"https:\/\/lossoldaditosdeplomo.com\/wp-content\/uploads\/2019\/05\/36-D-guradia-de-paris-oficial-de-dragones.jpg 800w, https:\/\/lossoldaditosdeplomo.com\/wp-content\/uploads\/2019\/05\/36-D-guradia-de-paris-oficial-de-dragones-300x225.jpg 300w, https:\/\/lossoldaditosdeplomo.com\/wp-content\/uploads\/2019\/05\/36-D-guradia-de-paris-oficial-de-dragones-768x576.jpg 768w, https:\/\/lossoldaditosdeplomo.com\/wp-content\/uploads\/2019\/05\/36-D-guradia-de-paris-oficial-de-dragones-1200x900.jpg 1200w\" sizes=\"auto, (max-width: 800px) 85vw, 800px\" \/><\/a><figcaption class=\"wp-element-caption\">36-D<br>Guardia de Par\u00eds <br>Oficial de Dragones 1806( Gala )<\/figcaption><\/figure>\n\n\n\n<figure class=\"wp-block-image size-large\"><a href=\"https:\/\/lossoldaditosdeplomo.com\/wp-content\/uploads\/2019\/05\/33-b-Oficial-campan\u0303a.jpg\"><img loading=\"lazy\" decoding=\"async\" width=\"800\" height=\"600\" data-id=\"7171\" src=\"https:\/\/lossoldaditosdeplomo.com\/wp-content\/uploads\/2019\/05\/33-b-Oficial-campan\u0303a.jpg\" alt=\"\" class=\"wp-image-7171\" srcset=\"https:\/\/lossoldaditosdeplomo.com\/wp-content\/uploads\/2019\/05\/33-b-Oficial-campan\u0303a.jpg 800w, https:\/\/lossoldaditosdeplomo.com\/wp-content\/uploads\/2019\/05\/33-b-Oficial-campan\u0303a-300x225.jpg 300w, https:\/\/lossoldaditosdeplomo.com\/wp-content\/uploads\/2019\/05\/33-b-Oficial-campan\u0303a-768x576.jpg 768w, https:\/\/lossoldaditosdeplomo.com\/wp-content\/uploads\/2019\/05\/33-b-Oficial-campan\u0303a-1200x900.jpg 1200w\" sizes=\"auto, (max-width: 800px) 85vw, 800px\" \/><\/a><figcaption class=\"wp-element-caption\">Oficial uniforme de campa\u00f1a  33-b<\/figcaption><\/figure>\n<\/figure>\n\n\n\n<p class=\"has-text-align-center\">3.5 INFANTERIA DE LINEA   3.6 GUARDIA DE PARIS<\/p>\n\n\n\n<figure class=\"wp-block-image\"><a href=\"https:\/\/lossoldaditosdeplomo.com\/wp-content\/uploads\/2019\/05\/guardia-de-Paris.jpg\"><img loading=\"lazy\" decoding=\"async\" width=\"800\" height=\"600\" src=\"https:\/\/lossoldaditosdeplomo.com\/wp-content\/uploads\/2019\/05\/guardia-de-Paris.jpg\" alt=\"\" class=\"wp-image-6981\" srcset=\"https:\/\/lossoldaditosdeplomo.com\/wp-content\/uploads\/2019\/05\/guardia-de-Paris.jpg 800w, https:\/\/lossoldaditosdeplomo.com\/wp-content\/uploads\/2019\/05\/guardia-de-Paris-300x225.jpg 300w, https:\/\/lossoldaditosdeplomo.com\/wp-content\/uploads\/2019\/05\/guardia-de-Paris-768x576.jpg 768w, https:\/\/lossoldaditosdeplomo.com\/wp-content\/uploads\/2019\/05\/guardia-de-Paris-1200x900.jpg 1200w\" sizes=\"auto, (max-width: 800px) 85vw, 800px\" \/><\/a><\/figure>\n\n\n\n<figure class=\"wp-block-gallery has-nested-images columns-1 is-cropped wp-block-gallery-12 is-layout-flex wp-block-gallery-is-layout-flex\">\n<figure class=\"wp-block-image size-large\"><img loading=\"lazy\" decoding=\"async\" width=\"800\" height=\"600\" data-id=\"7133\" src=\"https:\/\/lossoldaditosdeplomo.com\/wp-content\/uploads\/2019\/05\/36c-modificado-35c.jpg\" alt=\"\" class=\"wp-image-7133\" srcset=\"https:\/\/lossoldaditosdeplomo.com\/wp-content\/uploads\/2019\/05\/36c-modificado-35c.jpg 800w, https:\/\/lossoldaditosdeplomo.com\/wp-content\/uploads\/2019\/05\/36c-modificado-35c-300x225.jpg 300w, https:\/\/lossoldaditosdeplomo.com\/wp-content\/uploads\/2019\/05\/36c-modificado-35c-768x576.jpg 768w, https:\/\/lossoldaditosdeplomo.com\/wp-content\/uploads\/2019\/05\/36c-modificado-35c-1200x900.jpg 1200w\" sizes=\"auto, (max-width: 800px) 85vw, 800px\" \/><figcaption class=\"wp-element-caption\">36-C<br>Fusilero campa\u00f1a<br>Espa\u00f1a 1811<br>Modificado sobre 35-c<\/figcaption><\/figure>\n\n\n\n<figure class=\"wp-block-image size-large\"><img loading=\"lazy\" decoding=\"async\" width=\"800\" height=\"600\" data-id=\"7135\" src=\"https:\/\/lossoldaditosdeplomo.com\/wp-content\/uploads\/2019\/05\/36-AVoltigeurs-gala-1808.jpg\" alt=\"\" class=\"wp-image-7135\" srcset=\"https:\/\/lossoldaditosdeplomo.com\/wp-content\/uploads\/2019\/05\/36-AVoltigeurs-gala-1808.jpg 800w, https:\/\/lossoldaditosdeplomo.com\/wp-content\/uploads\/2019\/05\/36-AVoltigeurs-gala-1808-300x225.jpg 300w, https:\/\/lossoldaditosdeplomo.com\/wp-content\/uploads\/2019\/05\/36-AVoltigeurs-gala-1808-768x576.jpg 768w, https:\/\/lossoldaditosdeplomo.com\/wp-content\/uploads\/2019\/05\/36-AVoltigeurs-gala-1808-1200x900.jpg 1200w\" sizes=\"auto, (max-width: 800px) 85vw, 800px\" \/><figcaption class=\"wp-element-caption\">36-A<br>Guardia de Par\u00eds<br>Voltigeurs,  gala 1808<\/figcaption><\/figure>\n\n\n\n<figure class=\"wp-block-image size-large\"><img loading=\"lazy\" decoding=\"async\" width=\"800\" height=\"600\" data-id=\"7137\" src=\"https:\/\/lossoldaditosdeplomo.com\/wp-content\/uploads\/2019\/05\/36-b-Voltigeurs-en-Espan\u0303a-1811JPG.jpg\" alt=\"\" class=\"wp-image-7137\" srcset=\"https:\/\/lossoldaditosdeplomo.com\/wp-content\/uploads\/2019\/05\/36-b-Voltigeurs-en-Espan\u0303a-1811JPG.jpg 800w, https:\/\/lossoldaditosdeplomo.com\/wp-content\/uploads\/2019\/05\/36-b-Voltigeurs-en-Espan\u0303a-1811JPG-300x225.jpg 300w, https:\/\/lossoldaditosdeplomo.com\/wp-content\/uploads\/2019\/05\/36-b-Voltigeurs-en-Espan\u0303a-1811JPG-768x576.jpg 768w, https:\/\/lossoldaditosdeplomo.com\/wp-content\/uploads\/2019\/05\/36-b-Voltigeurs-en-Espan\u0303a-1811JPG-1200x900.jpg 1200w\" sizes=\"auto, (max-width: 800px) 85vw, 800px\" \/><figcaption class=\"wp-element-caption\">36-B\nGuardia de Par\u00eds\nVoltigeurs, en Espa\u00f1a 1811<\/figcaption><\/figure>\n\n\n\n<figure class=\"wp-block-image size-large\"><img loading=\"lazy\" decoding=\"async\" width=\"800\" height=\"600\" data-id=\"7139\" src=\"https:\/\/lossoldaditosdeplomo.com\/wp-content\/uploads\/2019\/05\/36-BVoltigeurs-en-Espan\u0303a-1811-2.jpg\" alt=\"\" class=\"wp-image-7139\" srcset=\"https:\/\/lossoldaditosdeplomo.com\/wp-content\/uploads\/2019\/05\/36-BVoltigeurs-en-Espan\u0303a-1811-2.jpg 800w, https:\/\/lossoldaditosdeplomo.com\/wp-content\/uploads\/2019\/05\/36-BVoltigeurs-en-Espan\u0303a-1811-2-300x225.jpg 300w, https:\/\/lossoldaditosdeplomo.com\/wp-content\/uploads\/2019\/05\/36-BVoltigeurs-en-Espan\u0303a-1811-2-768x576.jpg 768w, https:\/\/lossoldaditosdeplomo.com\/wp-content\/uploads\/2019\/05\/36-BVoltigeurs-en-Espan\u0303a-1811-2-1200x900.jpg 1200w\" sizes=\"auto, (max-width: 800px) 85vw, 800px\" \/><figcaption class=\"wp-element-caption\">36-B\nGuardia de Par\u00eds\nVoltigeurs, en Espa\u00f1a 1811<\/figcaption><\/figure>\n\n\n\n<figure class=\"wp-block-image size-large\"><img loading=\"lazy\" decoding=\"async\" width=\"800\" height=\"600\" data-id=\"7141\" src=\"https:\/\/lossoldaditosdeplomo.com\/wp-content\/uploads\/2019\/05\/35-A-Fusilero-de-campan\u0303a-verano.jpg\" alt=\"\" class=\"wp-image-7141\" srcset=\"https:\/\/lossoldaditosdeplomo.com\/wp-content\/uploads\/2019\/05\/35-A-Fusilero-de-campan\u0303a-verano.jpg 800w, https:\/\/lossoldaditosdeplomo.com\/wp-content\/uploads\/2019\/05\/35-A-Fusilero-de-campan\u0303a-verano-300x225.jpg 300w, https:\/\/lossoldaditosdeplomo.com\/wp-content\/uploads\/2019\/05\/35-A-Fusilero-de-campan\u0303a-verano-768x576.jpg 768w, https:\/\/lossoldaditosdeplomo.com\/wp-content\/uploads\/2019\/05\/35-A-Fusilero-de-campan\u0303a-verano-1200x900.jpg 1200w\" sizes=\"auto, (max-width: 800px) 85vw, 800px\" \/><figcaption class=\"wp-element-caption\">35-A\nFusilero de capa\u00f1a 1807\nVerano<\/figcaption><\/figure>\n\n\n\n<figure class=\"wp-block-image size-large\"><img loading=\"lazy\" decoding=\"async\" width=\"800\" height=\"600\" data-id=\"7142\" src=\"https:\/\/lossoldaditosdeplomo.com\/wp-content\/uploads\/2019\/05\/35-B-fusilero-de-campan\u0303a-espan\u0303a-.jpg\" alt=\"\" class=\"wp-image-7142\" srcset=\"https:\/\/lossoldaditosdeplomo.com\/wp-content\/uploads\/2019\/05\/35-B-fusilero-de-campan\u0303a-espan\u0303a-.jpg 800w, https:\/\/lossoldaditosdeplomo.com\/wp-content\/uploads\/2019\/05\/35-B-fusilero-de-campan\u0303a-espan\u0303a--300x225.jpg 300w, https:\/\/lossoldaditosdeplomo.com\/wp-content\/uploads\/2019\/05\/35-B-fusilero-de-campan\u0303a-espan\u0303a--768x576.jpg 768w, https:\/\/lossoldaditosdeplomo.com\/wp-content\/uploads\/2019\/05\/35-B-fusilero-de-campan\u0303a-espan\u0303a--1200x900.jpg 1200w\" sizes=\"auto, (max-width: 800px) 85vw, 800px\" \/><figcaption class=\"wp-element-caption\">35-B\nFusilero de campa\u00f1a\nEspa\u00f1a 1811<\/figcaption><\/figure>\n\n\n\n<figure class=\"wp-block-image size-large\"><img loading=\"lazy\" decoding=\"async\" width=\"800\" height=\"600\" data-id=\"7143\" src=\"https:\/\/lossoldaditosdeplomo.com\/wp-content\/uploads\/2019\/05\/227-fusilero-de-campan\u0303a-1811.jpg\" alt=\"\" class=\"wp-image-7143\" srcset=\"https:\/\/lossoldaditosdeplomo.com\/wp-content\/uploads\/2019\/05\/227-fusilero-de-campan\u0303a-1811.jpg 800w, https:\/\/lossoldaditosdeplomo.com\/wp-content\/uploads\/2019\/05\/227-fusilero-de-campan\u0303a-1811-300x225.jpg 300w, https:\/\/lossoldaditosdeplomo.com\/wp-content\/uploads\/2019\/05\/227-fusilero-de-campan\u0303a-1811-768x576.jpg 768w, https:\/\/lossoldaditosdeplomo.com\/wp-content\/uploads\/2019\/05\/227-fusilero-de-campan\u0303a-1811-1200x900.jpg 1200w\" sizes=\"auto, (max-width: 800px) 85vw, 800px\" \/><figcaption class=\"wp-element-caption\">227-fusilero-de-campan\u0303a-1811<\/figcaption><\/figure>\n\n\n\n<figure class=\"wp-block-image size-large\"><img loading=\"lazy\" decoding=\"async\" width=\"800\" height=\"600\" data-id=\"7144\" src=\"https:\/\/lossoldaditosdeplomo.com\/wp-content\/uploads\/2019\/05\/36c-modificado-35c-1.jpg\" alt=\"\" class=\"wp-image-7144\" srcset=\"https:\/\/lossoldaditosdeplomo.com\/wp-content\/uploads\/2019\/05\/36c-modificado-35c-1.jpg 800w, https:\/\/lossoldaditosdeplomo.com\/wp-content\/uploads\/2019\/05\/36c-modificado-35c-1-300x225.jpg 300w, https:\/\/lossoldaditosdeplomo.com\/wp-content\/uploads\/2019\/05\/36c-modificado-35c-1-768x576.jpg 768w, https:\/\/lossoldaditosdeplomo.com\/wp-content\/uploads\/2019\/05\/36c-modificado-35c-1-1200x900.jpg 1200w\" sizes=\"auto, (max-width: 800px) 85vw, 800px\" \/><\/figure>\n\n\n\n<figure class=\"wp-block-image size-large\"><img loading=\"lazy\" decoding=\"async\" width=\"800\" height=\"600\" data-id=\"7152\" src=\"https:\/\/lossoldaditosdeplomo.com\/wp-content\/uploads\/2019\/05\/36-AVoltigeurs-gala-1808-.jpg\" alt=\"\" class=\"wp-image-7152\" srcset=\"https:\/\/lossoldaditosdeplomo.com\/wp-content\/uploads\/2019\/05\/36-AVoltigeurs-gala-1808-.jpg 800w, https:\/\/lossoldaditosdeplomo.com\/wp-content\/uploads\/2019\/05\/36-AVoltigeurs-gala-1808--300x225.jpg 300w, https:\/\/lossoldaditosdeplomo.com\/wp-content\/uploads\/2019\/05\/36-AVoltigeurs-gala-1808--768x576.jpg 768w, https:\/\/lossoldaditosdeplomo.com\/wp-content\/uploads\/2019\/05\/36-AVoltigeurs-gala-1808--1200x900.jpg 1200w\" sizes=\"auto, (max-width: 800px) 85vw, 800px\" \/><figcaption class=\"wp-element-caption\">36-A<br>Voltigeurs,  gala 1808      <\/figcaption><\/figure>\n\n\n\n<figure class=\"wp-block-image size-large\"><img loading=\"lazy\" decoding=\"async\" width=\"800\" height=\"600\" data-id=\"7153\" src=\"https:\/\/lossoldaditosdeplomo.com\/wp-content\/uploads\/2019\/05\/35-C-Granadero-campan\u0303a-Espan\u0303a-1811.jpg\" alt=\"\" class=\"wp-image-7153\" srcset=\"https:\/\/lossoldaditosdeplomo.com\/wp-content\/uploads\/2019\/05\/35-C-Granadero-campan\u0303a-Espan\u0303a-1811.jpg 800w, https:\/\/lossoldaditosdeplomo.com\/wp-content\/uploads\/2019\/05\/35-C-Granadero-campan\u0303a-Espan\u0303a-1811-300x225.jpg 300w, https:\/\/lossoldaditosdeplomo.com\/wp-content\/uploads\/2019\/05\/35-C-Granadero-campan\u0303a-Espan\u0303a-1811-768x576.jpg 768w, https:\/\/lossoldaditosdeplomo.com\/wp-content\/uploads\/2019\/05\/35-C-Granadero-campan\u0303a-Espan\u0303a-1811-1200x900.jpg 1200w\" sizes=\"auto, (max-width: 800px) 85vw, 800px\" \/><figcaption class=\"wp-element-caption\">35-C-Granadero-campan\u0303a-Espan\u0303a-1811<\/figcaption><\/figure>\n\n\n\n<figure class=\"wp-block-image size-large\"><img loading=\"lazy\" decoding=\"async\" width=\"800\" height=\"600\" data-id=\"7154\" src=\"https:\/\/lossoldaditosdeplomo.com\/wp-content\/uploads\/2019\/05\/346-granadero-gala-1806.jpg\" alt=\"\" class=\"wp-image-7154\" srcset=\"https:\/\/lossoldaditosdeplomo.com\/wp-content\/uploads\/2019\/05\/346-granadero-gala-1806.jpg 800w, https:\/\/lossoldaditosdeplomo.com\/wp-content\/uploads\/2019\/05\/346-granadero-gala-1806-300x225.jpg 300w, https:\/\/lossoldaditosdeplomo.com\/wp-content\/uploads\/2019\/05\/346-granadero-gala-1806-768x576.jpg 768w, https:\/\/lossoldaditosdeplomo.com\/wp-content\/uploads\/2019\/05\/346-granadero-gala-1806-1200x900.jpg 1200w\" sizes=\"auto, (max-width: 800px) 85vw, 800px\" \/><figcaption class=\"wp-element-caption\">346<br>Granadero de Gala 1806<\/figcaption><\/figure>\n\n\n\n<figure class=\"wp-block-image size-large\"><img loading=\"lazy\" decoding=\"async\" width=\"800\" height=\"600\" data-id=\"7156\" src=\"https:\/\/lossoldaditosdeplomo.com\/wp-content\/uploads\/2019\/05\/36-C-Fusilero-Gurdia-de-Paris.jpg\" alt=\"\" class=\"wp-image-7156\" srcset=\"https:\/\/lossoldaditosdeplomo.com\/wp-content\/uploads\/2019\/05\/36-C-Fusilero-Gurdia-de-Paris.jpg 800w, https:\/\/lossoldaditosdeplomo.com\/wp-content\/uploads\/2019\/05\/36-C-Fusilero-Gurdia-de-Paris-300x225.jpg 300w, https:\/\/lossoldaditosdeplomo.com\/wp-content\/uploads\/2019\/05\/36-C-Fusilero-Gurdia-de-Paris-768x576.jpg 768w, https:\/\/lossoldaditosdeplomo.com\/wp-content\/uploads\/2019\/05\/36-C-Fusilero-Gurdia-de-Paris-1200x900.jpg 1200w\" sizes=\"auto, (max-width: 800px) 85vw, 800px\" \/><figcaption class=\"wp-element-caption\">36-C<br>Fusilero Guardia de Par\u00eds<\/figcaption><\/figure>\n<\/figure>\n\n\n\n<!--nextpage-->\n\n\n\n<p class=\"has-text-align-center\" style=\"font-size:24px\">SERIE 6:   El Ejercito de Espa\u00f1a<\/p>\n\n\n\n<figure class=\"wp-block-image\"><a href=\"https:\/\/lossoldaditosdeplomo.com\/wp-content\/uploads\/2019\/05\/tropas-espa\u00f1olas.jpg\"><img loading=\"lazy\" decoding=\"async\" width=\"800\" height=\"600\" src=\"https:\/\/lossoldaditosdeplomo.com\/wp-content\/uploads\/2019\/05\/tropas-espan\u0303olas.jpg\" alt=\"\" class=\"wp-image-6973\" srcset=\"https:\/\/lossoldaditosdeplomo.com\/wp-content\/uploads\/2019\/05\/tropas-espan\u0303olas.jpg 800w, https:\/\/lossoldaditosdeplomo.com\/wp-content\/uploads\/2019\/05\/tropas-espan\u0303olas-300x225.jpg 300w, https:\/\/lossoldaditosdeplomo.com\/wp-content\/uploads\/2019\/05\/tropas-espan\u0303olas-768x576.jpg 768w, https:\/\/lossoldaditosdeplomo.com\/wp-content\/uploads\/2019\/05\/tropas-espan\u0303olas-1200x900.jpg 1200w\" sizes=\"auto, (max-width: 800px) 85vw, 800px\" \/><\/a><figcaption class=\"wp-element-caption\">Tropas espa\u00f1olas<\/figcaption><\/figure>\n\n\n\n<figure class=\"wp-block-gallery has-nested-images columns-1 is-cropped wp-block-gallery-13 is-layout-flex wp-block-gallery-is-layout-flex\">\n<figure class=\"wp-block-image size-large\"><a href=\"https:\/\/lossoldaditosdeplomo.com\/wp-content\/uploads\/2019\/05\/sr-cazador-de-Villaviciosa.jpg\"><img loading=\"lazy\" decoding=\"async\" width=\"800\" height=\"600\" data-id=\"7196\" src=\"https:\/\/lossoldaditosdeplomo.com\/wp-content\/uploads\/2019\/05\/sr-cazador-de-Villaviciosa.jpg\" alt=\"\" class=\"wp-image-7196\" srcset=\"https:\/\/lossoldaditosdeplomo.com\/wp-content\/uploads\/2019\/05\/sr-cazador-de-Villaviciosa.jpg 800w, https:\/\/lossoldaditosdeplomo.com\/wp-content\/uploads\/2019\/05\/sr-cazador-de-Villaviciosa-300x225.jpg 300w, https:\/\/lossoldaditosdeplomo.com\/wp-content\/uploads\/2019\/05\/sr-cazador-de-Villaviciosa-768x576.jpg 768w, https:\/\/lossoldaditosdeplomo.com\/wp-content\/uploads\/2019\/05\/sr-cazador-de-Villaviciosa-1200x900.jpg 1200w\" sizes=\"auto, (max-width: 800px) 85vw, 800px\" \/><\/a><figcaption class=\"wp-element-caption\">s\/r<br>Cazador de Villaviciosa 1808<\/figcaption><\/figure>\n\n\n\n<figure class=\"wp-block-image size-large\"><a href=\"https:\/\/lossoldaditosdeplomo.com\/wp-content\/uploads\/2019\/05\/sr-granadero-cordoba.jpg\"><img loading=\"lazy\" decoding=\"async\" width=\"800\" height=\"600\" data-id=\"7198\" src=\"https:\/\/lossoldaditosdeplomo.com\/wp-content\/uploads\/2019\/05\/sr-granadero-cordoba.jpg\" alt=\"\" class=\"wp-image-7198\" srcset=\"https:\/\/lossoldaditosdeplomo.com\/wp-content\/uploads\/2019\/05\/sr-granadero-cordoba.jpg 800w, https:\/\/lossoldaditosdeplomo.com\/wp-content\/uploads\/2019\/05\/sr-granadero-cordoba-300x225.jpg 300w, https:\/\/lossoldaditosdeplomo.com\/wp-content\/uploads\/2019\/05\/sr-granadero-cordoba-768x576.jpg 768w, https:\/\/lossoldaditosdeplomo.com\/wp-content\/uploads\/2019\/05\/sr-granadero-cordoba-1200x900.jpg 1200w\" sizes=\"auto, (max-width: 800px) 85vw, 800px\" \/><\/a><figcaption class=\"wp-element-caption\">s\/r<br>Granadero Cordoba 1806<\/figcaption><\/figure>\n\n\n\n<figure class=\"wp-block-image size-large\"><a href=\"https:\/\/lossoldaditosdeplomo.com\/wp-content\/uploads\/2019\/05\/sr-voluntario-de-ca\u0301diz-1808.jpg\"><img loading=\"lazy\" decoding=\"async\" width=\"800\" height=\"600\" data-id=\"7199\" src=\"https:\/\/lossoldaditosdeplomo.com\/wp-content\/uploads\/2019\/05\/sr-voluntario-de-ca\u0301diz-1808.jpg\" alt=\"\" class=\"wp-image-7199\" srcset=\"https:\/\/lossoldaditosdeplomo.com\/wp-content\/uploads\/2019\/05\/sr-voluntario-de-ca\u0301diz-1808.jpg 800w, https:\/\/lossoldaditosdeplomo.com\/wp-content\/uploads\/2019\/05\/sr-voluntario-de-ca\u0301diz-1808-300x225.jpg 300w, https:\/\/lossoldaditosdeplomo.com\/wp-content\/uploads\/2019\/05\/sr-voluntario-de-ca\u0301diz-1808-768x576.jpg 768w, https:\/\/lossoldaditosdeplomo.com\/wp-content\/uploads\/2019\/05\/sr-voluntario-de-ca\u0301diz-1808-1200x900.jpg 1200w\" sizes=\"auto, (max-width: 800px) 85vw, 800px\" \/><\/a><figcaption class=\"wp-element-caption\">s\/r\nVoluntario de Cadiz 1808<\/figcaption><\/figure>\n\n\n\n<figure class=\"wp-block-image size-large\"><a href=\"https:\/\/lossoldaditosdeplomo.com\/wp-content\/uploads\/2019\/05\/sr-oficial-dragones-de-almansa-1800.jpg\"><img loading=\"lazy\" decoding=\"async\" width=\"800\" height=\"600\" data-id=\"7201\" src=\"https:\/\/lossoldaditosdeplomo.com\/wp-content\/uploads\/2019\/05\/sr-oficial-dragones-de-almansa-1800.jpg\" alt=\"\" class=\"wp-image-7201\" srcset=\"https:\/\/lossoldaditosdeplomo.com\/wp-content\/uploads\/2019\/05\/sr-oficial-dragones-de-almansa-1800.jpg 800w, https:\/\/lossoldaditosdeplomo.com\/wp-content\/uploads\/2019\/05\/sr-oficial-dragones-de-almansa-1800-300x225.jpg 300w, https:\/\/lossoldaditosdeplomo.com\/wp-content\/uploads\/2019\/05\/sr-oficial-dragones-de-almansa-1800-768x576.jpg 768w, https:\/\/lossoldaditosdeplomo.com\/wp-content\/uploads\/2019\/05\/sr-oficial-dragones-de-almansa-1800-1200x900.jpg 1200w\" sizes=\"auto, (max-width: 800px) 85vw, 800px\" \/><\/a><figcaption class=\"wp-element-caption\">s\/r<br>Oficial Dragones de Almansa 1800<\/figcaption><\/figure>\n\n\n\n<figure class=\"wp-block-image size-large\"><a href=\"https:\/\/lossoldaditosdeplomo.com\/wp-content\/uploads\/2019\/05\/sr-Infanteri\u0301a-regimiento-de-Gerona.jpg\"><img loading=\"lazy\" decoding=\"async\" width=\"800\" height=\"600\" data-id=\"7202\" src=\"https:\/\/lossoldaditosdeplomo.com\/wp-content\/uploads\/2019\/05\/sr-Infanteri\u0301a-regimiento-de-Gerona.jpg\" alt=\"\" class=\"wp-image-7202\" srcset=\"https:\/\/lossoldaditosdeplomo.com\/wp-content\/uploads\/2019\/05\/sr-Infanteri\u0301a-regimiento-de-Gerona.jpg 800w, https:\/\/lossoldaditosdeplomo.com\/wp-content\/uploads\/2019\/05\/sr-Infanteri\u0301a-regimiento-de-Gerona-300x225.jpg 300w, https:\/\/lossoldaditosdeplomo.com\/wp-content\/uploads\/2019\/05\/sr-Infanteri\u0301a-regimiento-de-Gerona-768x576.jpg 768w, https:\/\/lossoldaditosdeplomo.com\/wp-content\/uploads\/2019\/05\/sr-Infanteri\u0301a-regimiento-de-Gerona-1200x900.jpg 1200w\" sizes=\"auto, (max-width: 800px) 85vw, 800px\" \/><\/a><figcaption class=\"wp-element-caption\">s\/r\nInfanter\u00eda Rgto Gerona 1806<\/figcaption><\/figure>\n\n\n\n<figure class=\"wp-block-image size-large\"><a href=\"https:\/\/lossoldaditosdeplomo.com\/wp-content\/uploads\/2019\/05\/sr-infanteria-rgto-campo-mayor.jpg\"><img loading=\"lazy\" decoding=\"async\" width=\"800\" height=\"600\" data-id=\"7203\" src=\"https:\/\/lossoldaditosdeplomo.com\/wp-content\/uploads\/2019\/05\/sr-infanteria-rgto-campo-mayor.jpg\" alt=\"\" class=\"wp-image-7203\" srcset=\"https:\/\/lossoldaditosdeplomo.com\/wp-content\/uploads\/2019\/05\/sr-infanteria-rgto-campo-mayor.jpg 800w, https:\/\/lossoldaditosdeplomo.com\/wp-content\/uploads\/2019\/05\/sr-infanteria-rgto-campo-mayor-300x225.jpg 300w, https:\/\/lossoldaditosdeplomo.com\/wp-content\/uploads\/2019\/05\/sr-infanteria-rgto-campo-mayor-768x576.jpg 768w, https:\/\/lossoldaditosdeplomo.com\/wp-content\/uploads\/2019\/05\/sr-infanteria-rgto-campo-mayor-1200x900.jpg 1200w\" sizes=\"auto, (max-width: 800px) 85vw, 800px\" \/><\/a><figcaption class=\"wp-element-caption\">s\/r<br>Infanter\u00eda Rgto Campo Mayor 1805<\/figcaption><\/figure>\n\n\n\n<figure class=\"wp-block-image size-large\"><a href=\"https:\/\/lossoldaditosdeplomo.com\/wp-content\/uploads\/2019\/05\/sr-zapador-rgto-Guadalajara-1806.jpg\"><img loading=\"lazy\" decoding=\"async\" width=\"800\" height=\"600\" data-id=\"7205\" src=\"https:\/\/lossoldaditosdeplomo.com\/wp-content\/uploads\/2019\/05\/sr-zapador-rgto-Guadalajara-1806.jpg\" alt=\"\" class=\"wp-image-7205\" srcset=\"https:\/\/lossoldaditosdeplomo.com\/wp-content\/uploads\/2019\/05\/sr-zapador-rgto-Guadalajara-1806.jpg 800w, https:\/\/lossoldaditosdeplomo.com\/wp-content\/uploads\/2019\/05\/sr-zapador-rgto-Guadalajara-1806-300x225.jpg 300w, https:\/\/lossoldaditosdeplomo.com\/wp-content\/uploads\/2019\/05\/sr-zapador-rgto-Guadalajara-1806-768x576.jpg 768w, https:\/\/lossoldaditosdeplomo.com\/wp-content\/uploads\/2019\/05\/sr-zapador-rgto-Guadalajara-1806-1200x900.jpg 1200w\" sizes=\"auto, (max-width: 800px) 85vw, 800px\" \/><\/a><figcaption class=\"wp-element-caption\">s\/r<br>Zapador Rgto Guadalajara 1806<\/figcaption><\/figure>\n\n\n\n<figure class=\"wp-block-image size-large\"><a href=\"https:\/\/lossoldaditosdeplomo.com\/wp-content\/uploads\/2019\/05\/sr-oficial-infanteri\u0301a-ligera-Barcelona-1807.jpg\"><img loading=\"lazy\" decoding=\"async\" width=\"800\" height=\"600\" data-id=\"7207\" src=\"https:\/\/lossoldaditosdeplomo.com\/wp-content\/uploads\/2019\/05\/sr-oficial-infanteri\u0301a-ligera-Barcelona-1807.jpg\" alt=\"\" class=\"wp-image-7207\" srcset=\"https:\/\/lossoldaditosdeplomo.com\/wp-content\/uploads\/2019\/05\/sr-oficial-infanteri\u0301a-ligera-Barcelona-1807.jpg 800w, https:\/\/lossoldaditosdeplomo.com\/wp-content\/uploads\/2019\/05\/sr-oficial-infanteri\u0301a-ligera-Barcelona-1807-300x225.jpg 300w, https:\/\/lossoldaditosdeplomo.com\/wp-content\/uploads\/2019\/05\/sr-oficial-infanteri\u0301a-ligera-Barcelona-1807-768x576.jpg 768w, https:\/\/lossoldaditosdeplomo.com\/wp-content\/uploads\/2019\/05\/sr-oficial-infanteri\u0301a-ligera-Barcelona-1807-1200x900.jpg 1200w\" sizes=\"auto, (max-width: 800px) 85vw, 800px\" \/><\/a><figcaption class=\"wp-element-caption\">s\/r\n oficial infanter\u00eda ligera Barcelona 1807<\/figcaption><\/figure>\n\n\n\n<figure class=\"wp-block-image size-large\"><a href=\"https:\/\/lossoldaditosdeplomo.com\/wp-content\/uploads\/2019\/05\/64-C-CAZADOR-RGTO-ALGARVE.jpg\"><img loading=\"lazy\" decoding=\"async\" width=\"800\" height=\"600\" data-id=\"7208\" src=\"https:\/\/lossoldaditosdeplomo.com\/wp-content\/uploads\/2019\/05\/64-C-CAZADOR-RGTO-ALGARVE.jpg\" alt=\"\" class=\"wp-image-7208\" srcset=\"https:\/\/lossoldaditosdeplomo.com\/wp-content\/uploads\/2019\/05\/64-C-CAZADOR-RGTO-ALGARVE.jpg 800w, https:\/\/lossoldaditosdeplomo.com\/wp-content\/uploads\/2019\/05\/64-C-CAZADOR-RGTO-ALGARVE-300x225.jpg 300w, https:\/\/lossoldaditosdeplomo.com\/wp-content\/uploads\/2019\/05\/64-C-CAZADOR-RGTO-ALGARVE-768x576.jpg 768w, https:\/\/lossoldaditosdeplomo.com\/wp-content\/uploads\/2019\/05\/64-C-CAZADOR-RGTO-ALGARVE-1200x900.jpg 1200w\" sizes=\"auto, (max-width: 800px) 85vw, 800px\" \/><\/a><figcaption class=\"wp-element-caption\">64-C <br>Cazador Gala 1807<\/figcaption><\/figure>\n\n\n\n<figure class=\"wp-block-image size-large\"><a href=\"https:\/\/lossoldaditosdeplomo.com\/wp-content\/uploads\/2019\/05\/sr-Caballeri\u0301a-rgto-Algarve-1805.jpg\"><img loading=\"lazy\" decoding=\"async\" width=\"800\" height=\"600\" data-id=\"7210\" src=\"https:\/\/lossoldaditosdeplomo.com\/wp-content\/uploads\/2019\/05\/sr-Caballeri\u0301a-rgto-Algarve-1805.jpg\" alt=\"\" class=\"wp-image-7210\" srcset=\"https:\/\/lossoldaditosdeplomo.com\/wp-content\/uploads\/2019\/05\/sr-Caballeri\u0301a-rgto-Algarve-1805.jpg 800w, https:\/\/lossoldaditosdeplomo.com\/wp-content\/uploads\/2019\/05\/sr-Caballeri\u0301a-rgto-Algarve-1805-300x225.jpg 300w, https:\/\/lossoldaditosdeplomo.com\/wp-content\/uploads\/2019\/05\/sr-Caballeri\u0301a-rgto-Algarve-1805-768x576.jpg 768w, https:\/\/lossoldaditosdeplomo.com\/wp-content\/uploads\/2019\/05\/sr-Caballeri\u0301a-rgto-Algarve-1805-1200x900.jpg 1200w\" sizes=\"auto, (max-width: 800px) 85vw, 800px\" \/><\/a><figcaption class=\"wp-element-caption\">s\/r\nCaballer\u00eda rgto Algarve  1805<\/figcaption><\/figure>\n\n\n\n<figure class=\"wp-block-image size-large\"><a href=\"https:\/\/lossoldaditosdeplomo.com\/wp-content\/uploads\/2019\/05\/sr-granadero-rgto.-navarra-1800.jpg\"><img loading=\"lazy\" decoding=\"async\" width=\"800\" height=\"600\" data-id=\"7211\" src=\"https:\/\/lossoldaditosdeplomo.com\/wp-content\/uploads\/2019\/05\/sr-granadero-rgto.-navarra-1800.jpg\" alt=\"\" class=\"wp-image-7211\" srcset=\"https:\/\/lossoldaditosdeplomo.com\/wp-content\/uploads\/2019\/05\/sr-granadero-rgto.-navarra-1800.jpg 800w, https:\/\/lossoldaditosdeplomo.com\/wp-content\/uploads\/2019\/05\/sr-granadero-rgto.-navarra-1800-300x225.jpg 300w, https:\/\/lossoldaditosdeplomo.com\/wp-content\/uploads\/2019\/05\/sr-granadero-rgto.-navarra-1800-768x576.jpg 768w, https:\/\/lossoldaditosdeplomo.com\/wp-content\/uploads\/2019\/05\/sr-granadero-rgto.-navarra-1800-1200x900.jpg 1200w\" sizes=\"auto, (max-width: 800px) 85vw, 800px\" \/><\/a><figcaption class=\"wp-element-caption\">s\/r<br>Granadero Rgto. Navarra 1800<\/figcaption><\/figure>\n\n\n\n<figure class=\"wp-block-image size-large\"><a href=\"https:\/\/lossoldaditosdeplomo.com\/wp-content\/uploads\/2019\/05\/sr-granadero-rgto.-guadalajara-1801.jpg\"><img loading=\"lazy\" decoding=\"async\" width=\"800\" height=\"600\" data-id=\"7213\" src=\"https:\/\/lossoldaditosdeplomo.com\/wp-content\/uploads\/2019\/05\/sr-granadero-rgto.-guadalajara-1801.jpg\" alt=\"\" class=\"wp-image-7213\" srcset=\"https:\/\/lossoldaditosdeplomo.com\/wp-content\/uploads\/2019\/05\/sr-granadero-rgto.-guadalajara-1801.jpg 800w, https:\/\/lossoldaditosdeplomo.com\/wp-content\/uploads\/2019\/05\/sr-granadero-rgto.-guadalajara-1801-300x225.jpg 300w, https:\/\/lossoldaditosdeplomo.com\/wp-content\/uploads\/2019\/05\/sr-granadero-rgto.-guadalajara-1801-768x576.jpg 768w, https:\/\/lossoldaditosdeplomo.com\/wp-content\/uploads\/2019\/05\/sr-granadero-rgto.-guadalajara-1801-1200x900.jpg 1200w\" sizes=\"auto, (max-width: 800px) 85vw, 800px\" \/><\/a><figcaption class=\"wp-element-caption\">s\/r<br>Granadero Rgto. Guadalajara 1801<\/figcaption><\/figure>\n\n\n\n<figure class=\"wp-block-image size-large\"><a href=\"https:\/\/lossoldaditosdeplomo.com\/wp-content\/uploads\/2019\/05\/sr-Granadero-rgto.-Extremadura-1800.jpg\"><img loading=\"lazy\" decoding=\"async\" width=\"800\" height=\"600\" data-id=\"7214\" src=\"https:\/\/lossoldaditosdeplomo.com\/wp-content\/uploads\/2019\/05\/sr-Granadero-rgto.-Extremadura-1800.jpg\" alt=\"\" class=\"wp-image-7214\" srcset=\"https:\/\/lossoldaditosdeplomo.com\/wp-content\/uploads\/2019\/05\/sr-Granadero-rgto.-Extremadura-1800.jpg 800w, https:\/\/lossoldaditosdeplomo.com\/wp-content\/uploads\/2019\/05\/sr-Granadero-rgto.-Extremadura-1800-300x225.jpg 300w, https:\/\/lossoldaditosdeplomo.com\/wp-content\/uploads\/2019\/05\/sr-Granadero-rgto.-Extremadura-1800-768x576.jpg 768w, https:\/\/lossoldaditosdeplomo.com\/wp-content\/uploads\/2019\/05\/sr-Granadero-rgto.-Extremadura-1800-1200x900.jpg 1200w\" sizes=\"auto, (max-width: 800px) 85vw, 800px\" \/><\/a><figcaption class=\"wp-element-caption\">s\/r<br>Granadero Rgto. Extremadura 1800<\/figcaption><\/figure>\n\n\n\n<figure class=\"wp-block-image size-large\"><a href=\"https:\/\/lossoldaditosdeplomo.com\/wp-content\/uploads\/2019\/05\/sr-fusilero-rgto.-Asturias-1805.jpg\"><img loading=\"lazy\" decoding=\"async\" width=\"800\" height=\"600\" data-id=\"7216\" src=\"https:\/\/lossoldaditosdeplomo.com\/wp-content\/uploads\/2019\/05\/sr-fusilero-rgto.-Asturias-1805.jpg\" alt=\"\" class=\"wp-image-7216\" srcset=\"https:\/\/lossoldaditosdeplomo.com\/wp-content\/uploads\/2019\/05\/sr-fusilero-rgto.-Asturias-1805.jpg 800w, https:\/\/lossoldaditosdeplomo.com\/wp-content\/uploads\/2019\/05\/sr-fusilero-rgto.-Asturias-1805-300x225.jpg 300w, https:\/\/lossoldaditosdeplomo.com\/wp-content\/uploads\/2019\/05\/sr-fusilero-rgto.-Asturias-1805-768x576.jpg 768w, https:\/\/lossoldaditosdeplomo.com\/wp-content\/uploads\/2019\/05\/sr-fusilero-rgto.-Asturias-1805-1200x900.jpg 1200w\" sizes=\"auto, (max-width: 800px) 85vw, 800px\" \/><\/a><figcaption class=\"wp-element-caption\">s\/r<br>Fusilero Rgto. Asturias 1805<\/figcaption><\/figure>\n<\/figure>\n\n\n\n<!--nextpage-->\n\n\n\n<p>SERIES  6-7-8-9: El Ejercito en Espa\u00f1a, Guerra de Revoluci\u00f3n Americana 1776-1782, Revoluci\u00f3n Francesa y Ej\u00e9rcito de los Estados Unidos 1775-1783<\/p>\n\n\n\n<figure class=\"wp-block-image\"><a href=\"https:\/\/lossoldaditosdeplomo.com\/wp-content\/uploads\/2019\/05\/Ejercito-americano.jpg\"><img loading=\"lazy\" decoding=\"async\" width=\"800\" height=\"600\" src=\"https:\/\/lossoldaditosdeplomo.com\/wp-content\/uploads\/2019\/05\/Ejercito-americano.jpg\" alt=\"\" class=\"wp-image-6979\" srcset=\"https:\/\/lossoldaditosdeplomo.com\/wp-content\/uploads\/2019\/05\/Ejercito-americano.jpg 800w, https:\/\/lossoldaditosdeplomo.com\/wp-content\/uploads\/2019\/05\/Ejercito-americano-300x225.jpg 300w, https:\/\/lossoldaditosdeplomo.com\/wp-content\/uploads\/2019\/05\/Ejercito-americano-768x576.jpg 768w, https:\/\/lossoldaditosdeplomo.com\/wp-content\/uploads\/2019\/05\/Ejercito-americano-1200x900.jpg 1200w\" sizes=\"auto, (max-width: 800px) 85vw, 800px\" \/><\/a><figcaption class=\"wp-element-caption\">Bonitas figuras de las Series 6-7-8 y 9  de Labayen. <br>El Ejercito en Espa\u00f1a, Guerra de Revoluci\u00f3n Americana 1776-1782, Revoluci\u00f3n Francesa y Ej\u00e9rcito de los Estados Unidos 1775-1783<\/figcaption><\/figure>\n\n\n\n<figure class=\"wp-block-gallery has-nested-images columns-1 is-cropped wp-block-gallery-14 is-layout-flex wp-block-gallery-is-layout-flex\">\n<figure class=\"wp-block-image size-large\"><a href=\"https:\/\/lossoldaditosdeplomo.com\/wp-content\/uploads\/2019\/05\/72C-Oficial-de-infanteria-de-gala.jpg\"><img loading=\"lazy\" decoding=\"async\" width=\"800\" height=\"600\" data-id=\"7096\" src=\"https:\/\/lossoldaditosdeplomo.com\/wp-content\/uploads\/2019\/05\/72C-Oficial-de-infanteria-de-gala.jpg\" alt=\"\" class=\"wp-image-7096\" srcset=\"https:\/\/lossoldaditosdeplomo.com\/wp-content\/uploads\/2019\/05\/72C-Oficial-de-infanteria-de-gala.jpg 800w, https:\/\/lossoldaditosdeplomo.com\/wp-content\/uploads\/2019\/05\/72C-Oficial-de-infanteria-de-gala-300x225.jpg 300w, https:\/\/lossoldaditosdeplomo.com\/wp-content\/uploads\/2019\/05\/72C-Oficial-de-infanteria-de-gala-768x576.jpg 768w, https:\/\/lossoldaditosdeplomo.com\/wp-content\/uploads\/2019\/05\/72C-Oficial-de-infanteria-de-gala-1200x900.jpg 1200w\" sizes=\"auto, (max-width: 800px) 85vw, 800px\" \/><\/a><figcaption class=\"wp-element-caption\">72-C<br>Legi\u00f3n Lauzun<br>Oficial de Infanter\u00eda de Gala<\/figcaption><\/figure>\n\n\n\n<figure class=\"wp-block-image size-large\"><a href=\"https:\/\/lossoldaditosdeplomo.com\/wp-content\/uploads\/2019\/05\/71-b-Granadero.jpg\"><img loading=\"lazy\" decoding=\"async\" width=\"800\" height=\"600\" data-id=\"7097\" src=\"https:\/\/lossoldaditosdeplomo.com\/wp-content\/uploads\/2019\/05\/71-b-Granadero.jpg\" alt=\"\" class=\"wp-image-7097\" srcset=\"https:\/\/lossoldaditosdeplomo.com\/wp-content\/uploads\/2019\/05\/71-b-Granadero.jpg 800w, https:\/\/lossoldaditosdeplomo.com\/wp-content\/uploads\/2019\/05\/71-b-Granadero-300x225.jpg 300w, https:\/\/lossoldaditosdeplomo.com\/wp-content\/uploads\/2019\/05\/71-b-Granadero-768x576.jpg 768w, https:\/\/lossoldaditosdeplomo.com\/wp-content\/uploads\/2019\/05\/71-b-Granadero-1200x900.jpg 1200w\" sizes=\"auto, (max-width: 800px) 85vw, 800px\" \/><\/a><figcaption class=\"wp-element-caption\">71-B<br>Infanteria de L\u00ednea 1780<br>Granadero<\/figcaption><\/figure>\n\n\n\n<figure class=\"wp-block-image size-large\"><a href=\"https:\/\/lossoldaditosdeplomo.com\/wp-content\/uploads\/2019\/05\/71a-Oficial-infanteria-de-gala.jpg\"><img loading=\"lazy\" decoding=\"async\" width=\"800\" height=\"600\" data-id=\"7098\" src=\"https:\/\/lossoldaditosdeplomo.com\/wp-content\/uploads\/2019\/05\/71a-Oficial-infanteria-de-gala.jpg\" alt=\"\" class=\"wp-image-7098\" srcset=\"https:\/\/lossoldaditosdeplomo.com\/wp-content\/uploads\/2019\/05\/71a-Oficial-infanteria-de-gala.jpg 800w, https:\/\/lossoldaditosdeplomo.com\/wp-content\/uploads\/2019\/05\/71a-Oficial-infanteria-de-gala-300x225.jpg 300w, https:\/\/lossoldaditosdeplomo.com\/wp-content\/uploads\/2019\/05\/71a-Oficial-infanteria-de-gala-768x576.jpg 768w, https:\/\/lossoldaditosdeplomo.com\/wp-content\/uploads\/2019\/05\/71a-Oficial-infanteria-de-gala-1200x900.jpg 1200w\" sizes=\"auto, (max-width: 800px) 85vw, 800px\" \/><\/a><figcaption class=\"wp-element-caption\">71-A<br>Oficial de Infanter\u00eda de gala 1780<\/figcaption><\/figure>\n\n\n\n<figure class=\"wp-block-image size-large\"><a href=\"https:\/\/lossoldaditosdeplomo.com\/wp-content\/uploads\/2019\/05\/72e-granadero-piel-de-oso.jpg\"><img loading=\"lazy\" decoding=\"async\" width=\"800\" height=\"600\" data-id=\"7099\" src=\"https:\/\/lossoldaditosdeplomo.com\/wp-content\/uploads\/2019\/05\/72e-granadero-piel-de-oso.jpg\" alt=\"\" class=\"wp-image-7099\" srcset=\"https:\/\/lossoldaditosdeplomo.com\/wp-content\/uploads\/2019\/05\/72e-granadero-piel-de-oso.jpg 800w, https:\/\/lossoldaditosdeplomo.com\/wp-content\/uploads\/2019\/05\/72e-granadero-piel-de-oso-300x225.jpg 300w, https:\/\/lossoldaditosdeplomo.com\/wp-content\/uploads\/2019\/05\/72e-granadero-piel-de-oso-768x576.jpg 768w, https:\/\/lossoldaditosdeplomo.com\/wp-content\/uploads\/2019\/05\/72e-granadero-piel-de-oso-1200x900.jpg 1200w\" sizes=\"auto, (max-width: 800px) 85vw, 800px\" \/><\/a><figcaption class=\"wp-element-caption\">72-E<br>Legi\u00f3n Lauzun<br>Granadero con piel de oso<\/figcaption><\/figure>\n\n\n\n<figure class=\"wp-block-image size-large\"><a href=\"https:\/\/lossoldaditosdeplomo.com\/wp-content\/uploads\/2019\/05\/71-C-fusilero.jpg\"><img loading=\"lazy\" decoding=\"async\" width=\"800\" height=\"600\" data-id=\"7101\" src=\"https:\/\/lossoldaditosdeplomo.com\/wp-content\/uploads\/2019\/05\/71-C-fusilero.jpg\" alt=\"\" class=\"wp-image-7101\" srcset=\"https:\/\/lossoldaditosdeplomo.com\/wp-content\/uploads\/2019\/05\/71-C-fusilero.jpg 800w, https:\/\/lossoldaditosdeplomo.com\/wp-content\/uploads\/2019\/05\/71-C-fusilero-300x225.jpg 300w, https:\/\/lossoldaditosdeplomo.com\/wp-content\/uploads\/2019\/05\/71-C-fusilero-768x576.jpg 768w, https:\/\/lossoldaditosdeplomo.com\/wp-content\/uploads\/2019\/05\/71-C-fusilero-1200x900.jpg 1200w\" sizes=\"auto, (max-width: 800px) 85vw, 800px\" \/><\/a><figcaption class=\"wp-element-caption\">71-C<br>Infanter\u00eda de L\u00ednea 1780<br>Fusilero<\/figcaption><\/figure>\n\n\n\n<figure class=\"wp-block-image size-large\"><a href=\"https:\/\/lossoldaditosdeplomo.com\/wp-content\/uploads\/2019\/05\/91-B-Brigadier-General-Armand.jpg\"><img loading=\"lazy\" decoding=\"async\" width=\"800\" height=\"600\" data-id=\"7114\" src=\"https:\/\/lossoldaditosdeplomo.com\/wp-content\/uploads\/2019\/05\/91-B-Brigadier-General-Armand.jpg\" alt=\"\" class=\"wp-image-7114\" srcset=\"https:\/\/lossoldaditosdeplomo.com\/wp-content\/uploads\/2019\/05\/91-B-Brigadier-General-Armand.jpg 800w, https:\/\/lossoldaditosdeplomo.com\/wp-content\/uploads\/2019\/05\/91-B-Brigadier-General-Armand-300x225.jpg 300w, https:\/\/lossoldaditosdeplomo.com\/wp-content\/uploads\/2019\/05\/91-B-Brigadier-General-Armand-768x576.jpg 768w, https:\/\/lossoldaditosdeplomo.com\/wp-content\/uploads\/2019\/05\/91-B-Brigadier-General-Armand-1200x900.jpg 1200w\" sizes=\"auto, (max-width: 800px) 85vw, 800px\" \/><\/a><figcaption class=\"wp-element-caption\">91-B<br>Brigadier General Armand<br>Ejercito de los Estados Unidos 1775<\/figcaption><\/figure>\n\n\n\n<figure class=\"wp-block-image size-large\"><a href=\"https:\/\/lossoldaditosdeplomo.com\/wp-content\/uploads\/2019\/05\/sr-Bolivar.jpg\"><img loading=\"lazy\" decoding=\"async\" width=\"800\" height=\"600\" data-id=\"7115\" src=\"https:\/\/lossoldaditosdeplomo.com\/wp-content\/uploads\/2019\/05\/sr-Bolivar.jpg\" alt=\"\" class=\"wp-image-7115\" srcset=\"https:\/\/lossoldaditosdeplomo.com\/wp-content\/uploads\/2019\/05\/sr-Bolivar.jpg 800w, https:\/\/lossoldaditosdeplomo.com\/wp-content\/uploads\/2019\/05\/sr-Bolivar-300x225.jpg 300w, https:\/\/lossoldaditosdeplomo.com\/wp-content\/uploads\/2019\/05\/sr-Bolivar-768x576.jpg 768w, https:\/\/lossoldaditosdeplomo.com\/wp-content\/uploads\/2019\/05\/sr-Bolivar-1200x900.jpg 1200w\" sizes=\"auto, (max-width: 800px) 85vw, 800px\" \/><\/a><figcaption class=\"wp-element-caption\">s\/r<br>Bolivar<\/figcaption><\/figure>\n\n\n\n<figure class=\"wp-block-image size-large\"><a href=\"https:\/\/lossoldaditosdeplomo.com\/wp-content\/uploads\/2019\/05\/91-A-Lafayette.jpg\"><img loading=\"lazy\" decoding=\"async\" width=\"800\" height=\"600\" data-id=\"7116\" src=\"https:\/\/lossoldaditosdeplomo.com\/wp-content\/uploads\/2019\/05\/91-A-Lafayette.jpg\" alt=\"\" class=\"wp-image-7116\" srcset=\"https:\/\/lossoldaditosdeplomo.com\/wp-content\/uploads\/2019\/05\/91-A-Lafayette.jpg 800w, https:\/\/lossoldaditosdeplomo.com\/wp-content\/uploads\/2019\/05\/91-A-Lafayette-300x225.jpg 300w, https:\/\/lossoldaditosdeplomo.com\/wp-content\/uploads\/2019\/05\/91-A-Lafayette-768x576.jpg 768w, https:\/\/lossoldaditosdeplomo.com\/wp-content\/uploads\/2019\/05\/91-A-Lafayette-1200x900.jpg 1200w\" sizes=\"auto, (max-width: 800px) 85vw, 800px\" \/><\/a><figcaption class=\"wp-element-caption\">91-A<br>Marqu\u00e9s de Lafayette<br>Uniforme de Brigadier General 1775<\/figcaption><\/figure>\n\n\n\n<figure class=\"wp-block-image size-large\"><a href=\"https:\/\/lossoldaditosdeplomo.com\/wp-content\/uploads\/2019\/05\/92-A-Oficial-de-campo-linea-continental.jpg\"><img loading=\"lazy\" decoding=\"async\" width=\"800\" height=\"600\" data-id=\"7117\" src=\"https:\/\/lossoldaditosdeplomo.com\/wp-content\/uploads\/2019\/05\/92-A-Oficial-de-campo-linea-continental.jpg\" alt=\"\" class=\"wp-image-7117\" srcset=\"https:\/\/lossoldaditosdeplomo.com\/wp-content\/uploads\/2019\/05\/92-A-Oficial-de-campo-linea-continental.jpg 800w, https:\/\/lossoldaditosdeplomo.com\/wp-content\/uploads\/2019\/05\/92-A-Oficial-de-campo-linea-continental-300x225.jpg 300w, https:\/\/lossoldaditosdeplomo.com\/wp-content\/uploads\/2019\/05\/92-A-Oficial-de-campo-linea-continental-768x576.jpg 768w, https:\/\/lossoldaditosdeplomo.com\/wp-content\/uploads\/2019\/05\/92-A-Oficial-de-campo-linea-continental-1200x900.jpg 1200w\" sizes=\"auto, (max-width: 800px) 85vw, 800px\" \/><\/a><figcaption class=\"wp-element-caption\">92-A<br>Oficial de Campo<br>L\u00ednea Continental, Gala 1775<\/figcaption><\/figure>\n\n\n\n<figure class=\"wp-block-image size-large\"><a href=\"https:\/\/lossoldaditosdeplomo.com\/wp-content\/uploads\/2019\/05\/81-A-Fusilero-regulares-1792.jpg\"><img loading=\"lazy\" decoding=\"async\" width=\"800\" height=\"600\" data-id=\"7119\" src=\"https:\/\/lossoldaditosdeplomo.com\/wp-content\/uploads\/2019\/05\/81-A-Fusilero-regulares-1792.jpg\" alt=\"\" class=\"wp-image-7119\" srcset=\"https:\/\/lossoldaditosdeplomo.com\/wp-content\/uploads\/2019\/05\/81-A-Fusilero-regulares-1792.jpg 800w, https:\/\/lossoldaditosdeplomo.com\/wp-content\/uploads\/2019\/05\/81-A-Fusilero-regulares-1792-300x225.jpg 300w, https:\/\/lossoldaditosdeplomo.com\/wp-content\/uploads\/2019\/05\/81-A-Fusilero-regulares-1792-768x576.jpg 768w, https:\/\/lossoldaditosdeplomo.com\/wp-content\/uploads\/2019\/05\/81-A-Fusilero-regulares-1792-1200x900.jpg 1200w\" sizes=\"auto, (max-width: 800px) 85vw, 800px\" \/><\/a><figcaption class=\"wp-element-caption\">81-A<br>Fusileros Regulares 1792<\/figcaption><\/figure>\n\n\n\n<figure class=\"wp-block-image size-large\"><a href=\"https:\/\/lossoldaditosdeplomo.com\/wp-content\/uploads\/2019\/05\/72-E-Granadero-Legio\u0301n-Lauzun.jpg\"><img loading=\"lazy\" decoding=\"async\" width=\"800\" height=\"600\" data-id=\"7121\" src=\"https:\/\/lossoldaditosdeplomo.com\/wp-content\/uploads\/2019\/05\/72-E-Granadero-Legio\u0301n-Lauzun.jpg\" alt=\"\" class=\"wp-image-7121\" srcset=\"https:\/\/lossoldaditosdeplomo.com\/wp-content\/uploads\/2019\/05\/72-E-Granadero-Legio\u0301n-Lauzun.jpg 800w, https:\/\/lossoldaditosdeplomo.com\/wp-content\/uploads\/2019\/05\/72-E-Granadero-Legio\u0301n-Lauzun-300x225.jpg 300w, https:\/\/lossoldaditosdeplomo.com\/wp-content\/uploads\/2019\/05\/72-E-Granadero-Legio\u0301n-Lauzun-768x576.jpg 768w, https:\/\/lossoldaditosdeplomo.com\/wp-content\/uploads\/2019\/05\/72-E-Granadero-Legio\u0301n-Lauzun-1200x900.jpg 1200w\" sizes=\"auto, (max-width: 800px) 85vw, 800px\" \/><\/a><figcaption class=\"wp-element-caption\">72-E\nGranadero, Legi\u00f3n Lauzun<\/figcaption><\/figure>\n\n\n\n<figure class=\"wp-block-image size-large\"><a href=\"https:\/\/lossoldaditosdeplomo.com\/wp-content\/uploads\/2019\/05\/71-D-Tambor-1776.jpg\"><img loading=\"lazy\" decoding=\"async\" width=\"800\" height=\"600\" data-id=\"7122\" src=\"https:\/\/lossoldaditosdeplomo.com\/wp-content\/uploads\/2019\/05\/71-D-Tambor-1776.jpg\" alt=\"\" class=\"wp-image-7122\" srcset=\"https:\/\/lossoldaditosdeplomo.com\/wp-content\/uploads\/2019\/05\/71-D-Tambor-1776.jpg 800w, https:\/\/lossoldaditosdeplomo.com\/wp-content\/uploads\/2019\/05\/71-D-Tambor-1776-300x225.jpg 300w, https:\/\/lossoldaditosdeplomo.com\/wp-content\/uploads\/2019\/05\/71-D-Tambor-1776-768x576.jpg 768w, https:\/\/lossoldaditosdeplomo.com\/wp-content\/uploads\/2019\/05\/71-D-Tambor-1776-1200x900.jpg 1200w\" sizes=\"auto, (max-width: 800px) 85vw, 800px\" \/><\/a><figcaption class=\"wp-element-caption\">71-D<br>Tambor Infanteria de L\u00ednea 1776<\/figcaption><\/figure>\n\n\n\n<figure class=\"wp-block-image size-large\"><a href=\"https:\/\/lossoldaditosdeplomo.com\/wp-content\/uploads\/2019\/05\/sr-tambor-infanteri\u0301a-de-li\u0301nea-1776.jpg\"><img loading=\"lazy\" decoding=\"async\" width=\"800\" height=\"600\" data-id=\"7123\" src=\"https:\/\/lossoldaditosdeplomo.com\/wp-content\/uploads\/2019\/05\/sr-tambor-infanteri\u0301a-de-li\u0301nea-1776.jpg\" alt=\"\" class=\"wp-image-7123\" srcset=\"https:\/\/lossoldaditosdeplomo.com\/wp-content\/uploads\/2019\/05\/sr-tambor-infanteri\u0301a-de-li\u0301nea-1776.jpg 800w, https:\/\/lossoldaditosdeplomo.com\/wp-content\/uploads\/2019\/05\/sr-tambor-infanteri\u0301a-de-li\u0301nea-1776-300x225.jpg 300w, https:\/\/lossoldaditosdeplomo.com\/wp-content\/uploads\/2019\/05\/sr-tambor-infanteri\u0301a-de-li\u0301nea-1776-768x576.jpg 768w, https:\/\/lossoldaditosdeplomo.com\/wp-content\/uploads\/2019\/05\/sr-tambor-infanteri\u0301a-de-li\u0301nea-1776-1200x900.jpg 1200w\" sizes=\"auto, (max-width: 800px) 85vw, 800px\" \/><\/a><figcaption class=\"wp-element-caption\">s\/r\nTambor Infanter\u00eda de l\u00ednea 1776<\/figcaption><\/figure>\n\n\n\n<figure class=\"wp-block-image size-large\"><a href=\"https:\/\/lossoldaditosdeplomo.com\/wp-content\/uploads\/2019\/05\/72-E-Granadero-Legio\u0301n-Lauzun-c.jpg\"><img loading=\"lazy\" decoding=\"async\" width=\"800\" height=\"600\" data-id=\"7124\" src=\"https:\/\/lossoldaditosdeplomo.com\/wp-content\/uploads\/2019\/05\/72-E-Granadero-Legio\u0301n-Lauzun-c.jpg\" alt=\"\" class=\"wp-image-7124\" srcset=\"https:\/\/lossoldaditosdeplomo.com\/wp-content\/uploads\/2019\/05\/72-E-Granadero-Legio\u0301n-Lauzun-c.jpg 800w, https:\/\/lossoldaditosdeplomo.com\/wp-content\/uploads\/2019\/05\/72-E-Granadero-Legio\u0301n-Lauzun-c-300x225.jpg 300w, https:\/\/lossoldaditosdeplomo.com\/wp-content\/uploads\/2019\/05\/72-E-Granadero-Legio\u0301n-Lauzun-c-768x576.jpg 768w, https:\/\/lossoldaditosdeplomo.com\/wp-content\/uploads\/2019\/05\/72-E-Granadero-Legio\u0301n-Lauzun-c-1200x900.jpg 1200w\" sizes=\"auto, (max-width: 800px) 85vw, 800px\" \/><\/a><figcaption class=\"wp-element-caption\">72-E\nGranadero Legi\u00f3n Lauzun<\/figcaption><\/figure>\n\n\n\n<figure class=\"wp-block-image size-large\"><a href=\"https:\/\/lossoldaditosdeplomo.com\/wp-content\/uploads\/2019\/05\/71-F-Granadero-con-piel-de-oso.jpg\"><img loading=\"lazy\" decoding=\"async\" width=\"800\" height=\"600\" data-id=\"7125\" src=\"https:\/\/lossoldaditosdeplomo.com\/wp-content\/uploads\/2019\/05\/71-F-Granadero-con-piel-de-oso.jpg\" alt=\"\" class=\"wp-image-7125\" srcset=\"https:\/\/lossoldaditosdeplomo.com\/wp-content\/uploads\/2019\/05\/71-F-Granadero-con-piel-de-oso.jpg 800w, https:\/\/lossoldaditosdeplomo.com\/wp-content\/uploads\/2019\/05\/71-F-Granadero-con-piel-de-oso-300x225.jpg 300w, https:\/\/lossoldaditosdeplomo.com\/wp-content\/uploads\/2019\/05\/71-F-Granadero-con-piel-de-oso-768x576.jpg 768w, https:\/\/lossoldaditosdeplomo.com\/wp-content\/uploads\/2019\/05\/71-F-Granadero-con-piel-de-oso-1200x900.jpg 1200w\" sizes=\"auto, (max-width: 800px) 85vw, 800px\" \/><\/a><figcaption class=\"wp-element-caption\">71-F<br>Infanter\u00eda de l\u00ednea<br>Granadero con piel de oso<\/figcaption><\/figure>\n\n\n\n<figure class=\"wp-block-image size-large\"><a href=\"https:\/\/lossoldaditosdeplomo.com\/wp-content\/uploads\/2019\/05\/72-D-cazador-con-tricornio.jpg\"><img loading=\"lazy\" decoding=\"async\" width=\"800\" height=\"600\" data-id=\"7127\" src=\"https:\/\/lossoldaditosdeplomo.com\/wp-content\/uploads\/2019\/05\/72-D-cazador-con-tricornio.jpg\" alt=\"\" class=\"wp-image-7127\" srcset=\"https:\/\/lossoldaditosdeplomo.com\/wp-content\/uploads\/2019\/05\/72-D-cazador-con-tricornio.jpg 800w, https:\/\/lossoldaditosdeplomo.com\/wp-content\/uploads\/2019\/05\/72-D-cazador-con-tricornio-300x225.jpg 300w, https:\/\/lossoldaditosdeplomo.com\/wp-content\/uploads\/2019\/05\/72-D-cazador-con-tricornio-768x576.jpg 768w, https:\/\/lossoldaditosdeplomo.com\/wp-content\/uploads\/2019\/05\/72-D-cazador-con-tricornio-1200x900.jpg 1200w\" sizes=\"auto, (max-width: 800px) 85vw, 800px\" \/><\/a><figcaption class=\"wp-element-caption\">72-D<br>Legi\u00f3n Lauzun<br>Cazador con tricornio<\/figcaption><\/figure>\n\n\n\n<figure class=\"wp-block-image size-large\"><a href=\"https:\/\/lossoldaditosdeplomo.com\/wp-content\/uploads\/2019\/05\/71-a-Oficial-con-raje-de-gala.jpg\"><img loading=\"lazy\" decoding=\"async\" width=\"800\" height=\"600\" data-id=\"7129\" src=\"https:\/\/lossoldaditosdeplomo.com\/wp-content\/uploads\/2019\/05\/71-a-Oficial-con-raje-de-gala.jpg\" alt=\"\" class=\"wp-image-7129\" srcset=\"https:\/\/lossoldaditosdeplomo.com\/wp-content\/uploads\/2019\/05\/71-a-Oficial-con-raje-de-gala.jpg 800w, https:\/\/lossoldaditosdeplomo.com\/wp-content\/uploads\/2019\/05\/71-a-Oficial-con-raje-de-gala-300x225.jpg 300w, https:\/\/lossoldaditosdeplomo.com\/wp-content\/uploads\/2019\/05\/71-a-Oficial-con-raje-de-gala-768x576.jpg 768w, https:\/\/lossoldaditosdeplomo.com\/wp-content\/uploads\/2019\/05\/71-a-Oficial-con-raje-de-gala-1200x900.jpg 1200w\" sizes=\"auto, (max-width: 800px) 85vw, 800px\" \/><\/a><figcaption class=\"wp-element-caption\">72-C<br>Oficial de Gala <br>Infanter\u00eda Lauzun<\/figcaption><\/figure>\n\n\n\n<figure class=\"wp-block-image size-large\"><a href=\"https:\/\/lossoldaditosdeplomo.com\/wp-content\/uploads\/2019\/05\/71-c-fusilero-1780.jpg\"><img loading=\"lazy\" decoding=\"async\" width=\"800\" height=\"600\" data-id=\"7131\" src=\"https:\/\/lossoldaditosdeplomo.com\/wp-content\/uploads\/2019\/05\/71-c-fusilero-1780.jpg\" alt=\"\" class=\"wp-image-7131\" srcset=\"https:\/\/lossoldaditosdeplomo.com\/wp-content\/uploads\/2019\/05\/71-c-fusilero-1780.jpg 800w, https:\/\/lossoldaditosdeplomo.com\/wp-content\/uploads\/2019\/05\/71-c-fusilero-1780-300x225.jpg 300w, https:\/\/lossoldaditosdeplomo.com\/wp-content\/uploads\/2019\/05\/71-c-fusilero-1780-768x576.jpg 768w, https:\/\/lossoldaditosdeplomo.com\/wp-content\/uploads\/2019\/05\/71-c-fusilero-1780-1200x900.jpg 1200w\" sizes=\"auto, (max-width: 800px) 85vw, 800px\" \/><\/a><figcaption class=\"wp-element-caption\">72-B<br>Fusilero<br>Legi\u00f3n Lauzun<\/figcaption><\/figure>\n<\/figure>\n\n\n\n<!--nextpage-->\n\n\n\n<p>FIGURAS DE LAS SERIES  3-4-5-6: Ej\u00e9rcito Franc\u00e9s 1800-1815, Ej\u00e9rcito Brit\u00e1nico 1800-1815 y Ej\u00e9rcito Austr\u00edaco 1800-1815<\/p>\n\n\n\n<figure class=\"wp-block-image\"><a href=\"https:\/\/lossoldaditosdeplomo.com\/wp-content\/uploads\/2019\/05\/series-3-4-5.jpg\"><img loading=\"lazy\" decoding=\"async\" width=\"800\" height=\"600\" src=\"https:\/\/lossoldaditosdeplomo.com\/wp-content\/uploads\/2019\/05\/series-3-4-5.jpg\" alt=\"\" class=\"wp-image-6980\" srcset=\"https:\/\/lossoldaditosdeplomo.com\/wp-content\/uploads\/2019\/05\/series-3-4-5.jpg 800w, https:\/\/lossoldaditosdeplomo.com\/wp-content\/uploads\/2019\/05\/series-3-4-5-300x225.jpg 300w, https:\/\/lossoldaditosdeplomo.com\/wp-content\/uploads\/2019\/05\/series-3-4-5-768x576.jpg 768w, https:\/\/lossoldaditosdeplomo.com\/wp-content\/uploads\/2019\/05\/series-3-4-5-1200x900.jpg 1200w\" sizes=\"auto, (max-width: 800px) 85vw, 800px\" \/><\/a><figcaption class=\"wp-element-caption\">Aqui tenemos una muestra de figuras correspondientes a las series 3, 4 , 5, y 6. Al frente de las mismas tenemos unas excelentes figuras a caballo que seguro son envia de muchos.<br>Ej\u00e9rcito Franc\u00e9s 1800-1815, Ej\u00e9rcito Brit\u00e1nico 1800-1815 y Ej\u00e9rcito Austr\u00edaco 1800-1815<\/figcaption><\/figure>\n\n\n\n<figure class=\"wp-block-gallery has-nested-images columns-1 is-cropped wp-block-gallery-15 is-layout-flex wp-block-gallery-is-layout-flex\">\n<figure class=\"wp-block-image size-large\"><a href=\"https:\/\/lossoldaditosdeplomo.com\/wp-content\/uploads\/2019\/05\/sr-murat-a-caballo.jpg\"><img loading=\"lazy\" decoding=\"async\" width=\"800\" height=\"600\" data-id=\"7173\" src=\"https:\/\/lossoldaditosdeplomo.com\/wp-content\/uploads\/2019\/05\/sr-murat-a-caballo.jpg\" alt=\"\" class=\"wp-image-7173\" srcset=\"https:\/\/lossoldaditosdeplomo.com\/wp-content\/uploads\/2019\/05\/sr-murat-a-caballo.jpg 800w, https:\/\/lossoldaditosdeplomo.com\/wp-content\/uploads\/2019\/05\/sr-murat-a-caballo-300x225.jpg 300w, https:\/\/lossoldaditosdeplomo.com\/wp-content\/uploads\/2019\/05\/sr-murat-a-caballo-768x576.jpg 768w, https:\/\/lossoldaditosdeplomo.com\/wp-content\/uploads\/2019\/05\/sr-murat-a-caballo-1200x900.jpg 1200w\" sizes=\"auto, (max-width: 800px) 85vw, 800px\" \/><\/a><figcaption class=\"wp-element-caption\">s\/r<br>Joaqu\u00edn Murat Rey de N\u00e1poles<\/figcaption><\/figure>\n\n\n\n<figure class=\"wp-block-image size-large\"><a href=\"https:\/\/lossoldaditosdeplomo.com\/wp-content\/uploads\/2019\/05\/sr-oficial-de-compan\u0303i\u0301a-de-li\u0301nea-.jpg\"><img loading=\"lazy\" decoding=\"async\" width=\"800\" height=\"600\" data-id=\"7175\" src=\"https:\/\/lossoldaditosdeplomo.com\/wp-content\/uploads\/2019\/05\/sr-oficial-de-compan\u0303i\u0301a-de-li\u0301nea-.jpg\" alt=\"\" class=\"wp-image-7175\" srcset=\"https:\/\/lossoldaditosdeplomo.com\/wp-content\/uploads\/2019\/05\/sr-oficial-de-compan\u0303i\u0301a-de-li\u0301nea-.jpg 800w, https:\/\/lossoldaditosdeplomo.com\/wp-content\/uploads\/2019\/05\/sr-oficial-de-compan\u0303i\u0301a-de-li\u0301nea--300x225.jpg 300w, https:\/\/lossoldaditosdeplomo.com\/wp-content\/uploads\/2019\/05\/sr-oficial-de-compan\u0303i\u0301a-de-li\u0301nea--768x576.jpg 768w, https:\/\/lossoldaditosdeplomo.com\/wp-content\/uploads\/2019\/05\/sr-oficial-de-compan\u0303i\u0301a-de-li\u0301nea--1200x900.jpg 1200w\" sizes=\"auto, (max-width: 800px) 85vw, 800px\" \/><\/a><figcaption class=\"wp-element-caption\">31-O\nOficial de compa\u00f1\u00eda de l\u00ednea ,Gala<\/figcaption><\/figure>\n\n\n\n<figure class=\"wp-block-image size-large\"><a href=\"https:\/\/lossoldaditosdeplomo.com\/wp-content\/uploads\/2019\/05\/31-p-compan\u0303ia-de-elite-gala.jpg\"><img loading=\"lazy\" decoding=\"async\" width=\"800\" height=\"600\" data-id=\"7176\" src=\"https:\/\/lossoldaditosdeplomo.com\/wp-content\/uploads\/2019\/05\/31-p-compan\u0303ia-de-elite-gala.jpg\" alt=\"\" class=\"wp-image-7176\" srcset=\"https:\/\/lossoldaditosdeplomo.com\/wp-content\/uploads\/2019\/05\/31-p-compan\u0303ia-de-elite-gala.jpg 800w, https:\/\/lossoldaditosdeplomo.com\/wp-content\/uploads\/2019\/05\/31-p-compan\u0303ia-de-elite-gala-300x225.jpg 300w, https:\/\/lossoldaditosdeplomo.com\/wp-content\/uploads\/2019\/05\/31-p-compan\u0303ia-de-elite-gala-768x576.jpg 768w, https:\/\/lossoldaditosdeplomo.com\/wp-content\/uploads\/2019\/05\/31-p-compan\u0303ia-de-elite-gala-1200x900.jpg 1200w\" sizes=\"auto, (max-width: 800px) 85vw, 800px\" \/><\/a><figcaption class=\"wp-element-caption\">31-P\nCompa\u00f1\u00eda de \u00c9lite, Gala<\/figcaption><\/figure>\n\n\n\n<figure class=\"wp-block-image size-large\"><a href=\"https:\/\/lossoldaditosdeplomo.com\/wp-content\/uploads\/2019\/05\/31-O-Oficial-de-compan\u0303i\u0301a-de-li\u0301nea-Gala.jpg\"><img loading=\"lazy\" decoding=\"async\" width=\"800\" height=\"600\" data-id=\"7177\" src=\"https:\/\/lossoldaditosdeplomo.com\/wp-content\/uploads\/2019\/05\/31-O-Oficial-de-compan\u0303i\u0301a-de-li\u0301nea-Gala.jpg\" alt=\"\" class=\"wp-image-7177\" srcset=\"https:\/\/lossoldaditosdeplomo.com\/wp-content\/uploads\/2019\/05\/31-O-Oficial-de-compan\u0303i\u0301a-de-li\u0301nea-Gala.jpg 800w, https:\/\/lossoldaditosdeplomo.com\/wp-content\/uploads\/2019\/05\/31-O-Oficial-de-compan\u0303i\u0301a-de-li\u0301nea-Gala-300x225.jpg 300w, https:\/\/lossoldaditosdeplomo.com\/wp-content\/uploads\/2019\/05\/31-O-Oficial-de-compan\u0303i\u0301a-de-li\u0301nea-Gala-768x576.jpg 768w, https:\/\/lossoldaditosdeplomo.com\/wp-content\/uploads\/2019\/05\/31-O-Oficial-de-compan\u0303i\u0301a-de-li\u0301nea-Gala-1200x900.jpg 1200w\" sizes=\"auto, (max-width: 800px) 85vw, 800px\" \/><\/a><figcaption class=\"wp-element-caption\">31-O\n Oficial de compa\u00f1\u00eda de l\u00ednea ,Gala<\/figcaption><\/figure>\n\n\n\n<figure class=\"wp-block-image size-large\"><a href=\"https:\/\/lossoldaditosdeplomo.com\/wp-content\/uploads\/2019\/05\/51-A-Oficial-Uhlansgala-1815.jpg\"><img loading=\"lazy\" decoding=\"async\" width=\"800\" height=\"600\" data-id=\"7187\" src=\"https:\/\/lossoldaditosdeplomo.com\/wp-content\/uploads\/2019\/05\/51-A-Oficial-Uhlansgala-1815.jpg\" alt=\"\" class=\"wp-image-7187\" srcset=\"https:\/\/lossoldaditosdeplomo.com\/wp-content\/uploads\/2019\/05\/51-A-Oficial-Uhlansgala-1815.jpg 800w, https:\/\/lossoldaditosdeplomo.com\/wp-content\/uploads\/2019\/05\/51-A-Oficial-Uhlansgala-1815-300x225.jpg 300w, https:\/\/lossoldaditosdeplomo.com\/wp-content\/uploads\/2019\/05\/51-A-Oficial-Uhlansgala-1815-768x576.jpg 768w, https:\/\/lossoldaditosdeplomo.com\/wp-content\/uploads\/2019\/05\/51-A-Oficial-Uhlansgala-1815-1200x900.jpg 1200w\" sizes=\"auto, (max-width: 800px) 85vw, 800px\" \/><\/a><figcaption class=\"wp-element-caption\">51-A <br>Oficial  Uhlansgala 1815<\/figcaption><\/figure>\n\n\n\n<figure class=\"wp-block-image size-large\"><a href=\"https:\/\/lossoldaditosdeplomo.com\/wp-content\/uploads\/2019\/05\/62-A-Guardia-Real-de-gala.jpg\"><img loading=\"lazy\" decoding=\"async\" width=\"800\" height=\"600\" data-id=\"7189\" src=\"https:\/\/lossoldaditosdeplomo.com\/wp-content\/uploads\/2019\/05\/62-A-Guardia-Real-de-gala.jpg\" alt=\"\" class=\"wp-image-7189\" srcset=\"https:\/\/lossoldaditosdeplomo.com\/wp-content\/uploads\/2019\/05\/62-A-Guardia-Real-de-gala.jpg 800w, https:\/\/lossoldaditosdeplomo.com\/wp-content\/uploads\/2019\/05\/62-A-Guardia-Real-de-gala-300x225.jpg 300w, https:\/\/lossoldaditosdeplomo.com\/wp-content\/uploads\/2019\/05\/62-A-Guardia-Real-de-gala-768x576.jpg 768w, https:\/\/lossoldaditosdeplomo.com\/wp-content\/uploads\/2019\/05\/62-A-Guardia-Real-de-gala-1200x900.jpg 1200w\" sizes=\"auto, (max-width: 800px) 85vw, 800px\" \/><\/a><figcaption class=\"wp-element-caption\">62-A<br>Reales Guardias Walonas<\/figcaption><\/figure>\n<\/figure>\n\n\n\n<figure class=\"wp-block-gallery has-nested-images columns-1 is-cropped wp-block-gallery-16 is-layout-flex wp-block-gallery-is-layout-flex\">\n<figure class=\"wp-block-image size-large\"><img loading=\"lazy\" decoding=\"async\" width=\"800\" height=\"600\" data-id=\"7103\" src=\"https:\/\/lossoldaditosdeplomo.com\/wp-content\/uploads\/2019\/05\/41-A-guardia-a-caballo-oficial-de-gala.jpg\" alt=\"\" class=\"wp-image-7103\" srcset=\"https:\/\/lossoldaditosdeplomo.com\/wp-content\/uploads\/2019\/05\/41-A-guardia-a-caballo-oficial-de-gala.jpg 800w, https:\/\/lossoldaditosdeplomo.com\/wp-content\/uploads\/2019\/05\/41-A-guardia-a-caballo-oficial-de-gala-300x225.jpg 300w, https:\/\/lossoldaditosdeplomo.com\/wp-content\/uploads\/2019\/05\/41-A-guardia-a-caballo-oficial-de-gala-768x576.jpg 768w, https:\/\/lossoldaditosdeplomo.com\/wp-content\/uploads\/2019\/05\/41-A-guardia-a-caballo-oficial-de-gala-1200x900.jpg 1200w\" sizes=\"auto, (max-width: 800px) 85vw, 800px\" \/><figcaption class=\"wp-element-caption\">41-A<br>Guardia a Caballo <br>Oficial de Gala, 1815<\/figcaption><\/figure>\n\n\n\n<figure class=\"wp-block-image size-large\"><img loading=\"lazy\" decoding=\"async\" width=\"800\" height=\"600\" data-id=\"7105\" src=\"https:\/\/lossoldaditosdeplomo.com\/wp-content\/uploads\/2019\/05\/sr-granadero-Ingles-1751.jpg\" alt=\"\" class=\"wp-image-7105\" srcset=\"https:\/\/lossoldaditosdeplomo.com\/wp-content\/uploads\/2019\/05\/sr-granadero-Ingles-1751.jpg 800w, https:\/\/lossoldaditosdeplomo.com\/wp-content\/uploads\/2019\/05\/sr-granadero-Ingles-1751-300x225.jpg 300w, https:\/\/lossoldaditosdeplomo.com\/wp-content\/uploads\/2019\/05\/sr-granadero-Ingles-1751-768x576.jpg 768w, https:\/\/lossoldaditosdeplomo.com\/wp-content\/uploads\/2019\/05\/sr-granadero-Ingles-1751-1200x900.jpg 1200w\" sizes=\"auto, (max-width: 800px) 85vw, 800px\" \/><figcaption class=\"wp-element-caption\">s\/r<br>Granadero Ingl\u00e9s 1751<\/figcaption><\/figure>\n\n\n\n<figure class=\"wp-block-image size-large\"><img loading=\"lazy\" decoding=\"async\" width=\"800\" height=\"600\" data-id=\"7107\" src=\"https:\/\/lossoldaditosdeplomo.com\/wp-content\/uploads\/2019\/05\/121-A-Pandur-Warasdiner-1762JPG.jpg\" alt=\"\" class=\"wp-image-7107\" srcset=\"https:\/\/lossoldaditosdeplomo.com\/wp-content\/uploads\/2019\/05\/121-A-Pandur-Warasdiner-1762JPG.jpg 800w, https:\/\/lossoldaditosdeplomo.com\/wp-content\/uploads\/2019\/05\/121-A-Pandur-Warasdiner-1762JPG-300x225.jpg 300w, https:\/\/lossoldaditosdeplomo.com\/wp-content\/uploads\/2019\/05\/121-A-Pandur-Warasdiner-1762JPG-768x576.jpg 768w, https:\/\/lossoldaditosdeplomo.com\/wp-content\/uploads\/2019\/05\/121-A-Pandur-Warasdiner-1762JPG-1200x900.jpg 1200w\" sizes=\"auto, (max-width: 800px) 85vw, 800px\" \/><figcaption class=\"wp-element-caption\">121-A<br>Pandur Warasdiner 1762<br>Tropas fronterizas (Austria)<\/figcaption><\/figure>\n\n\n\n<figure class=\"wp-block-image size-large\"><img loading=\"lazy\" decoding=\"async\" width=\"800\" height=\"600\" data-id=\"7109\" src=\"https:\/\/lossoldaditosdeplomo.com\/wp-content\/uploads\/2019\/05\/41-A-Oficial-Guardia-a-caballo.jpg\" alt=\"\" class=\"wp-image-7109\" srcset=\"https:\/\/lossoldaditosdeplomo.com\/wp-content\/uploads\/2019\/05\/41-A-Oficial-Guardia-a-caballo.jpg 800w, https:\/\/lossoldaditosdeplomo.com\/wp-content\/uploads\/2019\/05\/41-A-Oficial-Guardia-a-caballo-300x225.jpg 300w, https:\/\/lossoldaditosdeplomo.com\/wp-content\/uploads\/2019\/05\/41-A-Oficial-Guardia-a-caballo-768x576.jpg 768w, https:\/\/lossoldaditosdeplomo.com\/wp-content\/uploads\/2019\/05\/41-A-Oficial-Guardia-a-caballo-1200x900.jpg 1200w\" sizes=\"auto, (max-width: 800px) 85vw, 800px\" \/><figcaption class=\"wp-element-caption\">41-A <br>Oficial de la Guardia a Caballo en traje de gala , 1815<\/figcaption><\/figure>\n\n\n\n<figure class=\"wp-block-image size-large\"><img loading=\"lazy\" decoding=\"async\" width=\"800\" height=\"600\" data-id=\"7110\" src=\"https:\/\/lossoldaditosdeplomo.com\/wp-content\/uploads\/2019\/05\/42-A-Oficial-del-6th-de-dragones-Espan\u0303a-1811.jpg\" alt=\"\" class=\"wp-image-7110\" srcset=\"https:\/\/lossoldaditosdeplomo.com\/wp-content\/uploads\/2019\/05\/42-A-Oficial-del-6th-de-dragones-Espan\u0303a-1811.jpg 800w, https:\/\/lossoldaditosdeplomo.com\/wp-content\/uploads\/2019\/05\/42-A-Oficial-del-6th-de-dragones-Espan\u0303a-1811-300x225.jpg 300w, https:\/\/lossoldaditosdeplomo.com\/wp-content\/uploads\/2019\/05\/42-A-Oficial-del-6th-de-dragones-Espan\u0303a-1811-768x576.jpg 768w, https:\/\/lossoldaditosdeplomo.com\/wp-content\/uploads\/2019\/05\/42-A-Oficial-del-6th-de-dragones-Espan\u0303a-1811-1200x900.jpg 1200w\" sizes=\"auto, (max-width: 800px) 85vw, 800px\" \/><figcaption class=\"wp-element-caption\">42-A\nOficial del 6\u00ba de Dragones\nEspa\u00f1a 1811<\/figcaption><\/figure>\n\n\n\n<figure class=\"wp-block-image size-large\"><img loading=\"lazy\" decoding=\"async\" width=\"800\" height=\"600\" data-id=\"7192\" src=\"https:\/\/lossoldaditosdeplomo.com\/wp-content\/uploads\/2019\/05\/63-A-General-Castan\u0303os-Duque-de-Baile\u0301n.jpg\" alt=\"\" class=\"wp-image-7192\" srcset=\"https:\/\/lossoldaditosdeplomo.com\/wp-content\/uploads\/2019\/05\/63-A-General-Castan\u0303os-Duque-de-Baile\u0301n.jpg 800w, https:\/\/lossoldaditosdeplomo.com\/wp-content\/uploads\/2019\/05\/63-A-General-Castan\u0303os-Duque-de-Baile\u0301n-300x225.jpg 300w, https:\/\/lossoldaditosdeplomo.com\/wp-content\/uploads\/2019\/05\/63-A-General-Castan\u0303os-Duque-de-Baile\u0301n-768x576.jpg 768w, https:\/\/lossoldaditosdeplomo.com\/wp-content\/uploads\/2019\/05\/63-A-General-Castan\u0303os-Duque-de-Baile\u0301n-1200x900.jpg 1200w\" sizes=\"auto, (max-width: 800px) 85vw, 800px\" \/><figcaption class=\"wp-element-caption\">63-A\nGeneral Casta\u00f1os, Duque de Bail\u00e9n<\/figcaption><\/figure>\n\n\n\n<figure class=\"wp-block-image size-large\"><img loading=\"lazy\" decoding=\"async\" width=\"800\" height=\"600\" data-id=\"7194\" src=\"https:\/\/lossoldaditosdeplomo.com\/wp-content\/uploads\/2019\/05\/63-B-General-Marque\u0301s-de-Coupigny.jpg\" alt=\"\" class=\"wp-image-7194\" srcset=\"https:\/\/lossoldaditosdeplomo.com\/wp-content\/uploads\/2019\/05\/63-B-General-Marque\u0301s-de-Coupigny.jpg 800w, https:\/\/lossoldaditosdeplomo.com\/wp-content\/uploads\/2019\/05\/63-B-General-Marque\u0301s-de-Coupigny-300x225.jpg 300w, https:\/\/lossoldaditosdeplomo.com\/wp-content\/uploads\/2019\/05\/63-B-General-Marque\u0301s-de-Coupigny-768x576.jpg 768w, https:\/\/lossoldaditosdeplomo.com\/wp-content\/uploads\/2019\/05\/63-B-General-Marque\u0301s-de-Coupigny-1200x900.jpg 1200w\" sizes=\"auto, (max-width: 800px) 85vw, 800px\" \/><figcaption class=\"wp-element-caption\">63-B \nGeneral Marqu\u00e9s de Coupigny.<\/figcaption><\/figure>\n<\/figure>\n\n\n\n<!--nextpage-->\n\n\n\n<p class=\"has-medium-font-size\">SERIE 11:   Ej\u00e9rcito Prusiano de Federico el Grande  1760<\/p>\n\n\n\n<figure class=\"wp-block-gallery has-nested-images columns-1 is-cropped wp-block-gallery-17 is-layout-flex wp-block-gallery-is-layout-flex\">\n<figure class=\"wp-block-image size-large\"><a href=\"https:\/\/lossoldaditosdeplomo.com\/wp-content\/uploads\/2019\/05\/husar-prusiano-1760.jpg\"><img loading=\"lazy\" decoding=\"async\" width=\"800\" height=\"600\" data-id=\"7146\" src=\"https:\/\/lossoldaditosdeplomo.com\/wp-content\/uploads\/2019\/05\/husar-prusiano-1760.jpg\" alt=\"\" class=\"wp-image-7146\" srcset=\"https:\/\/lossoldaditosdeplomo.com\/wp-content\/uploads\/2019\/05\/husar-prusiano-1760.jpg 800w, https:\/\/lossoldaditosdeplomo.com\/wp-content\/uploads\/2019\/05\/husar-prusiano-1760-300x225.jpg 300w, https:\/\/lossoldaditosdeplomo.com\/wp-content\/uploads\/2019\/05\/husar-prusiano-1760-768x576.jpg 768w, https:\/\/lossoldaditosdeplomo.com\/wp-content\/uploads\/2019\/05\/husar-prusiano-1760-1200x900.jpg 1200w\" sizes=\"auto, (max-width: 800px) 85vw, 800px\" \/><\/a><figcaption class=\"wp-element-caption\">111-B<br>Oficial de Husares prusiano 1760<\/figcaption><\/figure>\n\n\n\n<figure class=\"wp-block-image size-large\"><a href=\"https:\/\/lossoldaditosdeplomo.com\/wp-content\/uploads\/2019\/05\/husar-prusianao-Oficial-con-mirlito\u0301n-.jpg\"><img loading=\"lazy\" decoding=\"async\" width=\"800\" height=\"600\" data-id=\"7148\" src=\"https:\/\/lossoldaditosdeplomo.com\/wp-content\/uploads\/2019\/05\/husar-prusianao-Oficial-con-mirlito\u0301n-.jpg\" alt=\"\" class=\"wp-image-7148\" srcset=\"https:\/\/lossoldaditosdeplomo.com\/wp-content\/uploads\/2019\/05\/husar-prusianao-Oficial-con-mirlito\u0301n-.jpg 800w, https:\/\/lossoldaditosdeplomo.com\/wp-content\/uploads\/2019\/05\/husar-prusianao-Oficial-con-mirlito\u0301n--300x225.jpg 300w, https:\/\/lossoldaditosdeplomo.com\/wp-content\/uploads\/2019\/05\/husar-prusianao-Oficial-con-mirlito\u0301n--768x576.jpg 768w, https:\/\/lossoldaditosdeplomo.com\/wp-content\/uploads\/2019\/05\/husar-prusianao-Oficial-con-mirlito\u0301n--1200x900.jpg 1200w\" sizes=\"auto, (max-width: 800px) 85vw, 800px\" \/><\/a><figcaption class=\"wp-element-caption\">111-A\nOficial con mirlit\u00f3n 1760<\/figcaption><\/figure>\n\n\n\n<figure class=\"wp-block-image size-large\"><a href=\"https:\/\/lossoldaditosdeplomo.com\/wp-content\/uploads\/2019\/05\/111-B-Oficial-husar-prusiano.jpg\"><img loading=\"lazy\" decoding=\"async\" width=\"800\" height=\"600\" data-id=\"7149\" src=\"https:\/\/lossoldaditosdeplomo.com\/wp-content\/uploads\/2019\/05\/111-B-Oficial-husar-prusiano.jpg\" alt=\"\" class=\"wp-image-7149\" srcset=\"https:\/\/lossoldaditosdeplomo.com\/wp-content\/uploads\/2019\/05\/111-B-Oficial-husar-prusiano.jpg 800w, https:\/\/lossoldaditosdeplomo.com\/wp-content\/uploads\/2019\/05\/111-B-Oficial-husar-prusiano-300x225.jpg 300w, https:\/\/lossoldaditosdeplomo.com\/wp-content\/uploads\/2019\/05\/111-B-Oficial-husar-prusiano-768x576.jpg 768w, https:\/\/lossoldaditosdeplomo.com\/wp-content\/uploads\/2019\/05\/111-B-Oficial-husar-prusiano-1200x900.jpg 1200w\" sizes=\"auto, (max-width: 800px) 85vw, 800px\" \/><\/a><figcaption class=\"wp-element-caption\">111-B<br>Oficial Husar prusiano<\/figcaption><\/figure>\n\n\n\n<figure class=\"wp-block-image size-large\"><a href=\"https:\/\/lossoldaditosdeplomo.com\/wp-content\/uploads\/2019\/05\/111-C-soldado-con-mirliton.jpg\"><img loading=\"lazy\" decoding=\"async\" width=\"800\" height=\"600\" data-id=\"7150\" src=\"https:\/\/lossoldaditosdeplomo.com\/wp-content\/uploads\/2019\/05\/111-C-soldado-con-mirliton.jpg\" alt=\"\" class=\"wp-image-7150\" srcset=\"https:\/\/lossoldaditosdeplomo.com\/wp-content\/uploads\/2019\/05\/111-C-soldado-con-mirliton.jpg 800w, https:\/\/lossoldaditosdeplomo.com\/wp-content\/uploads\/2019\/05\/111-C-soldado-con-mirliton-300x225.jpg 300w, https:\/\/lossoldaditosdeplomo.com\/wp-content\/uploads\/2019\/05\/111-C-soldado-con-mirliton-768x576.jpg 768w, https:\/\/lossoldaditosdeplomo.com\/wp-content\/uploads\/2019\/05\/111-C-soldado-con-mirliton-1200x900.jpg 1200w\" sizes=\"auto, (max-width: 800px) 85vw, 800px\" \/><\/a><figcaption class=\"wp-element-caption\">111-C <br>Soldado con Mirlit\u00f3n<\/figcaption><\/figure>\n\n\n\n<figure class=\"wp-block-image size-large\"><a href=\"https:\/\/lossoldaditosdeplomo.com\/wp-content\/uploads\/2019\/05\/111-A-Oficial-husar-con-mirliton.jpg\"><img loading=\"lazy\" decoding=\"async\" width=\"800\" height=\"600\" data-id=\"7151\" src=\"https:\/\/lossoldaditosdeplomo.com\/wp-content\/uploads\/2019\/05\/111-A-Oficial-husar-con-mirliton.jpg\" alt=\"\" class=\"wp-image-7151\" srcset=\"https:\/\/lossoldaditosdeplomo.com\/wp-content\/uploads\/2019\/05\/111-A-Oficial-husar-con-mirliton.jpg 800w, https:\/\/lossoldaditosdeplomo.com\/wp-content\/uploads\/2019\/05\/111-A-Oficial-husar-con-mirliton-300x225.jpg 300w, https:\/\/lossoldaditosdeplomo.com\/wp-content\/uploads\/2019\/05\/111-A-Oficial-husar-con-mirliton-768x576.jpg 768w, https:\/\/lossoldaditosdeplomo.com\/wp-content\/uploads\/2019\/05\/111-A-Oficial-husar-con-mirliton-1200x900.jpg 1200w\" sizes=\"auto, (max-width: 800px) 85vw, 800px\" \/><\/a><figcaption class=\"wp-element-caption\">111-A<br>Oficial con mirlit\u00f3n <\/figcaption><\/figure>\n\n\n\n<figure class=\"wp-block-image size-large\"><a href=\"https:\/\/lossoldaditosdeplomo.com\/wp-content\/uploads\/2019\/05\/prusianos.jpg\"><img loading=\"lazy\" decoding=\"async\" width=\"800\" height=\"600\" data-id=\"6971\" src=\"https:\/\/lossoldaditosdeplomo.com\/wp-content\/uploads\/2019\/05\/prusianos.jpg\" alt=\"\" class=\"wp-image-6971\" srcset=\"https:\/\/lossoldaditosdeplomo.com\/wp-content\/uploads\/2019\/05\/prusianos.jpg 800w, https:\/\/lossoldaditosdeplomo.com\/wp-content\/uploads\/2019\/05\/prusianos-300x225.jpg 300w, https:\/\/lossoldaditosdeplomo.com\/wp-content\/uploads\/2019\/05\/prusianos-768x576.jpg 768w, https:\/\/lossoldaditosdeplomo.com\/wp-content\/uploads\/2019\/05\/prusianos-1200x900.jpg 1200w\" sizes=\"auto, (max-width: 800px) 85vw, 800px\" \/><\/a><figcaption class=\"wp-element-caption\">Prusianos correspondientes a la Serie 11<\/figcaption><\/figure>\n<\/figure>\n\n\n\n<!--nextpage-->\n\n\n\n<p class=\"has-text-align-center\" style=\"font-size:24px\">VARIOS<\/p>\n\n\n\n<figure class=\"wp-block-image\"><a href=\"https:\/\/lossoldaditosdeplomo.com\/wp-content\/uploads\/2019\/05\/variados.jpg\"><img loading=\"lazy\" decoding=\"async\" width=\"800\" height=\"600\" src=\"https:\/\/lossoldaditosdeplomo.com\/wp-content\/uploads\/2019\/05\/variados.jpg\" alt=\"\" class=\"wp-image-6976\" srcset=\"https:\/\/lossoldaditosdeplomo.com\/wp-content\/uploads\/2019\/05\/variados.jpg 800w, https:\/\/lossoldaditosdeplomo.com\/wp-content\/uploads\/2019\/05\/variados-300x225.jpg 300w, https:\/\/lossoldaditosdeplomo.com\/wp-content\/uploads\/2019\/05\/variados-768x576.jpg 768w, https:\/\/lossoldaditosdeplomo.com\/wp-content\/uploads\/2019\/05\/variados-1200x900.jpg 1200w\" sizes=\"auto, (max-width: 800px) 85vw, 800px\" \/><\/a><figcaption class=\"wp-element-caption\">Figuras variadas ( pendiente de catalogar)<\/figcaption><\/figure>\n\n\n\n<figure class=\"wp-block-gallery has-nested-images columns-1 is-cropped wp-block-gallery-18 is-layout-flex wp-block-gallery-is-layout-flex\">\n<figure class=\"wp-block-image size-large\"><img loading=\"lazy\" decoding=\"async\" width=\"800\" height=\"600\" data-id=\"7256\" src=\"https:\/\/lossoldaditosdeplomo.com\/wp-content\/uploads\/2019\/05\/Porte-EntendeRegmt.Irlanda1807.jpg\" alt=\"\" class=\"wp-image-7256\" srcset=\"https:\/\/lossoldaditosdeplomo.com\/wp-content\/uploads\/2019\/05\/Porte-EntendeRegmt.Irlanda1807.jpg 800w, https:\/\/lossoldaditosdeplomo.com\/wp-content\/uploads\/2019\/05\/Porte-EntendeRegmt.Irlanda1807-300x225.jpg 300w, https:\/\/lossoldaditosdeplomo.com\/wp-content\/uploads\/2019\/05\/Porte-EntendeRegmt.Irlanda1807-768x576.jpg 768w, https:\/\/lossoldaditosdeplomo.com\/wp-content\/uploads\/2019\/05\/Porte-EntendeRegmt.Irlanda1807-1200x900.jpg 1200w\" sizes=\"auto, (max-width: 800px) 85vw, 800px\" \/><figcaption class=\"wp-element-caption\">s\/r<br>Porta estandarte Rgto Irlanda 1807<\/figcaption><\/figure>\n\n\n\n<figure class=\"wp-block-image size-large\"><img loading=\"lazy\" decoding=\"async\" width=\"800\" height=\"600\" data-id=\"7257\" src=\"https:\/\/lossoldaditosdeplomo.com\/wp-content\/uploads\/2019\/05\/Porte-Entende-Regmt.Bourgogne1760.jpg\" alt=\"\" class=\"wp-image-7257\" srcset=\"https:\/\/lossoldaditosdeplomo.com\/wp-content\/uploads\/2019\/05\/Porte-Entende-Regmt.Bourgogne1760.jpg 800w, https:\/\/lossoldaditosdeplomo.com\/wp-content\/uploads\/2019\/05\/Porte-Entende-Regmt.Bourgogne1760-300x225.jpg 300w, https:\/\/lossoldaditosdeplomo.com\/wp-content\/uploads\/2019\/05\/Porte-Entende-Regmt.Bourgogne1760-768x576.jpg 768w, https:\/\/lossoldaditosdeplomo.com\/wp-content\/uploads\/2019\/05\/Porte-Entende-Regmt.Bourgogne1760-1200x900.jpg 1200w\" sizes=\"auto, (max-width: 800px) 85vw, 800px\" \/><figcaption class=\"wp-element-caption\">s\/r<br>Porta estandarte Rgto. Borgo\u00f1a 1760<\/figcaption><\/figure>\n\n\n\n<figure class=\"wp-block-image size-large\"><img loading=\"lazy\" decoding=\"async\" width=\"800\" height=\"600\" data-id=\"7258\" src=\"https:\/\/lossoldaditosdeplomo.com\/wp-content\/uploads\/2019\/05\/sr-GrenadierHesse-Cassel1776.jpg\" alt=\"\" class=\"wp-image-7258\" srcset=\"https:\/\/lossoldaditosdeplomo.com\/wp-content\/uploads\/2019\/05\/sr-GrenadierHesse-Cassel1776.jpg 800w, https:\/\/lossoldaditosdeplomo.com\/wp-content\/uploads\/2019\/05\/sr-GrenadierHesse-Cassel1776-300x225.jpg 300w, https:\/\/lossoldaditosdeplomo.com\/wp-content\/uploads\/2019\/05\/sr-GrenadierHesse-Cassel1776-768x576.jpg 768w, https:\/\/lossoldaditosdeplomo.com\/wp-content\/uploads\/2019\/05\/sr-GrenadierHesse-Cassel1776-1200x900.jpg 1200w\" sizes=\"auto, (max-width: 800px) 85vw, 800px\" \/><figcaption class=\"wp-element-caption\">s\/r<br>Granadero,Hesse-Cassel,1776<\/figcaption><\/figure>\n\n\n\n<figure class=\"wp-block-image size-large\"><img loading=\"lazy\" decoding=\"async\" width=\"800\" height=\"600\" data-id=\"7259\" src=\"https:\/\/lossoldaditosdeplomo.com\/wp-content\/uploads\/2019\/05\/71-E-Infanteri\u0301a-de-li\u0301nea-Oficial-1.jpg\" alt=\"\" class=\"wp-image-7259\" srcset=\"https:\/\/lossoldaditosdeplomo.com\/wp-content\/uploads\/2019\/05\/71-E-Infanteri\u0301a-de-li\u0301nea-Oficial-1.jpg 800w, https:\/\/lossoldaditosdeplomo.com\/wp-content\/uploads\/2019\/05\/71-E-Infanteri\u0301a-de-li\u0301nea-Oficial-1-300x225.jpg 300w, https:\/\/lossoldaditosdeplomo.com\/wp-content\/uploads\/2019\/05\/71-E-Infanteri\u0301a-de-li\u0301nea-Oficial-1-768x576.jpg 768w, https:\/\/lossoldaditosdeplomo.com\/wp-content\/uploads\/2019\/05\/71-E-Infanteri\u0301a-de-li\u0301nea-Oficial-1-1200x900.jpg 1200w\" sizes=\"auto, (max-width: 800px) 85vw, 800px\" \/><figcaption class=\"wp-element-caption\">71-E\n Oficial Infanter\u00eda de l\u00ednea, 1780<\/figcaption><\/figure>\n\n\n\n<figure class=\"wp-block-image size-large\"><img loading=\"lazy\" decoding=\"async\" width=\"800\" height=\"600\" data-id=\"7266\" src=\"https:\/\/lossoldaditosdeplomo.com\/wp-content\/uploads\/2019\/05\/sr-FusilierRoyal-Guard1760-1.jpg\" alt=\"\" class=\"wp-image-7266\" srcset=\"https:\/\/lossoldaditosdeplomo.com\/wp-content\/uploads\/2019\/05\/sr-FusilierRoyal-Guard1760-1.jpg 800w, https:\/\/lossoldaditosdeplomo.com\/wp-content\/uploads\/2019\/05\/sr-FusilierRoyal-Guard1760-1-300x225.jpg 300w, https:\/\/lossoldaditosdeplomo.com\/wp-content\/uploads\/2019\/05\/sr-FusilierRoyal-Guard1760-1-768x576.jpg 768w, https:\/\/lossoldaditosdeplomo.com\/wp-content\/uploads\/2019\/05\/sr-FusilierRoyal-Guard1760-1-1200x900.jpg 1200w\" sizes=\"auto, (max-width: 800px) 85vw, 800px\" \/><figcaption class=\"wp-element-caption\">s\/r<br> Fusilero de las Guardias Reales 1760<\/figcaption><\/figure>\n<\/figure>\n\n\n\n<figure class=\"wp-block-image\"><a href=\"https:\/\/lossoldaditosdeplomo.com\/wp-content\/uploads\/2019\/05\/tercios-guipuzcoa-y-alava.jpg\"><img loading=\"lazy\" decoding=\"async\" width=\"800\" height=\"600\" src=\"https:\/\/lossoldaditosdeplomo.com\/wp-content\/uploads\/2019\/05\/tercios-guipuzcoa-y-alava.jpg\" alt=\"\" class=\"wp-image-6978\" srcset=\"https:\/\/lossoldaditosdeplomo.com\/wp-content\/uploads\/2019\/05\/tercios-guipuzcoa-y-alava.jpg 800w, https:\/\/lossoldaditosdeplomo.com\/wp-content\/uploads\/2019\/05\/tercios-guipuzcoa-y-alava-300x225.jpg 300w, https:\/\/lossoldaditosdeplomo.com\/wp-content\/uploads\/2019\/05\/tercios-guipuzcoa-y-alava-768x576.jpg 768w, https:\/\/lossoldaditosdeplomo.com\/wp-content\/uploads\/2019\/05\/tercios-guipuzcoa-y-alava-1200x900.jpg 1200w\" sizes=\"auto, (max-width: 800px) 85vw, 800px\" \/><\/a><figcaption class=\"wp-element-caption\">Excelentes figuras entre las que podemos destacar El tambor de los Tercios de Gupuzcoa y el Oficial de los Tercios de Alava ( Abajo a la derecha)<\/figcaption><\/figure>\n\n\n\n<figure class=\"wp-block-gallery has-nested-images columns-1 is-cropped wp-block-gallery-19 is-layout-flex wp-block-gallery-is-layout-flex\">\n<figure class=\"wp-block-image size-large\"><img loading=\"lazy\" decoding=\"async\" width=\"800\" height=\"600\" data-id=\"7217\" src=\"https:\/\/lossoldaditosdeplomo.com\/wp-content\/uploads\/2019\/05\/sr-French-Royale-Regmt.1760.jpg\" alt=\"\" class=\"wp-image-7217\" srcset=\"https:\/\/lossoldaditosdeplomo.com\/wp-content\/uploads\/2019\/05\/sr-French-Royale-Regmt.1760.jpg 800w, https:\/\/lossoldaditosdeplomo.com\/wp-content\/uploads\/2019\/05\/sr-French-Royale-Regmt.1760-300x225.jpg 300w, https:\/\/lossoldaditosdeplomo.com\/wp-content\/uploads\/2019\/05\/sr-French-Royale-Regmt.1760-768x576.jpg 768w, https:\/\/lossoldaditosdeplomo.com\/wp-content\/uploads\/2019\/05\/sr-French-Royale-Regmt.1760-1200x900.jpg 1200w\" sizes=\"auto, (max-width: 800px) 85vw, 800px\" \/><figcaption class=\"wp-element-caption\">s\/r<br>French Royale  Regmt.1760<\/figcaption><\/figure>\n\n\n\n<figure class=\"wp-block-image size-large\"><img loading=\"lazy\" decoding=\"async\" width=\"800\" height=\"600\" data-id=\"7218\" src=\"https:\/\/lossoldaditosdeplomo.com\/wp-content\/uploads\/2019\/05\/srHesse-CasselJager1776.jpg\" alt=\"\" class=\"wp-image-7218\" srcset=\"https:\/\/lossoldaditosdeplomo.com\/wp-content\/uploads\/2019\/05\/srHesse-CasselJager1776.jpg 800w, https:\/\/lossoldaditosdeplomo.com\/wp-content\/uploads\/2019\/05\/srHesse-CasselJager1776-300x225.jpg 300w, https:\/\/lossoldaditosdeplomo.com\/wp-content\/uploads\/2019\/05\/srHesse-CasselJager1776-768x576.jpg 768w, https:\/\/lossoldaditosdeplomo.com\/wp-content\/uploads\/2019\/05\/srHesse-CasselJager1776-1200x900.jpg 1200w\" sizes=\"auto, (max-width: 800px) 85vw, 800px\" \/><figcaption class=\"wp-element-caption\">s\/r<br>Hesse-Cassel, Jager  1776<\/figcaption><\/figure>\n\n\n\n<figure class=\"wp-block-image size-large\"><img loading=\"lazy\" decoding=\"async\" width=\"800\" height=\"600\" data-id=\"7219\" src=\"https:\/\/lossoldaditosdeplomo.com\/wp-content\/uploads\/2019\/05\/131-A-Granadero-Dane\u0301s-1761.jpg\" alt=\"\" class=\"wp-image-7219\" srcset=\"https:\/\/lossoldaditosdeplomo.com\/wp-content\/uploads\/2019\/05\/131-A-Granadero-Dane\u0301s-1761.jpg 800w, https:\/\/lossoldaditosdeplomo.com\/wp-content\/uploads\/2019\/05\/131-A-Granadero-Dane\u0301s-1761-300x225.jpg 300w, https:\/\/lossoldaditosdeplomo.com\/wp-content\/uploads\/2019\/05\/131-A-Granadero-Dane\u0301s-1761-768x576.jpg 768w, https:\/\/lossoldaditosdeplomo.com\/wp-content\/uploads\/2019\/05\/131-A-Granadero-Dane\u0301s-1761-1200x900.jpg 1200w\" sizes=\"auto, (max-width: 800px) 85vw, 800px\" \/><figcaption class=\"wp-element-caption\">131-A  \nGranadero Dan\u00e9s  1761.<\/figcaption><\/figure>\n\n\n\n<figure class=\"wp-block-image size-large\"><img loading=\"lazy\" decoding=\"async\" width=\"800\" height=\"600\" data-id=\"7221\" src=\"https:\/\/lossoldaditosdeplomo.com\/wp-content\/uploads\/2019\/05\/64-C-Cazador-de-Gala-1807.jpg\" alt=\"\" class=\"wp-image-7221\" srcset=\"https:\/\/lossoldaditosdeplomo.com\/wp-content\/uploads\/2019\/05\/64-C-Cazador-de-Gala-1807.jpg 800w, https:\/\/lossoldaditosdeplomo.com\/wp-content\/uploads\/2019\/05\/64-C-Cazador-de-Gala-1807-300x225.jpg 300w, https:\/\/lossoldaditosdeplomo.com\/wp-content\/uploads\/2019\/05\/64-C-Cazador-de-Gala-1807-768x576.jpg 768w, https:\/\/lossoldaditosdeplomo.com\/wp-content\/uploads\/2019\/05\/64-C-Cazador-de-Gala-1807-1200x900.jpg 1200w\" sizes=\"auto, (max-width: 800px) 85vw, 800px\" \/><figcaption class=\"wp-element-caption\">64-C <br>Cazador de Gala, 1807<\/figcaption><\/figure>\n\n\n\n<figure class=\"wp-block-image size-large\"><img loading=\"lazy\" decoding=\"async\" width=\"800\" height=\"600\" data-id=\"7223\" src=\"https:\/\/lossoldaditosdeplomo.com\/wp-content\/uploads\/2019\/05\/sr-Swiss-Voltigeur-in-French-Service1815.jpg\" alt=\"\" class=\"wp-image-7223\" srcset=\"https:\/\/lossoldaditosdeplomo.com\/wp-content\/uploads\/2019\/05\/sr-Swiss-Voltigeur-in-French-Service1815.jpg 800w, https:\/\/lossoldaditosdeplomo.com\/wp-content\/uploads\/2019\/05\/sr-Swiss-Voltigeur-in-French-Service1815-300x225.jpg 300w, https:\/\/lossoldaditosdeplomo.com\/wp-content\/uploads\/2019\/05\/sr-Swiss-Voltigeur-in-French-Service1815-768x576.jpg 768w, https:\/\/lossoldaditosdeplomo.com\/wp-content\/uploads\/2019\/05\/sr-Swiss-Voltigeur-in-French-Service1815-1200x900.jpg 1200w\" sizes=\"auto, (max-width: 800px) 85vw, 800px\" \/><figcaption class=\"wp-element-caption\">s\/r<br>Fusilero Suizo <br>Francia 1815<\/figcaption><\/figure>\n\n\n\n<figure class=\"wp-block-image size-large\"><img loading=\"lazy\" decoding=\"async\" width=\"800\" height=\"600\" data-id=\"7224\" src=\"https:\/\/lossoldaditosdeplomo.com\/wp-content\/uploads\/2019\/05\/sr-FusilierRoyal-Guard1760.jpg\" alt=\"\" class=\"wp-image-7224\" srcset=\"https:\/\/lossoldaditosdeplomo.com\/wp-content\/uploads\/2019\/05\/sr-FusilierRoyal-Guard1760.jpg 800w, https:\/\/lossoldaditosdeplomo.com\/wp-content\/uploads\/2019\/05\/sr-FusilierRoyal-Guard1760-300x225.jpg 300w, https:\/\/lossoldaditosdeplomo.com\/wp-content\/uploads\/2019\/05\/sr-FusilierRoyal-Guard1760-768x576.jpg 768w, https:\/\/lossoldaditosdeplomo.com\/wp-content\/uploads\/2019\/05\/sr-FusilierRoyal-Guard1760-1200x900.jpg 1200w\" sizes=\"auto, (max-width: 800px) 85vw, 800px\" \/><figcaption class=\"wp-element-caption\">s\/r<br>Fusilero de las Guardias Reales 1760<\/figcaption><\/figure>\n\n\n\n<figure class=\"wp-block-image size-large\"><img loading=\"lazy\" decoding=\"async\" width=\"800\" height=\"600\" data-id=\"7225\" src=\"https:\/\/lossoldaditosdeplomo.com\/wp-content\/uploads\/2019\/05\/sr-drummerRegmt.Bourbonnais1735.jpg\" alt=\"\" class=\"wp-image-7225\" srcset=\"https:\/\/lossoldaditosdeplomo.com\/wp-content\/uploads\/2019\/05\/sr-drummerRegmt.Bourbonnais1735.jpg 800w, https:\/\/lossoldaditosdeplomo.com\/wp-content\/uploads\/2019\/05\/sr-drummerRegmt.Bourbonnais1735-300x225.jpg 300w, https:\/\/lossoldaditosdeplomo.com\/wp-content\/uploads\/2019\/05\/sr-drummerRegmt.Bourbonnais1735-768x576.jpg 768w, https:\/\/lossoldaditosdeplomo.com\/wp-content\/uploads\/2019\/05\/sr-drummerRegmt.Bourbonnais1735-1200x900.jpg 1200w\" sizes=\"auto, (max-width: 800px) 85vw, 800px\" \/><figcaption class=\"wp-element-caption\">s\/r<br>Tambor ejercito Borb\u00f3nico 1735<\/figcaption><\/figure>\n\n\n\n<figure class=\"wp-block-image size-large\"><img loading=\"lazy\" decoding=\"async\" width=\"800\" height=\"600\" data-id=\"7226\" src=\"https:\/\/lossoldaditosdeplomo.com\/wp-content\/uploads\/2019\/05\/sr-TamborTercio-de-Guipuzcoa1703.jpg\" alt=\"\" class=\"wp-image-7226\" srcset=\"https:\/\/lossoldaditosdeplomo.com\/wp-content\/uploads\/2019\/05\/sr-TamborTercio-de-Guipuzcoa1703.jpg 800w, https:\/\/lossoldaditosdeplomo.com\/wp-content\/uploads\/2019\/05\/sr-TamborTercio-de-Guipuzcoa1703-300x225.jpg 300w, https:\/\/lossoldaditosdeplomo.com\/wp-content\/uploads\/2019\/05\/sr-TamborTercio-de-Guipuzcoa1703-768x576.jpg 768w, https:\/\/lossoldaditosdeplomo.com\/wp-content\/uploads\/2019\/05\/sr-TamborTercio-de-Guipuzcoa1703-1200x900.jpg 1200w\" sizes=\"auto, (max-width: 800px) 85vw, 800px\" \/><figcaption class=\"wp-element-caption\">s\/r<br>Tambor,Tercio de Guipuzcoa,1703<\/figcaption><\/figure>\n\n\n\n<figure class=\"wp-block-image size-large\"><img loading=\"lazy\" decoding=\"async\" width=\"800\" height=\"600\" data-id=\"7227\" src=\"https:\/\/lossoldaditosdeplomo.com\/wp-content\/uploads\/2019\/05\/sr-OficialTercio-de-Alava1704.jpg\" alt=\"\" class=\"wp-image-7227\" srcset=\"https:\/\/lossoldaditosdeplomo.com\/wp-content\/uploads\/2019\/05\/sr-OficialTercio-de-Alava1704.jpg 800w, https:\/\/lossoldaditosdeplomo.com\/wp-content\/uploads\/2019\/05\/sr-OficialTercio-de-Alava1704-300x225.jpg 300w, https:\/\/lossoldaditosdeplomo.com\/wp-content\/uploads\/2019\/05\/sr-OficialTercio-de-Alava1704-768x576.jpg 768w, https:\/\/lossoldaditosdeplomo.com\/wp-content\/uploads\/2019\/05\/sr-OficialTercio-de-Alava1704-1200x900.jpg 1200w\" sizes=\"auto, (max-width: 800px) 85vw, 800px\" \/><figcaption class=\"wp-element-caption\">s\/r<br>Oficial,Tercio de Alava,1704<\/figcaption><\/figure>\n<\/figure>\n\n\n\n<!--nextpage-->\n\n\n\n<p class=\"has-text-align-center\">RESTAURACIONES   Craig DICKSON<\/p>\n\n\n\n<figure class=\"wp-block-gallery has-nested-images columns-1 is-cropped wp-block-gallery-20 is-layout-flex wp-block-gallery-is-layout-flex\">\n<figure class=\"wp-block-image size-large\"><a href=\"https:\/\/lossoldaditosdeplomo.com\/wp-content\/uploads\/2019\/05\/31-A-R-husar-de-elite.jpg\"><img loading=\"lazy\" decoding=\"async\" width=\"800\" height=\"600\" data-id=\"7286\" src=\"https:\/\/lossoldaditosdeplomo.com\/wp-content\/uploads\/2019\/05\/31-A-R-husar-de-elite.jpg\" alt=\"\" class=\"wp-image-7286\" srcset=\"https:\/\/lossoldaditosdeplomo.com\/wp-content\/uploads\/2019\/05\/31-A-R-husar-de-elite.jpg 800w, https:\/\/lossoldaditosdeplomo.com\/wp-content\/uploads\/2019\/05\/31-A-R-husar-de-elite-300x225.jpg 300w, https:\/\/lossoldaditosdeplomo.com\/wp-content\/uploads\/2019\/05\/31-A-R-husar-de-elite-768x576.jpg 768w, https:\/\/lossoldaditosdeplomo.com\/wp-content\/uploads\/2019\/05\/31-A-R-husar-de-elite-1200x900.jpg 1200w\" sizes=\"auto, (max-width: 800px) 85vw, 800px\" \/><\/a><figcaption class=\"wp-element-caption\">31-A<br>H\u00fasar de \u00c9lite<\/figcaption><\/figure>\n\n\n\n<figure class=\"wp-block-image size-large\"><a href=\"https:\/\/lossoldaditosdeplomo.com\/wp-content\/uploads\/2019\/05\/s-2-r-lancero.jpg\"><img loading=\"lazy\" decoding=\"async\" width=\"800\" height=\"600\" data-id=\"7288\" src=\"https:\/\/lossoldaditosdeplomo.com\/wp-content\/uploads\/2019\/05\/s-2-r-lancero.jpg\" alt=\"\" class=\"wp-image-7288\" srcset=\"https:\/\/lossoldaditosdeplomo.com\/wp-content\/uploads\/2019\/05\/s-2-r-lancero.jpg 800w, https:\/\/lossoldaditosdeplomo.com\/wp-content\/uploads\/2019\/05\/s-2-r-lancero-300x225.jpg 300w, https:\/\/lossoldaditosdeplomo.com\/wp-content\/uploads\/2019\/05\/s-2-r-lancero-768x576.jpg 768w, https:\/\/lossoldaditosdeplomo.com\/wp-content\/uploads\/2019\/05\/s-2-r-lancero-1200x900.jpg 1200w\" sizes=\"auto, (max-width: 800px) 85vw, 800px\" \/><\/a><figcaption class=\"wp-element-caption\">Lancero, Oficial <\/figcaption><\/figure>\n\n\n\n<figure class=\"wp-block-image size-large\"><a href=\"https:\/\/lossoldaditosdeplomo.com\/wp-content\/uploads\/2019\/05\/r-lancero-de-Berg.jpg\"><img loading=\"lazy\" decoding=\"async\" width=\"800\" height=\"600\" data-id=\"7289\" src=\"https:\/\/lossoldaditosdeplomo.com\/wp-content\/uploads\/2019\/05\/r-lancero-de-Berg.jpg\" alt=\"\" class=\"wp-image-7289\" srcset=\"https:\/\/lossoldaditosdeplomo.com\/wp-content\/uploads\/2019\/05\/r-lancero-de-Berg.jpg 800w, https:\/\/lossoldaditosdeplomo.com\/wp-content\/uploads\/2019\/05\/r-lancero-de-Berg-300x225.jpg 300w, https:\/\/lossoldaditosdeplomo.com\/wp-content\/uploads\/2019\/05\/r-lancero-de-Berg-768x576.jpg 768w, https:\/\/lossoldaditosdeplomo.com\/wp-content\/uploads\/2019\/05\/r-lancero-de-Berg-1200x900.jpg 1200w\" sizes=\"auto, (max-width: 800px) 85vw, 800px\" \/><\/a><figcaption class=\"wp-element-caption\">Lancero de Berg<\/figcaption><\/figure>\n\n\n\n<figure class=\"wp-block-image size-large\"><a href=\"https:\/\/lossoldaditosdeplomo.com\/wp-content\/uploads\/2019\/05\/r-regimiento-Irlandes-de-Dilon.jpg\"><img loading=\"lazy\" decoding=\"async\" width=\"800\" height=\"600\" data-id=\"7291\" src=\"https:\/\/lossoldaditosdeplomo.com\/wp-content\/uploads\/2019\/05\/r-regimiento-Irlandes-de-Dilon.jpg\" alt=\"\" class=\"wp-image-7291\" srcset=\"https:\/\/lossoldaditosdeplomo.com\/wp-content\/uploads\/2019\/05\/r-regimiento-Irlandes-de-Dilon.jpg 800w, https:\/\/lossoldaditosdeplomo.com\/wp-content\/uploads\/2019\/05\/r-regimiento-Irlandes-de-Dilon-300x225.jpg 300w, https:\/\/lossoldaditosdeplomo.com\/wp-content\/uploads\/2019\/05\/r-regimiento-Irlandes-de-Dilon-768x576.jpg 768w, https:\/\/lossoldaditosdeplomo.com\/wp-content\/uploads\/2019\/05\/r-regimiento-Irlandes-de-Dilon-1200x900.jpg 1200w\" sizes=\"auto, (max-width: 800px) 85vw, 800px\" \/><\/a><figcaption class=\"wp-element-caption\">Regt. Irland\u00e9s de Dillon, 1786<\/figcaption><\/figure>\n\n\n\n<figure class=\"wp-block-image size-large\"><a href=\"https:\/\/lossoldaditosdeplomo.com\/wp-content\/uploads\/2019\/05\/sr-lauzun-estandarte.jpg\"><img loading=\"lazy\" decoding=\"async\" width=\"800\" height=\"600\" data-id=\"7293\" src=\"https:\/\/lossoldaditosdeplomo.com\/wp-content\/uploads\/2019\/05\/sr-lauzun-estandarte.jpg\" alt=\"\" class=\"wp-image-7293\" srcset=\"https:\/\/lossoldaditosdeplomo.com\/wp-content\/uploads\/2019\/05\/sr-lauzun-estandarte.jpg 800w, https:\/\/lossoldaditosdeplomo.com\/wp-content\/uploads\/2019\/05\/sr-lauzun-estandarte-300x225.jpg 300w, https:\/\/lossoldaditosdeplomo.com\/wp-content\/uploads\/2019\/05\/sr-lauzun-estandarte-768x576.jpg 768w, https:\/\/lossoldaditosdeplomo.com\/wp-content\/uploads\/2019\/05\/sr-lauzun-estandarte-1200x900.jpg 1200w\" sizes=\"auto, (max-width: 800px) 85vw, 800px\" \/><\/a><figcaption class=\"wp-element-caption\">s\/r<br>Porta Estandarte Leg. Lauzun<\/figcaption><\/figure>\n<\/figure>\n\n\n\n<figure class=\"wp-block-gallery has-nested-images columns-1 is-cropped wp-block-gallery-21 is-layout-flex wp-block-gallery-is-layout-flex\">\n<figure class=\"wp-block-image size-large\"><a href=\"https:\/\/lossoldaditosdeplomo.com\/wp-content\/uploads\/2019\/06\/S226A-Gendarme.jpg\"><img loading=\"lazy\" decoding=\"async\" width=\"800\" height=\"600\" data-id=\"7538\" src=\"https:\/\/lossoldaditosdeplomo.com\/wp-content\/uploads\/2019\/06\/S226A-Gendarme.jpg\" alt=\"\" class=\"wp-image-7538\" srcset=\"https:\/\/lossoldaditosdeplomo.com\/wp-content\/uploads\/2019\/06\/S226A-Gendarme.jpg 800w, https:\/\/lossoldaditosdeplomo.com\/wp-content\/uploads\/2019\/06\/S226A-Gendarme-300x225.jpg 300w, https:\/\/lossoldaditosdeplomo.com\/wp-content\/uploads\/2019\/06\/S226A-Gendarme-768x576.jpg 768w, https:\/\/lossoldaditosdeplomo.com\/wp-content\/uploads\/2019\/06\/S226A-Gendarme-1200x900.jpg 1200w\" sizes=\"auto, (max-width: 800px) 85vw, 800px\" \/><\/a><figcaption class=\"wp-element-caption\">Gendarme<br>Ref: 26-A<\/figcaption><\/figure>\n\n\n\n<figure class=\"wp-block-image size-large\"><a href=\"https:\/\/lossoldaditosdeplomo.com\/wp-content\/uploads\/2019\/06\/S331K-JPG.jpg\"><img loading=\"lazy\" decoding=\"async\" width=\"800\" height=\"600\" data-id=\"7540\" src=\"https:\/\/lossoldaditosdeplomo.com\/wp-content\/uploads\/2019\/06\/S331K-JPG.jpg\" alt=\"\" class=\"wp-image-7540\" srcset=\"https:\/\/lossoldaditosdeplomo.com\/wp-content\/uploads\/2019\/06\/S331K-JPG.jpg 800w, https:\/\/lossoldaditosdeplomo.com\/wp-content\/uploads\/2019\/06\/S331K-JPG-300x225.jpg 300w, https:\/\/lossoldaditosdeplomo.com\/wp-content\/uploads\/2019\/06\/S331K-JPG-768x576.jpg 768w, https:\/\/lossoldaditosdeplomo.com\/wp-content\/uploads\/2019\/06\/S331K-JPG-1200x900.jpg 1200w\" sizes=\"auto, (max-width: 800px) 85vw, 800px\" \/><\/a><figcaption class=\"wp-element-caption\">Hussar<br>Ref: 31-K<\/figcaption><\/figure>\n\n\n\n<figure class=\"wp-block-image size-large\"><a href=\"https:\/\/lossoldaditosdeplomo.com\/wp-content\/uploads\/2019\/06\/S335BVoltigeur-in-Spain1811.jpg\"><img loading=\"lazy\" decoding=\"async\" width=\"800\" height=\"600\" data-id=\"7541\" src=\"https:\/\/lossoldaditosdeplomo.com\/wp-content\/uploads\/2019\/06\/S335BVoltigeur-in-Spain1811.jpg\" alt=\"\" class=\"wp-image-7541\" srcset=\"https:\/\/lossoldaditosdeplomo.com\/wp-content\/uploads\/2019\/06\/S335BVoltigeur-in-Spain1811.jpg 800w, https:\/\/lossoldaditosdeplomo.com\/wp-content\/uploads\/2019\/06\/S335BVoltigeur-in-Spain1811-300x225.jpg 300w, https:\/\/lossoldaditosdeplomo.com\/wp-content\/uploads\/2019\/06\/S335BVoltigeur-in-Spain1811-768x576.jpg 768w, https:\/\/lossoldaditosdeplomo.com\/wp-content\/uploads\/2019\/06\/S335BVoltigeur-in-Spain1811-1200x900.jpg 1200w\" sizes=\"auto, (max-width: 800px) 85vw, 800px\" \/><\/a><figcaption class=\"wp-element-caption\">Voltigeur, en Espa\u00f1a 1811<br>Ref: 35-B<\/figcaption><\/figure>\n\n\n\n<figure class=\"wp-block-image size-large\"><a href=\"https:\/\/lossoldaditosdeplomo.com\/wp-content\/uploads\/2019\/06\/S771f-Painted-as-Grenadier-Hainault-Regmt.1780.jpg\"><img loading=\"lazy\" decoding=\"async\" width=\"800\" height=\"600\" data-id=\"7542\" src=\"https:\/\/lossoldaditosdeplomo.com\/wp-content\/uploads\/2019\/06\/S771f-Painted-as-Grenadier-Hainault-Regmt.1780.jpg\" alt=\"\" class=\"wp-image-7542\" srcset=\"https:\/\/lossoldaditosdeplomo.com\/wp-content\/uploads\/2019\/06\/S771f-Painted-as-Grenadier-Hainault-Regmt.1780.jpg 800w, https:\/\/lossoldaditosdeplomo.com\/wp-content\/uploads\/2019\/06\/S771f-Painted-as-Grenadier-Hainault-Regmt.1780-300x225.jpg 300w, https:\/\/lossoldaditosdeplomo.com\/wp-content\/uploads\/2019\/06\/S771f-Painted-as-Grenadier-Hainault-Regmt.1780-768x576.jpg 768w, https:\/\/lossoldaditosdeplomo.com\/wp-content\/uploads\/2019\/06\/S771f-Painted-as-Grenadier-Hainault-Regmt.1780-1200x900.jpg 1200w\" sizes=\"auto, (max-width: 800px) 85vw, 800px\" \/><\/a><figcaption class=\"wp-element-caption\">Granadero con piel de oso<br>Ref: 71-F<\/figcaption><\/figure>\n\n\n\n<figure class=\"wp-block-image size-large\"><a href=\"https:\/\/lossoldaditosdeplomo.com\/wp-content\/uploads\/2019\/06\/The-first-Hussar-was-S331K-This-is-S331l.jpg\"><img loading=\"lazy\" decoding=\"async\" width=\"800\" height=\"600\" data-id=\"7543\" src=\"https:\/\/lossoldaditosdeplomo.com\/wp-content\/uploads\/2019\/06\/The-first-Hussar-was-S331K-This-is-S331l.jpg\" alt=\"\" class=\"wp-image-7543\" srcset=\"https:\/\/lossoldaditosdeplomo.com\/wp-content\/uploads\/2019\/06\/The-first-Hussar-was-S331K-This-is-S331l.jpg 800w, https:\/\/lossoldaditosdeplomo.com\/wp-content\/uploads\/2019\/06\/The-first-Hussar-was-S331K-This-is-S331l-300x225.jpg 300w, https:\/\/lossoldaditosdeplomo.com\/wp-content\/uploads\/2019\/06\/The-first-Hussar-was-S331K-This-is-S331l-768x576.jpg 768w, https:\/\/lossoldaditosdeplomo.com\/wp-content\/uploads\/2019\/06\/The-first-Hussar-was-S331K-This-is-S331l-1200x900.jpg 1200w\" sizes=\"auto, (max-width: 800px) 85vw, 800px\" \/><\/a><figcaption class=\"wp-element-caption\">Trompeta campa\u00f1a con shako, 1812<br>Ref: 31-L<\/figcaption><\/figure>\n<\/figure>\n\n\n\n<!--nextpage-->\n\n\n\n<figure class=\"wp-block-image\"><a href=\"blob:https:\/\/lossoldaditosdeplomo.com\/6d7c1566-9688-fb47-9f9b-5dbe39cf6306\"><img loading=\"lazy\" decoding=\"async\" width=\"800\" height=\"600\" src=\"https:\/\/lossoldaditosdeplomo.com\/wp-content\/uploads\/2019\/07\/grupo-resturacion-2.jpg\" alt=\"\" class=\"wp-image-7761\" srcset=\"https:\/\/lossoldaditosdeplomo.com\/wp-content\/uploads\/2019\/07\/grupo-resturacion-2.jpg 800w, https:\/\/lossoldaditosdeplomo.com\/wp-content\/uploads\/2019\/07\/grupo-resturacion-2-300x225.jpg 300w, https:\/\/lossoldaditosdeplomo.com\/wp-content\/uploads\/2019\/07\/grupo-resturacion-2-768x576.jpg 768w, https:\/\/lossoldaditosdeplomo.com\/wp-content\/uploads\/2019\/07\/grupo-resturacion-2-1200x900.jpg 1200w\" sizes=\"auto, (max-width: 800px) 85vw, 800px\" \/><\/a><\/figure>\n\n\n\n<figure class=\"wp-block-gallery has-nested-images columns-1 is-cropped wp-block-gallery-22 is-layout-flex wp-block-gallery-is-layout-flex\">\n<figure class=\"wp-block-image size-large\"><img loading=\"lazy\" decoding=\"async\" width=\"800\" height=\"600\" data-id=\"7762\" src=\"https:\/\/lossoldaditosdeplomo.com\/wp-content\/uploads\/2019\/07\/Chasseur-de-la-GardeS224B.jpg\" alt=\"\" class=\"wp-image-7762\" srcset=\"https:\/\/lossoldaditosdeplomo.com\/wp-content\/uploads\/2019\/07\/Chasseur-de-la-GardeS224B.jpg 800w, https:\/\/lossoldaditosdeplomo.com\/wp-content\/uploads\/2019\/07\/Chasseur-de-la-GardeS224B-300x225.jpg 300w, https:\/\/lossoldaditosdeplomo.com\/wp-content\/uploads\/2019\/07\/Chasseur-de-la-GardeS224B-768x576.jpg 768w, https:\/\/lossoldaditosdeplomo.com\/wp-content\/uploads\/2019\/07\/Chasseur-de-la-GardeS224B-1200x900.jpg 1200w\" sizes=\"auto, (max-width: 800px) 85vw, 800px\" \/><figcaption class=\"wp-element-caption\">Guardia Imperial, Oficial de Cazadores a Caballo <br> SERIE 2:   24B<\/figcaption><\/figure>\n\n\n\n<figure class=\"wp-block-image size-large\"><img loading=\"lazy\" decoding=\"async\" width=\"800\" height=\"600\" data-id=\"7764\" src=\"https:\/\/lossoldaditosdeplomo.com\/wp-content\/uploads\/2019\/07\/Esta-es-una-pieza-de-fundicio\u0301n-de-Poniatowski-repintado-como-Hussard-Trompette-de-la-Bonaparte-Volonteer-Regmt.-1800.jpg\" alt=\"\" class=\"wp-image-7764\" srcset=\"https:\/\/lossoldaditosdeplomo.com\/wp-content\/uploads\/2019\/07\/Esta-es-una-pieza-de-fundicio\u0301n-de-Poniatowski-repintado-como-Hussard-Trompette-de-la-Bonaparte-Volonteer-Regmt.-1800.jpg 800w, https:\/\/lossoldaditosdeplomo.com\/wp-content\/uploads\/2019\/07\/Esta-es-una-pieza-de-fundicio\u0301n-de-Poniatowski-repintado-como-Hussard-Trompette-de-la-Bonaparte-Volonteer-Regmt.-1800-300x225.jpg 300w, https:\/\/lossoldaditosdeplomo.com\/wp-content\/uploads\/2019\/07\/Esta-es-una-pieza-de-fundicio\u0301n-de-Poniatowski-repintado-como-Hussard-Trompette-de-la-Bonaparte-Volonteer-Regmt.-1800-768x576.jpg 768w, https:\/\/lossoldaditosdeplomo.com\/wp-content\/uploads\/2019\/07\/Esta-es-una-pieza-de-fundicio\u0301n-de-Poniatowski-repintado-como-Hussard-Trompette-de-la-Bonaparte-Volonteer-Regmt.-1800-1200x900.jpg 1200w\" sizes=\"auto, (max-width: 800px) 85vw, 800px\" \/><figcaption class=\"wp-element-caption\">Figura modificada:  Trompeta de Husares, Voluntarios de Bonaparte 1.800<\/figcaption><\/figure>\n\n\n\n<figure class=\"wp-block-image size-large\"><img loading=\"lazy\" decoding=\"async\" width=\"800\" height=\"600\" data-id=\"7766\" src=\"https:\/\/lossoldaditosdeplomo.com\/wp-content\/uploads\/2019\/07\/Fundicio\u0301n-de-S442-repintado-como-Oficial-Real-Waggon-tren-1815.jpg\" alt=\"\" class=\"wp-image-7766\" srcset=\"https:\/\/lossoldaditosdeplomo.com\/wp-content\/uploads\/2019\/07\/Fundicio\u0301n-de-S442-repintado-como-Oficial-Real-Waggon-tren-1815.jpg 800w, https:\/\/lossoldaditosdeplomo.com\/wp-content\/uploads\/2019\/07\/Fundicio\u0301n-de-S442-repintado-como-Oficial-Real-Waggon-tren-1815-300x225.jpg 300w, https:\/\/lossoldaditosdeplomo.com\/wp-content\/uploads\/2019\/07\/Fundicio\u0301n-de-S442-repintado-como-Oficial-Real-Waggon-tren-1815-768x576.jpg 768w, https:\/\/lossoldaditosdeplomo.com\/wp-content\/uploads\/2019\/07\/Fundicio\u0301n-de-S442-repintado-como-Oficial-Real-Waggon-tren-1815-1200x900.jpg 1200w\" sizes=\"auto, (max-width: 800px) 85vw, 800px\" \/><figcaption class=\"wp-element-caption\">Trasformaci\u00f3n: Real Waggon, Oficial 1815 \nfigura basafa en Oficial del 6\u00ba de Dragones \n SERIE 4 : 42A<\/figcaption><\/figure>\n\n\n\n<figure class=\"wp-block-image size-large\"><img loading=\"lazy\" decoding=\"async\" width=\"800\" height=\"600\" data-id=\"7768\" src=\"https:\/\/lossoldaditosdeplomo.com\/wp-content\/uploads\/2019\/07\/Gendarmerie-S226A.jpg\" alt=\"\" class=\"wp-image-7768\" srcset=\"https:\/\/lossoldaditosdeplomo.com\/wp-content\/uploads\/2019\/07\/Gendarmerie-S226A.jpg 800w, https:\/\/lossoldaditosdeplomo.com\/wp-content\/uploads\/2019\/07\/Gendarmerie-S226A-300x225.jpg 300w, https:\/\/lossoldaditosdeplomo.com\/wp-content\/uploads\/2019\/07\/Gendarmerie-S226A-768x576.jpg 768w, https:\/\/lossoldaditosdeplomo.com\/wp-content\/uploads\/2019\/07\/Gendarmerie-S226A-1200x900.jpg 1200w\" sizes=\"auto, (max-width: 800px) 85vw, 800px\" \/><figcaption class=\"wp-element-caption\">Gendarmer\u00eda de \u00e9lite,soldado de gala 1812<br>SERIE 2: 26-A<\/figcaption><\/figure>\n\n\n\n<figure class=\"wp-block-image size-large\"><img loading=\"lazy\" decoding=\"async\" width=\"800\" height=\"600\" data-id=\"7769\" src=\"https:\/\/lossoldaditosdeplomo.com\/wp-content\/uploads\/2019\/07\/Grouchy.jpg\" alt=\"\" class=\"wp-image-7769\" srcset=\"https:\/\/lossoldaditosdeplomo.com\/wp-content\/uploads\/2019\/07\/Grouchy.jpg 800w, https:\/\/lossoldaditosdeplomo.com\/wp-content\/uploads\/2019\/07\/Grouchy-300x225.jpg 300w, https:\/\/lossoldaditosdeplomo.com\/wp-content\/uploads\/2019\/07\/Grouchy-768x576.jpg 768w, https:\/\/lossoldaditosdeplomo.com\/wp-content\/uploads\/2019\/07\/Grouchy-1200x900.jpg 1200w\" sizes=\"auto, (max-width: 800px) 85vw, 800px\" \/><figcaption class=\"wp-element-caption\">GROUCHY<br><\/figcaption><\/figure>\n\n\n\n<figure class=\"wp-block-image size-large\"><img loading=\"lazy\" decoding=\"async\" width=\"800\" height=\"600\" data-id=\"7770\" src=\"https:\/\/lossoldaditosdeplomo.com\/wp-content\/uploads\/2019\/07\/Hussard-TrompetteS331L.jpg\" alt=\"\" class=\"wp-image-7770\" srcset=\"https:\/\/lossoldaditosdeplomo.com\/wp-content\/uploads\/2019\/07\/Hussard-TrompetteS331L.jpg 800w, https:\/\/lossoldaditosdeplomo.com\/wp-content\/uploads\/2019\/07\/Hussard-TrompetteS331L-300x225.jpg 300w, https:\/\/lossoldaditosdeplomo.com\/wp-content\/uploads\/2019\/07\/Hussard-TrompetteS331L-768x576.jpg 768w, https:\/\/lossoldaditosdeplomo.com\/wp-content\/uploads\/2019\/07\/Hussard-TrompetteS331L-1200x900.jpg 1200w\" sizes=\"auto, (max-width: 800px) 85vw, 800px\" \/><figcaption class=\"wp-element-caption\">Trompeta campa\u00f1a con shako \u201cRouleau\u201d 1812<br>SERIE 3: 31-L<\/figcaption><\/figure>\n\n\n\n<figure class=\"wp-block-image size-large\"><img loading=\"lazy\" decoding=\"async\" width=\"800\" height=\"600\" data-id=\"7771\" src=\"https:\/\/lossoldaditosdeplomo.com\/wp-content\/uploads\/2019\/07\/HussardS331H-painted-as-10th-Regmt.1806.jpg\" alt=\"\" class=\"wp-image-7771\" srcset=\"https:\/\/lossoldaditosdeplomo.com\/wp-content\/uploads\/2019\/07\/HussardS331H-painted-as-10th-Regmt.1806.jpg 800w, https:\/\/lossoldaditosdeplomo.com\/wp-content\/uploads\/2019\/07\/HussardS331H-painted-as-10th-Regmt.1806-300x225.jpg 300w, https:\/\/lossoldaditosdeplomo.com\/wp-content\/uploads\/2019\/07\/HussardS331H-painted-as-10th-Regmt.1806-768x576.jpg 768w, https:\/\/lossoldaditosdeplomo.com\/wp-content\/uploads\/2019\/07\/HussardS331H-painted-as-10th-Regmt.1806-1200x900.jpg 1200w\" sizes=\"auto, (max-width: 800px) 85vw, 800px\" \/><figcaption class=\"wp-element-caption\">Transformaci\u00f3n: Hussar del 10\u00ba Regimiento, 1806<br>Basado en Trompeta, compa\u00f1\u00eda l\u00ednea serie 3 : 31H<\/figcaption><\/figure>\n\n\n\n<figure class=\"wp-block-image size-large\"><img loading=\"lazy\" decoding=\"async\" width=\"800\" height=\"600\" data-id=\"7772\" src=\"https:\/\/lossoldaditosdeplomo.com\/wp-content\/uploads\/2019\/07\/HussardS331k-.jpg\" alt=\"\" class=\"wp-image-7772\" srcset=\"https:\/\/lossoldaditosdeplomo.com\/wp-content\/uploads\/2019\/07\/HussardS331k-.jpg 800w, https:\/\/lossoldaditosdeplomo.com\/wp-content\/uploads\/2019\/07\/HussardS331k--300x225.jpg 300w, https:\/\/lossoldaditosdeplomo.com\/wp-content\/uploads\/2019\/07\/HussardS331k--768x576.jpg 768w, https:\/\/lossoldaditosdeplomo.com\/wp-content\/uploads\/2019\/07\/HussardS331k--1200x900.jpg 1200w\" sizes=\"auto, (max-width: 800px) 85vw, 800px\" \/><figcaption class=\"wp-element-caption\">Soldado Uniforme de campa\u00f1a (Shako) 1812<br>SERIE 3: 31-K<\/figcaption><\/figure>\n\n\n\n<figure class=\"wp-block-image size-large\"><img loading=\"lazy\" decoding=\"async\" width=\"800\" height=\"600\" data-id=\"7773\" src=\"https:\/\/lossoldaditosdeplomo.com\/wp-content\/uploads\/2019\/07\/HussardS331m.jpg\" alt=\"\" class=\"wp-image-7773\" srcset=\"https:\/\/lossoldaditosdeplomo.com\/wp-content\/uploads\/2019\/07\/HussardS331m.jpg 800w, https:\/\/lossoldaditosdeplomo.com\/wp-content\/uploads\/2019\/07\/HussardS331m-300x225.jpg 300w, https:\/\/lossoldaditosdeplomo.com\/wp-content\/uploads\/2019\/07\/HussardS331m-768x576.jpg 768w, https:\/\/lossoldaditosdeplomo.com\/wp-content\/uploads\/2019\/07\/HussardS331m-1200x900.jpg 1200w\" sizes=\"auto, (max-width: 800px) 85vw, 800px\" \/><figcaption class=\"wp-element-caption\">Hussar<br>SERIE 3: 31-M<\/figcaption><\/figure>\n\n\n\n<figure class=\"wp-block-image size-large\"><img loading=\"lazy\" decoding=\"async\" width=\"800\" height=\"600\" data-id=\"7774\" src=\"https:\/\/lossoldaditosdeplomo.com\/wp-content\/uploads\/2019\/07\/S771F-painted-as-Grenadier-Hainault-Regmt.-1780.jpg\" alt=\"\" class=\"wp-image-7774\" srcset=\"https:\/\/lossoldaditosdeplomo.com\/wp-content\/uploads\/2019\/07\/S771F-painted-as-Grenadier-Hainault-Regmt.-1780.jpg 800w, https:\/\/lossoldaditosdeplomo.com\/wp-content\/uploads\/2019\/07\/S771F-painted-as-Grenadier-Hainault-Regmt.-1780-300x225.jpg 300w, https:\/\/lossoldaditosdeplomo.com\/wp-content\/uploads\/2019\/07\/S771F-painted-as-Grenadier-Hainault-Regmt.-1780-768x576.jpg 768w, https:\/\/lossoldaditosdeplomo.com\/wp-content\/uploads\/2019\/07\/S771F-painted-as-Grenadier-Hainault-Regmt.-1780-1200x900.jpg 1200w\" sizes=\"auto, (max-width: 800px) 85vw, 800px\" \/><figcaption class=\"wp-element-caption\">Transformaci\u00f3n: Granadero Regto. Hainault 1780<br>Figura basada en Granadero del ejercito frances en Am\u00e9rica<br>SERIE 7: 71-F<\/figcaption><\/figure>\n\n\n\n<figure class=\"wp-block-image size-large\"><img loading=\"lazy\" decoding=\"async\" width=\"800\" height=\"600\" data-id=\"7775\" src=\"https:\/\/lossoldaditosdeplomo.com\/wp-content\/uploads\/2019\/07\/s993a-Artilleri\u0301a-Regmt.Col_.-Knox.jpg\" alt=\"\" class=\"wp-image-7775\" srcset=\"https:\/\/lossoldaditosdeplomo.com\/wp-content\/uploads\/2019\/07\/s993a-Artilleri\u0301a-Regmt.Col_.-Knox.jpg 800w, https:\/\/lossoldaditosdeplomo.com\/wp-content\/uploads\/2019\/07\/s993a-Artilleri\u0301a-Regmt.Col_.-Knox-300x225.jpg 300w, https:\/\/lossoldaditosdeplomo.com\/wp-content\/uploads\/2019\/07\/s993a-Artilleri\u0301a-Regmt.Col_.-Knox-768x576.jpg 768w, https:\/\/lossoldaditosdeplomo.com\/wp-content\/uploads\/2019\/07\/s993a-Artilleri\u0301a-Regmt.Col_.-Knox-1200x900.jpg 1200w\" sizes=\"auto, (max-width: 800px) 85vw, 800px\" \/><figcaption class=\"wp-element-caption\">Oficial de Artiller\u00eda del Rgto. Coronel  Knox\nSERIE 9: 93-A<\/figcaption><\/figure>\n\n\n\n<figure class=\"wp-block-image size-large\"><img loading=\"lazy\" decoding=\"async\" width=\"800\" height=\"600\" data-id=\"7776\" src=\"https:\/\/lossoldaditosdeplomo.com\/wp-content\/uploads\/2019\/07\/VoltigeurS335B.jpg\" alt=\"\" class=\"wp-image-7776\" srcset=\"https:\/\/lossoldaditosdeplomo.com\/wp-content\/uploads\/2019\/07\/VoltigeurS335B.jpg 800w, https:\/\/lossoldaditosdeplomo.com\/wp-content\/uploads\/2019\/07\/VoltigeurS335B-300x225.jpg 300w, https:\/\/lossoldaditosdeplomo.com\/wp-content\/uploads\/2019\/07\/VoltigeurS335B-768x576.jpg 768w, https:\/\/lossoldaditosdeplomo.com\/wp-content\/uploads\/2019\/07\/VoltigeurS335B-1200x900.jpg 1200w\" sizes=\"auto, (max-width: 800px) 85vw, 800px\" \/><figcaption class=\"wp-element-caption\">Voltigeur,de campa\u00f1a, ESPA\u00d1A 1811<br>SERIE 3: 35-B<\/figcaption><\/figure>\n\n\n\n<figure class=\"wp-block-image size-large\"><img loading=\"lazy\" decoding=\"async\" width=\"800\" height=\"600\" data-id=\"7786\" src=\"https:\/\/lossoldaditosdeplomo.com\/wp-content\/uploads\/2019\/07\/guardia-de-paris-s3-36a.jpg\" alt=\"\" class=\"wp-image-7786\" srcset=\"https:\/\/lossoldaditosdeplomo.com\/wp-content\/uploads\/2019\/07\/guardia-de-paris-s3-36a.jpg 800w, https:\/\/lossoldaditosdeplomo.com\/wp-content\/uploads\/2019\/07\/guardia-de-paris-s3-36a-300x225.jpg 300w, https:\/\/lossoldaditosdeplomo.com\/wp-content\/uploads\/2019\/07\/guardia-de-paris-s3-36a-768x576.jpg 768w, https:\/\/lossoldaditosdeplomo.com\/wp-content\/uploads\/2019\/07\/guardia-de-paris-s3-36a-1200x900.jpg 1200w\" sizes=\"auto, (max-width: 800px) 85vw, 800px\" \/><figcaption class=\"wp-element-caption\">Guardia de Paris,  Voltigeur gala 1808<br>SERIE 3:  36-A<\/figcaption><\/figure>\n<\/figure>\n\n\n\n<!--nextpage-->\n\n\n\n<h2 class=\"wp-block-heading\">RESTAURACIONES Y CONVERSIONES<\/h2>\n\n\n\n<figure class=\"wp-block-gallery has-nested-images columns-1 is-cropped wp-block-gallery-23 is-layout-flex wp-block-gallery-is-layout-flex\">\n<figure class=\"wp-block-image size-large\"><img loading=\"lazy\" decoding=\"async\" width=\"800\" height=\"600\" data-id=\"7805\" src=\"https:\/\/lossoldaditosdeplomo.com\/wp-content\/uploads\/2019\/08\/grupoJPG.jpg\" alt=\"\" class=\"wp-image-7805\" srcset=\"https:\/\/lossoldaditosdeplomo.com\/wp-content\/uploads\/2019\/08\/grupoJPG.jpg 800w, https:\/\/lossoldaditosdeplomo.com\/wp-content\/uploads\/2019\/08\/grupoJPG-300x225.jpg 300w, https:\/\/lossoldaditosdeplomo.com\/wp-content\/uploads\/2019\/08\/grupoJPG-768x576.jpg 768w, https:\/\/lossoldaditosdeplomo.com\/wp-content\/uploads\/2019\/08\/grupoJPG-1200x900.jpg 1200w\" sizes=\"auto, (max-width: 800px) 85vw, 800px\" \/><figcaption class=\"wp-element-caption\">Restauraciones y Conversiones<\/figcaption><\/figure>\n\n\n\n<figure class=\"wp-block-image size-large\"><img loading=\"lazy\" decoding=\"async\" width=\"800\" height=\"600\" data-id=\"7803\" src=\"https:\/\/lossoldaditosdeplomo.com\/wp-content\/uploads\/2019\/08\/s332a-Officier-Carabinier-en-Cuirasse.jpg\" alt=\"\" class=\"wp-image-7803\" srcset=\"https:\/\/lossoldaditosdeplomo.com\/wp-content\/uploads\/2019\/08\/s332a-Officier-Carabinier-en-Cuirasse.jpg 800w, https:\/\/lossoldaditosdeplomo.com\/wp-content\/uploads\/2019\/08\/s332a-Officier-Carabinier-en-Cuirasse-300x225.jpg 300w, https:\/\/lossoldaditosdeplomo.com\/wp-content\/uploads\/2019\/08\/s332a-Officier-Carabinier-en-Cuirasse-768x576.jpg 768w, https:\/\/lossoldaditosdeplomo.com\/wp-content\/uploads\/2019\/08\/s332a-Officier-Carabinier-en-Cuirasse-1200x900.jpg 1200w\" sizes=\"auto, (max-width: 800px) 85vw, 800px\" \/><figcaption class=\"wp-element-caption\">Oficial con coraza, uniforme de gala 1812<br>Serie 3  Ref. 32-A<\/figcaption><\/figure>\n\n\n\n<figure class=\"wp-block-image size-large\"><img loading=\"lazy\" decoding=\"async\" width=\"800\" height=\"600\" data-id=\"7804\" src=\"https:\/\/lossoldaditosdeplomo.com\/wp-content\/uploads\/2019\/08\/s332c-Officier-Carabiniers-sans-Cuirasse.jpg\" alt=\"\" class=\"wp-image-7804\" srcset=\"https:\/\/lossoldaditosdeplomo.com\/wp-content\/uploads\/2019\/08\/s332c-Officier-Carabiniers-sans-Cuirasse.jpg 800w, https:\/\/lossoldaditosdeplomo.com\/wp-content\/uploads\/2019\/08\/s332c-Officier-Carabiniers-sans-Cuirasse-300x225.jpg 300w, https:\/\/lossoldaditosdeplomo.com\/wp-content\/uploads\/2019\/08\/s332c-Officier-Carabiniers-sans-Cuirasse-768x576.jpg 768w, https:\/\/lossoldaditosdeplomo.com\/wp-content\/uploads\/2019\/08\/s332c-Officier-Carabiniers-sans-Cuirasse-1200x900.jpg 1200w\" sizes=\"auto, (max-width: 800px) 85vw, 800px\" \/><figcaption class=\"wp-element-caption\">Oficial sin coraza 1812<br>serie 3 Ref. 32-C<\/figcaption><\/figure>\n\n\n\n<figure class=\"wp-block-image size-large\"><img loading=\"lazy\" decoding=\"async\" width=\"800\" height=\"600\" data-id=\"7806\" src=\"https:\/\/lossoldaditosdeplomo.com\/wp-content\/uploads\/2019\/08\/Carabinierrepainted-as-General-WatierWathier.jpg\" alt=\"\" class=\"wp-image-7806\" srcset=\"https:\/\/lossoldaditosdeplomo.com\/wp-content\/uploads\/2019\/08\/Carabinierrepainted-as-General-WatierWathier.jpg 800w, https:\/\/lossoldaditosdeplomo.com\/wp-content\/uploads\/2019\/08\/Carabinierrepainted-as-General-WatierWathier-300x225.jpg 300w, https:\/\/lossoldaditosdeplomo.com\/wp-content\/uploads\/2019\/08\/Carabinierrepainted-as-General-WatierWathier-768x576.jpg 768w, https:\/\/lossoldaditosdeplomo.com\/wp-content\/uploads\/2019\/08\/Carabinierrepainted-as-General-WatierWathier-1200x900.jpg 1200w\" sizes=\"auto, (max-width: 800px) 85vw, 800px\" \/><figcaption class=\"wp-element-caption\">Carabinero convertido a General Watier<\/figcaption><\/figure>\n\n\n\n<figure class=\"wp-block-image size-large\"><img loading=\"lazy\" decoding=\"async\" width=\"800\" height=\"600\" data-id=\"7807\" src=\"https:\/\/lossoldaditosdeplomo.com\/wp-content\/uploads\/2019\/08\/Carabiniers332apainted-in-blue-tunic-used-during-Borodino-campaign.jpg\" alt=\"\" class=\"wp-image-7807\" srcset=\"https:\/\/lossoldaditosdeplomo.com\/wp-content\/uploads\/2019\/08\/Carabiniers332apainted-in-blue-tunic-used-during-Borodino-campaign.jpg 800w, https:\/\/lossoldaditosdeplomo.com\/wp-content\/uploads\/2019\/08\/Carabiniers332apainted-in-blue-tunic-used-during-Borodino-campaign-300x225.jpg 300w, https:\/\/lossoldaditosdeplomo.com\/wp-content\/uploads\/2019\/08\/Carabiniers332apainted-in-blue-tunic-used-during-Borodino-campaign-768x576.jpg 768w, https:\/\/lossoldaditosdeplomo.com\/wp-content\/uploads\/2019\/08\/Carabiniers332apainted-in-blue-tunic-used-during-Borodino-campaign-1200x900.jpg 1200w\" sizes=\"auto, (max-width: 800px) 85vw, 800px\" \/><figcaption class=\"wp-element-caption\">Carabinero pintado con t\u00fanica azul que se utiliza durante la campa\u00f1a de Borodino<br>Serie 3 Ref. 32-A<\/figcaption><\/figure>\n\n\n\n<figure class=\"wp-block-image size-large\"><img loading=\"lazy\" decoding=\"async\" width=\"800\" height=\"600\" data-id=\"7808\" src=\"https:\/\/lossoldaditosdeplomo.com\/wp-content\/uploads\/2019\/08\/jerome-bonaparteking-of-westphalia.jpg\" alt=\"\" class=\"wp-image-7808\" srcset=\"https:\/\/lossoldaditosdeplomo.com\/wp-content\/uploads\/2019\/08\/jerome-bonaparteking-of-westphalia.jpg 800w, https:\/\/lossoldaditosdeplomo.com\/wp-content\/uploads\/2019\/08\/jerome-bonaparteking-of-westphalia-300x225.jpg 300w, https:\/\/lossoldaditosdeplomo.com\/wp-content\/uploads\/2019\/08\/jerome-bonaparteking-of-westphalia-768x576.jpg 768w, https:\/\/lossoldaditosdeplomo.com\/wp-content\/uploads\/2019\/08\/jerome-bonaparteking-of-westphalia-1200x900.jpg 1200w\" sizes=\"auto, (max-width: 800px) 85vw, 800px\" \/><figcaption class=\"wp-element-caption\">Coracero repintado como Jerome Bonaparte, rey de Westfalia (Coraza negra)<\/figcaption><\/figure>\n\n\n\n<figure class=\"wp-block-image size-large\"><img loading=\"lazy\" decoding=\"async\" width=\"800\" height=\"600\" data-id=\"7809\" src=\"https:\/\/lossoldaditosdeplomo.com\/wp-content\/uploads\/2019\/08\/eugene-beauharnais.jpg\" alt=\"\" class=\"wp-image-7809\" srcset=\"https:\/\/lossoldaditosdeplomo.com\/wp-content\/uploads\/2019\/08\/eugene-beauharnais.jpg 800w, https:\/\/lossoldaditosdeplomo.com\/wp-content\/uploads\/2019\/08\/eugene-beauharnais-300x225.jpg 300w, https:\/\/lossoldaditosdeplomo.com\/wp-content\/uploads\/2019\/08\/eugene-beauharnais-768x576.jpg 768w, https:\/\/lossoldaditosdeplomo.com\/wp-content\/uploads\/2019\/08\/eugene-beauharnais-1200x900.jpg 1200w\" sizes=\"auto, (max-width: 800px) 85vw, 800px\" \/><figcaption class=\"wp-element-caption\">Eugene Beauharnais<br>Serie 1  Ref. 14<\/figcaption><\/figure>\n\n\n\n<figure class=\"wp-block-image size-large\"><img loading=\"lazy\" decoding=\"async\" width=\"800\" height=\"600\" data-id=\"11570\" src=\"https:\/\/lossoldaditosdeplomo.com\/wp-content\/uploads\/2019\/09\/s7-71E-oficial-abanderado-el-ejercito-frances-en-america-1.jpg\" alt=\"\" class=\"wp-image-11570\" srcset=\"https:\/\/lossoldaditosdeplomo.com\/wp-content\/uploads\/2019\/09\/s7-71E-oficial-abanderado-el-ejercito-frances-en-america-1.jpg?v=1568580935 800w, https:\/\/lossoldaditosdeplomo.com\/wp-content\/uploads\/2019\/09\/s7-71E-oficial-abanderado-el-ejercito-frances-en-america-1-300x225.jpg?v=1568580935 300w, https:\/\/lossoldaditosdeplomo.com\/wp-content\/uploads\/2019\/09\/s7-71E-oficial-abanderado-el-ejercito-frances-en-america-1-768x576.jpg?v=1568580935 768w, https:\/\/lossoldaditosdeplomo.com\/wp-content\/uploads\/2019\/09\/s7-71E-oficial-abanderado-el-ejercito-frances-en-america-1-1200x900.jpg?v=1568580935 1200w\" sizes=\"auto, (max-width: 800px) 85vw, 800px\" \/><figcaption class=\"wp-element-caption\">Oficial Abanderado, Infanter\u00eda de L\u00ednea<br>Serie 7: El Ejercito Franc\u00e9s en Am\u00e9rica Ref: 71-E<\/figcaption><\/figure>\n\n\n\n<figure class=\"wp-block-image size-large\"><img loading=\"lazy\" decoding=\"async\" width=\"800\" height=\"600\" data-id=\"11572\" src=\"https:\/\/lossoldaditosdeplomo.com\/wp-content\/uploads\/2019\/09\/voluntario-Universidad-de-Toledo-1806.jpg\" alt=\"\" class=\"wp-image-11572\" srcset=\"https:\/\/lossoldaditosdeplomo.com\/wp-content\/uploads\/2019\/09\/voluntario-Universidad-de-Toledo-1806.jpg?v=1568581130 800w, https:\/\/lossoldaditosdeplomo.com\/wp-content\/uploads\/2019\/09\/voluntario-Universidad-de-Toledo-1806-300x225.jpg?v=1568581130 300w, https:\/\/lossoldaditosdeplomo.com\/wp-content\/uploads\/2019\/09\/voluntario-Universidad-de-Toledo-1806-768x576.jpg?v=1568581130 768w, https:\/\/lossoldaditosdeplomo.com\/wp-content\/uploads\/2019\/09\/voluntario-Universidad-de-Toledo-1806-1200x900.jpg?v=1568581130 1200w\" sizes=\"auto, (max-width: 800px) 85vw, 800px\" \/><figcaption class=\"wp-element-caption\">Voluntario Universidad de Toledo, 1806<br>Serie 6<\/figcaption><\/figure>\n\n\n\n<figure class=\"wp-block-image size-large\"><img loading=\"lazy\" decoding=\"async\" width=\"800\" height=\"600\" data-id=\"18315\" src=\"https:\/\/lossoldaditosdeplomo.com\/wp-content\/uploads\/2019\/10\/general-de-division-de-dragones-delort-1.jpg\" alt=\"\" class=\"wp-image-18315\" srcset=\"https:\/\/lossoldaditosdeplomo.com\/wp-content\/uploads\/2019\/10\/general-de-division-de-dragones-delort-1.jpg?v=1570480790 800w, https:\/\/lossoldaditosdeplomo.com\/wp-content\/uploads\/2019\/10\/general-de-division-de-dragones-delort-1-300x225.jpg?v=1570480790 300w, https:\/\/lossoldaditosdeplomo.com\/wp-content\/uploads\/2019\/10\/general-de-division-de-dragones-delort-1-768x576.jpg?v=1570480790 768w, https:\/\/lossoldaditosdeplomo.com\/wp-content\/uploads\/2019\/10\/general-de-division-de-dragones-delort-1-1200x900.jpg?v=1570480790 1200w\" sizes=\"auto, (max-width: 800px) 85vw, 800px\" \/><figcaption class=\"wp-element-caption\">general-de-division-de-dragones-Delort-1<\/figcaption><\/figure>\n\n\n\n<figure class=\"wp-block-image size-large\"><img loading=\"lazy\" decoding=\"async\" width=\"800\" height=\"600\" data-id=\"18316\" src=\"https:\/\/lossoldaditosdeplomo.com\/wp-content\/uploads\/2019\/10\/serie-3-33-d-trompeta-coraceros-1806.jpg\" alt=\"\" class=\"wp-image-18316\" srcset=\"https:\/\/lossoldaditosdeplomo.com\/wp-content\/uploads\/2019\/10\/serie-3-33-d-trompeta-coraceros-1806.jpg?v=1570480790 800w, https:\/\/lossoldaditosdeplomo.com\/wp-content\/uploads\/2019\/10\/serie-3-33-d-trompeta-coraceros-1806-300x225.jpg?v=1570480790 300w, https:\/\/lossoldaditosdeplomo.com\/wp-content\/uploads\/2019\/10\/serie-3-33-d-trompeta-coraceros-1806-768x576.jpg?v=1570480790 768w, https:\/\/lossoldaditosdeplomo.com\/wp-content\/uploads\/2019\/10\/serie-3-33-d-trompeta-coraceros-1806-1200x900.jpg?v=1570480790 1200w\" sizes=\"auto, (max-width: 800px) 85vw, 800px\" \/><figcaption class=\"wp-element-caption\">Trompeta de Coraceros 1806<br>Serie 3: 33-E  Pintado por Patrick Clampett<\/figcaption><\/figure>\n\n\n\n<figure class=\"wp-block-image size-large\"><img loading=\"lazy\" decoding=\"async\" width=\"800\" height=\"600\" data-id=\"18346\" src=\"https:\/\/lossoldaditosdeplomo.com\/wp-content\/uploads\/2019\/10\/trompeta-13\u00ba-rgt.-de-coraceros-1809.jpg\" alt=\"\" class=\"wp-image-18346\" srcset=\"https:\/\/lossoldaditosdeplomo.com\/wp-content\/uploads\/2019\/10\/trompeta-13\u00ba-rgt.-de-coraceros-1809.jpg?v=1570480791 800w, https:\/\/lossoldaditosdeplomo.com\/wp-content\/uploads\/2019\/10\/trompeta-13\u00ba-rgt.-de-coraceros-1809-300x225.jpg?v=1570480791 300w, https:\/\/lossoldaditosdeplomo.com\/wp-content\/uploads\/2019\/10\/trompeta-13\u00ba-rgt.-de-coraceros-1809-768x576.jpg?v=1570480791 768w, https:\/\/lossoldaditosdeplomo.com\/wp-content\/uploads\/2019\/10\/trompeta-13\u00ba-rgt.-de-coraceros-1809-1200x900.jpg?v=1570480791 1200w\" sizes=\"auto, (max-width: 800px) 85vw, 800px\" \/><figcaption class=\"wp-element-caption\">Trompeta 13\u00ba Rgto. de Coraceros  1809<br>Pintado por Patrick Clampett<\/figcaption><\/figure>\n\n\n\n<figure class=\"wp-block-image size-large\"><img loading=\"lazy\" decoding=\"async\" width=\"800\" height=\"600\" data-id=\"18347\" src=\"https:\/\/lossoldaditosdeplomo.com\/wp-content\/uploads\/2019\/10\/trompeta-mayor-9\u00ba-reg.-coraceros-1804.jpg\" alt=\"\" class=\"wp-image-18347\" srcset=\"https:\/\/lossoldaditosdeplomo.com\/wp-content\/uploads\/2019\/10\/trompeta-mayor-9\u00ba-reg.-coraceros-1804.jpg?v=1570480791 800w, https:\/\/lossoldaditosdeplomo.com\/wp-content\/uploads\/2019\/10\/trompeta-mayor-9\u00ba-reg.-coraceros-1804-300x225.jpg?v=1570480791 300w, https:\/\/lossoldaditosdeplomo.com\/wp-content\/uploads\/2019\/10\/trompeta-mayor-9\u00ba-reg.-coraceros-1804-768x576.jpg?v=1570480791 768w, https:\/\/lossoldaditosdeplomo.com\/wp-content\/uploads\/2019\/10\/trompeta-mayor-9\u00ba-reg.-coraceros-1804-1200x900.jpg?v=1570480791 1200w\" sizes=\"auto, (max-width: 800px) 85vw, 800px\" \/><figcaption class=\"wp-element-caption\">trompeta-mayor-9\u00ba-reg.-coraceros-1804<\/figcaption><\/figure>\n<\/figure>\n\n\n\n<!--nextpage-->\n\n\n\n<h2 class=\"wp-block-heading\">SERIE 10: El Ejercito It\u00e1lico, Artiller\u00eda a Caballo de la Guardia Real 1810<\/h2>\n\n\n\n<figure class=\"wp-block-gallery has-nested-images columns-1 is-cropped wp-block-gallery-24 is-layout-flex wp-block-gallery-is-layout-flex\">\n<figure class=\"wp-block-image size-large\"><img loading=\"lazy\" decoding=\"async\" width=\"800\" height=\"600\" data-id=\"16906\" src=\"https:\/\/lossoldaditosdeplomo.com\/wp-content\/uploads\/2019\/09\/serie-10JPG.jpg\" alt=\"\" class=\"wp-image-16906\" srcset=\"https:\/\/lossoldaditosdeplomo.com\/wp-content\/uploads\/2019\/09\/serie-10JPG.jpg?v=1569839346 800w, https:\/\/lossoldaditosdeplomo.com\/wp-content\/uploads\/2019\/09\/serie-10JPG-300x225.jpg?v=1569839346 300w, https:\/\/lossoldaditosdeplomo.com\/wp-content\/uploads\/2019\/09\/serie-10JPG-768x576.jpg?v=1569839346 768w, https:\/\/lossoldaditosdeplomo.com\/wp-content\/uploads\/2019\/09\/serie-10JPG-1200x900.jpg?v=1569839346 1200w\" sizes=\"auto, (max-width: 800px) 85vw, 800px\" \/><figcaption class=\"wp-element-caption\">Serie 10 el Ejercito It\u00e1lico<\/figcaption><\/figure>\n\n\n\n<figure class=\"wp-block-image size-large\"><img loading=\"lazy\" decoding=\"async\" width=\"800\" height=\"600\" data-id=\"16900\" src=\"https:\/\/lossoldaditosdeplomo.com\/wp-content\/uploads\/2019\/09\/101-A-ejercito-italico-artilleria-a-caballo-oficial-de-gala-1.jpg\" alt=\"\" class=\"wp-image-16900\" srcset=\"https:\/\/lossoldaditosdeplomo.com\/wp-content\/uploads\/2019\/09\/101-A-ejercito-italico-artilleria-a-caballo-oficial-de-gala-1.jpg?v=1569839321 800w, https:\/\/lossoldaditosdeplomo.com\/wp-content\/uploads\/2019\/09\/101-A-ejercito-italico-artilleria-a-caballo-oficial-de-gala-1-300x225.jpg?v=1569839321 300w, https:\/\/lossoldaditosdeplomo.com\/wp-content\/uploads\/2019\/09\/101-A-ejercito-italico-artilleria-a-caballo-oficial-de-gala-1-768x576.jpg?v=1569839321 768w, https:\/\/lossoldaditosdeplomo.com\/wp-content\/uploads\/2019\/09\/101-A-ejercito-italico-artilleria-a-caballo-oficial-de-gala-1-1200x900.jpg?v=1569839321 1200w\" sizes=\"auto, (max-width: 800px) 85vw, 800px\" \/><figcaption class=\"wp-element-caption\">Ejercito It\u00e1lico artiller\u00eda  a caballo oficial de gala Serie 101-A<\/figcaption><\/figure>\n\n\n\n<figure class=\"wp-block-image size-large\"><img loading=\"lazy\" decoding=\"async\" width=\"800\" height=\"600\" data-id=\"16899\" src=\"https:\/\/lossoldaditosdeplomo.com\/wp-content\/uploads\/2019\/09\/101-b-el-ejercito-italico-artilleria-a-caballo-soldado-de-gala-1.jpg\" alt=\"\" class=\"wp-image-16899\" srcset=\"https:\/\/lossoldaditosdeplomo.com\/wp-content\/uploads\/2019\/09\/101-b-el-ejercito-italico-artilleria-a-caballo-soldado-de-gala-1.jpg?v=1569839318 800w, https:\/\/lossoldaditosdeplomo.com\/wp-content\/uploads\/2019\/09\/101-b-el-ejercito-italico-artilleria-a-caballo-soldado-de-gala-1-300x225.jpg?v=1569839318 300w, https:\/\/lossoldaditosdeplomo.com\/wp-content\/uploads\/2019\/09\/101-b-el-ejercito-italico-artilleria-a-caballo-soldado-de-gala-1-768x576.jpg?v=1569839318 768w, https:\/\/lossoldaditosdeplomo.com\/wp-content\/uploads\/2019\/09\/101-b-el-ejercito-italico-artilleria-a-caballo-soldado-de-gala-1-1200x900.jpg?v=1569839318 1200w\" sizes=\"auto, (max-width: 800px) 85vw, 800px\" \/><figcaption class=\"wp-element-caption\">El Ejercito It\u00e1lico artiller\u00eda a caballo, soldado de gala Serie 101-B<\/figcaption><\/figure>\n\n\n\n<figure class=\"wp-block-image size-large\"><img loading=\"lazy\" decoding=\"async\" width=\"800\" height=\"600\" data-id=\"16901\" src=\"https:\/\/lossoldaditosdeplomo.com\/wp-content\/uploads\/2019\/09\/101-c-el-ejercito-italico-soldado-uniforme-de-campan\u0303a.jpg\" alt=\"\" class=\"wp-image-16901\" srcset=\"https:\/\/lossoldaditosdeplomo.com\/wp-content\/uploads\/2019\/09\/101-c-el-ejercito-italico-soldado-uniforme-de-campan\u0303a.jpg?v=1569839326 800w, https:\/\/lossoldaditosdeplomo.com\/wp-content\/uploads\/2019\/09\/101-c-el-ejercito-italico-soldado-uniforme-de-campan\u0303a-300x225.jpg?v=1569839326 300w, https:\/\/lossoldaditosdeplomo.com\/wp-content\/uploads\/2019\/09\/101-c-el-ejercito-italico-soldado-uniforme-de-campan\u0303a-768x576.jpg?v=1569839326 768w, https:\/\/lossoldaditosdeplomo.com\/wp-content\/uploads\/2019\/09\/101-c-el-ejercito-italico-soldado-uniforme-de-campan\u0303a-1200x900.jpg?v=1569839326 1200w\" sizes=\"auto, (max-width: 800px) 85vw, 800px\" \/><figcaption class=\"wp-element-caption\">El Ejercito It\u00e1lico  soldado uniforme de campa\u00f1a Serie 101-C<\/figcaption><\/figure>\n\n\n\n<figure class=\"wp-block-image size-large\"><img loading=\"lazy\" decoding=\"async\" width=\"800\" height=\"600\" data-id=\"16902\" src=\"https:\/\/lossoldaditosdeplomo.com\/wp-content\/uploads\/2019\/09\/101-d-el-ejercito-italico-trompeta-uniforme-de-gala-1.jpg\" alt=\"\" class=\"wp-image-16902\" srcset=\"https:\/\/lossoldaditosdeplomo.com\/wp-content\/uploads\/2019\/09\/101-d-el-ejercito-italico-trompeta-uniforme-de-gala-1.jpg?v=1569839330 800w, https:\/\/lossoldaditosdeplomo.com\/wp-content\/uploads\/2019\/09\/101-d-el-ejercito-italico-trompeta-uniforme-de-gala-1-300x225.jpg?v=1569839330 300w, https:\/\/lossoldaditosdeplomo.com\/wp-content\/uploads\/2019\/09\/101-d-el-ejercito-italico-trompeta-uniforme-de-gala-1-768x576.jpg?v=1569839330 768w, https:\/\/lossoldaditosdeplomo.com\/wp-content\/uploads\/2019\/09\/101-d-el-ejercito-italico-trompeta-uniforme-de-gala-1-1200x900.jpg?v=1569839330 1200w\" sizes=\"auto, (max-width: 800px) 85vw, 800px\" \/><figcaption class=\"wp-element-caption\">Trompeta uniforme de gala  Serie 101-D<\/figcaption><\/figure>\n\n\n\n<figure class=\"wp-block-image size-large\"><img loading=\"lazy\" decoding=\"async\" width=\"800\" height=\"600\" data-id=\"16903\" src=\"https:\/\/lossoldaditosdeplomo.com\/wp-content\/uploads\/2019\/09\/101-e-el-ejercito-italico-artilleria-a-caballo-trompeta-uniforme-de-campan\u0303a-1.jpg\" alt=\"\" class=\"wp-image-16903\" srcset=\"https:\/\/lossoldaditosdeplomo.com\/wp-content\/uploads\/2019\/09\/101-e-el-ejercito-italico-artilleria-a-caballo-trompeta-uniforme-de-campan\u0303a-1.jpg?v=1569839334 800w, https:\/\/lossoldaditosdeplomo.com\/wp-content\/uploads\/2019\/09\/101-e-el-ejercito-italico-artilleria-a-caballo-trompeta-uniforme-de-campan\u0303a-1-300x225.jpg?v=1569839334 300w, https:\/\/lossoldaditosdeplomo.com\/wp-content\/uploads\/2019\/09\/101-e-el-ejercito-italico-artilleria-a-caballo-trompeta-uniforme-de-campan\u0303a-1-768x576.jpg?v=1569839334 768w, https:\/\/lossoldaditosdeplomo.com\/wp-content\/uploads\/2019\/09\/101-e-el-ejercito-italico-artilleria-a-caballo-trompeta-uniforme-de-campan\u0303a-1-1200x900.jpg?v=1569839334 1200w\" sizes=\"auto, (max-width: 800px) 85vw, 800px\" \/><figcaption class=\"wp-element-caption\">Artiller\u00eda a caballo, trompeta uniforme de campa\u00f1a 101-E<\/figcaption><\/figure>\n\n\n\n<figure class=\"wp-block-image size-large\"><img loading=\"lazy\" decoding=\"async\" width=\"800\" height=\"600\" data-id=\"16904\" src=\"https:\/\/lossoldaditosdeplomo.com\/wp-content\/uploads\/2019\/09\/101-e-el-ejercito-italico-trompeta-uniforme-de-campan\u0303a-arturo.jpg\" alt=\"\" class=\"wp-image-16904\" srcset=\"https:\/\/lossoldaditosdeplomo.com\/wp-content\/uploads\/2019\/09\/101-e-el-ejercito-italico-trompeta-uniforme-de-campan\u0303a-arturo.jpg?v=1569839338 800w, https:\/\/lossoldaditosdeplomo.com\/wp-content\/uploads\/2019\/09\/101-e-el-ejercito-italico-trompeta-uniforme-de-campan\u0303a-arturo-300x225.jpg?v=1569839338 300w, https:\/\/lossoldaditosdeplomo.com\/wp-content\/uploads\/2019\/09\/101-e-el-ejercito-italico-trompeta-uniforme-de-campan\u0303a-arturo-768x576.jpg?v=1569839338 768w, https:\/\/lossoldaditosdeplomo.com\/wp-content\/uploads\/2019\/09\/101-e-el-ejercito-italico-trompeta-uniforme-de-campan\u0303a-arturo-1200x900.jpg?v=1569839338 1200w\" sizes=\"auto, (max-width: 800px) 85vw, 800px\" \/><figcaption class=\"wp-element-caption\">Trompeta uniforme de campa\u00f1a, pintado por Arturo  101-E<\/figcaption><\/figure>\n\n\n\n<figure class=\"wp-block-image size-large\"><img loading=\"lazy\" decoding=\"async\" width=\"800\" height=\"600\" data-id=\"16905\" src=\"https:\/\/lossoldaditosdeplomo.com\/wp-content\/uploads\/2019\/09\/ADC-ADC-de-Jerome-como-Rey-de-Westfalia-1.jpg\" alt=\"\" class=\"wp-image-16905\" srcset=\"https:\/\/lossoldaditosdeplomo.com\/wp-content\/uploads\/2019\/09\/ADC-ADC-de-Jerome-como-Rey-de-Westfalia-1.jpg?v=1569839343 800w, https:\/\/lossoldaditosdeplomo.com\/wp-content\/uploads\/2019\/09\/ADC-ADC-de-Jerome-como-Rey-de-Westfalia-1-300x225.jpg?v=1569839343 300w, https:\/\/lossoldaditosdeplomo.com\/wp-content\/uploads\/2019\/09\/ADC-ADC-de-Jerome-como-Rey-de-Westfalia-1-768x576.jpg?v=1569839343 768w, https:\/\/lossoldaditosdeplomo.com\/wp-content\/uploads\/2019\/09\/ADC-ADC-de-Jerome-como-Rey-de-Westfalia-1-1200x900.jpg?v=1569839343 1200w\" sizes=\"auto, (max-width: 800px) 85vw, 800px\" \/><figcaption class=\"wp-element-caption\">ADC de Jerome como Rey de Westphalia<\/figcaption><\/figure>\n<\/figure>\n\n\n\n<!--nextpage-->\n\n\n\n<h2 class=\"wp-block-heading\">Nuevas Restauraciones y Conversiones<\/h2>\n\n\n\n<figure class=\"wp-block-image\"><img loading=\"lazy\" decoding=\"async\" width=\"800\" height=\"600\" src=\"https:\/\/lossoldaditosdeplomo.com\/wp-content\/uploads\/2019\/10\/restauraciones-labayen-7JPG.jpg\" alt=\"\" class=\"wp-image-23626\" srcset=\"https:\/\/lossoldaditosdeplomo.com\/wp-content\/uploads\/2019\/10\/restauraciones-labayen-7JPG.jpg?v=1571677891 800w, https:\/\/lossoldaditosdeplomo.com\/wp-content\/uploads\/2019\/10\/restauraciones-labayen-7JPG-300x225.jpg?v=1571677891 300w, https:\/\/lossoldaditosdeplomo.com\/wp-content\/uploads\/2019\/10\/restauraciones-labayen-7JPG-768x576.jpg?v=1571677891 768w, https:\/\/lossoldaditosdeplomo.com\/wp-content\/uploads\/2019\/10\/restauraciones-labayen-7JPG-1200x900.jpg?v=1571677891 1200w\" sizes=\"auto, (max-width: 800px) 85vw, 800px\" \/><\/figure>\n\n\n\n<figure class=\"wp-block-gallery has-nested-images columns-1 is-cropped wp-block-gallery-25 is-layout-flex wp-block-gallery-is-layout-flex\">\n<figure class=\"wp-block-image size-large\"><a href=\"https:\/\/lossoldaditosdeplomo.com\/wp-content\/uploads\/2019\/10\/Serie-2-25e-se-ha-an\u0303adido-el-cubo.jpg\"><img loading=\"lazy\" decoding=\"async\" width=\"581\" height=\"800\" data-id=\"23634\" src=\"https:\/\/lossoldaditosdeplomo.com\/wp-content\/uploads\/2019\/10\/Serie-2-25e-se-ha-an\u0303adido-el-cubo.jpg\" alt=\"\" class=\"wp-image-23634\" srcset=\"https:\/\/lossoldaditosdeplomo.com\/wp-content\/uploads\/2019\/10\/Serie-2-25e-se-ha-an\u0303adido-el-cubo.jpg?v=1571677893 581w, https:\/\/lossoldaditosdeplomo.com\/wp-content\/uploads\/2019\/10\/Serie-2-25e-se-ha-an\u0303adido-el-cubo-218x300.jpg?v=1571677893 218w, https:\/\/lossoldaditosdeplomo.com\/wp-content\/uploads\/2019\/10\/Serie-2-25e-se-ha-an\u0303adido-el-cubo-768x1058.jpg?v=1571677893 768w, https:\/\/lossoldaditosdeplomo.com\/wp-content\/uploads\/2019\/10\/Serie-2-25e-se-ha-an\u0303adido-el-cubo-1200x1653.jpg?v=1571677893 1200w\" sizes=\"auto, (max-width: 581px) 85vw, 581px\" \/><\/a><figcaption class=\"wp-element-caption\">Artillero, se ha a\u00f1adido el cubo  S2-25e<\/figcaption><\/figure>\n\n\n\n<figure class=\"wp-block-image size-large\"><a href=\"https:\/\/lossoldaditosdeplomo.com\/wp-content\/uploads\/2019\/10\/serie-1-ADC-de-Berthier-Baron-de-Sopransi.jpg\"><img loading=\"lazy\" decoding=\"async\" width=\"488\" height=\"800\" data-id=\"23633\" src=\"https:\/\/lossoldaditosdeplomo.com\/wp-content\/uploads\/2019\/10\/serie-1-ADC-de-Berthier-Baron-de-Sopransi.jpg\" alt=\"\" class=\"wp-image-23633\" srcset=\"https:\/\/lossoldaditosdeplomo.com\/wp-content\/uploads\/2019\/10\/serie-1-ADC-de-Berthier-Baron-de-Sopransi.jpg?v=1571677893 488w, https:\/\/lossoldaditosdeplomo.com\/wp-content\/uploads\/2019\/10\/serie-1-ADC-de-Berthier-Baron-de-Sopransi-183x300.jpg?v=1571677893 183w, https:\/\/lossoldaditosdeplomo.com\/wp-content\/uploads\/2019\/10\/serie-1-ADC-de-Berthier-Baron-de-Sopransi-768x1258.jpg?v=1571677893 768w, https:\/\/lossoldaditosdeplomo.com\/wp-content\/uploads\/2019\/10\/serie-1-ADC-de-Berthier-Baron-de-Sopransi-1200x1966.jpg?v=1571677893 1200w\" sizes=\"auto, (max-width: 488px) 85vw, 488px\" \/><\/a><figcaption class=\"wp-element-caption\">ADC de Berthier Bar\u00f3n de Sopransi<\/figcaption><\/figure>\n\n\n\n<figure class=\"wp-block-image size-large\"><a href=\"https:\/\/lossoldaditosdeplomo.com\/wp-content\/uploads\/2019\/10\/s8-871a-pintado-como-Guardia-Nacional.jpg\"><img loading=\"lazy\" decoding=\"async\" width=\"576\" height=\"800\" data-id=\"23632\" src=\"https:\/\/lossoldaditosdeplomo.com\/wp-content\/uploads\/2019\/10\/s8-871a-pintado-como-Guardia-Nacional.jpg\" alt=\"\" class=\"wp-image-23632\" srcset=\"https:\/\/lossoldaditosdeplomo.com\/wp-content\/uploads\/2019\/10\/s8-871a-pintado-como-Guardia-Nacional.jpg?v=1571677893 576w, https:\/\/lossoldaditosdeplomo.com\/wp-content\/uploads\/2019\/10\/s8-871a-pintado-como-Guardia-Nacional-216x300.jpg?v=1571677893 216w, https:\/\/lossoldaditosdeplomo.com\/wp-content\/uploads\/2019\/10\/s8-871a-pintado-como-Guardia-Nacional-768x1067.jpg?v=1571677893 768w, https:\/\/lossoldaditosdeplomo.com\/wp-content\/uploads\/2019\/10\/s8-871a-pintado-como-Guardia-Nacional-1200x1667.jpg?v=1571677893 1200w\" sizes=\"auto, (max-width: 576px) 85vw, 576px\" \/><\/a><figcaption class=\"wp-element-caption\">Guardia Nacional, basado en S8-871a<\/figcaption><\/figure>\n\n\n\n<figure class=\"wp-block-image size-large\"><a href=\"https:\/\/lossoldaditosdeplomo.com\/wp-content\/uploads\/2019\/10\/S3-31j-pintado-como-del-3\u00ba-de-Husares-1812.jpg\"><img loading=\"lazy\" decoding=\"async\" width=\"472\" height=\"800\" data-id=\"23631\" src=\"https:\/\/lossoldaditosdeplomo.com\/wp-content\/uploads\/2019\/10\/S3-31j-pintado-como-del-3\u00ba-de-Husares-1812.jpg\" alt=\"\" class=\"wp-image-23631\" srcset=\"https:\/\/lossoldaditosdeplomo.com\/wp-content\/uploads\/2019\/10\/S3-31j-pintado-como-del-3\u00ba-de-Husares-1812.jpg?v=1571677892 472w, https:\/\/lossoldaditosdeplomo.com\/wp-content\/uploads\/2019\/10\/S3-31j-pintado-como-del-3\u00ba-de-Husares-1812-177x300.jpg?v=1571677892 177w, https:\/\/lossoldaditosdeplomo.com\/wp-content\/uploads\/2019\/10\/S3-31j-pintado-como-del-3\u00ba-de-Husares-1812-768x1302.jpg?v=1571677892 768w, https:\/\/lossoldaditosdeplomo.com\/wp-content\/uploads\/2019\/10\/S3-31j-pintado-como-del-3\u00ba-de-Husares-1812-1200x2034.jpg?v=1571677892 1200w\" sizes=\"auto, (max-width: 472px) 85vw, 472px\" \/><\/a><figcaption class=\"wp-element-caption\">\u00ba Rgto. Husares Basado en  S3-31j<\/figcaption><\/figure>\n\n\n\n<figure class=\"wp-block-image size-large\"><a href=\"https:\/\/lossoldaditosdeplomo.com\/wp-content\/uploads\/2019\/10\/s3-21j-cuarto-de-husares.jpg\"><img loading=\"lazy\" decoding=\"async\" width=\"491\" height=\"800\" data-id=\"23630\" src=\"https:\/\/lossoldaditosdeplomo.com\/wp-content\/uploads\/2019\/10\/s3-21j-cuarto-de-husares.jpg\" alt=\"\" class=\"wp-image-23630\" srcset=\"https:\/\/lossoldaditosdeplomo.com\/wp-content\/uploads\/2019\/10\/s3-21j-cuarto-de-husares.jpg?v=1571677892 491w, https:\/\/lossoldaditosdeplomo.com\/wp-content\/uploads\/2019\/10\/s3-21j-cuarto-de-husares-184x300.jpg?v=1571677892 184w, https:\/\/lossoldaditosdeplomo.com\/wp-content\/uploads\/2019\/10\/s3-21j-cuarto-de-husares-768x1252.jpg?v=1571677892 768w, https:\/\/lossoldaditosdeplomo.com\/wp-content\/uploads\/2019\/10\/s3-21j-cuarto-de-husares-1200x1956.jpg?v=1571677892 1200w\" sizes=\"auto, (max-width: 491px) 85vw, 491px\" \/><\/a><figcaption class=\"wp-element-caption\">4\u00ba de H\u00fasares  S3-21j<\/figcaption><\/figure>\n\n\n\n<figure class=\"wp-block-image size-large\"><a href=\"https:\/\/lossoldaditosdeplomo.com\/wp-content\/uploads\/2019\/10\/S3-33e-Trompeta-1811.jpg\"><img loading=\"lazy\" decoding=\"async\" width=\"494\" height=\"800\" data-id=\"23629\" src=\"https:\/\/lossoldaditosdeplomo.com\/wp-content\/uploads\/2019\/10\/S3-33e-Trompeta-1811.jpg\" alt=\"\" class=\"wp-image-23629\" srcset=\"https:\/\/lossoldaditosdeplomo.com\/wp-content\/uploads\/2019\/10\/S3-33e-Trompeta-1811.jpg?v=1571677892 494w, https:\/\/lossoldaditosdeplomo.com\/wp-content\/uploads\/2019\/10\/S3-33e-Trompeta-1811-185x300.jpg?v=1571677892 185w, https:\/\/lossoldaditosdeplomo.com\/wp-content\/uploads\/2019\/10\/S3-33e-Trompeta-1811-768x1243.jpg?v=1571677892 768w, https:\/\/lossoldaditosdeplomo.com\/wp-content\/uploads\/2019\/10\/S3-33e-Trompeta-1811-1200x1942.jpg?v=1571677892 1200w\" sizes=\"auto, (max-width: 494px) 85vw, 494px\" \/><\/a><figcaption class=\"wp-element-caption\">Trompeta, 1811   S3-33e<\/figcaption><\/figure>\n\n\n\n<figure class=\"wp-block-image size-large\"><a href=\"https:\/\/lossoldaditosdeplomo.com\/wp-content\/uploads\/2019\/10\/S2-22f-Tambor-Mayor-Marina-1811.jpg\"><img loading=\"lazy\" decoding=\"async\" width=\"539\" height=\"800\" data-id=\"23628\" src=\"https:\/\/lossoldaditosdeplomo.com\/wp-content\/uploads\/2019\/10\/S2-22f-Tambor-Mayor-Marina-1811.jpg\" alt=\"\" class=\"wp-image-23628\" srcset=\"https:\/\/lossoldaditosdeplomo.com\/wp-content\/uploads\/2019\/10\/S2-22f-Tambor-Mayor-Marina-1811.jpg?v=1571677892 539w, https:\/\/lossoldaditosdeplomo.com\/wp-content\/uploads\/2019\/10\/S2-22f-Tambor-Mayor-Marina-1811-202x300.jpg?v=1571677892 202w, https:\/\/lossoldaditosdeplomo.com\/wp-content\/uploads\/2019\/10\/S2-22f-Tambor-Mayor-Marina-1811-768x1139.jpg?v=1571677892 768w, https:\/\/lossoldaditosdeplomo.com\/wp-content\/uploads\/2019\/10\/S2-22f-Tambor-Mayor-Marina-1811-1200x1780.jpg?v=1571677892 1200w\" sizes=\"auto, (max-width: 539px) 85vw, 539px\" \/><\/a><figcaption class=\"wp-element-caption\">Tambor mayor marina, 1811  S2-22f<\/figcaption><\/figure>\n\n\n\n<figure class=\"wp-block-image size-large\"><a href=\"https:\/\/lossoldaditosdeplomo.com\/wp-content\/uploads\/2019\/10\/S2-22c-Drago\u0301n-Reino-de-Napoles-1812.jpg\"><img loading=\"lazy\" decoding=\"async\" width=\"526\" height=\"800\" data-id=\"23627\" src=\"https:\/\/lossoldaditosdeplomo.com\/wp-content\/uploads\/2019\/10\/S2-22c-Drago\u0301n-Reino-de-Napoles-1812.jpg\" alt=\"\" class=\"wp-image-23627\" srcset=\"https:\/\/lossoldaditosdeplomo.com\/wp-content\/uploads\/2019\/10\/S2-22c-Drago\u0301n-Reino-de-Napoles-1812.jpg?v=1571677891 526w, https:\/\/lossoldaditosdeplomo.com\/wp-content\/uploads\/2019\/10\/S2-22c-Drago\u0301n-Reino-de-Napoles-1812-197x300.jpg?v=1571677891 197w, https:\/\/lossoldaditosdeplomo.com\/wp-content\/uploads\/2019\/10\/S2-22c-Drago\u0301n-Reino-de-Napoles-1812-768x1168.jpg?v=1571677891 768w, https:\/\/lossoldaditosdeplomo.com\/wp-content\/uploads\/2019\/10\/S2-22c-Drago\u0301n-Reino-de-Napoles-1812-1200x1824.jpg?v=1571677891 1200w\" sizes=\"auto, (max-width: 526px) 85vw, 526px\" \/><\/a><figcaption class=\"wp-element-caption\">Drag\u00f3n Reino de N\u00e1poles, 1812  S2-22c<\/figcaption><\/figure>\n\n\n\n<figure class=\"wp-block-image size-large\"><a href=\"https:\/\/lossoldaditosdeplomo.com\/wp-content\/uploads\/2019\/10\/Lepic.jpg\"><img loading=\"lazy\" decoding=\"async\" width=\"494\" height=\"800\" data-id=\"23625\" src=\"https:\/\/lossoldaditosdeplomo.com\/wp-content\/uploads\/2019\/10\/Lepic.jpg\" alt=\"\" class=\"wp-image-23625\" srcset=\"https:\/\/lossoldaditosdeplomo.com\/wp-content\/uploads\/2019\/10\/Lepic.jpg?v=1571677891 494w, https:\/\/lossoldaditosdeplomo.com\/wp-content\/uploads\/2019\/10\/Lepic-185x300.jpg?v=1571677891 185w, https:\/\/lossoldaditosdeplomo.com\/wp-content\/uploads\/2019\/10\/Lepic-768x1244.jpg?v=1571677891 768w, https:\/\/lossoldaditosdeplomo.com\/wp-content\/uploads\/2019\/10\/Lepic-1200x1944.jpg?v=1571677891 1200w\" sizes=\"auto, (max-width: 494px) 85vw, 494px\" \/><\/a><figcaption class=\"wp-element-caption\">Lepic<\/figcaption><\/figure>\n\n\n\n<figure class=\"wp-block-image size-large\"><a href=\"https:\/\/lossoldaditosdeplomo.com\/wp-content\/uploads\/2019\/10\/Jerome-Rey-de-Westphalia.jpg\"><img loading=\"lazy\" decoding=\"async\" width=\"485\" height=\"800\" data-id=\"23624\" src=\"https:\/\/lossoldaditosdeplomo.com\/wp-content\/uploads\/2019\/10\/Jerome-Rey-de-Westphalia.jpg\" alt=\"\" class=\"wp-image-23624\" srcset=\"https:\/\/lossoldaditosdeplomo.com\/wp-content\/uploads\/2019\/10\/Jerome-Rey-de-Westphalia.jpg?v=1571677890 485w, https:\/\/lossoldaditosdeplomo.com\/wp-content\/uploads\/2019\/10\/Jerome-Rey-de-Westphalia-182x300.jpg?v=1571677890 182w, https:\/\/lossoldaditosdeplomo.com\/wp-content\/uploads\/2019\/10\/Jerome-Rey-de-Westphalia-768x1266.jpg?v=1571677890 768w, https:\/\/lossoldaditosdeplomo.com\/wp-content\/uploads\/2019\/10\/Jerome-Rey-de-Westphalia-1200x1978.jpg?v=1571677890 1200w\" sizes=\"auto, (max-width: 485px) 85vw, 485px\" \/><\/a><figcaption class=\"wp-element-caption\">Jerome, Rey de Westphalia<\/figcaption><\/figure>\n\n\n\n<figure class=\"wp-block-image size-large\"><a href=\"https:\/\/lossoldaditosdeplomo.com\/wp-content\/uploads\/2019\/10\/Henry.jpg\"><img loading=\"lazy\" decoding=\"async\" width=\"491\" height=\"800\" data-id=\"23623\" src=\"https:\/\/lossoldaditosdeplomo.com\/wp-content\/uploads\/2019\/10\/Henry.jpg\" alt=\"\" class=\"wp-image-23623\" srcset=\"https:\/\/lossoldaditosdeplomo.com\/wp-content\/uploads\/2019\/10\/Henry.jpg?v=1571677920 491w, https:\/\/lossoldaditosdeplomo.com\/wp-content\/uploads\/2019\/10\/Henry-184x300.jpg?v=1571677920 184w, https:\/\/lossoldaditosdeplomo.com\/wp-content\/uploads\/2019\/10\/Henry-768x1252.jpg?v=1571677920 768w, https:\/\/lossoldaditosdeplomo.com\/wp-content\/uploads\/2019\/10\/Henry-1200x1956.jpg?v=1571677920 1200w\" sizes=\"auto, (max-width: 491px) 85vw, 491px\" \/><\/a><figcaption class=\"wp-element-caption\">Henry<\/figcaption><\/figure>\n\n\n\n<figure class=\"wp-block-image size-large\"><a href=\"https:\/\/lossoldaditosdeplomo.com\/wp-content\/uploads\/2019\/10\/ADC-Lemarois.jpg\"><img loading=\"lazy\" decoding=\"async\" width=\"485\" height=\"800\" data-id=\"23622\" src=\"https:\/\/lossoldaditosdeplomo.com\/wp-content\/uploads\/2019\/10\/ADC-Lemarois.jpg\" alt=\"\" class=\"wp-image-23622\" srcset=\"https:\/\/lossoldaditosdeplomo.com\/wp-content\/uploads\/2019\/10\/ADC-Lemarois.jpg?v=1571677920 485w, https:\/\/lossoldaditosdeplomo.com\/wp-content\/uploads\/2019\/10\/ADC-Lemarois-182x300.jpg?v=1571677920 182w, https:\/\/lossoldaditosdeplomo.com\/wp-content\/uploads\/2019\/10\/ADC-Lemarois-768x1267.jpg?v=1571677920 768w, https:\/\/lossoldaditosdeplomo.com\/wp-content\/uploads\/2019\/10\/ADC-Lemarois-1200x1980.jpg?v=1571677920 1200w\" sizes=\"auto, (max-width: 485px) 85vw, 485px\" \/><\/a><figcaption class=\"wp-element-caption\">Ayudante de campo Lemarois<\/figcaption><\/figure>\n<\/figure>\n\n\n\n<!--nextpage-->\n\n\n\n<h2 class=\"wp-block-heading\">Restauraciones Octubre 2019<\/h2>\n\n\n\n<figure class=\"wp-block-gallery has-nested-images columns-1 is-cropped wp-block-gallery-26 is-layout-flex wp-block-gallery-is-layout-flex\">\n<figure class=\"wp-block-image size-large\"><a href=\"https:\/\/lossoldaditosdeplomo.com\/wp-content\/uploads\/2019\/10\/ADC-PoniatowskiJPG.jpg\"><img loading=\"lazy\" decoding=\"async\" width=\"800\" height=\"600\" data-id=\"25834\" src=\"https:\/\/lossoldaditosdeplomo.com\/wp-content\/uploads\/2019\/10\/ADC-PoniatowskiJPG.jpg\" alt=\"ADC Poniatowski\" class=\"wp-image-25834\" srcset=\"https:\/\/lossoldaditosdeplomo.com\/wp-content\/uploads\/2019\/10\/ADC-PoniatowskiJPG.jpg?v=1572204541 800w, https:\/\/lossoldaditosdeplomo.com\/wp-content\/uploads\/2019\/10\/ADC-PoniatowskiJPG-300x225.jpg?v=1572204541 300w, https:\/\/lossoldaditosdeplomo.com\/wp-content\/uploads\/2019\/10\/ADC-PoniatowskiJPG-768x576.jpg?v=1572204541 768w, https:\/\/lossoldaditosdeplomo.com\/wp-content\/uploads\/2019\/10\/ADC-PoniatowskiJPG-1200x900.jpg?v=1572204541 1200w\" sizes=\"auto, (max-width: 800px) 85vw, 800px\" \/><\/a><figcaption class=\"wp-element-caption\">ADC de Pomiatowski<\/figcaption><\/figure>\n\n\n\n<figure class=\"wp-block-image size-large\"><a href=\"https:\/\/lossoldaditosdeplomo.com\/wp-content\/uploads\/2019\/10\/trompeta-Artilleri\u0301a-a-Caballo-Serie-2-25-F.jpg\"><img loading=\"lazy\" decoding=\"async\" width=\"800\" height=\"600\" data-id=\"25836\" src=\"https:\/\/lossoldaditosdeplomo.com\/wp-content\/uploads\/2019\/10\/trompeta-Artilleri\u0301a-a-Caballo-Serie-2-25-F.jpg\" alt=\"\" class=\"wp-image-25836\" srcset=\"https:\/\/lossoldaditosdeplomo.com\/wp-content\/uploads\/2019\/10\/trompeta-Artilleri\u0301a-a-Caballo-Serie-2-25-F.jpg?v=1572204727 800w, https:\/\/lossoldaditosdeplomo.com\/wp-content\/uploads\/2019\/10\/trompeta-Artilleri\u0301a-a-Caballo-Serie-2-25-F-300x225.jpg?v=1572204727 300w, https:\/\/lossoldaditosdeplomo.com\/wp-content\/uploads\/2019\/10\/trompeta-Artilleri\u0301a-a-Caballo-Serie-2-25-F-768x576.jpg?v=1572204727 768w, https:\/\/lossoldaditosdeplomo.com\/wp-content\/uploads\/2019\/10\/trompeta-Artilleri\u0301a-a-Caballo-Serie-2-25-F-1200x900.jpg?v=1572204727 1200w\" sizes=\"auto, (max-width: 800px) 85vw, 800px\" \/><\/a><figcaption class=\"wp-element-caption\">Trompeta Artiller\u00eda a caballo<\/figcaption><\/figure>\n\n\n\n<figure class=\"wp-block-image size-large\"><a href=\"https:\/\/lossoldaditosdeplomo.com\/wp-content\/uploads\/2019\/10\/S773aCannonier.jpg\"><img loading=\"lazy\" decoding=\"async\" width=\"800\" height=\"600\" data-id=\"25868\" src=\"https:\/\/lossoldaditosdeplomo.com\/wp-content\/uploads\/2019\/10\/S773aCannonier.jpg\" alt=\"\" class=\"wp-image-25868\" srcset=\"https:\/\/lossoldaditosdeplomo.com\/wp-content\/uploads\/2019\/10\/S773aCannonier.jpg?v=1572204942 800w, https:\/\/lossoldaditosdeplomo.com\/wp-content\/uploads\/2019\/10\/S773aCannonier-300x225.jpg?v=1572204942 300w, https:\/\/lossoldaditosdeplomo.com\/wp-content\/uploads\/2019\/10\/S773aCannonier-768x576.jpg?v=1572204942 768w, https:\/\/lossoldaditosdeplomo.com\/wp-content\/uploads\/2019\/10\/S773aCannonier-1200x900.jpg?v=1572204942 1200w\" sizes=\"auto, (max-width: 800px) 85vw, 800px\" \/><\/a><figcaption class=\"wp-element-caption\">Ca\u00f1onero<\/figcaption><\/figure>\n\n\n\n<figure class=\"wp-block-image size-large\"><a href=\"https:\/\/lossoldaditosdeplomo.com\/wp-content\/uploads\/2019\/10\/Infantry-Regmt.Barbastro1808-Recibidos-x-.jpg\"><img loading=\"lazy\" decoding=\"async\" width=\"800\" height=\"600\" data-id=\"25869\" src=\"https:\/\/lossoldaditosdeplomo.com\/wp-content\/uploads\/2019\/10\/Infantry-Regmt.Barbastro1808-Recibidos-x-.jpg\" alt=\"\" class=\"wp-image-25869\" srcset=\"https:\/\/lossoldaditosdeplomo.com\/wp-content\/uploads\/2019\/10\/Infantry-Regmt.Barbastro1808-Recibidos-x-.jpg?v=1572205056 800w, https:\/\/lossoldaditosdeplomo.com\/wp-content\/uploads\/2019\/10\/Infantry-Regmt.Barbastro1808-Recibidos-x--300x225.jpg?v=1572205056 300w, https:\/\/lossoldaditosdeplomo.com\/wp-content\/uploads\/2019\/10\/Infantry-Regmt.Barbastro1808-Recibidos-x--768x576.jpg?v=1572205056 768w, https:\/\/lossoldaditosdeplomo.com\/wp-content\/uploads\/2019\/10\/Infantry-Regmt.Barbastro1808-Recibidos-x--1200x900.jpg?v=1572205056 1200w\" sizes=\"auto, (max-width: 800px) 85vw, 800px\" \/><\/a><figcaption class=\"wp-element-caption\">Rgto Infanter\u00eda Barbastro, 1808<\/figcaption><\/figure>\n\n\n\n<figure class=\"wp-block-image size-large\"><a href=\"https:\/\/lossoldaditosdeplomo.com\/wp-content\/uploads\/2019\/10\/GrenadierProvincial-Militia1802.jpg\"><img loading=\"lazy\" decoding=\"async\" width=\"800\" height=\"600\" data-id=\"25870\" src=\"https:\/\/lossoldaditosdeplomo.com\/wp-content\/uploads\/2019\/10\/GrenadierProvincial-Militia1802.jpg\" alt=\"\" class=\"wp-image-25870\" srcset=\"https:\/\/lossoldaditosdeplomo.com\/wp-content\/uploads\/2019\/10\/GrenadierProvincial-Militia1802.jpg?v=1572205157 800w, https:\/\/lossoldaditosdeplomo.com\/wp-content\/uploads\/2019\/10\/GrenadierProvincial-Militia1802-300x225.jpg?v=1572205157 300w, https:\/\/lossoldaditosdeplomo.com\/wp-content\/uploads\/2019\/10\/GrenadierProvincial-Militia1802-768x576.jpg?v=1572205157 768w, https:\/\/lossoldaditosdeplomo.com\/wp-content\/uploads\/2019\/10\/GrenadierProvincial-Militia1802-1200x900.jpg?v=1572205157 1200w\" sizes=\"auto, (max-width: 800px) 85vw, 800px\" \/><\/a><figcaption class=\"wp-element-caption\">Granadero de las milicias provinciales<\/figcaption><\/figure>\n\n\n\n<figure class=\"wp-block-image size-large\"><a href=\"https:\/\/lossoldaditosdeplomo.com\/wp-content\/uploads\/2019\/10\/HussarLombard-Legion1796.jpg\"><img loading=\"lazy\" decoding=\"async\" width=\"800\" height=\"600\" data-id=\"25871\" src=\"https:\/\/lossoldaditosdeplomo.com\/wp-content\/uploads\/2019\/10\/HussarLombard-Legion1796.jpg\" alt=\"\" class=\"wp-image-25871\" srcset=\"https:\/\/lossoldaditosdeplomo.com\/wp-content\/uploads\/2019\/10\/HussarLombard-Legion1796.jpg?v=1572205264 800w, https:\/\/lossoldaditosdeplomo.com\/wp-content\/uploads\/2019\/10\/HussarLombard-Legion1796-300x225.jpg?v=1572205264 300w, https:\/\/lossoldaditosdeplomo.com\/wp-content\/uploads\/2019\/10\/HussarLombard-Legion1796-768x576.jpg?v=1572205264 768w, https:\/\/lossoldaditosdeplomo.com\/wp-content\/uploads\/2019\/10\/HussarLombard-Legion1796-1200x900.jpg?v=1572205264 1200w\" sizes=\"auto, (max-width: 800px) 85vw, 800px\" \/><\/a><figcaption class=\"wp-element-caption\">H\u00fasar de la legi\u00f3n Lombard, 1796<\/figcaption><\/figure>\n\n\n\n<figure class=\"wp-block-image size-large\"><a href=\"https:\/\/lossoldaditosdeplomo.com\/wp-content\/uploads\/2019\/10\/ADC-Murat.jpg\"><img loading=\"lazy\" decoding=\"async\" width=\"800\" height=\"600\" data-id=\"25872\" src=\"https:\/\/lossoldaditosdeplomo.com\/wp-content\/uploads\/2019\/10\/ADC-Murat.jpg\" alt=\"\" class=\"wp-image-25872\" srcset=\"https:\/\/lossoldaditosdeplomo.com\/wp-content\/uploads\/2019\/10\/ADC-Murat.jpg?v=1572205424 800w, https:\/\/lossoldaditosdeplomo.com\/wp-content\/uploads\/2019\/10\/ADC-Murat-300x225.jpg?v=1572205424 300w, https:\/\/lossoldaditosdeplomo.com\/wp-content\/uploads\/2019\/10\/ADC-Murat-768x576.jpg?v=1572205424 768w, https:\/\/lossoldaditosdeplomo.com\/wp-content\/uploads\/2019\/10\/ADC-Murat-1200x900.jpg?v=1572205424 1200w\" sizes=\"auto, (max-width: 800px) 85vw, 800px\" \/><\/a><figcaption class=\"wp-element-caption\">Ayudante de campo de Murat<\/figcaption><\/figure>\n\n\n\n<figure class=\"wp-block-image size-large\"><a href=\"https:\/\/lossoldaditosdeplomo.com\/wp-content\/uploads\/2019\/10\/ADC-MUrat-2.jpg\"><img loading=\"lazy\" decoding=\"async\" width=\"800\" height=\"600\" data-id=\"25873\" src=\"https:\/\/lossoldaditosdeplomo.com\/wp-content\/uploads\/2019\/10\/ADC-MUrat-2.jpg\" alt=\"\" class=\"wp-image-25873\" srcset=\"https:\/\/lossoldaditosdeplomo.com\/wp-content\/uploads\/2019\/10\/ADC-MUrat-2.jpg?v=1572205482 800w, https:\/\/lossoldaditosdeplomo.com\/wp-content\/uploads\/2019\/10\/ADC-MUrat-2-300x225.jpg?v=1572205482 300w, https:\/\/lossoldaditosdeplomo.com\/wp-content\/uploads\/2019\/10\/ADC-MUrat-2-768x576.jpg?v=1572205482 768w, https:\/\/lossoldaditosdeplomo.com\/wp-content\/uploads\/2019\/10\/ADC-MUrat-2-1200x900.jpg?v=1572205482 1200w\" sizes=\"auto, (max-width: 800px) 85vw, 800px\" \/><\/a><figcaption class=\"wp-element-caption\">Ayudante de Campo de Murat<\/figcaption><\/figure>\n\n\n\n<figure class=\"wp-block-image size-large\"><a href=\"https:\/\/lossoldaditosdeplomo.com\/wp-content\/uploads\/2019\/10\/Art.-Cheval-Standard-S225c.jpg\"><img loading=\"lazy\" decoding=\"async\" width=\"800\" height=\"600\" data-id=\"25874\" src=\"https:\/\/lossoldaditosdeplomo.com\/wp-content\/uploads\/2019\/10\/Art.-Cheval-Standard-S225c.jpg\" alt=\"\" class=\"wp-image-25874\" srcset=\"https:\/\/lossoldaditosdeplomo.com\/wp-content\/uploads\/2019\/10\/Art.-Cheval-Standard-S225c.jpg?v=1572205558 800w, https:\/\/lossoldaditosdeplomo.com\/wp-content\/uploads\/2019\/10\/Art.-Cheval-Standard-S225c-300x225.jpg?v=1572205558 300w, https:\/\/lossoldaditosdeplomo.com\/wp-content\/uploads\/2019\/10\/Art.-Cheval-Standard-S225c-768x576.jpg?v=1572205558 768w, https:\/\/lossoldaditosdeplomo.com\/wp-content\/uploads\/2019\/10\/Art.-Cheval-Standard-S225c-1200x900.jpg?v=1572205558 1200w\" sizes=\"auto, (max-width: 800px) 85vw, 800px\" \/><\/a><figcaption class=\"wp-element-caption\">Porta estandarte de Artiller\u00eda a caballo S2-25C<\/figcaption><\/figure>\n\n\n\n<figure class=\"wp-block-image size-large\"><a href=\"https:\/\/lossoldaditosdeplomo.com\/wp-content\/uploads\/2019\/11\/Porta-estandarte-de-Navarra-referencia-S7-71E.jpg\"><img loading=\"lazy\" decoding=\"async\" width=\"800\" height=\"600\" data-id=\"27646\" src=\"https:\/\/lossoldaditosdeplomo.com\/wp-content\/uploads\/2019\/11\/Porta-estandarte-de-Navarra-referencia-S7-71E.jpg\" alt=\"\" class=\"wp-image-27646\" srcset=\"https:\/\/lossoldaditosdeplomo.com\/wp-content\/uploads\/2019\/11\/Porta-estandarte-de-Navarra-referencia-S7-71E.jpg?v=1572634523 800w, https:\/\/lossoldaditosdeplomo.com\/wp-content\/uploads\/2019\/11\/Porta-estandarte-de-Navarra-referencia-S7-71E-300x225.jpg?v=1572634523 300w, https:\/\/lossoldaditosdeplomo.com\/wp-content\/uploads\/2019\/11\/Porta-estandarte-de-Navarra-referencia-S7-71E-768x576.jpg?v=1572634523 768w, https:\/\/lossoldaditosdeplomo.com\/wp-content\/uploads\/2019\/11\/Porta-estandarte-de-Navarra-referencia-S7-71E-1200x900.jpg?v=1572634523 1200w\" sizes=\"auto, (max-width: 800px) 85vw, 800px\" \/><\/a><figcaption class=\"wp-element-caption\">Porta estandarte de Navarra Basado en Serie 7-71E<\/figcaption><\/figure>\n\n\n\n<figure class=\"wp-block-image size-large\"><a href=\"https:\/\/lossoldaditosdeplomo.com\/wp-content\/uploads\/2019\/11\/oficial-regimiento-de-infanteria-1760.jpg\"><img loading=\"lazy\" decoding=\"async\" width=\"800\" height=\"600\" data-id=\"27647\" src=\"https:\/\/lossoldaditosdeplomo.com\/wp-content\/uploads\/2019\/11\/oficial-regimiento-de-infanteria-1760.jpg\" alt=\"\" class=\"wp-image-27647\" srcset=\"https:\/\/lossoldaditosdeplomo.com\/wp-content\/uploads\/2019\/11\/oficial-regimiento-de-infanteria-1760.jpg?v=1572634724 800w, https:\/\/lossoldaditosdeplomo.com\/wp-content\/uploads\/2019\/11\/oficial-regimiento-de-infanteria-1760-300x225.jpg?v=1572634724 300w, https:\/\/lossoldaditosdeplomo.com\/wp-content\/uploads\/2019\/11\/oficial-regimiento-de-infanteria-1760-768x576.jpg?v=1572634724 768w, https:\/\/lossoldaditosdeplomo.com\/wp-content\/uploads\/2019\/11\/oficial-regimiento-de-infanteria-1760-1200x900.jpg?v=1572634724 1200w\" sizes=\"auto, (max-width: 800px) 85vw, 800px\" \/><\/a><figcaption class=\"wp-element-caption\">Oficial regimiento de infanter\u00eda, 1760<\/figcaption><\/figure>\n\n\n\n<figure class=\"wp-block-image size-large\"><a href=\"https:\/\/lossoldaditosdeplomo.com\/wp-content\/uploads\/2019\/11\/husar-vincena-1810.jpg\"><img loading=\"lazy\" decoding=\"async\" width=\"800\" height=\"600\" data-id=\"27648\" src=\"https:\/\/lossoldaditosdeplomo.com\/wp-content\/uploads\/2019\/11\/husar-vincena-1810.jpg\" alt=\"\" class=\"wp-image-27648\" srcset=\"https:\/\/lossoldaditosdeplomo.com\/wp-content\/uploads\/2019\/11\/husar-vincena-1810.jpg?v=1572634779 800w, https:\/\/lossoldaditosdeplomo.com\/wp-content\/uploads\/2019\/11\/husar-vincena-1810-300x225.jpg?v=1572634779 300w, https:\/\/lossoldaditosdeplomo.com\/wp-content\/uploads\/2019\/11\/husar-vincena-1810-768x576.jpg?v=1572634779 768w, https:\/\/lossoldaditosdeplomo.com\/wp-content\/uploads\/2019\/11\/husar-vincena-1810-1200x900.jpg?v=1572634779 1200w\" sizes=\"auto, (max-width: 800px) 85vw, 800px\" \/><\/a><figcaption class=\"wp-element-caption\">H\u00fasar de Olivenza<\/figcaption><\/figure>\n\n\n\n<figure class=\"wp-block-image size-large\"><a href=\"https:\/\/lossoldaditosdeplomo.com\/wp-content\/uploads\/2019\/11\/granadero-infanteria-de-linea-1806-Ref-S3-346.jpg\"><img loading=\"lazy\" decoding=\"async\" width=\"800\" height=\"600\" data-id=\"27649\" src=\"https:\/\/lossoldaditosdeplomo.com\/wp-content\/uploads\/2019\/11\/granadero-infanteria-de-linea-1806-Ref-S3-346.jpg\" alt=\"\" class=\"wp-image-27649\" srcset=\"https:\/\/lossoldaditosdeplomo.com\/wp-content\/uploads\/2019\/11\/granadero-infanteria-de-linea-1806-Ref-S3-346.jpg?v=1572634896 800w, https:\/\/lossoldaditosdeplomo.com\/wp-content\/uploads\/2019\/11\/granadero-infanteria-de-linea-1806-Ref-S3-346-300x225.jpg?v=1572634896 300w, https:\/\/lossoldaditosdeplomo.com\/wp-content\/uploads\/2019\/11\/granadero-infanteria-de-linea-1806-Ref-S3-346-768x576.jpg?v=1572634896 768w, https:\/\/lossoldaditosdeplomo.com\/wp-content\/uploads\/2019\/11\/granadero-infanteria-de-linea-1806-Ref-S3-346-1200x900.jpg?v=1572634896 1200w\" sizes=\"auto, (max-width: 800px) 85vw, 800px\" \/><\/a><figcaption class=\"wp-element-caption\">Granadero Infanter\u00eda de l\u00ednea, 1806 Serie3 346<\/figcaption><\/figure>\n\n\n\n<figure class=\"wp-block-image size-large\"><a href=\"https:\/\/lossoldaditosdeplomo.com\/wp-content\/uploads\/2019\/11\/general-castan\u0303os-los-pantalones-se-le-han-pintado-en-rojo.jpg\"><img loading=\"lazy\" decoding=\"async\" width=\"800\" height=\"600\" data-id=\"27650\" src=\"https:\/\/lossoldaditosdeplomo.com\/wp-content\/uploads\/2019\/11\/general-castan\u0303os-los-pantalones-se-le-han-pintado-en-rojo.jpg\" alt=\"\" class=\"wp-image-27650\" srcset=\"https:\/\/lossoldaditosdeplomo.com\/wp-content\/uploads\/2019\/11\/general-castan\u0303os-los-pantalones-se-le-han-pintado-en-rojo.jpg?v=1572634997 800w, https:\/\/lossoldaditosdeplomo.com\/wp-content\/uploads\/2019\/11\/general-castan\u0303os-los-pantalones-se-le-han-pintado-en-rojo-300x225.jpg?v=1572634997 300w, https:\/\/lossoldaditosdeplomo.com\/wp-content\/uploads\/2019\/11\/general-castan\u0303os-los-pantalones-se-le-han-pintado-en-rojo-768x576.jpg?v=1572634997 768w, https:\/\/lossoldaditosdeplomo.com\/wp-content\/uploads\/2019\/11\/general-castan\u0303os-los-pantalones-se-le-han-pintado-en-rojo-1200x900.jpg?v=1572634997 1200w\" sizes=\"auto, (max-width: 800px) 85vw, 800px\" \/><\/a><figcaption class=\"wp-element-caption\">General Casta\u00f1os (modificaci\u00f3n pantalones en rojo)<\/figcaption><\/figure>\n\n\n\n<figure class=\"wp-block-image size-large\"><a href=\"https:\/\/lossoldaditosdeplomo.com\/wp-content\/uploads\/2019\/11\/Coupigny-con-capa.jpg\"><img loading=\"lazy\" decoding=\"async\" width=\"800\" height=\"600\" data-id=\"27680\" src=\"https:\/\/lossoldaditosdeplomo.com\/wp-content\/uploads\/2019\/11\/Coupigny-con-capa.jpg\" alt=\"\" class=\"wp-image-27680\" srcset=\"https:\/\/lossoldaditosdeplomo.com\/wp-content\/uploads\/2019\/11\/Coupigny-con-capa.jpg?v=1572635032 800w, https:\/\/lossoldaditosdeplomo.com\/wp-content\/uploads\/2019\/11\/Coupigny-con-capa-300x225.jpg?v=1572635032 300w, https:\/\/lossoldaditosdeplomo.com\/wp-content\/uploads\/2019\/11\/Coupigny-con-capa-768x576.jpg?v=1572635032 768w, https:\/\/lossoldaditosdeplomo.com\/wp-content\/uploads\/2019\/11\/Coupigny-con-capa-1200x900.jpg?v=1572635032 1200w\" sizes=\"auto, (max-width: 800px) 85vw, 800px\" \/><\/a><figcaption class=\"wp-element-caption\">Coupigny con capa<\/figcaption><\/figure>\n<\/figure>\n\n\n\n<!--nextpage-->\n\n\n\n<h2 class=\"wp-block-heading\">RESTAURACIONES NOVIEMBRE 2019<\/h2>\n\n\n\n<figure class=\"wp-block-gallery has-nested-images columns-2 is-cropped wp-block-gallery-27 is-layout-flex wp-block-gallery-is-layout-flex\">\n<figure class=\"wp-block-image size-large\"><img loading=\"lazy\" decoding=\"async\" width=\"800\" height=\"600\" data-id=\"31195\" src=\"https:\/\/lossoldaditosdeplomo.com\/wp-content\/uploads\/2019\/11\/Art.Cheval-Garde-Royale-Reino-de-Na\u0301poles-usando-Ref-.S225R-.jpg\" alt=\"\" class=\"wp-image-31195\" srcset=\"https:\/\/lossoldaditosdeplomo.com\/wp-content\/uploads\/2019\/11\/Art.Cheval-Garde-Royale-Reino-de-Na\u0301poles-usando-Ref-.S225R-.jpg?v=1573423123 800w, https:\/\/lossoldaditosdeplomo.com\/wp-content\/uploads\/2019\/11\/Art.Cheval-Garde-Royale-Reino-de-Na\u0301poles-usando-Ref-.S225R--300x225.jpg?v=1573423123 300w, https:\/\/lossoldaditosdeplomo.com\/wp-content\/uploads\/2019\/11\/Art.Cheval-Garde-Royale-Reino-de-Na\u0301poles-usando-Ref-.S225R--768x576.jpg?v=1573423123 768w, https:\/\/lossoldaditosdeplomo.com\/wp-content\/uploads\/2019\/11\/Art.Cheval-Garde-Royale-Reino-de-Na\u0301poles-usando-Ref-.S225R--1200x900.jpg?v=1573423123 1200w\" sizes=\"auto, (max-width: 800px) 85vw, 800px\" \/><figcaption class=\"wp-element-caption\">Artiller\u00eda a caballo de la Guardia Real del Reino de N\u00e1poles (basado en Ref: 225-R)<\/figcaption><\/figure>\n\n\n\n<figure class=\"wp-block-image size-large\"><img loading=\"lazy\" decoding=\"async\" width=\"800\" height=\"600\" data-id=\"31194\" src=\"https:\/\/lossoldaditosdeplomo.com\/wp-content\/uploads\/2019\/11\/Art.Cheval-Garde-Royale-Reino-de-Na\u0301poles-usando-Ref-.S225R-2.jpg\" alt=\"\" class=\"wp-image-31194\" srcset=\"https:\/\/lossoldaditosdeplomo.com\/wp-content\/uploads\/2019\/11\/Art.Cheval-Garde-Royale-Reino-de-Na\u0301poles-usando-Ref-.S225R-2.jpg?v=1573423117 800w, https:\/\/lossoldaditosdeplomo.com\/wp-content\/uploads\/2019\/11\/Art.Cheval-Garde-Royale-Reino-de-Na\u0301poles-usando-Ref-.S225R-2-300x225.jpg?v=1573423117 300w, https:\/\/lossoldaditosdeplomo.com\/wp-content\/uploads\/2019\/11\/Art.Cheval-Garde-Royale-Reino-de-Na\u0301poles-usando-Ref-.S225R-2-768x576.jpg?v=1573423117 768w, https:\/\/lossoldaditosdeplomo.com\/wp-content\/uploads\/2019\/11\/Art.Cheval-Garde-Royale-Reino-de-Na\u0301poles-usando-Ref-.S225R-2-1200x900.jpg?v=1573423117 1200w\" sizes=\"auto, (max-width: 800px) 85vw, 800px\" \/><\/figure>\n\n\n\n<figure class=\"wp-block-image size-large\"><img loading=\"lazy\" decoding=\"async\" width=\"800\" height=\"600\" data-id=\"31197\" src=\"https:\/\/lossoldaditosdeplomo.com\/wp-content\/uploads\/2019\/11\/ColonelHussards-1806used-S331A.jpg\" alt=\"\" class=\"wp-image-31197\" srcset=\"https:\/\/lossoldaditosdeplomo.com\/wp-content\/uploads\/2019\/11\/ColonelHussards-1806used-S331A.jpg?v=1573423136 800w, https:\/\/lossoldaditosdeplomo.com\/wp-content\/uploads\/2019\/11\/ColonelHussards-1806used-S331A-300x225.jpg?v=1573423136 300w, https:\/\/lossoldaditosdeplomo.com\/wp-content\/uploads\/2019\/11\/ColonelHussards-1806used-S331A-768x576.jpg?v=1573423136 768w, https:\/\/lossoldaditosdeplomo.com\/wp-content\/uploads\/2019\/11\/ColonelHussards-1806used-S331A-1200x900.jpg?v=1573423136 1200w\" sizes=\"auto, (max-width: 800px) 85vw, 800px\" \/><figcaption class=\"wp-element-caption\">Coronel de H\u00fasar, 1806 ( Basado en Ref: 331-A)<\/figcaption><\/figure>\n\n\n\n<figure class=\"wp-block-image size-large\"><img loading=\"lazy\" decoding=\"async\" width=\"800\" height=\"600\" data-id=\"31196\" src=\"https:\/\/lossoldaditosdeplomo.com\/wp-content\/uploads\/2019\/11\/ColonelHussards-1806used-S331A-2.jpg\" alt=\"\" class=\"wp-image-31196\" srcset=\"https:\/\/lossoldaditosdeplomo.com\/wp-content\/uploads\/2019\/11\/ColonelHussards-1806used-S331A-2.jpg?v=1573423130 800w, https:\/\/lossoldaditosdeplomo.com\/wp-content\/uploads\/2019\/11\/ColonelHussards-1806used-S331A-2-300x225.jpg?v=1573423130 300w, https:\/\/lossoldaditosdeplomo.com\/wp-content\/uploads\/2019\/11\/ColonelHussards-1806used-S331A-2-768x576.jpg?v=1573423130 768w, https:\/\/lossoldaditosdeplomo.com\/wp-content\/uploads\/2019\/11\/ColonelHussards-1806used-S331A-2-1200x900.jpg?v=1573423130 1200w\" sizes=\"auto, (max-width: 800px) 85vw, 800px\" \/><\/figure>\n\n\n\n<figure class=\"wp-block-image size-large\"><img loading=\"lazy\" decoding=\"async\" width=\"800\" height=\"600\" data-id=\"31199\" src=\"https:\/\/lossoldaditosdeplomo.com\/wp-content\/uploads\/2019\/11\/Lancer-Campaign-Dress1812.jpg\" alt=\"\" class=\"wp-image-31199\" srcset=\"https:\/\/lossoldaditosdeplomo.com\/wp-content\/uploads\/2019\/11\/Lancer-Campaign-Dress1812.jpg?v=1573423149 800w, https:\/\/lossoldaditosdeplomo.com\/wp-content\/uploads\/2019\/11\/Lancer-Campaign-Dress1812-300x225.jpg?v=1573423149 300w, https:\/\/lossoldaditosdeplomo.com\/wp-content\/uploads\/2019\/11\/Lancer-Campaign-Dress1812-768x576.jpg?v=1573423149 768w, https:\/\/lossoldaditosdeplomo.com\/wp-content\/uploads\/2019\/11\/Lancer-Campaign-Dress1812-1200x900.jpg?v=1573423149 1200w\" sizes=\"auto, (max-width: 800px) 85vw, 800px\" \/><figcaption class=\"wp-element-caption\">Lancero en uniforme de campa\u00f1a, Dress 1812<\/figcaption><\/figure>\n\n\n\n<figure class=\"wp-block-image size-large\"><img loading=\"lazy\" decoding=\"async\" width=\"800\" height=\"600\" data-id=\"31198\" src=\"https:\/\/lossoldaditosdeplomo.com\/wp-content\/uploads\/2019\/11\/Lancer-Campaign-Dress1812-2JPG.jpg\" alt=\"\" class=\"wp-image-31198\" srcset=\"https:\/\/lossoldaditosdeplomo.com\/wp-content\/uploads\/2019\/11\/Lancer-Campaign-Dress1812-2JPG.jpg?v=1573423143 800w, https:\/\/lossoldaditosdeplomo.com\/wp-content\/uploads\/2019\/11\/Lancer-Campaign-Dress1812-2JPG-300x225.jpg?v=1573423143 300w, https:\/\/lossoldaditosdeplomo.com\/wp-content\/uploads\/2019\/11\/Lancer-Campaign-Dress1812-2JPG-768x576.jpg?v=1573423143 768w, https:\/\/lossoldaditosdeplomo.com\/wp-content\/uploads\/2019\/11\/Lancer-Campaign-Dress1812-2JPG-1200x900.jpg?v=1573423143 1200w\" sizes=\"auto, (max-width: 800px) 85vw, 800px\" \/><\/figure>\n\n\n\n<figure class=\"wp-block-image size-large\"><img loading=\"lazy\" decoding=\"async\" width=\"800\" height=\"600\" data-id=\"31201\" src=\"https:\/\/lossoldaditosdeplomo.com\/wp-content\/uploads\/2019\/11\/Lancer2nd.Uhlan-Regmt.-Duchy-of-Warsaw1808.jpg\" alt=\"\" class=\"wp-image-31201\" srcset=\"https:\/\/lossoldaditosdeplomo.com\/wp-content\/uploads\/2019\/11\/Lancer2nd.Uhlan-Regmt.-Duchy-of-Warsaw1808.jpg?v=1573423162 800w, https:\/\/lossoldaditosdeplomo.com\/wp-content\/uploads\/2019\/11\/Lancer2nd.Uhlan-Regmt.-Duchy-of-Warsaw1808-300x225.jpg?v=1573423162 300w, https:\/\/lossoldaditosdeplomo.com\/wp-content\/uploads\/2019\/11\/Lancer2nd.Uhlan-Regmt.-Duchy-of-Warsaw1808-768x576.jpg?v=1573423162 768w, https:\/\/lossoldaditosdeplomo.com\/wp-content\/uploads\/2019\/11\/Lancer2nd.Uhlan-Regmt.-Duchy-of-Warsaw1808-1200x900.jpg?v=1573423162 1200w\" sizes=\"auto, (max-width: 800px) 85vw, 800px\" \/><figcaption class=\"wp-element-caption\">Lancero 2\u00ba Rgt. Uhlan. Rgt. Duchy of Warsaw 1808<\/figcaption><\/figure>\n\n\n\n<figure class=\"wp-block-image size-large\"><img loading=\"lazy\" decoding=\"async\" width=\"800\" height=\"600\" data-id=\"31200\" src=\"https:\/\/lossoldaditosdeplomo.com\/wp-content\/uploads\/2019\/11\/Lancer2nd.Uhlan-Regmt.-Duchy-of-Warsaw1808-2.jpg\" alt=\"\" class=\"wp-image-31200\" srcset=\"https:\/\/lossoldaditosdeplomo.com\/wp-content\/uploads\/2019\/11\/Lancer2nd.Uhlan-Regmt.-Duchy-of-Warsaw1808-2.jpg?v=1573423156 800w, https:\/\/lossoldaditosdeplomo.com\/wp-content\/uploads\/2019\/11\/Lancer2nd.Uhlan-Regmt.-Duchy-of-Warsaw1808-2-300x225.jpg?v=1573423156 300w, https:\/\/lossoldaditosdeplomo.com\/wp-content\/uploads\/2019\/11\/Lancer2nd.Uhlan-Regmt.-Duchy-of-Warsaw1808-2-768x576.jpg?v=1573423156 768w, https:\/\/lossoldaditosdeplomo.com\/wp-content\/uploads\/2019\/11\/Lancer2nd.Uhlan-Regmt.-Duchy-of-Warsaw1808-2-1200x900.jpg?v=1573423156 1200w\" sizes=\"auto, (max-width: 800px) 85vw, 800px\" \/><\/figure>\n\n\n\n<figure class=\"wp-block-image size-large\"><img loading=\"lazy\" decoding=\"async\" width=\"800\" height=\"600\" data-id=\"31203\" src=\"https:\/\/lossoldaditosdeplomo.com\/wp-content\/uploads\/2019\/11\/LancerJeune-Garde1806.jpg\" alt=\"\" class=\"wp-image-31203\" srcset=\"https:\/\/lossoldaditosdeplomo.com\/wp-content\/uploads\/2019\/11\/LancerJeune-Garde1806.jpg?v=1573423175 800w, https:\/\/lossoldaditosdeplomo.com\/wp-content\/uploads\/2019\/11\/LancerJeune-Garde1806-300x225.jpg?v=1573423175 300w, https:\/\/lossoldaditosdeplomo.com\/wp-content\/uploads\/2019\/11\/LancerJeune-Garde1806-768x576.jpg?v=1573423175 768w, https:\/\/lossoldaditosdeplomo.com\/wp-content\/uploads\/2019\/11\/LancerJeune-Garde1806-1200x900.jpg?v=1573423175 1200w\" sizes=\"auto, (max-width: 800px) 85vw, 800px\" \/><figcaption class=\"wp-element-caption\">Lancero de la Guardia Joven, 1806<\/figcaption><\/figure>\n\n\n\n<figure class=\"wp-block-image size-large\"><img loading=\"lazy\" decoding=\"async\" width=\"800\" height=\"600\" data-id=\"31202\" src=\"https:\/\/lossoldaditosdeplomo.com\/wp-content\/uploads\/2019\/11\/LancerJeune-Garde1806-2.jpg\" alt=\"\" class=\"wp-image-31202\" srcset=\"https:\/\/lossoldaditosdeplomo.com\/wp-content\/uploads\/2019\/11\/LancerJeune-Garde1806-2.jpg?v=1573423169 800w, https:\/\/lossoldaditosdeplomo.com\/wp-content\/uploads\/2019\/11\/LancerJeune-Garde1806-2-300x225.jpg?v=1573423169 300w, https:\/\/lossoldaditosdeplomo.com\/wp-content\/uploads\/2019\/11\/LancerJeune-Garde1806-2-768x576.jpg?v=1573423169 768w, https:\/\/lossoldaditosdeplomo.com\/wp-content\/uploads\/2019\/11\/LancerJeune-Garde1806-2-1200x900.jpg?v=1573423169 1200w\" sizes=\"auto, (max-width: 800px) 85vw, 800px\" \/><\/figure>\n\n\n\n<figure class=\"wp-block-image size-large\"><img loading=\"lazy\" decoding=\"async\" width=\"800\" height=\"600\" data-id=\"31205\" src=\"https:\/\/lossoldaditosdeplomo.com\/wp-content\/uploads\/2019\/11\/S127-ADC-Bernadotte.jpg\" alt=\"\" class=\"wp-image-31205\" srcset=\"https:\/\/lossoldaditosdeplomo.com\/wp-content\/uploads\/2019\/11\/S127-ADC-Bernadotte.jpg?v=1573423189 800w, https:\/\/lossoldaditosdeplomo.com\/wp-content\/uploads\/2019\/11\/S127-ADC-Bernadotte-300x225.jpg?v=1573423189 300w, https:\/\/lossoldaditosdeplomo.com\/wp-content\/uploads\/2019\/11\/S127-ADC-Bernadotte-768x576.jpg?v=1573423189 768w, https:\/\/lossoldaditosdeplomo.com\/wp-content\/uploads\/2019\/11\/S127-ADC-Bernadotte-1200x900.jpg?v=1573423189 1200w\" sizes=\"auto, (max-width: 800px) 85vw, 800px\" \/><figcaption class=\"wp-element-caption\">Ayudante de Campo de Bernadotte S1-27<\/figcaption><\/figure>\n\n\n\n<figure class=\"wp-block-image size-large\"><img loading=\"lazy\" decoding=\"async\" width=\"800\" height=\"600\" data-id=\"31204\" src=\"https:\/\/lossoldaditosdeplomo.com\/wp-content\/uploads\/2019\/11\/S127-ADC-Bernadotte-2.jpg\" alt=\"\" class=\"wp-image-31204\" srcset=\"https:\/\/lossoldaditosdeplomo.com\/wp-content\/uploads\/2019\/11\/S127-ADC-Bernadotte-2.jpg?v=1573423183 800w, https:\/\/lossoldaditosdeplomo.com\/wp-content\/uploads\/2019\/11\/S127-ADC-Bernadotte-2-300x225.jpg?v=1573423183 300w, https:\/\/lossoldaditosdeplomo.com\/wp-content\/uploads\/2019\/11\/S127-ADC-Bernadotte-2-768x576.jpg?v=1573423183 768w, https:\/\/lossoldaditosdeplomo.com\/wp-content\/uploads\/2019\/11\/S127-ADC-Bernadotte-2-1200x900.jpg?v=1573423183 1200w\" sizes=\"auto, (max-width: 800px) 85vw, 800px\" \/><\/figure>\n\n\n\n<figure class=\"wp-block-image size-large\"><img loading=\"lazy\" decoding=\"async\" width=\"800\" height=\"600\" data-id=\"31207\" src=\"https:\/\/lossoldaditosdeplomo.com\/wp-content\/uploads\/2019\/11\/S334f-Dragon-Trompette1811.jpg\" alt=\"\" class=\"wp-image-31207\" srcset=\"https:\/\/lossoldaditosdeplomo.com\/wp-content\/uploads\/2019\/11\/S334f-Dragon-Trompette1811.jpg?v=1573423202 800w, https:\/\/lossoldaditosdeplomo.com\/wp-content\/uploads\/2019\/11\/S334f-Dragon-Trompette1811-300x225.jpg?v=1573423202 300w, https:\/\/lossoldaditosdeplomo.com\/wp-content\/uploads\/2019\/11\/S334f-Dragon-Trompette1811-768x576.jpg?v=1573423202 768w, https:\/\/lossoldaditosdeplomo.com\/wp-content\/uploads\/2019\/11\/S334f-Dragon-Trompette1811-1200x900.jpg?v=1573423202 1200w\" sizes=\"auto, (max-width: 800px) 85vw, 800px\" \/><figcaption class=\"wp-element-caption\">Trompeta de Dragones 1811   34-f<\/figcaption><\/figure>\n\n\n\n<figure class=\"wp-block-image size-large\"><img loading=\"lazy\" decoding=\"async\" width=\"800\" height=\"600\" data-id=\"31206\" src=\"https:\/\/lossoldaditosdeplomo.com\/wp-content\/uploads\/2019\/11\/S334f-Dragon-Trompette1811-2.jpg\" alt=\"\" class=\"wp-image-31206\" srcset=\"https:\/\/lossoldaditosdeplomo.com\/wp-content\/uploads\/2019\/11\/S334f-Dragon-Trompette1811-2.jpg?v=1573423195 800w, https:\/\/lossoldaditosdeplomo.com\/wp-content\/uploads\/2019\/11\/S334f-Dragon-Trompette1811-2-300x225.jpg?v=1573423195 300w, https:\/\/lossoldaditosdeplomo.com\/wp-content\/uploads\/2019\/11\/S334f-Dragon-Trompette1811-2-768x576.jpg?v=1573423195 768w, https:\/\/lossoldaditosdeplomo.com\/wp-content\/uploads\/2019\/11\/S334f-Dragon-Trompette1811-2-1200x900.jpg?v=1573423195 1200w\" sizes=\"auto, (max-width: 800px) 85vw, 800px\" \/><\/figure>\n\n\n\n<figure class=\"wp-block-image size-large\"><img loading=\"lazy\" decoding=\"async\" width=\"800\" height=\"600\" data-id=\"31209\" src=\"https:\/\/lossoldaditosdeplomo.com\/wp-content\/uploads\/2019\/11\/TrompetteChasseur-a-Cheval1st.Regmt_.Elite-CompanyKingdom-of-Naples1811.jpg\" alt=\"\" class=\"wp-image-31209\" srcset=\"https:\/\/lossoldaditosdeplomo.com\/wp-content\/uploads\/2019\/11\/TrompetteChasseur-a-Cheval1st.Regmt_.Elite-CompanyKingdom-of-Naples1811.jpg?v=1573423215 800w, https:\/\/lossoldaditosdeplomo.com\/wp-content\/uploads\/2019\/11\/TrompetteChasseur-a-Cheval1st.Regmt_.Elite-CompanyKingdom-of-Naples1811-300x225.jpg?v=1573423215 300w, https:\/\/lossoldaditosdeplomo.com\/wp-content\/uploads\/2019\/11\/TrompetteChasseur-a-Cheval1st.Regmt_.Elite-CompanyKingdom-of-Naples1811-768x576.jpg?v=1573423215 768w, https:\/\/lossoldaditosdeplomo.com\/wp-content\/uploads\/2019\/11\/TrompetteChasseur-a-Cheval1st.Regmt_.Elite-CompanyKingdom-of-Naples1811-1200x900.jpg?v=1573423215 1200w\" sizes=\"auto, (max-width: 800px) 85vw, 800px\" \/><figcaption class=\"wp-element-caption\">Trompeta de cazadores acaballo, Rgt. de \u00e9lite compa\u00f1\u00eda del Reino de N\u00e1poles 1811<\/figcaption><\/figure>\n\n\n\n<figure class=\"wp-block-image size-large\"><img loading=\"lazy\" decoding=\"async\" width=\"800\" height=\"600\" data-id=\"31208\" src=\"https:\/\/lossoldaditosdeplomo.com\/wp-content\/uploads\/2019\/11\/TrompetteChasseur-a-Cheval1st.Regmt_.Elite-CompanyKingdom-of-Naples1811-2.jpg\" alt=\"\" class=\"wp-image-31208\" srcset=\"https:\/\/lossoldaditosdeplomo.com\/wp-content\/uploads\/2019\/11\/TrompetteChasseur-a-Cheval1st.Regmt_.Elite-CompanyKingdom-of-Naples1811-2.jpg?v=1573423208 800w, https:\/\/lossoldaditosdeplomo.com\/wp-content\/uploads\/2019\/11\/TrompetteChasseur-a-Cheval1st.Regmt_.Elite-CompanyKingdom-of-Naples1811-2-300x225.jpg?v=1573423208 300w, https:\/\/lossoldaditosdeplomo.com\/wp-content\/uploads\/2019\/11\/TrompetteChasseur-a-Cheval1st.Regmt_.Elite-CompanyKingdom-of-Naples1811-2-768x576.jpg?v=1573423208 768w, https:\/\/lossoldaditosdeplomo.com\/wp-content\/uploads\/2019\/11\/TrompetteChasseur-a-Cheval1st.Regmt_.Elite-CompanyKingdom-of-Naples1811-2-1200x900.jpg?v=1573423208 1200w\" sizes=\"auto, (max-width: 800px) 85vw, 800px\" \/><\/figure>\n\n\n\n<figure class=\"wp-block-image size-large\"><img loading=\"lazy\" decoding=\"async\" width=\"800\" height=\"600\" data-id=\"31211\" src=\"https:\/\/lossoldaditosdeplomo.com\/wp-content\/uploads\/2019\/11\/TrompetteHussard-Garde-RoyaleKingdom-of-Naples1813using-Ref-S331R.jpg\" alt=\"\" class=\"wp-image-31211\" srcset=\"https:\/\/lossoldaditosdeplomo.com\/wp-content\/uploads\/2019\/11\/TrompetteHussard-Garde-RoyaleKingdom-of-Naples1813using-Ref-S331R.jpg?v=1573423228 800w, https:\/\/lossoldaditosdeplomo.com\/wp-content\/uploads\/2019\/11\/TrompetteHussard-Garde-RoyaleKingdom-of-Naples1813using-Ref-S331R-300x225.jpg?v=1573423228 300w, https:\/\/lossoldaditosdeplomo.com\/wp-content\/uploads\/2019\/11\/TrompetteHussard-Garde-RoyaleKingdom-of-Naples1813using-Ref-S331R-768x576.jpg?v=1573423228 768w, https:\/\/lossoldaditosdeplomo.com\/wp-content\/uploads\/2019\/11\/TrompetteHussard-Garde-RoyaleKingdom-of-Naples1813using-Ref-S331R-1200x900.jpg?v=1573423228 1200w\" sizes=\"auto, (max-width: 800px) 85vw, 800px\" \/><figcaption class=\"wp-element-caption\">Trompeta de H\u00fasar de la Guardia Real Reino de N\u00e1poles 1813 ( Basado en Ref: S3-31r)<\/figcaption><\/figure>\n\n\n\n<figure class=\"wp-block-image size-large\"><img loading=\"lazy\" decoding=\"async\" width=\"800\" height=\"600\" data-id=\"31210\" src=\"https:\/\/lossoldaditosdeplomo.com\/wp-content\/uploads\/2019\/11\/TrompetteHussard-Garde-RoyaleKingdom-of-Naples1813using-Ref-S331R-2.jpg\" alt=\"\" class=\"wp-image-31210\" srcset=\"https:\/\/lossoldaditosdeplomo.com\/wp-content\/uploads\/2019\/11\/TrompetteHussard-Garde-RoyaleKingdom-of-Naples1813using-Ref-S331R-2.jpg?v=1573423221 800w, https:\/\/lossoldaditosdeplomo.com\/wp-content\/uploads\/2019\/11\/TrompetteHussard-Garde-RoyaleKingdom-of-Naples1813using-Ref-S331R-2-300x225.jpg?v=1573423221 300w, https:\/\/lossoldaditosdeplomo.com\/wp-content\/uploads\/2019\/11\/TrompetteHussard-Garde-RoyaleKingdom-of-Naples1813using-Ref-S331R-2-768x576.jpg?v=1573423221 768w, https:\/\/lossoldaditosdeplomo.com\/wp-content\/uploads\/2019\/11\/TrompetteHussard-Garde-RoyaleKingdom-of-Naples1813using-Ref-S331R-2-1200x900.jpg?v=1573423221 1200w\" sizes=\"auto, (max-width: 800px) 85vw, 800px\" \/><\/figure>\n<\/figure>\n\n\n\n<figure class=\"wp-block-gallery has-nested-images columns-1 is-cropped wp-block-gallery-28 is-layout-flex wp-block-gallery-is-layout-flex\">\n<figure class=\"wp-block-image size-large\"><a href=\"https:\/\/lossoldaditosdeplomo.com\/wp-content\/uploads\/2019\/11\/General-Duroc-S1-55-scaled.jpg\"><img loading=\"lazy\" decoding=\"async\" width=\"2560\" height=\"1920\" data-id=\"33396\" src=\"https:\/\/lossoldaditosdeplomo.com\/wp-content\/uploads\/2019\/11\/General-Duroc-S1-55-scaled.jpg\" alt=\"\" class=\"wp-image-33396\" srcset=\"https:\/\/lossoldaditosdeplomo.com\/wp-content\/uploads\/2019\/11\/General-Duroc-S1-55-scaled.jpg?v=1573855338 2560w, https:\/\/lossoldaditosdeplomo.com\/wp-content\/uploads\/2019\/11\/General-Duroc-S1-55-300x225.jpg?v=1573855338 300w, https:\/\/lossoldaditosdeplomo.com\/wp-content\/uploads\/2019\/11\/General-Duroc-S1-55-768x576.jpg?v=1573855338 768w, https:\/\/lossoldaditosdeplomo.com\/wp-content\/uploads\/2019\/11\/General-Duroc-S1-55-1536x1152.jpg?v=1573855338 1536w, https:\/\/lossoldaditosdeplomo.com\/wp-content\/uploads\/2019\/11\/General-Duroc-S1-55-2048x1536.jpg?v=1573855338 2048w, https:\/\/lossoldaditosdeplomo.com\/wp-content\/uploads\/2019\/11\/General-Duroc-S1-55-1200x900.jpg?v=1573855338 1200w\" sizes=\"auto, (max-width: 709px) 85vw, (max-width: 909px) 67vw, (max-width: 1362px) 62vw, 840px\" \/><\/a><figcaption class=\"wp-element-caption\">General Duroc<\/figcaption><\/figure>\n\n\n\n<figure class=\"wp-block-image size-large\"><a href=\"https:\/\/lossoldaditosdeplomo.com\/wp-content\/uploads\/2019\/11\/Husar-Guardia-Rela-Reino-de-Napoles-1813-S3-31-scaled.jpg\"><img loading=\"lazy\" decoding=\"async\" width=\"2560\" height=\"1920\" data-id=\"33397\" src=\"https:\/\/lossoldaditosdeplomo.com\/wp-content\/uploads\/2019\/11\/Husar-Guardia-Rela-Reino-de-Napoles-1813-S3-31-scaled.jpg\" alt=\"\" class=\"wp-image-33397\" srcset=\"https:\/\/lossoldaditosdeplomo.com\/wp-content\/uploads\/2019\/11\/Husar-Guardia-Rela-Reino-de-Napoles-1813-S3-31-scaled.jpg?v=1573855360 2560w, https:\/\/lossoldaditosdeplomo.com\/wp-content\/uploads\/2019\/11\/Husar-Guardia-Rela-Reino-de-Napoles-1813-S3-31-300x225.jpg?v=1573855360 300w, https:\/\/lossoldaditosdeplomo.com\/wp-content\/uploads\/2019\/11\/Husar-Guardia-Rela-Reino-de-Napoles-1813-S3-31-768x576.jpg?v=1573855360 768w, https:\/\/lossoldaditosdeplomo.com\/wp-content\/uploads\/2019\/11\/Husar-Guardia-Rela-Reino-de-Napoles-1813-S3-31-1536x1152.jpg?v=1573855360 1536w, https:\/\/lossoldaditosdeplomo.com\/wp-content\/uploads\/2019\/11\/Husar-Guardia-Rela-Reino-de-Napoles-1813-S3-31-2048x1536.jpg?v=1573855360 2048w, https:\/\/lossoldaditosdeplomo.com\/wp-content\/uploads\/2019\/11\/Husar-Guardia-Rela-Reino-de-Napoles-1813-S3-31-1200x900.jpg?v=1573855360 1200w\" sizes=\"auto, (max-width: 709px) 85vw, (max-width: 909px) 67vw, (max-width: 1362px) 62vw, 840px\" \/><\/a><figcaption class=\"wp-element-caption\">H\u00fasar de la Guardia Real, Reino de N\u00e1poles 1813<br>Basado en S3-31-i<\/figcaption><\/figure>\n\n\n\n<figure class=\"wp-block-image size-large\"><a href=\"https:\/\/lossoldaditosdeplomo.com\/wp-content\/uploads\/2019\/11\/lancero-con-estandarte-1812-scaled.jpg\"><img loading=\"lazy\" decoding=\"async\" width=\"2560\" height=\"1920\" data-id=\"33398\" src=\"https:\/\/lossoldaditosdeplomo.com\/wp-content\/uploads\/2019\/11\/lancero-con-estandarte-1812-scaled.jpg\" alt=\"\" class=\"wp-image-33398\" srcset=\"https:\/\/lossoldaditosdeplomo.com\/wp-content\/uploads\/2019\/11\/lancero-con-estandarte-1812-scaled.jpg?v=1573855383 2560w, https:\/\/lossoldaditosdeplomo.com\/wp-content\/uploads\/2019\/11\/lancero-con-estandarte-1812-300x225.jpg?v=1573855383 300w, https:\/\/lossoldaditosdeplomo.com\/wp-content\/uploads\/2019\/11\/lancero-con-estandarte-1812-768x576.jpg?v=1573855383 768w, https:\/\/lossoldaditosdeplomo.com\/wp-content\/uploads\/2019\/11\/lancero-con-estandarte-1812-1536x1152.jpg?v=1573855383 1536w, https:\/\/lossoldaditosdeplomo.com\/wp-content\/uploads\/2019\/11\/lancero-con-estandarte-1812-2048x1536.jpg?v=1573855383 2048w, https:\/\/lossoldaditosdeplomo.com\/wp-content\/uploads\/2019\/11\/lancero-con-estandarte-1812-1200x900.jpg?v=1573855383 1200w\" sizes=\"auto, (max-width: 709px) 85vw, (max-width: 909px) 67vw, (max-width: 1362px) 62vw, 840px\" \/><\/a><figcaption class=\"wp-element-caption\">Lancero Rojo con estandarte, 1812<\/figcaption><\/figure>\n<\/figure>\n\n\n\n<!--nextpage-->\n\n\n\n<h2 class=\"wp-block-heading has-text-align-center\">Prusianos<\/h2>\n\n\n\n<figure class=\"wp-block-gallery has-nested-images columns-1 is-cropped wp-block-gallery-29 is-layout-flex wp-block-gallery-is-layout-flex\">\n<figure class=\"wp-block-image size-large\"><img loading=\"lazy\" decoding=\"async\" width=\"800\" height=\"449\" data-id=\"107882\" src=\"https:\/\/lossoldaditosdeplomo.com\/wp-content\/uploads\/2020\/07\/Prusianos-de-labayen-scaled.jpg\" alt=\"\" class=\"wp-image-107882\" srcset=\"https:\/\/lossoldaditosdeplomo.com\/wp-content\/uploads\/2020\/07\/Prusianos-de-labayen-scaled.jpg?v=1594204063 800w, https:\/\/lossoldaditosdeplomo.com\/wp-content\/uploads\/2020\/07\/Prusianos-de-labayen-300x168.jpg?v=1594204063 300w, https:\/\/lossoldaditosdeplomo.com\/wp-content\/uploads\/2020\/07\/Prusianos-de-labayen-768x431.jpg?v=1594204063 768w, https:\/\/lossoldaditosdeplomo.com\/wp-content\/uploads\/2020\/07\/Prusianos-de-labayen-1536x862.jpg?v=1594204063 1536w, https:\/\/lossoldaditosdeplomo.com\/wp-content\/uploads\/2020\/07\/Prusianos-de-labayen-2048x1150.jpg?v=1594204063 2048w, https:\/\/lossoldaditosdeplomo.com\/wp-content\/uploads\/2020\/07\/Prusianos-de-labayen-1200x674.jpg?v=1594204063 1200w\" sizes=\"auto, (max-width: 800px) 85vw, 800px\" \/><\/figure>\n\n\n\n<figure class=\"wp-block-image size-large\"><img loading=\"lazy\" decoding=\"async\" width=\"449\" height=\"800\" data-id=\"107883\" src=\"https:\/\/lossoldaditosdeplomo.com\/wp-content\/uploads\/2020\/07\/Prussian-Dragoner1760-2-scaled.jpg\" alt=\"\" class=\"wp-image-107883\" srcset=\"https:\/\/lossoldaditosdeplomo.com\/wp-content\/uploads\/2020\/07\/Prussian-Dragoner1760-2-scaled.jpg?v=1594204067 449w, https:\/\/lossoldaditosdeplomo.com\/wp-content\/uploads\/2020\/07\/Prussian-Dragoner1760-2-168x300.jpg?v=1594204067 168w, https:\/\/lossoldaditosdeplomo.com\/wp-content\/uploads\/2020\/07\/Prussian-Dragoner1760-2-768x1368.jpg?v=1594204067 768w, https:\/\/lossoldaditosdeplomo.com\/wp-content\/uploads\/2020\/07\/Prussian-Dragoner1760-2-862x1536.jpg?v=1594204067 862w, https:\/\/lossoldaditosdeplomo.com\/wp-content\/uploads\/2020\/07\/Prussian-Dragoner1760-2-1150x2048.jpg?v=1594204067 1150w, https:\/\/lossoldaditosdeplomo.com\/wp-content\/uploads\/2020\/07\/Prussian-Dragoner1760-2-1200x2138.jpg?v=1594204067 1200w\" sizes=\"auto, (max-width: 449px) 85vw, 449px\" \/><figcaption class=\"wp-element-caption\">Drag\u00f3n Prusiano 1760<\/figcaption><\/figure>\n\n\n\n<figure class=\"wp-block-image size-large\"><img loading=\"lazy\" decoding=\"async\" width=\"449\" height=\"800\" data-id=\"107884\" src=\"https:\/\/lossoldaditosdeplomo.com\/wp-content\/uploads\/2020\/07\/Prussian-Dragoner1760-scaled.jpg\" alt=\"\" class=\"wp-image-107884\" srcset=\"https:\/\/lossoldaditosdeplomo.com\/wp-content\/uploads\/2020\/07\/Prussian-Dragoner1760-scaled.jpg?v=1594204071 449w, https:\/\/lossoldaditosdeplomo.com\/wp-content\/uploads\/2020\/07\/Prussian-Dragoner1760-168x300.jpg?v=1594204071 168w, https:\/\/lossoldaditosdeplomo.com\/wp-content\/uploads\/2020\/07\/Prussian-Dragoner1760-768x1368.jpg?v=1594204071 768w, https:\/\/lossoldaditosdeplomo.com\/wp-content\/uploads\/2020\/07\/Prussian-Dragoner1760-862x1536.jpg?v=1594204071 862w, https:\/\/lossoldaditosdeplomo.com\/wp-content\/uploads\/2020\/07\/Prussian-Dragoner1760-1150x2048.jpg?v=1594204071 1150w, https:\/\/lossoldaditosdeplomo.com\/wp-content\/uploads\/2020\/07\/Prussian-Dragoner1760-1200x2138.jpg?v=1594204071 1200w\" sizes=\"auto, (max-width: 449px) 85vw, 449px\" \/><figcaption class=\"wp-element-caption\">Drag\u00f3n Prusiano 1760<\/figcaption><\/figure>\n\n\n\n<figure class=\"wp-block-image size-large\"><img loading=\"lazy\" decoding=\"async\" width=\"449\" height=\"800\" data-id=\"107885\" src=\"https:\/\/lossoldaditosdeplomo.com\/wp-content\/uploads\/2020\/07\/Prussian-Fusilier1760-scaled.jpg\" alt=\"\" class=\"wp-image-107885\" srcset=\"https:\/\/lossoldaditosdeplomo.com\/wp-content\/uploads\/2020\/07\/Prussian-Fusilier1760-scaled.jpg?v=1594204075 449w, https:\/\/lossoldaditosdeplomo.com\/wp-content\/uploads\/2020\/07\/Prussian-Fusilier1760-168x300.jpg?v=1594204075 168w, https:\/\/lossoldaditosdeplomo.com\/wp-content\/uploads\/2020\/07\/Prussian-Fusilier1760-768x1368.jpg?v=1594204075 768w, https:\/\/lossoldaditosdeplomo.com\/wp-content\/uploads\/2020\/07\/Prussian-Fusilier1760-862x1536.jpg?v=1594204075 862w, https:\/\/lossoldaditosdeplomo.com\/wp-content\/uploads\/2020\/07\/Prussian-Fusilier1760-1150x2048.jpg?v=1594204075 1150w, https:\/\/lossoldaditosdeplomo.com\/wp-content\/uploads\/2020\/07\/Prussian-Fusilier1760-1200x2138.jpg?v=1594204075 1200w\" sizes=\"auto, (max-width: 449px) 85vw, 449px\" \/><figcaption class=\"wp-element-caption\">Fusilero Prusiano 1760<\/figcaption><\/figure>\n\n\n\n<figure class=\"wp-block-image size-large\"><img loading=\"lazy\" decoding=\"async\" width=\"449\" height=\"800\" data-id=\"107886\" src=\"https:\/\/lossoldaditosdeplomo.com\/wp-content\/uploads\/2020\/07\/Prussian-Grenadier1760-b-scaled.jpg\" alt=\"\" class=\"wp-image-107886\" srcset=\"https:\/\/lossoldaditosdeplomo.com\/wp-content\/uploads\/2020\/07\/Prussian-Grenadier1760-b-scaled.jpg?v=1594204080 449w, https:\/\/lossoldaditosdeplomo.com\/wp-content\/uploads\/2020\/07\/Prussian-Grenadier1760-b-168x300.jpg?v=1594204080 168w, https:\/\/lossoldaditosdeplomo.com\/wp-content\/uploads\/2020\/07\/Prussian-Grenadier1760-b-768x1368.jpg?v=1594204080 768w, https:\/\/lossoldaditosdeplomo.com\/wp-content\/uploads\/2020\/07\/Prussian-Grenadier1760-b-862x1536.jpg?v=1594204080 862w, https:\/\/lossoldaditosdeplomo.com\/wp-content\/uploads\/2020\/07\/Prussian-Grenadier1760-b-1150x2048.jpg?v=1594204080 1150w, https:\/\/lossoldaditosdeplomo.com\/wp-content\/uploads\/2020\/07\/Prussian-Grenadier1760-b-1200x2138.jpg?v=1594204080 1200w\" sizes=\"auto, (max-width: 449px) 85vw, 449px\" \/><figcaption class=\"wp-element-caption\">Granadero Prusiano 1760<\/figcaption><\/figure>\n\n\n\n<figure class=\"wp-block-image size-large\"><img loading=\"lazy\" decoding=\"async\" width=\"449\" height=\"800\" data-id=\"107887\" src=\"https:\/\/lossoldaditosdeplomo.com\/wp-content\/uploads\/2020\/07\/Prussian-Grenadier1760-scaled.jpg\" alt=\"\" class=\"wp-image-107887\" srcset=\"https:\/\/lossoldaditosdeplomo.com\/wp-content\/uploads\/2020\/07\/Prussian-Grenadier1760-scaled.jpg?v=1594204084 449w, https:\/\/lossoldaditosdeplomo.com\/wp-content\/uploads\/2020\/07\/Prussian-Grenadier1760-168x300.jpg?v=1594204084 168w, https:\/\/lossoldaditosdeplomo.com\/wp-content\/uploads\/2020\/07\/Prussian-Grenadier1760-768x1368.jpg?v=1594204084 768w, https:\/\/lossoldaditosdeplomo.com\/wp-content\/uploads\/2020\/07\/Prussian-Grenadier1760-862x1536.jpg?v=1594204084 862w, https:\/\/lossoldaditosdeplomo.com\/wp-content\/uploads\/2020\/07\/Prussian-Grenadier1760-1150x2048.jpg?v=1594204084 1150w, https:\/\/lossoldaditosdeplomo.com\/wp-content\/uploads\/2020\/07\/Prussian-Grenadier1760-1200x2138.jpg?v=1594204084 1200w\" sizes=\"auto, (max-width: 449px) 85vw, 449px\" \/><figcaption class=\"wp-element-caption\">Granadero Prusiano 1760<\/figcaption><\/figure>\n\n\n\n<figure class=\"wp-block-image size-large\"><img loading=\"lazy\" decoding=\"async\" width=\"449\" height=\"800\" data-id=\"107888\" src=\"https:\/\/lossoldaditosdeplomo.com\/wp-content\/uploads\/2020\/07\/Prussian-Musketeer-1760-scaled.jpg\" alt=\"\" class=\"wp-image-107888\" srcset=\"https:\/\/lossoldaditosdeplomo.com\/wp-content\/uploads\/2020\/07\/Prussian-Musketeer-1760-scaled.jpg?v=1594204088 449w, https:\/\/lossoldaditosdeplomo.com\/wp-content\/uploads\/2020\/07\/Prussian-Musketeer-1760-168x300.jpg?v=1594204088 168w, https:\/\/lossoldaditosdeplomo.com\/wp-content\/uploads\/2020\/07\/Prussian-Musketeer-1760-768x1368.jpg?v=1594204088 768w, https:\/\/lossoldaditosdeplomo.com\/wp-content\/uploads\/2020\/07\/Prussian-Musketeer-1760-862x1536.jpg?v=1594204088 862w, https:\/\/lossoldaditosdeplomo.com\/wp-content\/uploads\/2020\/07\/Prussian-Musketeer-1760-1150x2048.jpg?v=1594204088 1150w, https:\/\/lossoldaditosdeplomo.com\/wp-content\/uploads\/2020\/07\/Prussian-Musketeer-1760-1200x2138.jpg?v=1594204088 1200w\" sizes=\"auto, (max-width: 449px) 85vw, 449px\" \/><figcaption class=\"wp-element-caption\">Mosquetero Prusiano 1760<\/figcaption><\/figure>\n\n\n\n<figure class=\"wp-block-image size-large\"><img loading=\"lazy\" decoding=\"async\" width=\"449\" height=\"800\" data-id=\"107889\" src=\"https:\/\/lossoldaditosdeplomo.com\/wp-content\/uploads\/2020\/07\/Prussian-Officer-1760-scaled.jpg\" alt=\"\" class=\"wp-image-107889\" srcset=\"https:\/\/lossoldaditosdeplomo.com\/wp-content\/uploads\/2020\/07\/Prussian-Officer-1760-scaled.jpg?v=1594204093 449w, https:\/\/lossoldaditosdeplomo.com\/wp-content\/uploads\/2020\/07\/Prussian-Officer-1760-168x300.jpg?v=1594204093 168w, https:\/\/lossoldaditosdeplomo.com\/wp-content\/uploads\/2020\/07\/Prussian-Officer-1760-768x1368.jpg?v=1594204093 768w, https:\/\/lossoldaditosdeplomo.com\/wp-content\/uploads\/2020\/07\/Prussian-Officer-1760-862x1536.jpg?v=1594204093 862w, https:\/\/lossoldaditosdeplomo.com\/wp-content\/uploads\/2020\/07\/Prussian-Officer-1760-1150x2048.jpg?v=1594204093 1150w, https:\/\/lossoldaditosdeplomo.com\/wp-content\/uploads\/2020\/07\/Prussian-Officer-1760-1200x2138.jpg?v=1594204093 1200w\" sizes=\"auto, (max-width: 449px) 85vw, 449px\" \/><figcaption class=\"wp-element-caption\">Oficial Prusiano 1760<\/figcaption><\/figure>\n\n\n\n<figure class=\"wp-block-image size-large\"><img loading=\"lazy\" decoding=\"async\" width=\"449\" height=\"800\" data-id=\"107890\" src=\"https:\/\/lossoldaditosdeplomo.com\/wp-content\/uploads\/2020\/07\/Prussian-Staff-Sargeant1760-1-scaled.jpg\" alt=\"\" class=\"wp-image-107890\" srcset=\"https:\/\/lossoldaditosdeplomo.com\/wp-content\/uploads\/2020\/07\/Prussian-Staff-Sargeant1760-1-scaled.jpg?v=1594204097 449w, https:\/\/lossoldaditosdeplomo.com\/wp-content\/uploads\/2020\/07\/Prussian-Staff-Sargeant1760-1-168x300.jpg?v=1594204097 168w, https:\/\/lossoldaditosdeplomo.com\/wp-content\/uploads\/2020\/07\/Prussian-Staff-Sargeant1760-1-768x1368.jpg?v=1594204097 768w, https:\/\/lossoldaditosdeplomo.com\/wp-content\/uploads\/2020\/07\/Prussian-Staff-Sargeant1760-1-862x1536.jpg?v=1594204097 862w, https:\/\/lossoldaditosdeplomo.com\/wp-content\/uploads\/2020\/07\/Prussian-Staff-Sargeant1760-1-1150x2048.jpg?v=1594204097 1150w, https:\/\/lossoldaditosdeplomo.com\/wp-content\/uploads\/2020\/07\/Prussian-Staff-Sargeant1760-1-1200x2138.jpg?v=1594204097 1200w\" sizes=\"auto, (max-width: 449px) 85vw, 449px\" \/><figcaption class=\"wp-element-caption\">PrussianStaff Sargeant 1760<\/figcaption><\/figure>\n<\/figure>\n\n\n\n<!--nextpage-->\n\n\n\n<h3 class=\"wp-block-heading has-text-align-center\">PORTA ESTANDARTES<\/h3>\n\n\n\n<figure class=\"wp-block-gallery has-nested-images columns-1 is-cropped wp-block-gallery-30 is-layout-flex wp-block-gallery-is-layout-flex\">\n<figure class=\"wp-block-image size-large\"><img loading=\"lazy\" decoding=\"async\" width=\"800\" height=\"449\" data-id=\"107901\" src=\"https:\/\/lossoldaditosdeplomo.com\/wp-content\/uploads\/2020\/07\/Varias-figuras-de-labayen-1-scaled.jpg\" alt=\"\" class=\"wp-image-107901\" srcset=\"https:\/\/lossoldaditosdeplomo.com\/wp-content\/uploads\/2020\/07\/Varias-figuras-de-labayen-1-scaled.jpg?v=1594204148 800w, https:\/\/lossoldaditosdeplomo.com\/wp-content\/uploads\/2020\/07\/Varias-figuras-de-labayen-1-300x168.jpg?v=1594204148 300w, https:\/\/lossoldaditosdeplomo.com\/wp-content\/uploads\/2020\/07\/Varias-figuras-de-labayen-1-768x431.jpg?v=1594204148 768w, https:\/\/lossoldaditosdeplomo.com\/wp-content\/uploads\/2020\/07\/Varias-figuras-de-labayen-1-1536x862.jpg?v=1594204148 1536w, https:\/\/lossoldaditosdeplomo.com\/wp-content\/uploads\/2020\/07\/Varias-figuras-de-labayen-1-2048x1150.jpg?v=1594204148 2048w, https:\/\/lossoldaditosdeplomo.com\/wp-content\/uploads\/2020\/07\/Varias-figuras-de-labayen-1-1200x674.jpg?v=1594204148 1200w\" sizes=\"auto, (max-width: 800px) 85vw, 800px\" \/><\/figure>\n\n\n\n<figure class=\"wp-block-image size-large\"><img loading=\"lazy\" decoding=\"async\" width=\"449\" height=\"800\" data-id=\"107900\" src=\"https:\/\/lossoldaditosdeplomo.com\/wp-content\/uploads\/2020\/07\/StandardRegiment-Vermandois-1-scaled.jpg\" alt=\"\" class=\"wp-image-107900\" srcset=\"https:\/\/lossoldaditosdeplomo.com\/wp-content\/uploads\/2020\/07\/StandardRegiment-Vermandois-1-scaled.jpg?v=1594204144 449w, https:\/\/lossoldaditosdeplomo.com\/wp-content\/uploads\/2020\/07\/StandardRegiment-Vermandois-1-168x300.jpg?v=1594204144 168w, https:\/\/lossoldaditosdeplomo.com\/wp-content\/uploads\/2020\/07\/StandardRegiment-Vermandois-1-768x1368.jpg?v=1594204144 768w, https:\/\/lossoldaditosdeplomo.com\/wp-content\/uploads\/2020\/07\/StandardRegiment-Vermandois-1-862x1536.jpg?v=1594204144 862w, https:\/\/lossoldaditosdeplomo.com\/wp-content\/uploads\/2020\/07\/StandardRegiment-Vermandois-1-1150x2048.jpg?v=1594204144 1150w, https:\/\/lossoldaditosdeplomo.com\/wp-content\/uploads\/2020\/07\/StandardRegiment-Vermandois-1-1200x2138.jpg?v=1594204144 1200w\" sizes=\"auto, (max-width: 449px) 85vw, 449px\" \/><figcaption class=\"wp-element-caption\">Estandarte Regiment Vermandois 1776<\/figcaption><\/figure>\n\n\n\n<figure class=\"wp-block-image size-large\"><img loading=\"lazy\" decoding=\"async\" width=\"449\" height=\"800\" data-id=\"107899\" src=\"https:\/\/lossoldaditosdeplomo.com\/wp-content\/uploads\/2020\/07\/StandardRegiment-Royal-1776-1-scaled.jpg\" alt=\"\" class=\"wp-image-107899\" srcset=\"https:\/\/lossoldaditosdeplomo.com\/wp-content\/uploads\/2020\/07\/StandardRegiment-Royal-1776-1-scaled.jpg?v=1594204140 449w, https:\/\/lossoldaditosdeplomo.com\/wp-content\/uploads\/2020\/07\/StandardRegiment-Royal-1776-1-168x300.jpg?v=1594204140 168w, https:\/\/lossoldaditosdeplomo.com\/wp-content\/uploads\/2020\/07\/StandardRegiment-Royal-1776-1-768x1368.jpg?v=1594204140 768w, https:\/\/lossoldaditosdeplomo.com\/wp-content\/uploads\/2020\/07\/StandardRegiment-Royal-1776-1-862x1536.jpg?v=1594204140 862w, https:\/\/lossoldaditosdeplomo.com\/wp-content\/uploads\/2020\/07\/StandardRegiment-Royal-1776-1-1150x2048.jpg?v=1594204140 1150w, https:\/\/lossoldaditosdeplomo.com\/wp-content\/uploads\/2020\/07\/StandardRegiment-Royal-1776-1-1200x2138.jpg?v=1594204140 1200w\" sizes=\"auto, (max-width: 449px) 85vw, 449px\" \/><figcaption class=\"wp-element-caption\">Estandarte Regiment Royal 1776<\/figcaption><\/figure>\n\n\n\n<figure class=\"wp-block-image size-large\"><img loading=\"lazy\" decoding=\"async\" width=\"449\" height=\"800\" data-id=\"107898\" src=\"https:\/\/lossoldaditosdeplomo.com\/wp-content\/uploads\/2020\/07\/StandardRegiment-Chartres1776-1-scaled.jpg\" alt=\"\" class=\"wp-image-107898\" srcset=\"https:\/\/lossoldaditosdeplomo.com\/wp-content\/uploads\/2020\/07\/StandardRegiment-Chartres1776-1-scaled.jpg?v=1594204135 449w, https:\/\/lossoldaditosdeplomo.com\/wp-content\/uploads\/2020\/07\/StandardRegiment-Chartres1776-1-168x300.jpg?v=1594204135 168w, https:\/\/lossoldaditosdeplomo.com\/wp-content\/uploads\/2020\/07\/StandardRegiment-Chartres1776-1-768x1368.jpg?v=1594204135 768w, https:\/\/lossoldaditosdeplomo.com\/wp-content\/uploads\/2020\/07\/StandardRegiment-Chartres1776-1-862x1536.jpg?v=1594204135 862w, https:\/\/lossoldaditosdeplomo.com\/wp-content\/uploads\/2020\/07\/StandardRegiment-Chartres1776-1-1150x2048.jpg?v=1594204135 1150w, https:\/\/lossoldaditosdeplomo.com\/wp-content\/uploads\/2020\/07\/StandardRegiment-Chartres1776-1-1200x2138.jpg?v=1594204135 1200w\" sizes=\"auto, (max-width: 449px) 85vw, 449px\" \/><figcaption class=\"wp-element-caption\">Estandarte Regimiento Chartres 1776<\/figcaption><\/figure>\n\n\n\n<figure class=\"wp-block-image size-large\"><img loading=\"lazy\" decoding=\"async\" width=\"449\" height=\"800\" data-id=\"107897\" src=\"https:\/\/lossoldaditosdeplomo.com\/wp-content\/uploads\/2020\/07\/StandardRegiment-Champagne1760-1-scaled.jpg\" alt=\"\" class=\"wp-image-107897\" srcset=\"https:\/\/lossoldaditosdeplomo.com\/wp-content\/uploads\/2020\/07\/StandardRegiment-Champagne1760-1-scaled.jpg?v=1594204130 449w, https:\/\/lossoldaditosdeplomo.com\/wp-content\/uploads\/2020\/07\/StandardRegiment-Champagne1760-1-168x300.jpg?v=1594204130 168w, https:\/\/lossoldaditosdeplomo.com\/wp-content\/uploads\/2020\/07\/StandardRegiment-Champagne1760-1-768x1368.jpg?v=1594204130 768w, https:\/\/lossoldaditosdeplomo.com\/wp-content\/uploads\/2020\/07\/StandardRegiment-Champagne1760-1-862x1536.jpg?v=1594204130 862w, https:\/\/lossoldaditosdeplomo.com\/wp-content\/uploads\/2020\/07\/StandardRegiment-Champagne1760-1-1150x2048.jpg?v=1594204130 1150w, https:\/\/lossoldaditosdeplomo.com\/wp-content\/uploads\/2020\/07\/StandardRegiment-Champagne1760-1-1200x2138.jpg?v=1594204130 1200w\" sizes=\"auto, (max-width: 449px) 85vw, 449px\" \/><figcaption class=\"wp-element-caption\">Estandarte Regimiento Champagne 1760<\/figcaption><\/figure>\n\n\n\n<figure class=\"wp-block-image size-large\"><img loading=\"lazy\" decoding=\"async\" width=\"449\" height=\"800\" data-id=\"107896\" src=\"https:\/\/lossoldaditosdeplomo.com\/wp-content\/uploads\/2020\/07\/StandardRegiment-Bourbon1760-1-scaled.jpg\" alt=\"\" class=\"wp-image-107896\" srcset=\"https:\/\/lossoldaditosdeplomo.com\/wp-content\/uploads\/2020\/07\/StandardRegiment-Bourbon1760-1-scaled.jpg?v=1594204124 449w, https:\/\/lossoldaditosdeplomo.com\/wp-content\/uploads\/2020\/07\/StandardRegiment-Bourbon1760-1-168x300.jpg?v=1594204124 168w, https:\/\/lossoldaditosdeplomo.com\/wp-content\/uploads\/2020\/07\/StandardRegiment-Bourbon1760-1-768x1368.jpg?v=1594204124 768w, https:\/\/lossoldaditosdeplomo.com\/wp-content\/uploads\/2020\/07\/StandardRegiment-Bourbon1760-1-862x1536.jpg?v=1594204124 862w, https:\/\/lossoldaditosdeplomo.com\/wp-content\/uploads\/2020\/07\/StandardRegiment-Bourbon1760-1-1150x2048.jpg?v=1594204124 1150w, https:\/\/lossoldaditosdeplomo.com\/wp-content\/uploads\/2020\/07\/StandardRegiment-Bourbon1760-1-1200x2138.jpg?v=1594204124 1200w\" sizes=\"auto, (max-width: 449px) 85vw, 449px\" \/><figcaption class=\"wp-element-caption\">Estandarte Regimiento Bourbon 1760<\/figcaption><\/figure>\n\n\n\n<figure class=\"wp-block-image size-large\"><img loading=\"lazy\" decoding=\"async\" width=\"449\" height=\"800\" data-id=\"107895\" src=\"https:\/\/lossoldaditosdeplomo.com\/wp-content\/uploads\/2020\/07\/StandardRegiment-Auvergne1760-1-scaled.jpg\" alt=\"\" class=\"wp-image-107895\" srcset=\"https:\/\/lossoldaditosdeplomo.com\/wp-content\/uploads\/2020\/07\/StandardRegiment-Auvergne1760-1-scaled.jpg?v=1594204120 449w, https:\/\/lossoldaditosdeplomo.com\/wp-content\/uploads\/2020\/07\/StandardRegiment-Auvergne1760-1-168x300.jpg?v=1594204120 168w, https:\/\/lossoldaditosdeplomo.com\/wp-content\/uploads\/2020\/07\/StandardRegiment-Auvergne1760-1-768x1368.jpg?v=1594204120 768w, https:\/\/lossoldaditosdeplomo.com\/wp-content\/uploads\/2020\/07\/StandardRegiment-Auvergne1760-1-862x1536.jpg?v=1594204120 862w, https:\/\/lossoldaditosdeplomo.com\/wp-content\/uploads\/2020\/07\/StandardRegiment-Auvergne1760-1-1150x2048.jpg?v=1594204120 1150w, https:\/\/lossoldaditosdeplomo.com\/wp-content\/uploads\/2020\/07\/StandardRegiment-Auvergne1760-1-1200x2138.jpg?v=1594204120 1200w\" sizes=\"auto, (max-width: 449px) 85vw, 449px\" \/><figcaption class=\"wp-element-caption\">Estandarte Regimiento Auvergne 1760<\/figcaption><\/figure>\n<\/figure>\n\n\n\n<!--nextpage-->\n\n\n\n<h3 class=\"wp-block-heading has-text-align-center\">CABALLER\u00cdA<\/h3>\n\n\n\n<figure class=\"wp-block-gallery has-nested-images columns-1 is-cropped wp-block-gallery-31 is-layout-flex wp-block-gallery-is-layout-flex\">\n<figure class=\"wp-block-image size-large\"><img loading=\"lazy\" decoding=\"async\" width=\"449\" height=\"800\" data-id=\"107878\" src=\"https:\/\/lossoldaditosdeplomo.com\/wp-content\/uploads\/2020\/07\/Hussar-Trompette1806-scaled.jpg\" alt=\"\" class=\"wp-image-107878\" srcset=\"https:\/\/lossoldaditosdeplomo.com\/wp-content\/uploads\/2020\/07\/Hussar-Trompette1806-scaled.jpg?v=1594204046 449w, https:\/\/lossoldaditosdeplomo.com\/wp-content\/uploads\/2020\/07\/Hussar-Trompette1806-168x300.jpg?v=1594204046 168w, https:\/\/lossoldaditosdeplomo.com\/wp-content\/uploads\/2020\/07\/Hussar-Trompette1806-768x1368.jpg?v=1594204046 768w, https:\/\/lossoldaditosdeplomo.com\/wp-content\/uploads\/2020\/07\/Hussar-Trompette1806-862x1536.jpg?v=1594204046 862w, https:\/\/lossoldaditosdeplomo.com\/wp-content\/uploads\/2020\/07\/Hussar-Trompette1806-1150x2048.jpg?v=1594204046 1150w, https:\/\/lossoldaditosdeplomo.com\/wp-content\/uploads\/2020\/07\/Hussar-Trompette1806-1200x2138.jpg?v=1594204046 1200w\" sizes=\"auto, (max-width: 449px) 85vw, 449px\" \/><figcaption class=\"wp-element-caption\">Hussar Trompette 1806<\/figcaption><\/figure>\n\n\n\n<figure class=\"wp-block-image size-large\"><img loading=\"lazy\" decoding=\"async\" width=\"449\" height=\"800\" data-id=\"107877\" src=\"https:\/\/lossoldaditosdeplomo.com\/wp-content\/uploads\/2020\/07\/Dragon-Trompette1806-scaled.jpg\" alt=\"\" class=\"wp-image-107877\" srcset=\"https:\/\/lossoldaditosdeplomo.com\/wp-content\/uploads\/2020\/07\/Dragon-Trompette1806-scaled.jpg?v=1594204041 449w, https:\/\/lossoldaditosdeplomo.com\/wp-content\/uploads\/2020\/07\/Dragon-Trompette1806-168x300.jpg?v=1594204041 168w, https:\/\/lossoldaditosdeplomo.com\/wp-content\/uploads\/2020\/07\/Dragon-Trompette1806-768x1368.jpg?v=1594204041 768w, https:\/\/lossoldaditosdeplomo.com\/wp-content\/uploads\/2020\/07\/Dragon-Trompette1806-862x1536.jpg?v=1594204041 862w, https:\/\/lossoldaditosdeplomo.com\/wp-content\/uploads\/2020\/07\/Dragon-Trompette1806-1150x2048.jpg?v=1594204041 1150w, https:\/\/lossoldaditosdeplomo.com\/wp-content\/uploads\/2020\/07\/Dragon-Trompette1806-1200x2138.jpg?v=1594204041 1200w\" sizes=\"auto, (max-width: 449px) 85vw, 449px\" \/><figcaption class=\"wp-element-caption\">Dragon Trompette 1806<\/figcaption><\/figure>\n\n\n\n<figure class=\"wp-block-image size-large\"><img loading=\"lazy\" decoding=\"async\" width=\"449\" height=\"800\" data-id=\"107876\" src=\"https:\/\/lossoldaditosdeplomo.com\/wp-content\/uploads\/2020\/07\/Dragon-Cavalier1806-scaled.jpg\" alt=\"\" class=\"wp-image-107876\" srcset=\"https:\/\/lossoldaditosdeplomo.com\/wp-content\/uploads\/2020\/07\/Dragon-Cavalier1806-scaled.jpg?v=1594204037 449w, https:\/\/lossoldaditosdeplomo.com\/wp-content\/uploads\/2020\/07\/Dragon-Cavalier1806-168x300.jpg?v=1594204037 168w, https:\/\/lossoldaditosdeplomo.com\/wp-content\/uploads\/2020\/07\/Dragon-Cavalier1806-768x1368.jpg?v=1594204037 768w, https:\/\/lossoldaditosdeplomo.com\/wp-content\/uploads\/2020\/07\/Dragon-Cavalier1806-862x1536.jpg?v=1594204037 862w, https:\/\/lossoldaditosdeplomo.com\/wp-content\/uploads\/2020\/07\/Dragon-Cavalier1806-1150x2048.jpg?v=1594204037 1150w, https:\/\/lossoldaditosdeplomo.com\/wp-content\/uploads\/2020\/07\/Dragon-Cavalier1806-1200x2138.jpg?v=1594204037 1200w\" sizes=\"auto, (max-width: 449px) 85vw, 449px\" \/><figcaption class=\"wp-element-caption\">Dragon Cavalier 1806<\/figcaption><\/figure>\n\n\n\n<figure class=\"wp-block-image size-large\"><img loading=\"lazy\" decoding=\"async\" width=\"449\" height=\"800\" data-id=\"107875\" src=\"https:\/\/lossoldaditosdeplomo.com\/wp-content\/uploads\/2020\/07\/Dragon-Cavalier1806-b-scaled.jpg\" alt=\"\" class=\"wp-image-107875\" srcset=\"https:\/\/lossoldaditosdeplomo.com\/wp-content\/uploads\/2020\/07\/Dragon-Cavalier1806-b-scaled.jpg?v=1594204033 449w, https:\/\/lossoldaditosdeplomo.com\/wp-content\/uploads\/2020\/07\/Dragon-Cavalier1806-b-168x300.jpg?v=1594204033 168w, https:\/\/lossoldaditosdeplomo.com\/wp-content\/uploads\/2020\/07\/Dragon-Cavalier1806-b-768x1368.jpg?v=1594204033 768w, https:\/\/lossoldaditosdeplomo.com\/wp-content\/uploads\/2020\/07\/Dragon-Cavalier1806-b-862x1536.jpg?v=1594204033 862w, https:\/\/lossoldaditosdeplomo.com\/wp-content\/uploads\/2020\/07\/Dragon-Cavalier1806-b-1150x2048.jpg?v=1594204033 1150w, https:\/\/lossoldaditosdeplomo.com\/wp-content\/uploads\/2020\/07\/Dragon-Cavalier1806-b-1200x2138.jpg?v=1594204033 1200w\" sizes=\"auto, (max-width: 449px) 85vw, 449px\" \/><figcaption class=\"wp-element-caption\">Dragon Cavalier 1806<\/figcaption><\/figure>\n\n\n\n<figure class=\"wp-block-image size-large\"><img loading=\"lazy\" decoding=\"async\" width=\"449\" height=\"800\" data-id=\"107874\" src=\"https:\/\/lossoldaditosdeplomo.com\/wp-content\/uploads\/2020\/07\/Cuirassier1806-scaled.jpg\" alt=\"\" class=\"wp-image-107874\" srcset=\"https:\/\/lossoldaditosdeplomo.com\/wp-content\/uploads\/2020\/07\/Cuirassier1806-scaled.jpg?v=1594204028 449w, https:\/\/lossoldaditosdeplomo.com\/wp-content\/uploads\/2020\/07\/Cuirassier1806-168x300.jpg?v=1594204028 168w, https:\/\/lossoldaditosdeplomo.com\/wp-content\/uploads\/2020\/07\/Cuirassier1806-768x1368.jpg?v=1594204028 768w, https:\/\/lossoldaditosdeplomo.com\/wp-content\/uploads\/2020\/07\/Cuirassier1806-862x1536.jpg?v=1594204028 862w, https:\/\/lossoldaditosdeplomo.com\/wp-content\/uploads\/2020\/07\/Cuirassier1806-1150x2048.jpg?v=1594204028 1150w, https:\/\/lossoldaditosdeplomo.com\/wp-content\/uploads\/2020\/07\/Cuirassier1806-1200x2138.jpg?v=1594204028 1200w\" sizes=\"auto, (max-width: 449px) 85vw, 449px\" \/><figcaption class=\"wp-element-caption\">Cuirassier 1806<\/figcaption><\/figure>\n\n\n\n<figure class=\"wp-block-image size-large\"><img loading=\"lazy\" decoding=\"async\" width=\"449\" height=\"800\" data-id=\"107873\" src=\"https:\/\/lossoldaditosdeplomo.com\/wp-content\/uploads\/2020\/07\/Carabinier1812-scaled.jpg\" alt=\"\" class=\"wp-image-107873\" srcset=\"https:\/\/lossoldaditosdeplomo.com\/wp-content\/uploads\/2020\/07\/Carabinier1812-scaled.jpg?v=1594204024 449w, https:\/\/lossoldaditosdeplomo.com\/wp-content\/uploads\/2020\/07\/Carabinier1812-168x300.jpg?v=1594204024 168w, https:\/\/lossoldaditosdeplomo.com\/wp-content\/uploads\/2020\/07\/Carabinier1812-768x1368.jpg?v=1594204024 768w, https:\/\/lossoldaditosdeplomo.com\/wp-content\/uploads\/2020\/07\/Carabinier1812-862x1536.jpg?v=1594204024 862w, https:\/\/lossoldaditosdeplomo.com\/wp-content\/uploads\/2020\/07\/Carabinier1812-1150x2048.jpg?v=1594204024 1150w, https:\/\/lossoldaditosdeplomo.com\/wp-content\/uploads\/2020\/07\/Carabinier1812-1200x2138.jpg?v=1594204024 1200w\" sizes=\"auto, (max-width: 449px) 85vw, 449px\" \/><figcaption class=\"wp-element-caption\">Carabinier 1812<\/figcaption><\/figure>\n<\/figure>\n\n\n\n<!--nextpage-->\n\n\n\n<h3 class=\"wp-block-heading has-text-align-center\">VARIAS<\/h3>\n\n\n\n<figure class=\"wp-block-gallery has-nested-images columns-1 is-cropped wp-block-gallery-32 is-layout-flex wp-block-gallery-is-layout-flex\">\n<figure class=\"wp-block-image size-large\"><img loading=\"lazy\" decoding=\"async\" width=\"449\" height=\"800\" data-id=\"107894\" src=\"https:\/\/lossoldaditosdeplomo.com\/wp-content\/uploads\/2020\/07\/Soldado-regimiento-Sagunto-5-1808-61-c-1-scaled.jpg\" alt=\"\" class=\"wp-image-107894\" srcset=\"https:\/\/lossoldaditosdeplomo.com\/wp-content\/uploads\/2020\/07\/Soldado-regimiento-Sagunto-5-1808-61-c-1-scaled.jpg?v=1594204116 449w, https:\/\/lossoldaditosdeplomo.com\/wp-content\/uploads\/2020\/07\/Soldado-regimiento-Sagunto-5-1808-61-c-1-168x300.jpg?v=1594204116 168w, https:\/\/lossoldaditosdeplomo.com\/wp-content\/uploads\/2020\/07\/Soldado-regimiento-Sagunto-5-1808-61-c-1-768x1368.jpg?v=1594204116 768w, https:\/\/lossoldaditosdeplomo.com\/wp-content\/uploads\/2020\/07\/Soldado-regimiento-Sagunto-5-1808-61-c-1-862x1536.jpg?v=1594204116 862w, https:\/\/lossoldaditosdeplomo.com\/wp-content\/uploads\/2020\/07\/Soldado-regimiento-Sagunto-5-1808-61-c-1-1150x2048.jpg?v=1594204116 1150w, https:\/\/lossoldaditosdeplomo.com\/wp-content\/uploads\/2020\/07\/Soldado-regimiento-Sagunto-5-1808-61-c-1-1200x2138.jpg?v=1594204116 1200w\" sizes=\"auto, (max-width: 449px) 85vw, 449px\" \/><figcaption class=\"wp-element-caption\">Soldado Regimiento Sagunto 5  1808<\/figcaption><\/figure>\n\n\n\n<figure class=\"wp-block-image size-large\"><img loading=\"lazy\" decoding=\"async\" width=\"449\" height=\"800\" data-id=\"107893\" src=\"https:\/\/lossoldaditosdeplomo.com\/wp-content\/uploads\/2020\/07\/Series-7-Drummerpainted-in-uniform-Regiment-Lorraine1760-1-scaled.jpg\" alt=\"\" class=\"wp-image-107893\" srcset=\"https:\/\/lossoldaditosdeplomo.com\/wp-content\/uploads\/2020\/07\/Series-7-Drummerpainted-in-uniform-Regiment-Lorraine1760-1-scaled.jpg?v=1594204111 449w, https:\/\/lossoldaditosdeplomo.com\/wp-content\/uploads\/2020\/07\/Series-7-Drummerpainted-in-uniform-Regiment-Lorraine1760-1-168x300.jpg?v=1594204111 168w, https:\/\/lossoldaditosdeplomo.com\/wp-content\/uploads\/2020\/07\/Series-7-Drummerpainted-in-uniform-Regiment-Lorraine1760-1-768x1368.jpg?v=1594204111 768w, https:\/\/lossoldaditosdeplomo.com\/wp-content\/uploads\/2020\/07\/Series-7-Drummerpainted-in-uniform-Regiment-Lorraine1760-1-862x1536.jpg?v=1594204111 862w, https:\/\/lossoldaditosdeplomo.com\/wp-content\/uploads\/2020\/07\/Series-7-Drummerpainted-in-uniform-Regiment-Lorraine1760-1-1150x2048.jpg?v=1594204111 1150w, https:\/\/lossoldaditosdeplomo.com\/wp-content\/uploads\/2020\/07\/Series-7-Drummerpainted-in-uniform-Regiment-Lorraine1760-1-1200x2138.jpg?v=1594204111 1200w\" sizes=\"auto, (max-width: 449px) 85vw, 449px\" \/><figcaption class=\"wp-element-caption\">Tambor Regimiento Lorraine 1760<\/figcaption><\/figure>\n\n\n\n<figure class=\"wp-block-image size-large\"><img loading=\"lazy\" decoding=\"async\" width=\"449\" height=\"800\" data-id=\"107892\" src=\"https:\/\/lossoldaditosdeplomo.com\/wp-content\/uploads\/2020\/07\/Series-7-Drummer-painted-in-uniform-Regiment-La-Reine1700-1-scaled.jpg\" alt=\"Tambor Regimiento de la reina 1700\" class=\"wp-image-107892\" srcset=\"https:\/\/lossoldaditosdeplomo.com\/wp-content\/uploads\/2020\/07\/Series-7-Drummer-painted-in-uniform-Regiment-La-Reine1700-1-scaled.jpg?v=1594204107 449w, https:\/\/lossoldaditosdeplomo.com\/wp-content\/uploads\/2020\/07\/Series-7-Drummer-painted-in-uniform-Regiment-La-Reine1700-1-168x300.jpg?v=1594204107 168w, https:\/\/lossoldaditosdeplomo.com\/wp-content\/uploads\/2020\/07\/Series-7-Drummer-painted-in-uniform-Regiment-La-Reine1700-1-768x1368.jpg?v=1594204107 768w, https:\/\/lossoldaditosdeplomo.com\/wp-content\/uploads\/2020\/07\/Series-7-Drummer-painted-in-uniform-Regiment-La-Reine1700-1-862x1536.jpg?v=1594204107 862w, https:\/\/lossoldaditosdeplomo.com\/wp-content\/uploads\/2020\/07\/Series-7-Drummer-painted-in-uniform-Regiment-La-Reine1700-1-1150x2048.jpg?v=1594204107 1150w, https:\/\/lossoldaditosdeplomo.com\/wp-content\/uploads\/2020\/07\/Series-7-Drummer-painted-in-uniform-Regiment-La-Reine1700-1-1200x2138.jpg?v=1594204107 1200w\" sizes=\"auto, (max-width: 449px) 85vw, 449px\" \/><figcaption class=\"wp-element-caption\">Tambor Regimiento de la reina 1700<\/figcaption><\/figure>\n\n\n\n<figure class=\"wp-block-image size-large\"><img loading=\"lazy\" decoding=\"async\" width=\"449\" height=\"800\" data-id=\"107891\" src=\"https:\/\/lossoldaditosdeplomo.com\/wp-content\/uploads\/2020\/07\/s662bStandardRoyal-Guard1808-1-scaled.jpg\" alt=\"\" class=\"wp-image-107891\" srcset=\"https:\/\/lossoldaditosdeplomo.com\/wp-content\/uploads\/2020\/07\/s662bStandardRoyal-Guard1808-1-scaled.jpg?v=1594204102 449w, https:\/\/lossoldaditosdeplomo.com\/wp-content\/uploads\/2020\/07\/s662bStandardRoyal-Guard1808-1-168x300.jpg?v=1594204102 168w, https:\/\/lossoldaditosdeplomo.com\/wp-content\/uploads\/2020\/07\/s662bStandardRoyal-Guard1808-1-768x1368.jpg?v=1594204102 768w, https:\/\/lossoldaditosdeplomo.com\/wp-content\/uploads\/2020\/07\/s662bStandardRoyal-Guard1808-1-862x1536.jpg?v=1594204102 862w, https:\/\/lossoldaditosdeplomo.com\/wp-content\/uploads\/2020\/07\/s662bStandardRoyal-Guard1808-1-1150x2048.jpg?v=1594204102 1150w, https:\/\/lossoldaditosdeplomo.com\/wp-content\/uploads\/2020\/07\/s662bStandardRoyal-Guard1808-1-1200x2138.jpg?v=1594204102 1200w\" sizes=\"auto, (max-width: 449px) 85vw, 449px\" \/><figcaption class=\"wp-element-caption\">Standard Royal Guard 1808<\/figcaption><\/figure>\n\n\n\n<figure class=\"wp-block-image size-large\"><img loading=\"lazy\" decoding=\"async\" width=\"449\" height=\"800\" data-id=\"107881\" src=\"https:\/\/lossoldaditosdeplomo.com\/wp-content\/uploads\/2020\/07\/Oficial-abanderado-Rgto.-Espan\u0303a-1815-61-b-scaled.jpg\" alt=\"\" class=\"wp-image-107881\" srcset=\"https:\/\/lossoldaditosdeplomo.com\/wp-content\/uploads\/2020\/07\/Oficial-abanderado-Rgto.-Espan\u0303a-1815-61-b-scaled.jpg?v=1594204059 449w, https:\/\/lossoldaditosdeplomo.com\/wp-content\/uploads\/2020\/07\/Oficial-abanderado-Rgto.-Espan\u0303a-1815-61-b-168x300.jpg?v=1594204059 168w, https:\/\/lossoldaditosdeplomo.com\/wp-content\/uploads\/2020\/07\/Oficial-abanderado-Rgto.-Espan\u0303a-1815-61-b-768x1368.jpg?v=1594204059 768w, https:\/\/lossoldaditosdeplomo.com\/wp-content\/uploads\/2020\/07\/Oficial-abanderado-Rgto.-Espan\u0303a-1815-61-b-862x1536.jpg?v=1594204059 862w, https:\/\/lossoldaditosdeplomo.com\/wp-content\/uploads\/2020\/07\/Oficial-abanderado-Rgto.-Espan\u0303a-1815-61-b-1150x2048.jpg?v=1594204059 1150w, https:\/\/lossoldaditosdeplomo.com\/wp-content\/uploads\/2020\/07\/Oficial-abanderado-Rgto.-Espan\u0303a-1815-61-b-1200x2138.jpg?v=1594204059 1200w\" sizes=\"auto, (max-width: 449px) 85vw, 449px\" \/><figcaption class=\"wp-element-caption\">Oficial abanderado Regimiento Espa\u00f1a 1815<\/figcaption><\/figure>\n\n\n\n<figure class=\"wp-block-image size-large\"><img loading=\"lazy\" decoding=\"async\" width=\"449\" height=\"800\" data-id=\"107880\" src=\"https:\/\/lossoldaditosdeplomo.com\/wp-content\/uploads\/2020\/07\/Infanteri\u0301a-de-li\u0301nea-Tambor-de-Regulares-1792-casco-cresta-de-piel-81-B-scaled.jpg\" alt=\"\" class=\"wp-image-107880\" srcset=\"https:\/\/lossoldaditosdeplomo.com\/wp-content\/uploads\/2020\/07\/Infanteri\u0301a-de-li\u0301nea-Tambor-de-Regulares-1792-casco-cresta-de-piel-81-B-scaled.jpg?v=1594204054 449w, https:\/\/lossoldaditosdeplomo.com\/wp-content\/uploads\/2020\/07\/Infanteri\u0301a-de-li\u0301nea-Tambor-de-Regulares-1792-casco-cresta-de-piel-81-B-168x300.jpg?v=1594204054 168w, https:\/\/lossoldaditosdeplomo.com\/wp-content\/uploads\/2020\/07\/Infanteri\u0301a-de-li\u0301nea-Tambor-de-Regulares-1792-casco-cresta-de-piel-81-B-768x1368.jpg?v=1594204054 768w, https:\/\/lossoldaditosdeplomo.com\/wp-content\/uploads\/2020\/07\/Infanteri\u0301a-de-li\u0301nea-Tambor-de-Regulares-1792-casco-cresta-de-piel-81-B-862x1536.jpg?v=1594204054 862w, https:\/\/lossoldaditosdeplomo.com\/wp-content\/uploads\/2020\/07\/Infanteri\u0301a-de-li\u0301nea-Tambor-de-Regulares-1792-casco-cresta-de-piel-81-B-1150x2048.jpg?v=1594204054 1150w, https:\/\/lossoldaditosdeplomo.com\/wp-content\/uploads\/2020\/07\/Infanteri\u0301a-de-li\u0301nea-Tambor-de-Regulares-1792-casco-cresta-de-piel-81-B-1200x2138.jpg?v=1594204054 1200w\" sizes=\"auto, (max-width: 449px) 85vw, 449px\" \/><figcaption class=\"wp-element-caption\">Infanter\u00eda de L\u00ednea, Tambor de Regulares 1792 (casco cresta de piel)<\/figcaption><\/figure>\n\n\n\n<figure class=\"wp-block-image size-large\"><img loading=\"lazy\" decoding=\"async\" width=\"449\" height=\"800\" data-id=\"107879\" src=\"https:\/\/lossoldaditosdeplomo.com\/wp-content\/uploads\/2020\/07\/Infanteria-de-Li\u0301nea-granadero-81-C-scaled.jpg\" alt=\"\" class=\"wp-image-107879\" srcset=\"https:\/\/lossoldaditosdeplomo.com\/wp-content\/uploads\/2020\/07\/Infanteria-de-Li\u0301nea-granadero-81-C-scaled.jpg?v=1594204050 449w, https:\/\/lossoldaditosdeplomo.com\/wp-content\/uploads\/2020\/07\/Infanteria-de-Li\u0301nea-granadero-81-C-168x300.jpg?v=1594204050 168w, https:\/\/lossoldaditosdeplomo.com\/wp-content\/uploads\/2020\/07\/Infanteria-de-Li\u0301nea-granadero-81-C-768x1368.jpg?v=1594204050 768w, https:\/\/lossoldaditosdeplomo.com\/wp-content\/uploads\/2020\/07\/Infanteria-de-Li\u0301nea-granadero-81-C-862x1536.jpg?v=1594204050 862w, https:\/\/lossoldaditosdeplomo.com\/wp-content\/uploads\/2020\/07\/Infanteria-de-Li\u0301nea-granadero-81-C-1150x2048.jpg?v=1594204050 1150w, https:\/\/lossoldaditosdeplomo.com\/wp-content\/uploads\/2020\/07\/Infanteria-de-Li\u0301nea-granadero-81-C-1200x2138.jpg?v=1594204050 1200w\" sizes=\"auto, (max-width: 449px) 85vw, 449px\" \/><figcaption class=\"wp-element-caption\">Infanter\u00eda de L\u00ednea, Granadero<\/figcaption><\/figure>\n<\/figure>\n\n\n\n<!--nextpage-->\n\n\n\n<p>Nuestro amigo Graig nos deleita de nuevo con la restauraci\u00f3n de una s\u00e9rie de figuras de la primera etapa de R.Labayen, recuper\u00e1ndolas de una muerte segura ya que se encontraban en muy malas condiciones.<\/p>\n\n\n\n<p>Vaya desde aqu\u00ed un agradecimiento por tu labor de dar una segunda oportunidad a esas figuras perdidas en cajas en los garajes, buhardillas y trasteros.<\/p>\n\n\n\n<figure class=\"wp-block-image size-full\"><img loading=\"lazy\" decoding=\"async\" width=\"449\" height=\"800\" src=\"https:\/\/lossoldaditosdeplomo.com\/wp-content\/uploads\/2020\/11\/S10103b-painted-as-VeliteKingdom-of-Naples1808-scaled.jpg?v=1604577666\" alt=\"S10103b-VeliteKingdom-of-Naples1808\" class=\"wp-image-108171\" srcset=\"https:\/\/lossoldaditosdeplomo.com\/wp-content\/uploads\/2020\/11\/S10103b-painted-as-VeliteKingdom-of-Naples1808-scaled.jpg?v=1604577666 449w, https:\/\/lossoldaditosdeplomo.com\/wp-content\/uploads\/2020\/11\/S10103b-painted-as-VeliteKingdom-of-Naples1808-168x300.jpg?v=1604577666 168w, https:\/\/lossoldaditosdeplomo.com\/wp-content\/uploads\/2020\/11\/S10103b-painted-as-VeliteKingdom-of-Naples1808-768x1368.jpg?v=1604577666 768w, https:\/\/lossoldaditosdeplomo.com\/wp-content\/uploads\/2020\/11\/S10103b-painted-as-VeliteKingdom-of-Naples1808-862x1536.jpg?v=1604577666 862w, https:\/\/lossoldaditosdeplomo.com\/wp-content\/uploads\/2020\/11\/S10103b-painted-as-VeliteKingdom-of-Naples1808-1150x2048.jpg?v=1604577666 1150w, https:\/\/lossoldaditosdeplomo.com\/wp-content\/uploads\/2020\/11\/S10103b-painted-as-VeliteKingdom-of-Naples1808-1200x2138.jpg?v=1604577666 1200w\" sizes=\"auto, (max-width: 449px) 85vw, 449px\" \/><figcaption class=\"wp-element-caption\">S-10103b VeliteKingdom of Naples 1808<\/figcaption><\/figure>\n\n\n\n<figure class=\"wp-block-image size-full\"><img loading=\"lazy\" decoding=\"async\" width=\"449\" height=\"800\" src=\"https:\/\/lossoldaditosdeplomo.com\/wp-content\/uploads\/2020\/11\/S332d-Painted-as-Hussar-elite-Company1810-scaled.jpg?v=1604577659\" alt=\"S332d-Hussar-elite-Company1810\" class=\"wp-image-108170\" srcset=\"https:\/\/lossoldaditosdeplomo.com\/wp-content\/uploads\/2020\/11\/S332d-Painted-as-Hussar-elite-Company1810-scaled.jpg?v=1604577659 449w, https:\/\/lossoldaditosdeplomo.com\/wp-content\/uploads\/2020\/11\/S332d-Painted-as-Hussar-elite-Company1810-168x300.jpg?v=1604577659 168w, https:\/\/lossoldaditosdeplomo.com\/wp-content\/uploads\/2020\/11\/S332d-Painted-as-Hussar-elite-Company1810-768x1368.jpg?v=1604577659 768w, https:\/\/lossoldaditosdeplomo.com\/wp-content\/uploads\/2020\/11\/S332d-Painted-as-Hussar-elite-Company1810-862x1536.jpg?v=1604577659 862w, https:\/\/lossoldaditosdeplomo.com\/wp-content\/uploads\/2020\/11\/S332d-Painted-as-Hussar-elite-Company1810-1150x2048.jpg?v=1604577659 1150w, https:\/\/lossoldaditosdeplomo.com\/wp-content\/uploads\/2020\/11\/S332d-Painted-as-Hussar-elite-Company1810-1200x2138.jpg?v=1604577659 1200w\" sizes=\"auto, (max-width: 449px) 85vw, 449px\" \/><figcaption class=\"wp-element-caption\">S-332d Hussar elite Company 1810<\/figcaption><\/figure>\n\n\n\n<figure class=\"wp-block-image size-full\"><img loading=\"lazy\" decoding=\"async\" width=\"449\" height=\"800\" src=\"https:\/\/lossoldaditosdeplomo.com\/wp-content\/uploads\/2020\/11\/S331cPainted-as-Elite-Hussar1810-scaled.jpg?v=1604577650\" alt=\"S331c Elite-Hussar1810\" class=\"wp-image-108169\" srcset=\"https:\/\/lossoldaditosdeplomo.com\/wp-content\/uploads\/2020\/11\/S331cPainted-as-Elite-Hussar1810-scaled.jpg?v=1604577650 449w, https:\/\/lossoldaditosdeplomo.com\/wp-content\/uploads\/2020\/11\/S331cPainted-as-Elite-Hussar1810-168x300.jpg?v=1604577650 168w, https:\/\/lossoldaditosdeplomo.com\/wp-content\/uploads\/2020\/11\/S331cPainted-as-Elite-Hussar1810-768x1368.jpg?v=1604577650 768w, https:\/\/lossoldaditosdeplomo.com\/wp-content\/uploads\/2020\/11\/S331cPainted-as-Elite-Hussar1810-862x1536.jpg?v=1604577650 862w, https:\/\/lossoldaditosdeplomo.com\/wp-content\/uploads\/2020\/11\/S331cPainted-as-Elite-Hussar1810-1150x2048.jpg?v=1604577650 1150w, https:\/\/lossoldaditosdeplomo.com\/wp-content\/uploads\/2020\/11\/S331cPainted-as-Elite-Hussar1810-1200x2138.jpg?v=1604577650 1200w\" sizes=\"auto, (max-width: 449px) 85vw, 449px\" \/><figcaption class=\"wp-element-caption\">S-331c  Elite Hussar 1810<\/figcaption><\/figure>\n\n\n\n<figure class=\"wp-block-image size-full\"><img loading=\"lazy\" decoding=\"async\" width=\"449\" height=\"800\" src=\"https:\/\/lossoldaditosdeplomo.com\/wp-content\/uploads\/2020\/11\/S225c-TrompetteHorse-Artillery-Duchy-of-Warsaw-1807-scaled.jpg?v=1604577635\" alt=\"S225c-TrompetteHorse-Artillery-Duchy-of-Warsaw-1807\" class=\"wp-image-108168\" srcset=\"https:\/\/lossoldaditosdeplomo.com\/wp-content\/uploads\/2020\/11\/S225c-TrompetteHorse-Artillery-Duchy-of-Warsaw-1807-scaled.jpg?v=1604577635 449w, https:\/\/lossoldaditosdeplomo.com\/wp-content\/uploads\/2020\/11\/S225c-TrompetteHorse-Artillery-Duchy-of-Warsaw-1807-168x300.jpg?v=1604577635 168w, https:\/\/lossoldaditosdeplomo.com\/wp-content\/uploads\/2020\/11\/S225c-TrompetteHorse-Artillery-Duchy-of-Warsaw-1807-768x1368.jpg?v=1604577635 768w, https:\/\/lossoldaditosdeplomo.com\/wp-content\/uploads\/2020\/11\/S225c-TrompetteHorse-Artillery-Duchy-of-Warsaw-1807-862x1536.jpg?v=1604577635 862w, https:\/\/lossoldaditosdeplomo.com\/wp-content\/uploads\/2020\/11\/S225c-TrompetteHorse-Artillery-Duchy-of-Warsaw-1807-1150x2048.jpg?v=1604577635 1150w, https:\/\/lossoldaditosdeplomo.com\/wp-content\/uploads\/2020\/11\/S225c-TrompetteHorse-Artillery-Duchy-of-Warsaw-1807-1200x2138.jpg?v=1604577635 1200w\" sizes=\"auto, (max-width: 449px) 85vw, 449px\" \/><figcaption class=\"wp-element-caption\">S-225c Trompette Horse Artillery Duchy of Warsaw 1807<\/figcaption><\/figure>\n\n\n\n<figure class=\"wp-block-image size-full\"><img loading=\"lazy\" decoding=\"async\" width=\"449\" height=\"800\" src=\"https:\/\/lossoldaditosdeplomo.com\/wp-content\/uploads\/2020\/11\/Dorsenne-scaled.jpg?v=1604577476\" alt=\"Dorsenne\" class=\"wp-image-108150\" srcset=\"https:\/\/lossoldaditosdeplomo.com\/wp-content\/uploads\/2020\/11\/Dorsenne-scaled.jpg?v=1604577476 449w, https:\/\/lossoldaditosdeplomo.com\/wp-content\/uploads\/2020\/11\/Dorsenne-168x300.jpg?v=1604577476 168w, https:\/\/lossoldaditosdeplomo.com\/wp-content\/uploads\/2020\/11\/Dorsenne-768x1368.jpg?v=1604577476 768w, https:\/\/lossoldaditosdeplomo.com\/wp-content\/uploads\/2020\/11\/Dorsenne-862x1536.jpg?v=1604577476 862w, https:\/\/lossoldaditosdeplomo.com\/wp-content\/uploads\/2020\/11\/Dorsenne-1150x2048.jpg?v=1604577476 1150w, https:\/\/lossoldaditosdeplomo.com\/wp-content\/uploads\/2020\/11\/Dorsenne-1200x2138.jpg?v=1604577476 1200w\" sizes=\"auto, (max-width: 449px) 85vw, 449px\" \/><figcaption class=\"wp-element-caption\">Dorsenne<\/figcaption><\/figure>\n\n\n\n<figure class=\"wp-block-image size-full\"><img loading=\"lazy\" decoding=\"async\" width=\"449\" height=\"800\" src=\"https:\/\/lossoldaditosdeplomo.com\/wp-content\/uploads\/2020\/11\/Group-S10103ATrompetteKingdom-of-Naples-1808-scaled.jpg?v=1604577483\" alt=\"Group-S10103ATrompetteKingdom-of-Naples-1808\" class=\"wp-image-108151\" srcset=\"https:\/\/lossoldaditosdeplomo.com\/wp-content\/uploads\/2020\/11\/Group-S10103ATrompetteKingdom-of-Naples-1808-scaled.jpg?v=1604577483 449w, https:\/\/lossoldaditosdeplomo.com\/wp-content\/uploads\/2020\/11\/Group-S10103ATrompetteKingdom-of-Naples-1808-168x300.jpg?v=1604577483 168w, https:\/\/lossoldaditosdeplomo.com\/wp-content\/uploads\/2020\/11\/Group-S10103ATrompetteKingdom-of-Naples-1808-768x1368.jpg?v=1604577483 768w, https:\/\/lossoldaditosdeplomo.com\/wp-content\/uploads\/2020\/11\/Group-S10103ATrompetteKingdom-of-Naples-1808-862x1536.jpg?v=1604577483 862w, https:\/\/lossoldaditosdeplomo.com\/wp-content\/uploads\/2020\/11\/Group-S10103ATrompetteKingdom-of-Naples-1808-1150x2048.jpg?v=1604577483 1150w, https:\/\/lossoldaditosdeplomo.com\/wp-content\/uploads\/2020\/11\/Group-S10103ATrompetteKingdom-of-Naples-1808-1200x2138.jpg?v=1604577483 1200w\" sizes=\"auto, (max-width: 449px) 85vw, 449px\" \/><figcaption class=\"wp-element-caption\">S-10103A  Trompette Kingdom of Naples 1808<\/figcaption><\/figure>\n\n\n\n<figure class=\"wp-block-image size-full\"><img loading=\"lazy\" decoding=\"async\" width=\"449\" height=\"800\" src=\"https:\/\/lossoldaditosdeplomo.com\/wp-content\/uploads\/2020\/11\/Joseph-BonaparteKing-of-Spain-scaled.jpg?v=1604577491\" alt=\"Joseph-BonaparteKing-of-Spain\" class=\"wp-image-108152\" srcset=\"https:\/\/lossoldaditosdeplomo.com\/wp-content\/uploads\/2020\/11\/Joseph-BonaparteKing-of-Spain-scaled.jpg?v=1604577491 449w, https:\/\/lossoldaditosdeplomo.com\/wp-content\/uploads\/2020\/11\/Joseph-BonaparteKing-of-Spain-168x300.jpg?v=1604577491 168w, https:\/\/lossoldaditosdeplomo.com\/wp-content\/uploads\/2020\/11\/Joseph-BonaparteKing-of-Spain-768x1368.jpg?v=1604577491 768w, https:\/\/lossoldaditosdeplomo.com\/wp-content\/uploads\/2020\/11\/Joseph-BonaparteKing-of-Spain-862x1536.jpg?v=1604577491 862w, https:\/\/lossoldaditosdeplomo.com\/wp-content\/uploads\/2020\/11\/Joseph-BonaparteKing-of-Spain-1150x2048.jpg?v=1604577491 1150w, https:\/\/lossoldaditosdeplomo.com\/wp-content\/uploads\/2020\/11\/Joseph-BonaparteKing-of-Spain-1200x2138.jpg?v=1604577491 1200w\" sizes=\"auto, (max-width: 449px) 85vw, 449px\" \/><figcaption class=\"wp-element-caption\">Joseph Bonaparte King of Spain<\/figcaption><\/figure>\n\n\n\n<figure class=\"wp-block-image size-full\"><img loading=\"lazy\" decoding=\"async\" width=\"449\" height=\"800\" src=\"https:\/\/lossoldaditosdeplomo.com\/wp-content\/uploads\/2020\/11\/Labayen-S11-Captain-Bonaparte-Toulon-1792-scaled.jpg?v=1604577499\" alt=\"Labayen S1,1 Captain Bonaparte ,Toulon 1792\" class=\"wp-image-108153\" srcset=\"https:\/\/lossoldaditosdeplomo.com\/wp-content\/uploads\/2020\/11\/Labayen-S11-Captain-Bonaparte-Toulon-1792-scaled.jpg?v=1604577499 449w, https:\/\/lossoldaditosdeplomo.com\/wp-content\/uploads\/2020\/11\/Labayen-S11-Captain-Bonaparte-Toulon-1792-168x300.jpg?v=1604577499 168w, https:\/\/lossoldaditosdeplomo.com\/wp-content\/uploads\/2020\/11\/Labayen-S11-Captain-Bonaparte-Toulon-1792-768x1368.jpg?v=1604577499 768w, https:\/\/lossoldaditosdeplomo.com\/wp-content\/uploads\/2020\/11\/Labayen-S11-Captain-Bonaparte-Toulon-1792-862x1536.jpg?v=1604577499 862w, https:\/\/lossoldaditosdeplomo.com\/wp-content\/uploads\/2020\/11\/Labayen-S11-Captain-Bonaparte-Toulon-1792-1150x2048.jpg?v=1604577499 1150w, https:\/\/lossoldaditosdeplomo.com\/wp-content\/uploads\/2020\/11\/Labayen-S11-Captain-Bonaparte-Toulon-1792-1200x2138.jpg?v=1604577499 1200w\" sizes=\"auto, (max-width: 449px) 85vw, 449px\" \/><figcaption class=\"wp-element-caption\"> S1,1 Captain Bonaparte ,Toulon 1792<\/figcaption><\/figure>\n\n\n\n<figure class=\"wp-block-image size-full\"><img loading=\"lazy\" decoding=\"async\" width=\"449\" height=\"800\" src=\"https:\/\/lossoldaditosdeplomo.com\/wp-content\/uploads\/2020\/11\/Labayen-S159-Painted-as-Vice-Admiral-Ganteaume-scaled.jpg?v=1604577507\" alt=\"Labayen S1,59-Painted as Vice Admiral Ganteaume\" class=\"wp-image-108154\" srcset=\"https:\/\/lossoldaditosdeplomo.com\/wp-content\/uploads\/2020\/11\/Labayen-S159-Painted-as-Vice-Admiral-Ganteaume-scaled.jpg?v=1604577507 449w, https:\/\/lossoldaditosdeplomo.com\/wp-content\/uploads\/2020\/11\/Labayen-S159-Painted-as-Vice-Admiral-Ganteaume-168x300.jpg?v=1604577507 168w, https:\/\/lossoldaditosdeplomo.com\/wp-content\/uploads\/2020\/11\/Labayen-S159-Painted-as-Vice-Admiral-Ganteaume-768x1368.jpg?v=1604577507 768w, https:\/\/lossoldaditosdeplomo.com\/wp-content\/uploads\/2020\/11\/Labayen-S159-Painted-as-Vice-Admiral-Ganteaume-862x1536.jpg?v=1604577507 862w, https:\/\/lossoldaditosdeplomo.com\/wp-content\/uploads\/2020\/11\/Labayen-S159-Painted-as-Vice-Admiral-Ganteaume-1150x2048.jpg?v=1604577507 1150w, https:\/\/lossoldaditosdeplomo.com\/wp-content\/uploads\/2020\/11\/Labayen-S159-Painted-as-Vice-Admiral-Ganteaume-1200x2138.jpg?v=1604577507 1200w\" sizes=\"auto, (max-width: 449px) 85vw, 449px\" \/><figcaption class=\"wp-element-caption\">Labayen S1,59-Painted as Vice Admiral Ganteaume<\/figcaption><\/figure>\n\n\n\n<figure class=\"wp-block-image size-full\"><img loading=\"lazy\" decoding=\"async\" width=\"449\" height=\"800\" src=\"https:\/\/lossoldaditosdeplomo.com\/wp-content\/uploads\/2020\/11\/Labayen-s881b-French-Drummer-of-the-Revolution1798-scaled.jpg?v=1604577515\" alt=\"Labayen s8,81b-French Drummer of the Revolution,1798\" class=\"wp-image-108155\" srcset=\"https:\/\/lossoldaditosdeplomo.com\/wp-content\/uploads\/2020\/11\/Labayen-s881b-French-Drummer-of-the-Revolution1798-scaled.jpg?v=1604577515 449w, https:\/\/lossoldaditosdeplomo.com\/wp-content\/uploads\/2020\/11\/Labayen-s881b-French-Drummer-of-the-Revolution1798-168x300.jpg?v=1604577515 168w, https:\/\/lossoldaditosdeplomo.com\/wp-content\/uploads\/2020\/11\/Labayen-s881b-French-Drummer-of-the-Revolution1798-768x1368.jpg?v=1604577515 768w, https:\/\/lossoldaditosdeplomo.com\/wp-content\/uploads\/2020\/11\/Labayen-s881b-French-Drummer-of-the-Revolution1798-862x1536.jpg?v=1604577515 862w, https:\/\/lossoldaditosdeplomo.com\/wp-content\/uploads\/2020\/11\/Labayen-s881b-French-Drummer-of-the-Revolution1798-1150x2048.jpg?v=1604577515 1150w, https:\/\/lossoldaditosdeplomo.com\/wp-content\/uploads\/2020\/11\/Labayen-s881b-French-Drummer-of-the-Revolution1798-1200x2138.jpg?v=1604577515 1200w\" sizes=\"auto, (max-width: 449px) 85vw, 449px\" \/><figcaption class=\"wp-element-caption\"> s8,81b-French Drummer of the Revolution, 1798<\/figcaption><\/figure>\n\n\n\n<figure class=\"wp-block-image size-full\"><img loading=\"lazy\" decoding=\"async\" width=\"449\" height=\"800\" src=\"https:\/\/lossoldaditosdeplomo.com\/wp-content\/uploads\/2020\/11\/Labayen-Painted-as-Italian-Honour-Guard-of-Colonel-Banco-ADC-To-Beauharnais-scaled.jpg?v=1604577522\" alt=\"Labayen-Painted as Italian Honour Guard of Colonel Banco (ADC To Beauharnais)\" class=\"wp-image-108156\" srcset=\"https:\/\/lossoldaditosdeplomo.com\/wp-content\/uploads\/2020\/11\/Labayen-Painted-as-Italian-Honour-Guard-of-Colonel-Banco-ADC-To-Beauharnais-scaled.jpg?v=1604577522 449w, https:\/\/lossoldaditosdeplomo.com\/wp-content\/uploads\/2020\/11\/Labayen-Painted-as-Italian-Honour-Guard-of-Colonel-Banco-ADC-To-Beauharnais-168x300.jpg?v=1604577522 168w, https:\/\/lossoldaditosdeplomo.com\/wp-content\/uploads\/2020\/11\/Labayen-Painted-as-Italian-Honour-Guard-of-Colonel-Banco-ADC-To-Beauharnais-768x1368.jpg?v=1604577522 768w, https:\/\/lossoldaditosdeplomo.com\/wp-content\/uploads\/2020\/11\/Labayen-Painted-as-Italian-Honour-Guard-of-Colonel-Banco-ADC-To-Beauharnais-862x1536.jpg?v=1604577522 862w, https:\/\/lossoldaditosdeplomo.com\/wp-content\/uploads\/2020\/11\/Labayen-Painted-as-Italian-Honour-Guard-of-Colonel-Banco-ADC-To-Beauharnais-1150x2048.jpg?v=1604577522 1150w, https:\/\/lossoldaditosdeplomo.com\/wp-content\/uploads\/2020\/11\/Labayen-Painted-as-Italian-Honour-Guard-of-Colonel-Banco-ADC-To-Beauharnais-1200x2138.jpg?v=1604577522 1200w\" sizes=\"auto, (max-width: 449px) 85vw, 449px\" \/><figcaption class=\"wp-element-caption\"> Italian Honour Guard of Colonel Banco (ADC To Beauharnais)<\/figcaption><\/figure>\n\n\n\n<figure class=\"wp-block-image size-full\"><img loading=\"lazy\" decoding=\"async\" width=\"449\" height=\"800\" src=\"https:\/\/lossoldaditosdeplomo.com\/wp-content\/uploads\/2020\/11\/Painted-as-Dutch-Dragoon1815-scaled.jpg?v=1604577530\" alt=\"Dutch-Dragoon1815\" class=\"wp-image-108157\" srcset=\"https:\/\/lossoldaditosdeplomo.com\/wp-content\/uploads\/2020\/11\/Painted-as-Dutch-Dragoon1815-scaled.jpg?v=1604577530 449w, https:\/\/lossoldaditosdeplomo.com\/wp-content\/uploads\/2020\/11\/Painted-as-Dutch-Dragoon1815-168x300.jpg?v=1604577530 168w, https:\/\/lossoldaditosdeplomo.com\/wp-content\/uploads\/2020\/11\/Painted-as-Dutch-Dragoon1815-768x1368.jpg?v=1604577530 768w, https:\/\/lossoldaditosdeplomo.com\/wp-content\/uploads\/2020\/11\/Painted-as-Dutch-Dragoon1815-862x1536.jpg?v=1604577530 862w, https:\/\/lossoldaditosdeplomo.com\/wp-content\/uploads\/2020\/11\/Painted-as-Dutch-Dragoon1815-1150x2048.jpg?v=1604577530 1150w, https:\/\/lossoldaditosdeplomo.com\/wp-content\/uploads\/2020\/11\/Painted-as-Dutch-Dragoon1815-1200x2138.jpg?v=1604577530 1200w\" sizes=\"auto, (max-width: 449px) 85vw, 449px\" \/><figcaption class=\"wp-element-caption\">Dutch Dragoon 1815<\/figcaption><\/figure>\n\n\n\n<figure class=\"wp-block-image size-full\"><img loading=\"lazy\" decoding=\"async\" width=\"449\" height=\"800\" src=\"https:\/\/lossoldaditosdeplomo.com\/wp-content\/uploads\/2020\/11\/Painted-as-TrompetteDutch-Light-Bradoons1815-scaled.jpg?v=1604577538\" alt=\"TrompetteDutch-Light-Bradoons1815\" class=\"wp-image-108158\" srcset=\"https:\/\/lossoldaditosdeplomo.com\/wp-content\/uploads\/2020\/11\/Painted-as-TrompetteDutch-Light-Bradoons1815-scaled.jpg?v=1604577538 449w, https:\/\/lossoldaditosdeplomo.com\/wp-content\/uploads\/2020\/11\/Painted-as-TrompetteDutch-Light-Bradoons1815-168x300.jpg?v=1604577538 168w, https:\/\/lossoldaditosdeplomo.com\/wp-content\/uploads\/2020\/11\/Painted-as-TrompetteDutch-Light-Bradoons1815-768x1368.jpg?v=1604577538 768w, https:\/\/lossoldaditosdeplomo.com\/wp-content\/uploads\/2020\/11\/Painted-as-TrompetteDutch-Light-Bradoons1815-862x1536.jpg?v=1604577538 862w, https:\/\/lossoldaditosdeplomo.com\/wp-content\/uploads\/2020\/11\/Painted-as-TrompetteDutch-Light-Bradoons1815-1150x2048.jpg?v=1604577538 1150w, https:\/\/lossoldaditosdeplomo.com\/wp-content\/uploads\/2020\/11\/Painted-as-TrompetteDutch-Light-Bradoons1815-1200x2138.jpg?v=1604577538 1200w\" sizes=\"auto, (max-width: 449px) 85vw, 449px\" \/><figcaption class=\"wp-element-caption\">Trompette Dutch Light Bradoons 1815<\/figcaption><\/figure>\n\n\n\n<figure class=\"wp-block-image size-full\"><img loading=\"lazy\" decoding=\"async\" width=\"449\" height=\"800\" src=\"https:\/\/lossoldaditosdeplomo.com\/wp-content\/uploads\/2020\/11\/S126-ADC-to-Berthier-scaled.jpg?v=1604577546\" alt=\"S126-ADC-to-Berthier\" class=\"wp-image-108159\" srcset=\"https:\/\/lossoldaditosdeplomo.com\/wp-content\/uploads\/2020\/11\/S126-ADC-to-Berthier-scaled.jpg?v=1604577546 449w, https:\/\/lossoldaditosdeplomo.com\/wp-content\/uploads\/2020\/11\/S126-ADC-to-Berthier-168x300.jpg?v=1604577546 168w, https:\/\/lossoldaditosdeplomo.com\/wp-content\/uploads\/2020\/11\/S126-ADC-to-Berthier-768x1368.jpg?v=1604577546 768w, https:\/\/lossoldaditosdeplomo.com\/wp-content\/uploads\/2020\/11\/S126-ADC-to-Berthier-862x1536.jpg?v=1604577546 862w, https:\/\/lossoldaditosdeplomo.com\/wp-content\/uploads\/2020\/11\/S126-ADC-to-Berthier-1150x2048.jpg?v=1604577546 1150w, https:\/\/lossoldaditosdeplomo.com\/wp-content\/uploads\/2020\/11\/S126-ADC-to-Berthier-1200x2138.jpg?v=1604577546 1200w\" sizes=\"auto, (max-width: 449px) 85vw, 449px\" \/><figcaption class=\"wp-element-caption\">S126- ADC to Berthier<\/figcaption><\/figure>\n\n\n\n<figure class=\"wp-block-image size-full\"><img loading=\"lazy\" decoding=\"async\" width=\"449\" height=\"800\" src=\"https:\/\/lossoldaditosdeplomo.com\/wp-content\/uploads\/2020\/11\/S157ADC-to-Bessiers-scaled.jpg?v=1604577554\" alt=\"S157ADC-to-Bessiers\" class=\"wp-image-108160\" srcset=\"https:\/\/lossoldaditosdeplomo.com\/wp-content\/uploads\/2020\/11\/S157ADC-to-Bessiers-scaled.jpg?v=1604577554 449w, https:\/\/lossoldaditosdeplomo.com\/wp-content\/uploads\/2020\/11\/S157ADC-to-Bessiers-168x300.jpg?v=1604577554 168w, https:\/\/lossoldaditosdeplomo.com\/wp-content\/uploads\/2020\/11\/S157ADC-to-Bessiers-768x1368.jpg?v=1604577554 768w, https:\/\/lossoldaditosdeplomo.com\/wp-content\/uploads\/2020\/11\/S157ADC-to-Bessiers-862x1536.jpg?v=1604577554 862w, https:\/\/lossoldaditosdeplomo.com\/wp-content\/uploads\/2020\/11\/S157ADC-to-Bessiers-1150x2048.jpg?v=1604577554 1150w, https:\/\/lossoldaditosdeplomo.com\/wp-content\/uploads\/2020\/11\/S157ADC-to-Bessiers-1200x2138.jpg?v=1604577554 1200w\" sizes=\"auto, (max-width: 449px) 85vw, 449px\" \/><figcaption class=\"wp-element-caption\">S157   ADC to Bessiers<\/figcaption><\/figure>\n\n\n\n<figure class=\"wp-block-image size-full\"><img loading=\"lazy\" decoding=\"async\" width=\"449\" height=\"800\" src=\"https:\/\/lossoldaditosdeplomo.com\/wp-content\/uploads\/2020\/11\/S222bDragoon-Neuchatel1806-scaled.jpg?v=1604577561\" alt=\"S222bDragoon-Neuchatel1806\" class=\"wp-image-108161\" srcset=\"https:\/\/lossoldaditosdeplomo.com\/wp-content\/uploads\/2020\/11\/S222bDragoon-Neuchatel1806-scaled.jpg?v=1604577561 449w, https:\/\/lossoldaditosdeplomo.com\/wp-content\/uploads\/2020\/11\/S222bDragoon-Neuchatel1806-168x300.jpg?v=1604577561 168w, https:\/\/lossoldaditosdeplomo.com\/wp-content\/uploads\/2020\/11\/S222bDragoon-Neuchatel1806-768x1368.jpg?v=1604577561 768w, https:\/\/lossoldaditosdeplomo.com\/wp-content\/uploads\/2020\/11\/S222bDragoon-Neuchatel1806-862x1536.jpg?v=1604577561 862w, https:\/\/lossoldaditosdeplomo.com\/wp-content\/uploads\/2020\/11\/S222bDragoon-Neuchatel1806-1150x2048.jpg?v=1604577561 1150w, https:\/\/lossoldaditosdeplomo.com\/wp-content\/uploads\/2020\/11\/S222bDragoon-Neuchatel1806-1200x2138.jpg?v=1604577561 1200w\" sizes=\"auto, (max-width: 449px) 85vw, 449px\" \/><figcaption class=\"wp-element-caption\">S222b    Dragoon Neuchatel 1806<\/figcaption><\/figure>\n\n\n\n<figure class=\"wp-block-image size-full\"><img loading=\"lazy\" decoding=\"async\" width=\"449\" height=\"800\" src=\"https:\/\/lossoldaditosdeplomo.com\/wp-content\/uploads\/2020\/11\/S223c-LancerVistulaLegion1808-scaled.jpg?v=1604577569\" alt=\"S223c-LancerVistulaLegion1808\" class=\"wp-image-108162\" srcset=\"https:\/\/lossoldaditosdeplomo.com\/wp-content\/uploads\/2020\/11\/S223c-LancerVistulaLegion1808-scaled.jpg?v=1604577569 449w, https:\/\/lossoldaditosdeplomo.com\/wp-content\/uploads\/2020\/11\/S223c-LancerVistulaLegion1808-168x300.jpg?v=1604577569 168w, https:\/\/lossoldaditosdeplomo.com\/wp-content\/uploads\/2020\/11\/S223c-LancerVistulaLegion1808-768x1368.jpg?v=1604577569 768w, https:\/\/lossoldaditosdeplomo.com\/wp-content\/uploads\/2020\/11\/S223c-LancerVistulaLegion1808-862x1536.jpg?v=1604577569 862w, https:\/\/lossoldaditosdeplomo.com\/wp-content\/uploads\/2020\/11\/S223c-LancerVistulaLegion1808-1150x2048.jpg?v=1604577569 1150w, https:\/\/lossoldaditosdeplomo.com\/wp-content\/uploads\/2020\/11\/S223c-LancerVistulaLegion1808-1200x2138.jpg?v=1604577569 1200w\" sizes=\"auto, (max-width: 449px) 85vw, 449px\" \/><figcaption class=\"wp-element-caption\">S223c  Lancer  Vistula  Legion  1808<\/figcaption><\/figure>\n\n\n\n<figure class=\"wp-block-image size-full\"><img loading=\"lazy\" decoding=\"async\" width=\"449\" height=\"800\" src=\"https:\/\/lossoldaditosdeplomo.com\/wp-content\/uploads\/2020\/11\/S223c-Polish-Uhlan1812-scaled.jpg?v=1604577577\" alt=\"S223c-Polish-Uhlan1812\" class=\"wp-image-108163\" srcset=\"https:\/\/lossoldaditosdeplomo.com\/wp-content\/uploads\/2020\/11\/S223c-Polish-Uhlan1812-scaled.jpg?v=1604577577 449w, https:\/\/lossoldaditosdeplomo.com\/wp-content\/uploads\/2020\/11\/S223c-Polish-Uhlan1812-168x300.jpg?v=1604577577 168w, https:\/\/lossoldaditosdeplomo.com\/wp-content\/uploads\/2020\/11\/S223c-Polish-Uhlan1812-768x1368.jpg?v=1604577577 768w, https:\/\/lossoldaditosdeplomo.com\/wp-content\/uploads\/2020\/11\/S223c-Polish-Uhlan1812-862x1536.jpg?v=1604577577 862w, https:\/\/lossoldaditosdeplomo.com\/wp-content\/uploads\/2020\/11\/S223c-Polish-Uhlan1812-1150x2048.jpg?v=1604577577 1150w, https:\/\/lossoldaditosdeplomo.com\/wp-content\/uploads\/2020\/11\/S223c-Polish-Uhlan1812-1200x2138.jpg?v=1604577577 1200w\" sizes=\"auto, (max-width: 449px) 85vw, 449px\" \/><figcaption class=\"wp-element-caption\">S223c  Polish Uhlan  1812<\/figcaption><\/figure>\n\n\n\n<figure class=\"wp-block-image size-full\"><img loading=\"lazy\" decoding=\"async\" width=\"449\" height=\"800\" src=\"https:\/\/lossoldaditosdeplomo.com\/wp-content\/uploads\/2020\/11\/S223L-TrooperDuchy-of-Berg-scaled.jpg?v=1604577584\" alt=\"S223L-TrooperDuchy-of-Berg\" class=\"wp-image-108164\" srcset=\"https:\/\/lossoldaditosdeplomo.com\/wp-content\/uploads\/2020\/11\/S223L-TrooperDuchy-of-Berg-scaled.jpg?v=1604577584 449w, https:\/\/lossoldaditosdeplomo.com\/wp-content\/uploads\/2020\/11\/S223L-TrooperDuchy-of-Berg-168x300.jpg?v=1604577584 168w, https:\/\/lossoldaditosdeplomo.com\/wp-content\/uploads\/2020\/11\/S223L-TrooperDuchy-of-Berg-768x1368.jpg?v=1604577584 768w, https:\/\/lossoldaditosdeplomo.com\/wp-content\/uploads\/2020\/11\/S223L-TrooperDuchy-of-Berg-862x1536.jpg?v=1604577584 862w, https:\/\/lossoldaditosdeplomo.com\/wp-content\/uploads\/2020\/11\/S223L-TrooperDuchy-of-Berg-1150x2048.jpg?v=1604577584 1150w, https:\/\/lossoldaditosdeplomo.com\/wp-content\/uploads\/2020\/11\/S223L-TrooperDuchy-of-Berg-1200x2138.jpg?v=1604577584 1200w\" sizes=\"auto, (max-width: 449px) 85vw, 449px\" \/><figcaption class=\"wp-element-caption\">S223L Trooper Duchy of Berg<\/figcaption><\/figure>\n\n\n\n<figure class=\"wp-block-image size-full\"><img loading=\"lazy\" decoding=\"async\" width=\"449\" height=\"800\" src=\"https:\/\/lossoldaditosdeplomo.com\/wp-content\/uploads\/2020\/11\/S223m-TrompetteDuchy-of-Berg-scaled.jpg?v=1604577592\" alt=\"S223m-TrompetteDuchy-of-Berg\" class=\"wp-image-108165\" srcset=\"https:\/\/lossoldaditosdeplomo.com\/wp-content\/uploads\/2020\/11\/S223m-TrompetteDuchy-of-Berg-scaled.jpg?v=1604577592 449w, https:\/\/lossoldaditosdeplomo.com\/wp-content\/uploads\/2020\/11\/S223m-TrompetteDuchy-of-Berg-168x300.jpg?v=1604577592 168w, https:\/\/lossoldaditosdeplomo.com\/wp-content\/uploads\/2020\/11\/S223m-TrompetteDuchy-of-Berg-768x1368.jpg?v=1604577592 768w, https:\/\/lossoldaditosdeplomo.com\/wp-content\/uploads\/2020\/11\/S223m-TrompetteDuchy-of-Berg-862x1536.jpg?v=1604577592 862w, https:\/\/lossoldaditosdeplomo.com\/wp-content\/uploads\/2020\/11\/S223m-TrompetteDuchy-of-Berg-1150x2048.jpg?v=1604577592 1150w, https:\/\/lossoldaditosdeplomo.com\/wp-content\/uploads\/2020\/11\/S223m-TrompetteDuchy-of-Berg-1200x2138.jpg?v=1604577592 1200w\" sizes=\"auto, (max-width: 449px) 85vw, 449px\" \/><figcaption class=\"wp-element-caption\">S223m Trompette Duchy of Berg<\/figcaption><\/figure>\n\n\n\n<figure class=\"wp-block-image size-full\"><img loading=\"lazy\" decoding=\"async\" width=\"449\" height=\"800\" src=\"https:\/\/lossoldaditosdeplomo.com\/wp-content\/uploads\/2020\/11\/S225c-Horse-ArtilleryDuchy-of-Warsaw-1807-scaled.jpg?v=1604577605\" alt=\"S225c-Horse-ArtilleryDuchy-of-Warsaw-1807\" class=\"wp-image-108166\" srcset=\"https:\/\/lossoldaditosdeplomo.com\/wp-content\/uploads\/2020\/11\/S225c-Horse-ArtilleryDuchy-of-Warsaw-1807-scaled.jpg?v=1604577605 449w, https:\/\/lossoldaditosdeplomo.com\/wp-content\/uploads\/2020\/11\/S225c-Horse-ArtilleryDuchy-of-Warsaw-1807-168x300.jpg?v=1604577605 168w, https:\/\/lossoldaditosdeplomo.com\/wp-content\/uploads\/2020\/11\/S225c-Horse-ArtilleryDuchy-of-Warsaw-1807-768x1368.jpg?v=1604577605 768w, https:\/\/lossoldaditosdeplomo.com\/wp-content\/uploads\/2020\/11\/S225c-Horse-ArtilleryDuchy-of-Warsaw-1807-862x1536.jpg?v=1604577605 862w, https:\/\/lossoldaditosdeplomo.com\/wp-content\/uploads\/2020\/11\/S225c-Horse-ArtilleryDuchy-of-Warsaw-1807-1150x2048.jpg?v=1604577605 1150w, https:\/\/lossoldaditosdeplomo.com\/wp-content\/uploads\/2020\/11\/S225c-Horse-ArtilleryDuchy-of-Warsaw-1807-1200x2138.jpg?v=1604577605 1200w\" sizes=\"auto, (max-width: 449px) 85vw, 449px\" \/><figcaption class=\"wp-element-caption\">S225c-Horse Artillery Duchy of Warsaw 1807<\/figcaption><\/figure>\n\n\n\n<figure class=\"wp-block-image size-full\"><img loading=\"lazy\" decoding=\"async\" width=\"449\" height=\"800\" src=\"https:\/\/lossoldaditosdeplomo.com\/wp-content\/uploads\/2020\/11\/S225c-painted-as-CannonierHorse-ArtilleryDuchy-o-Warsaw-1807-scaled.jpg?v=1604577617\" alt=\"S225c-CannonierHorse-ArtilleryDuchy-o-Warsaw-1807\" class=\"wp-image-108167\" srcset=\"https:\/\/lossoldaditosdeplomo.com\/wp-content\/uploads\/2020\/11\/S225c-painted-as-CannonierHorse-ArtilleryDuchy-o-Warsaw-1807-scaled.jpg?v=1604577617 449w, https:\/\/lossoldaditosdeplomo.com\/wp-content\/uploads\/2020\/11\/S225c-painted-as-CannonierHorse-ArtilleryDuchy-o-Warsaw-1807-168x300.jpg?v=1604577617 168w, https:\/\/lossoldaditosdeplomo.com\/wp-content\/uploads\/2020\/11\/S225c-painted-as-CannonierHorse-ArtilleryDuchy-o-Warsaw-1807-768x1368.jpg?v=1604577617 768w, https:\/\/lossoldaditosdeplomo.com\/wp-content\/uploads\/2020\/11\/S225c-painted-as-CannonierHorse-ArtilleryDuchy-o-Warsaw-1807-862x1536.jpg?v=1604577617 862w, https:\/\/lossoldaditosdeplomo.com\/wp-content\/uploads\/2020\/11\/S225c-painted-as-CannonierHorse-ArtilleryDuchy-o-Warsaw-1807-1150x2048.jpg?v=1604577617 1150w, https:\/\/lossoldaditosdeplomo.com\/wp-content\/uploads\/2020\/11\/S225c-painted-as-CannonierHorse-ArtilleryDuchy-o-Warsaw-1807-1200x2138.jpg?v=1604577617 1200w\" sizes=\"auto, (max-width: 449px) 85vw, 449px\" \/><figcaption class=\"wp-element-caption\">S225c-Cannonier Horse Artillery Duchy o  Warsaw 1807<\/figcaption><\/figure>\n","protected":false},"excerpt":{"rendered":"<p>Se ha puesto en contacto con nosotros desde Escocia otro gran coleccionista de figuras de Ram\u00f3n Labayen, su colecci\u00f3n consta de m\u00e1s de 250 figuras del maestro estando algunas de ellas en fase de restauraci\u00f3n. Para nosotros es una gran alegr\u00eda ver como desde distintos rincones del mundo se interesan por nuestra p\u00e1gina y sobre &hellip; <a href=\"https:\/\/lossoldaditosdeplomo.com\/index.php\/coleccion-labayen-de-craig-dickson-escocia\/\" class=\"more-link\">Continuar leyendo<span class=\"screen-reader-text\"> &#8220;Colecci\u00f3n Labayen, CRAIG DICKSON&#8221;<\/span><\/a><\/p>\n","protected":false},"author":3,"featured_media":0,"parent":0,"menu_order":0,"comment_status":"closed","ping_status":"closed","template":"","meta":{"footnotes":""},"class_list":["post-6893","page","type-page","status-publish","hentry"],"yoast_head":"<!-- This site is optimized with the Yoast SEO plugin v27.0 - https:\/\/yoast.com\/product\/yoast-seo-wordpress\/ -->\n<title>Colecci\u00f3n Labayen, CRAIG DICKSON - El mundo de los soldaditos de plomo<\/title>\n<meta name=\"robots\" content=\"index, follow, max-snippet:-1, max-image-preview:large, max-video-preview:-1\" \/>\n<link rel=\"canonical\" href=\"https:\/\/lossoldaditosdeplomo.com\/index.php\/coleccion-labayen-de-craig-dickson-escocia\/\" \/>\n<link rel=\"next\" href=\"https:\/\/lossoldaditosdeplomo.com\/index.php\/coleccion-labayen-de-craig-dickson-escocia\/2\/\" \/>\n<meta property=\"og:locale\" content=\"es_ES\" \/>\n<meta property=\"og:type\" content=\"article\" \/>\n<meta property=\"og:title\" content=\"Colecci\u00f3n Labayen, CRAIG DICKSON - El mundo de los soldaditos de plomo\" \/>\n<meta property=\"og:description\" content=\"Se ha puesto en contacto con nosotros desde Escocia otro gran coleccionista de figuras de Ram\u00f3n Labayen, su colecci\u00f3n consta de m\u00e1s de 250 figuras del maestro estando algunas de ellas en fase de restauraci\u00f3n. Para nosotros es una gran alegr\u00eda ver como desde distintos rincones del mundo se interesan por nuestra p\u00e1gina y sobre &hellip; Continuar leyendo &quot;Colecci\u00f3n Labayen, CRAIG DICKSON&quot;\" \/>\n<meta property=\"og:url\" content=\"https:\/\/lossoldaditosdeplomo.com\/index.php\/coleccion-labayen-de-craig-dickson-escocia\/\" \/>\n<meta property=\"og:site_name\" content=\"El mundo de los soldaditos de plomo\" \/>\n<meta property=\"article:publisher\" content=\"https:\/\/www.facebook.com\/El-mundo-de-los-soldaditos-de-plomo-943145209407047\/?modal=admin_todo_tour\" \/>\n<meta property=\"article:modified_time\" content=\"2023-11-18T18:14:46+00:00\" \/>\n<meta property=\"og:image\" content=\"https:\/\/lossoldaditosdeplomo.com\/wp-content\/uploads\/2019\/05\/estado-mayor-1-1.jpg\" \/>\n<meta name=\"twitter:card\" content=\"summary_large_image\" \/>\n<meta name=\"twitter:label1\" content=\"Tiempo de lectura\" \/>\n\t<meta name=\"twitter:data1\" content=\"87 minutos\" \/>\n<script type=\"application\/ld+json\" class=\"yoast-schema-graph\">{\"@context\":\"https:\/\/schema.org\",\"@graph\":[{\"@type\":\"WebPage\",\"@id\":\"https:\/\/lossoldaditosdeplomo.com\/index.php\/coleccion-labayen-de-craig-dickson-escocia\/\",\"url\":\"https:\/\/lossoldaditosdeplomo.com\/index.php\/coleccion-labayen-de-craig-dickson-escocia\/\",\"name\":\"Colecci\u00f3n Labayen, CRAIG DICKSON - El mundo de los soldaditos de plomo\",\"isPartOf\":{\"@id\":\"https:\/\/lossoldaditosdeplomo.com\/#website\"},\"primaryImageOfPage\":{\"@id\":\"https:\/\/lossoldaditosdeplomo.com\/index.php\/coleccion-labayen-de-craig-dickson-escocia\/#primaryimage\"},\"image\":{\"@id\":\"https:\/\/lossoldaditosdeplomo.com\/index.php\/coleccion-labayen-de-craig-dickson-escocia\/#primaryimage\"},\"thumbnailUrl\":\"https:\/\/lossoldaditosdeplomo.com\/wp-content\/uploads\/2019\/05\/estado-mayor-1-1.jpg\",\"datePublished\":\"2019-05-09T09:41:17+00:00\",\"dateModified\":\"2023-11-18T18:14:46+00:00\",\"inLanguage\":\"es\",\"potentialAction\":[{\"@type\":\"ReadAction\",\"target\":[\"https:\/\/lossoldaditosdeplomo.com\/index.php\/coleccion-labayen-de-craig-dickson-escocia\/\"]}]},{\"@type\":\"ImageObject\",\"inLanguage\":\"es\",\"@id\":\"https:\/\/lossoldaditosdeplomo.com\/index.php\/coleccion-labayen-de-craig-dickson-escocia\/#primaryimage\",\"url\":\"https:\/\/lossoldaditosdeplomo.com\/wp-content\/uploads\/2019\/05\/estado-mayor-1-1.jpg\",\"contentUrl\":\"https:\/\/lossoldaditosdeplomo.com\/wp-content\/uploads\/2019\/05\/estado-mayor-1-1.jpg\"},{\"@type\":\"WebSite\",\"@id\":\"https:\/\/lossoldaditosdeplomo.com\/#website\",\"url\":\"https:\/\/lossoldaditosdeplomo.com\/\",\"name\":\"El mundo de los soldaditos de plomo\",\"description\":\"coleccionismo, pintura y restauraci\u00f3n soldaditos de plomo\",\"publisher\":{\"@id\":\"https:\/\/lossoldaditosdeplomo.com\/#organization\"},\"alternateName\":\"los soldaditos de plomo\",\"potentialAction\":[{\"@type\":\"SearchAction\",\"target\":{\"@type\":\"EntryPoint\",\"urlTemplate\":\"https:\/\/lossoldaditosdeplomo.com\/?s={search_term_string}\"},\"query-input\":{\"@type\":\"PropertyValueSpecification\",\"valueRequired\":true,\"valueName\":\"search_term_string\"}}],\"inLanguage\":\"es\"},{\"@type\":\"Organization\",\"@id\":\"https:\/\/lossoldaditosdeplomo.com\/#organization\",\"name\":\"El Mundo de los soldaditos de plomo\",\"alternateName\":\"los soldaditos de plomo\",\"url\":\"https:\/\/lossoldaditosdeplomo.com\/\",\"logo\":{\"@type\":\"ImageObject\",\"inLanguage\":\"es\",\"@id\":\"https:\/\/lossoldaditosdeplomo.com\/#\/schema\/logo\/image\/\",\"url\":\"https:\/\/lossoldaditosdeplomo.com\/wp-content\/uploads\/2018\/11\/cropped-IMG_0475-3.jpg\",\"contentUrl\":\"https:\/\/lossoldaditosdeplomo.com\/wp-content\/uploads\/2018\/11\/cropped-IMG_0475-3.jpg\",\"width\":391,\"height\":533,\"caption\":\"El Mundo de los soldaditos de plomo\"},\"image\":{\"@id\":\"https:\/\/lossoldaditosdeplomo.com\/#\/schema\/logo\/image\/\"},\"sameAs\":[\"https:\/\/www.facebook.com\/El-mundo-de-los-soldaditos-de-plomo-943145209407047\/?modal=admin_todo_tour\"]}]}<\/script>\n<!-- \/ Yoast SEO plugin. -->","yoast_head_json":{"title":"Colecci\u00f3n Labayen, CRAIG DICKSON - El mundo de los soldaditos de plomo","robots":{"index":"index","follow":"follow","max-snippet":"max-snippet:-1","max-image-preview":"max-image-preview:large","max-video-preview":"max-video-preview:-1"},"canonical":"https:\/\/lossoldaditosdeplomo.com\/index.php\/coleccion-labayen-de-craig-dickson-escocia\/","next":"https:\/\/lossoldaditosdeplomo.com\/index.php\/coleccion-labayen-de-craig-dickson-escocia\/2\/","og_locale":"es_ES","og_type":"article","og_title":"Colecci\u00f3n Labayen, CRAIG DICKSON - El mundo de los soldaditos de plomo","og_description":"Se ha puesto en contacto con nosotros desde Escocia otro gran coleccionista de figuras de Ram\u00f3n Labayen, su colecci\u00f3n consta de m\u00e1s de 250 figuras del maestro estando algunas de ellas en fase de restauraci\u00f3n. Para nosotros es una gran alegr\u00eda ver como desde distintos rincones del mundo se interesan por nuestra p\u00e1gina y sobre &hellip; Continuar leyendo \"Colecci\u00f3n Labayen, CRAIG DICKSON\"","og_url":"https:\/\/lossoldaditosdeplomo.com\/index.php\/coleccion-labayen-de-craig-dickson-escocia\/","og_site_name":"El mundo de los soldaditos de plomo","article_publisher":"https:\/\/www.facebook.com\/El-mundo-de-los-soldaditos-de-plomo-943145209407047\/?modal=admin_todo_tour","article_modified_time":"2023-11-18T18:14:46+00:00","og_image":[{"url":"https:\/\/lossoldaditosdeplomo.com\/wp-content\/uploads\/2019\/05\/estado-mayor-1-1.jpg","type":"","width":"","height":""}],"twitter_card":"summary_large_image","twitter_misc":{"Tiempo de lectura":"87 minutos"},"schema":{"@context":"https:\/\/schema.org","@graph":[{"@type":"WebPage","@id":"https:\/\/lossoldaditosdeplomo.com\/index.php\/coleccion-labayen-de-craig-dickson-escocia\/","url":"https:\/\/lossoldaditosdeplomo.com\/index.php\/coleccion-labayen-de-craig-dickson-escocia\/","name":"Colecci\u00f3n Labayen, CRAIG DICKSON - El mundo de los soldaditos de plomo","isPartOf":{"@id":"https:\/\/lossoldaditosdeplomo.com\/#website"},"primaryImageOfPage":{"@id":"https:\/\/lossoldaditosdeplomo.com\/index.php\/coleccion-labayen-de-craig-dickson-escocia\/#primaryimage"},"image":{"@id":"https:\/\/lossoldaditosdeplomo.com\/index.php\/coleccion-labayen-de-craig-dickson-escocia\/#primaryimage"},"thumbnailUrl":"https:\/\/lossoldaditosdeplomo.com\/wp-content\/uploads\/2019\/05\/estado-mayor-1-1.jpg","datePublished":"2019-05-09T09:41:17+00:00","dateModified":"2023-11-18T18:14:46+00:00","inLanguage":"es","potentialAction":[{"@type":"ReadAction","target":["https:\/\/lossoldaditosdeplomo.com\/index.php\/coleccion-labayen-de-craig-dickson-escocia\/"]}]},{"@type":"ImageObject","inLanguage":"es","@id":"https:\/\/lossoldaditosdeplomo.com\/index.php\/coleccion-labayen-de-craig-dickson-escocia\/#primaryimage","url":"https:\/\/lossoldaditosdeplomo.com\/wp-content\/uploads\/2019\/05\/estado-mayor-1-1.jpg","contentUrl":"https:\/\/lossoldaditosdeplomo.com\/wp-content\/uploads\/2019\/05\/estado-mayor-1-1.jpg"},{"@type":"WebSite","@id":"https:\/\/lossoldaditosdeplomo.com\/#website","url":"https:\/\/lossoldaditosdeplomo.com\/","name":"El mundo de los soldaditos de plomo","description":"coleccionismo, pintura y restauraci\u00f3n soldaditos de plomo","publisher":{"@id":"https:\/\/lossoldaditosdeplomo.com\/#organization"},"alternateName":"los soldaditos de plomo","potentialAction":[{"@type":"SearchAction","target":{"@type":"EntryPoint","urlTemplate":"https:\/\/lossoldaditosdeplomo.com\/?s={search_term_string}"},"query-input":{"@type":"PropertyValueSpecification","valueRequired":true,"valueName":"search_term_string"}}],"inLanguage":"es"},{"@type":"Organization","@id":"https:\/\/lossoldaditosdeplomo.com\/#organization","name":"El Mundo de los soldaditos de plomo","alternateName":"los soldaditos de plomo","url":"https:\/\/lossoldaditosdeplomo.com\/","logo":{"@type":"ImageObject","inLanguage":"es","@id":"https:\/\/lossoldaditosdeplomo.com\/#\/schema\/logo\/image\/","url":"https:\/\/lossoldaditosdeplomo.com\/wp-content\/uploads\/2018\/11\/cropped-IMG_0475-3.jpg","contentUrl":"https:\/\/lossoldaditosdeplomo.com\/wp-content\/uploads\/2018\/11\/cropped-IMG_0475-3.jpg","width":391,"height":533,"caption":"El Mundo de los soldaditos de plomo"},"image":{"@id":"https:\/\/lossoldaditosdeplomo.com\/#\/schema\/logo\/image\/"},"sameAs":["https:\/\/www.facebook.com\/El-mundo-de-los-soldaditos-de-plomo-943145209407047\/?modal=admin_todo_tour"]}]}},"_links":{"self":[{"href":"https:\/\/lossoldaditosdeplomo.com\/index.php\/wp-json\/wp\/v2\/pages\/6893","targetHints":{"allow":["GET"]}}],"collection":[{"href":"https:\/\/lossoldaditosdeplomo.com\/index.php\/wp-json\/wp\/v2\/pages"}],"about":[{"href":"https:\/\/lossoldaditosdeplomo.com\/index.php\/wp-json\/wp\/v2\/types\/page"}],"author":[{"embeddable":true,"href":"https:\/\/lossoldaditosdeplomo.com\/index.php\/wp-json\/wp\/v2\/users\/3"}],"replies":[{"embeddable":true,"href":"https:\/\/lossoldaditosdeplomo.com\/index.php\/wp-json\/wp\/v2\/comments?post=6893"}],"version-history":[{"count":0,"href":"https:\/\/lossoldaditosdeplomo.com\/index.php\/wp-json\/wp\/v2\/pages\/6893\/revisions"}],"wp:attachment":[{"href":"https:\/\/lossoldaditosdeplomo.com\/index.php\/wp-json\/wp\/v2\/media?parent=6893"}],"curies":[{"name":"wp","href":"https:\/\/api.w.org\/{rel}","templated":true}]}}